{"id":779,"date":"2018-08-29T20:17:12","date_gmt":"2018-08-29T23:17:12","guid":{"rendered":"https:\/\/isfd106-bue.infd.edu.ar\/sitio\/novedades\/"},"modified":"2023-09-10T10:46:26","modified_gmt":"2023-09-10T13:46:26","slug":"pase-de-regular-a-libre","status":"publish","type":"page","link":"https:\/\/isfd106-bue.infd.edu.ar\/sitio\/pase-de-regular-a-libre\/","title":{"rendered":"Pase de regular a libre"},"content":{"rendered":"\n<p class=\"has-pale-ocean-gradient-background has-background\"><strong>Ex\u00e1menes libres: Pase de regular a libre.<\/strong><\/p>\n\n\n\n<p>Se informa que del 6 al 9&nbsp; de septiembre se realizar\u00e1 la inscripci\u00f3n online para aquellos estudiantes que han perdido la regularidad en alguna materia en el ciclo lectivo 2023, teniendo la posibilidad de rendir en car\u00e1cter de libre la misma. El procedimiento para la inscripci\u00f3n ser\u00e1 mediante un formulario que <strong>encontrar\u00e1n en esta p\u00e1gina. <\/strong><\/p>\n\n\n\n<p>Una vez inscripto tendr\u00e1n el derecho de acceder al examen de libre a partir del turno de noviembre- diciembre 2023.<\/p>\n\n\n\n<p><strong>Recuerden:<\/strong><\/p>\n\n\n\n<ul class=\"has-luminous-vivid-amber-to-luminous-vivid-orange-gradient-background has-background\">\n<li><em>Pueden inscribirse como libres hasta en un 30% de las unidades curriculares con formato de materia establecidas por a\u00f1o en el dise\u00f1o curricular.<\/em><\/li>\n\n\n\n<li><em>En los casos que los estudiantes hayan cursado una\/s unidad\/des curricular\/res con modalidad presencial\/ virtual&nbsp; y deban volver a cursar en el ciclo lectivo siguiente, podr\u00e1n optar por este r\u00e9gimen independientemente del porcentaje establecido.<\/em><\/li>\n\n\n\n<li><em>Quedan exceptuados de este r\u00e9gimen los Talleres, Seminarios, Ateneos y los Campos de la Pr\u00e1ctica Docente y de la&nbsp;Pr\u00e1ctica Profesional.<\/em><\/li>\n\n\n\n<li><em>&nbsp;Aclaramos: <strong>los estudiantes que se inscribieron a materias con superposici\u00f3n horaria y se les ha dado de baja en una de las materias no podr\u00e1n inscribirse en dicha materia en car\u00e1cter de libre,&nbsp; debido a que no son alumnos regulares de esa materia<\/strong>.&nbsp;<\/em><\/li>\n\n\n\n<li>Para rendir en car\u00e1cter de libre se presentan en el <em>turno nov- dic 202<\/em>3 en el <strong>primer llamado rinden el escrito<\/strong> y en el <strong>segundo llamado rinden el oral<\/strong> (si aprueban el escrito). En caso de no aprobar o estar ausente<em> autom\u00e1ticamente<\/em> quedan inscriptos en el turno feb- marzo 2023.<\/li>\n<\/ul>\n\n\n\n<h4 class=\"has-text-align-center has-contrast-color has-text-color wp-block-heading\"><span style=\"color: #808080;\">FORMULARIOS DE INSCRIPCI\u00d3N <\/span><\/h4>\n\n\n\n<div class=\"wp-duotone-unset-1 wp-block-cover is-light is-repeated\" style=\"min-height:166px\"><span aria-hidden=\"true\" class=\"wp-block-cover__background has-background-dim\"><\/span><div role=\"img\" class=\"wp-block-cover__image-background wp-image-1956 is-repeated\" style=\"background-position:50% 50%;background-image:url(https:\/\/isfd106-bue.infd.edu.ar\/sitio\/wp-content\/uploads\/2020\/12\/importante.gif)\"><\/div><div class=\"wp-block-cover__inner-container\">\n<p class=\"has-text-align-center has-text-color has-large-font-size\" style=\"color:#faec03\"><strong>IMPORTANTE! Si tienen dudas antes de inscribirse consultar en Preceptor\u00eda con  el\/la preceptor\/a de su carrera<\/strong><\/p>\n<\/div><\/div>\n\n\n\n<h3 class=\"wp-block-heading\">&nbsp;<\/h3>\n\n\n\n<h2 class=\"has-text-align-center has-white-color has-vivid-purple-background-color has-text-color has-background wp-block-heading\">Turno Ma\u00f1ana <\/h2>\n\n\n\n<h4 class=\"has-black-color has-pale-cyan-blue-background-color has-text-color has-background wp-block-heading\">Profesorado de Educaci\u00f3n Secundaria en Matem\u00e1tica: INGRESE AQU\u00cd<\/h4>\n\n\n\n<h4 class=\"has-black-color has-light-green-cyan-background-color has-text-color has-background wp-block-heading\">Profesorado de Educaci\u00f3n Primaria: INGRESE AQU\u00cd <\/h4>\n\n\n\n<h2 class=\"has-text-align-center has-white-color has-vivid-purple-background-color has-text-color has-background wp-block-heading\">Turno Vespertino <\/h2>\n\n\n\n<h4 class=\"has-black-color has-text-color has-background wp-block-heading\" style=\"background-color:#93d452\">Profesorado de Educaci\u00f3n Secundaria en  Matem\u00e1tica:<a href=\"https:\/\/docs.google.com\/forms\/d\/e\/1FAIpQLSd-fuwsSrJ-1trjx4XCU-WU2FroFsaH9gmaAOP6mD6rLSDDyA\/viewform\"> <\/a>INGRESE AQU\u00cd<\/h4>\n\n\n\n<h4 class=\"has-black-color has-light-green-cyan-background-color has-text-color has-background wp-block-heading\"><strong>Profesorado de Ed. Primaria<\/strong>: INGRESE AQU\u00cd<\/h4>\n\n\n\n<h4 class=\"has-blush-light-purple-gradient-background has-background wp-block-heading\">Profesorado de Educaci\u00f3n Secundaria en\u00a0<strong>Biolog\u00eda &#8211; 1er A\u00d1O (Plan Nuevo)<\/strong>: INGRESE AQU\u00cd <\/h4>\n\n\n\n<h4 class=\"has-blush-light-purple-gradient-background has-background wp-block-heading\">Profesorado de Educaci\u00f3n Secundaria en F\u00edsica -1er A\u00d1O\u00a0( Plan Nuevo): INGRESE AQU\u00cd <\/h4>\n\n\n\n<h4 class=\"has-blush-light-purple-gradient-background has-background wp-block-heading\">Profesorado de Educaci\u00f3n Secundaria en Qu\u00edmica &#8211; 1er A\u00d1O (Plan Nuevo): INGRESE AQU\u00cd <\/h4>\n\n\n\n<h4 class=\"has-black-color has-text-color has-background wp-block-heading\" style=\"background-color:#69eb3a\">Profesorado de Biolog\u00eda\/F\u00edsica\/Qu\u00edmica ( 2\u00b0 a\u00f1o)- TRONCO COM\u00daN PLAN VIEJO: INGRESE AQU\u00cd <\/h4>\n\n\n\n<h4 class=\"has-black-color has-luminous-vivid-orange-background-color has-text-color has-background wp-block-heading\">Profesorado de Educaci\u00f3n Secundaria en\u00a0<strong>Biolog\u00eda<\/strong>\u00a0&#8211;\u00a0<strong>3\u00b0 y 4\u00b0 A\u00d1O<\/strong>\u00a0(<strong>Plan viejo<\/strong>): INGRESE AQU\u00cd<\/h4>\n\n\n\n<h4 class=\"has-black-color has-luminous-vivid-orange-background-color has-text-color has-background wp-block-heading\">Profesorado de Educaci\u00f3n Secundaria en\u00a0F\u00edsica &#8211;\u00a0<strong>3\u00b0 y 4\u00b0 A\u00d1O<\/strong>\u00a0(<strong>Plan viejo<\/strong>): INGRESE AQU\u00cd<\/h4>\n\n\n\n<h4 class=\"has-black-color has-luminous-vivid-orange-background-color has-text-color has-background wp-block-heading\">Profesorado de Educaci\u00f3n Secundaria en\u00a0Qu\u00edmica-\u00a0<strong>3\u00b0 y 4\u00b0 A\u00d1O<\/strong>\u00a0(<strong>Plan viejo<\/strong>): INGRESE AQU\u00cd <\/h4>\n\n\n\n<h4 class=\"has-text-align-center has-background wp-block-heading\" style=\"background-color:#fae23c\">FORMULARIOS CERRADOS 10 DE SEPTIEMBRE 11.00 HS <\/h4>\n\n\n\n<h3 class=\"wp-block-heading\">&nbsp;<\/h3>\n\n\n\n<p><\/p>\n","protected":false},"excerpt":{"rendered":"<p>Ex\u00e1menes libres: Pase de regular a libre. Se informa que del 6 al 9&nbsp; de septiembre se realizar\u00e1 la inscripci\u00f3n online para aquellos estudiantes que han perdido la regularidad en alguna materia en el ciclo lectivo 2023, teniendo la posibilidad de rendir en car\u00e1cter de libre la misma. El procedimiento para la inscripci\u00f3n ser\u00e1 mediante &#8230; <a title=\"Pase de regular a libre\" class=\"read-more\" href=\"https:\/\/isfd106-bue.infd.edu.ar\/sitio\/pase-de-regular-a-libre\/\" aria-label=\"More on Pase de regular a libre\">[+]<\/a><\/p>\n","protected":false},"author":386,"featured_media":0,"parent":0,"menu_order":0,"comment_status":"closed","ping_status":"closed","template":"","meta":[],"acf":[],"_links":{"self":[{"href":"https:\/\/isfd106-bue.infd.edu.ar\/sitio\/wp-json\/wp\/v2\/pages\/779"}],"collection":[{"href":"https:\/\/isfd106-bue.infd.edu.ar\/sitio\/wp-json\/wp\/v2\/pages"}],"about":[{"href":"https:\/\/isfd106-bue.infd.edu.ar\/sitio\/wp-json\/wp\/v2\/types\/page"}],"author":[{"embeddable":true,"href":"https:\/\/isfd106-bue.infd.edu.ar\/sitio\/wp-json\/wp\/v2\/users\/386"}],"replies":[{"embeddable":true,"href":"https:\/\/isfd106-bue.infd.edu.ar\/sitio\/wp-json\/wp\/v2\/comments?post=779"}],"version-history":[{"count":27,"href":"https:\/\/isfd106-bue.infd.edu.ar\/sitio\/wp-json\/wp\/v2\/pages\/779\/revisions"}],"predecessor-version":[{"id":3591,"href":"https:\/\/isfd106-bue.infd.edu.ar\/sitio\/wp-json\/wp\/v2\/pages\/779\/revisions\/3591"}],"wp:attachment":[{"href":"https:\/\/isfd106-bue.infd.edu.ar\/sitio\/wp-json\/wp\/v2\/media?parent=779"}],"curies":[{"name":"wp","href":"https:\/\/api.w.org\/{rel}","templated":true}]}}