{"id":767,"date":"2018-08-29T20:17:07","date_gmt":"2018-08-29T23:17:07","guid":{"rendered":"https:\/\/isfd106-bue.infd.edu.ar\/sitio\/historia\/"},"modified":"2023-10-10T09:29:36","modified_gmt":"2023-10-10T12:29:36","slug":"historia","status":"publish","type":"page","link":"https:\/\/isfd106-bue.infd.edu.ar\/sitio\/historia\/","title":{"rendered":"Historia"},"content":{"rendered":"<h1 style=\"text-align: center;\"><span lang=\"ES\"><span style=\"font-family: mceinline;\">RESE\u00d1A\u00a0<strong>HIST\u00d3RICA<\/strong><\/span><\/span><\/h1>\n<p class=\"MsoNormal\" style=\"margin-left: 34.55pt; text-align: justify; text-indent: -34.55pt; tab-stops: 36.0pt;\"><strong><span lang=\"ES\"><span style=\"font-family: mceinline;\">1955- <\/span><\/span><\/strong><span lang=\"ES\"><span style=\"font-family: mceinline;\">Ante la necesidad de un Colegio Normal en la zona Oeste, se gesta en la mente de un grupo de notables de San Justo, la creaci\u00f3n del Colego Normal: Estos idealistas fueron: El Comisionado Municipal, Dr.Eduardo Le\u00f3n Vega ESPECHE, el Secretario de Gobierno Guillermo PUCCI, los profesores Ro-berto LASSALOTE y Dr. Jos\u00e9 Enrique EIZAGUIRRE y <\/span><span style=\"font-family: mceinline;\">la Secretaria<\/span><span style=\"font-family: mceinline;\"> de Cultura Sra. Fanny S de C\u00faneo.<\/span><\/span><\/p>\n<p class=\"MsoNormal\" style=\"margin-left: 34.55pt; text-align: justify; text-indent: -34.55pt; tab-stops: 36.0pt;\"><strong><span lang=\"ES\"><span style=\"font-family: mceinline;\">1955-<\/span><\/span><\/strong><span lang=\"ES\"><span style=\"font-family: mceinline;\"> Se crea una comisi\u00f3n entre el mencionado profesor LASSALOTE y los profe-sores H\u00e9ctor V\u00edctor CUFRE, H\u00e9ctor Alberto FUSARO y Pablo Jos\u00e9 GABBA para proyectar y coordinar la creaci\u00f3n del Colegio.<\/span><\/span><\/p>\n<p class=\"MsoNormal\" style=\"margin-left: 34.55pt; text-align: justify; text-indent: -34.55pt; tab-stops: 36.0pt;\"><strong><span lang=\"ES\"><span style=\"font-family: mceinline;\">1955-<\/span><\/span><\/strong><span lang=\"ES\"><span style=\"font-family: mceinline;\"> Se logra la cesi\u00f3n del edificio del Club Social San Justo en Villegas 2429 para el funcionamiento de las primeras aulas y dependencias. Se inicia la inscrip-ci\u00f3n de alumnos para 1\u00ba y 2\u00ba a\u00f1o<\/span><\/span><\/p>\n<p class=\"MsoNormal\" style=\"margin-left: 34.55pt; text-indent: -34.55pt; tab-stops: 36.0pt;\"><strong><span lang=\"ES\"><span style=\"font-family: mceinline;\">1956-<\/span><\/span><\/strong><span lang=\"ES\"><span style=\"font-family: mceinline;\"> 05\/04- Por Decreto N\u00ba 306 se crea el Colegio Normal de San Justo <\/span><\/span><\/p>\n<p class=\"MsoNormal\" style=\"margin-left: 34.55pt; text-align: justify; text-indent: -34.55pt; tab-stops: 36.0pt;\"><strong><span lang=\"ES\"><span style=\"mso-tab-count: 1;\"><span style=\"font-family: mceinline;\">\u00a0\u00a0\u00a0\u00a0\u00a0\u00a0\u00a0\u00a0\u00a0\u00a0\u00a0 <\/span><\/span><\/span><\/strong><span lang=\"ES\"><span style=\"font-family: mceinline;\">09\/05- Se inaugura el Colegio con la presencia del Sr. Vicepresidente de <\/span><span style=\"font-family: mceinline;\">la Naci\u00f3n<\/span><span style=\"font-family: mceinline;\">, Vicealte D. Isaac F ROJAS. La matricula inicial fue de 210 alumnos en 4 divisiones de 1\u00ba a\u00f1o y una de 2\u00ba a\u00f1o. Tres divisiones funcionaron el mencio-nado Club y las dos restantes en el edificio del Concejo Deliberante. Por De-creto 383 se impone el nombre oficial y por Decreto N\u00ba 420 de la misma fecha se procede al nombramiento del personal.<\/span><\/span><\/p>\n<p class=\"MsoNormal\" style=\"margin-left: 34.55pt; text-indent: -34.55pt; tab-stops: 36.0pt;\"><span lang=\"ES\"><span style=\"mso-tab-count: 1;\"><span style=\"font-family: mceinline;\">\u00a0\u00a0\u00a0\u00a0\u00a0\u00a0\u00a0\u00a0\u00a0\u00a0\u00a0 <\/span><\/span><span style=\"font-family: mceinline;\">20\/05- Se crea <\/span><span style=\"font-family: mceinline;\">la Biblioteca<\/span><span style=\"font-family: mceinline;\"> con el nombre de \u201cBartolom\u00e9 Mitre\u201d<\/span><\/span><\/p>\n<p class=\"MsoNormal\" style=\"margin-left: 34.55pt; text-align: justify; text-indent: -34.55pt; tab-stops: 36.0pt;\"><span lang=\"ES\"><span style=\"mso-tab-count: 1;\"><span style=\"font-family: mceinline;\">\u00a0\u00a0\u00a0\u00a0\u00a0\u00a0\u00a0\u00a0\u00a0\u00a0\u00a0 <\/span><\/span><span style=\"font-family: mceinline;\">26\/11- Por Ord. Mun. N\u00ba 1837 se cede el inmueble municipal de Almafuerte 3076, donde funcionaba <\/span><span style=\"font-family: mceinline;\">la DPR<\/span><span style=\"font-family: mceinline;\">, debido a la escasa capacidad e incomodidad del lugar donde funcionaba el Colegio.<\/span><\/span><\/p>\n<p class=\"MsoNormal\" style=\"margin-left: 34.55pt; text-indent: -34.55pt; tab-stops: 36.0pt;\"><span lang=\"ES\"><span style=\"mso-tab-count: 1;\"><span style=\"font-family: mceinline;\">\u00a0\u00a0\u00a0\u00a0\u00a0\u00a0\u00a0\u00a0\u00a0\u00a0\u00a0 <\/span><\/span><span style=\"font-family: mceinline;\">Se compra el primer piano para las actividades de Cultura Musical en $16.000 que es el que actualmente se utiliza en el Colegio.<\/span><\/span><\/p>\n<p class=\"MsoNormal\" style=\"margin-left: 34.55pt; text-indent: -34.55pt; tab-stops: 36.0pt;\"><strong><span lang=\"ES\"><span style=\"font-family: mceinline;\">1957- <\/span><\/span><\/strong><span lang=\"ES\"><span style=\"font-family: mceinline;\">23\/01 Por Dec. N\u00ba 644<\/span><\/span><\/p>\n<p class=\"MsoNormal\" style=\"margin-left: 34.55pt; text-align: justify; text-indent: -34.55pt; tab-stops: 36.0pt;\"><span lang=\"ES\"><span style=\"mso-tab-count: 1;\"><span style=\"font-family: mceinline;\">\u00a0\u00a0\u00a0\u00a0\u00a0\u00a0\u00a0\u00a0\u00a0\u00a0\u00a0 <\/span><\/span><span style=\"font-family: mceinline;\">Se inician las actividades escolares con 9 divisiones repartidas en dos turnos, con<\/span><span style=\"mso-spacerun: yes;\"><span style=\"font-family: mceinline;\">\u00a0 <\/span><\/span><span style=\"font-family: mceinline;\">438 matriculados entre 6 divisiones de 1\u00ba a\u00f1o, 2 de 2\u00ba y una de 3\u00ba. <\/span><\/span><span style=\"mso-tab-count: 1;\"><span style=\"font-family: mceinline;\">\u00a0 \u00a0 \u00a0 \u00a0 \u00a0 \u00a0\u00a0<\/span><\/span><span style=\"font-family: mceinline;\">Se produce una Intervenci\u00f3n ordenada por el Ministerio de Educaci\u00f3n.<\/span><\/p>\n<p class=\"MsoNormal\" style=\"margin-left: 34.55pt; text-indent: -34.55pt; tab-stops: 36.0pt;\"><span lang=\"ES\"><span style=\"mso-tab-count: 1;\"><span style=\"font-family: mceinline;\">\u00a0\u00a0\u00a0\u00a0\u00a0\u00a0\u00a0\u00a0\u00a0\u00a0\u00a0 <\/span><\/span><span style=\"font-family: mceinline;\">11\/10 \u2013 Por Decreto N\u00ba 14253 el Colegio pasa al \u00c1mbito Nacional.<\/span><\/span><span lang=\"ES\"><span style=\"mso-tab-count: 1;\"><span style=\"font-family: mceinline;\">\u00a0 \u00a0 \u00a0 \u00a0 \u00a0\u00a0<\/span><\/span><\/span><\/p>\n<p class=\"MsoNormal\" style=\"margin-left: 34.55pt; text-indent: -34.55pt; tab-stops: 36.0pt;\"><strong><span lang=\"ES\"><span style=\"font-family: mceinline;\">1958- <\/span><\/span><\/strong><span lang=\"ES\"><span style=\"font-family: mceinline;\">03\/02 \u2013 Se crea <\/span><span style=\"font-family: mceinline;\">la Escuela Normal<\/span><span style=\"font-family: mceinline;\"> Nacional de San Justo<\/span><\/span><\/p>\n<p class=\"MsoNormal\" style=\"margin-left: 34.55pt; text-align: justify; text-indent: -34.55pt; tab-stops: 36.0pt;\"><span lang=\"ES\"><span style=\"mso-tab-count: 1;\"><span style=\"font-family: mceinline;\">\u00a0\u00a0\u00a0\u00a0\u00a0\u00a0\u00a0\u00a0\u00a0\u00a0\u00a0 <\/span><\/span><span style=\"font-family: mceinline;\">26\/05 \u2013 Por Dec. N\u00ba 592 se reconoce los estudios municipales anteriores como nacionales.<\/span><\/span><\/p>\n<p class=\"MsoNormal\" style=\"margin-left: 34.55pt; text-indent: -34.55pt; tab-stops: 36.0pt;\"><strong><span lang=\"ES\"><span style=\"font-family: mceinline;\">1960- <\/span><\/span><\/strong><span lang=\"ES\"><span style=\"font-family: mceinline;\">20\/05 &#8211;<\/span><span style=\"mso-spacerun: yes;\"><span style=\"font-family: mceinline;\">\u00a0 <\/span><\/span><span style=\"font-family: mceinline;\">Se Crea el Departamento de Aplicaci\u00f3n con la matriculaci\u00f3n de 80 alumnos<\/span><\/span><\/p>\n<p class=\"MsoNormal\"><span lang=\"ES\"><span style=\"font-family: mceinline;\">\u00a0<\/span><\/span><strong><span lang=\"ES\"><span style=\"font-family: mceinline;\">1968-<\/span><\/span><\/strong><span lang=\"ES\"><span style=\"font-family: mceinline;\"> Se inaugura el gabinete F\u00edsico-qu\u00edmico<\/span><\/span><\/p>\n<p class=\"MsoNormal\"><span lang=\"ES\"><span style=\"font-family: mceinline;\">\u00a0<\/span><\/span><strong><span lang=\"ES\"><span style=\"font-family: mceinline;\">1969- <\/span><\/span><\/strong><span lang=\"ES\"><span style=\"font-family: mceinline;\">05\/11 Se decreta la cesi\u00f3n del predio donde actualmente funciona el Colegio.<\/span><\/span><\/p>\n<p class=\"MsoNormal\" style=\"text-align: justify;\"><span lang=\"ES\"><span style=\"font-family: mceinline;\">\u00a0<\/span><\/span><strong><span lang=\"ES\"><span style=\"font-family: mceinline;\">1970- <\/span><\/span><\/strong><span lang=\"ES\"><span style=\"font-family: mceinline;\">02\/10 \u2013 Por Resoluci\u00f3n N\u00ba 2321 se crea el Profesorado de Matem\u00e1ticas, F\u00edsica y Cosmograf\u00eda que comienza sus actividades en el a\u00f1o 1971 en las instalaciones de <\/span><span style=\"font-family: mceinline;\">la Escuela N<\/span><span style=\"font-family: mceinline;\">\u00ba 142 (Salta y E R\u00edos) con una matriculaci\u00f3n de 135 alumnos divididos en 4 divisiones. <\/span><\/span><\/p>\n<p class=\"MsoNormal\" style=\"margin-left: 35.3pt; text-indent: -35.3pt;\"><span lang=\"ES\"><span style=\"font-family: mceinline;\">\u00a0<\/span><\/span><strong><span lang=\"ES\"><span style=\"font-family: mceinline;\">1972 \u2013<\/span><\/span><\/strong><span lang=\"ES\"><span style=\"font-family: mceinline;\"> 13\/03 &#8211; Se inician las obras del nuevo edificio.<\/span><\/span><\/p>\n<p class=\"MsoNormal\" style=\"margin-left: 35.3pt; text-indent: -35.3pt;\"><span lang=\"ES\"><span style=\"font-family: mceinline;\">\u00a0<\/span><\/span><strong><span lang=\"ES\"><span style=\"font-family: mceinline;\">1980 &#8211;<\/span><span style=\"mso-spacerun: yes;\"><span style=\"font-family: mceinline;\">\u00a0 <\/span><\/span><\/span><\/strong><span lang=\"ES\"><span style=\"font-family: mceinline;\">09\/09 \u2013 Se inaugura el nuevo edificio.<\/span><\/span><\/p>\n<p class=\"MsoNormal\" style=\"margin-left: 35.3pt; text-indent: -35.3pt;\"><span lang=\"ES\"><span style=\"font-family: mceinline;\">\u00a0<\/span><\/span><strong><span lang=\"ES\"><span style=\"font-family: mceinline;\">1992 \u2013 <\/span><\/span><\/strong><span lang=\"ES\"><span style=\"font-family: mceinline;\">Por ley N\u00ba 24040 se trasfiere al \u00e1mbito provincial.<\/span><\/span><\/p>\n<p class=\"MsoNormal\" style=\"margin-left: 35.3pt; text-indent: -35.3pt;\"><span lang=\"ES\"><span style=\"font-family: mceinline;\">\u00a0<\/span><\/span><strong><span lang=\"ES\"><span style=\"font-family: mceinline;\">1993 &#8211; <\/span><\/span><\/strong><span lang=\"ES\"><span style=\"font-family: mceinline;\">Se inaugura el gimnasio construido en dos lotes vecinos al edificio del<\/span><span style=\"mso-spacerun: yes;\"><span style=\"font-family: mceinline;\"> \u00a0<\/span><\/span><span style=\"font-family: mceinline;\">Colegio.<\/span><\/span><\/p>\n<p><img decoding=\"async\" loading=\"lazy\" class=\"alignnone size-full wp-image-3603\" src=\"https:\/\/isfd106-bue.infd.edu.ar\/sitio\/wp-content\/uploads\/2023\/10\/patio-de-la-vieja-escuela.jpg\" alt=\"\" width=\"480\" height=\"514\" \/><img decoding=\"async\" loading=\"lazy\" class=\"alignnone  wp-image-3604\" src=\"https:\/\/isfd106-bue.infd.edu.ar\/sitio\/wp-content\/uploads\/2023\/10\/EDIFICIO.jpg\" alt=\"\" width=\"685\" height=\"416\" \/><\/p>\n<p class=\"MsoNormal\" style=\"margin-left: 35.3pt; text-indent: -35.3pt;\"><span lang=\"ES\"><span style=\"mso-spacerun: yes;\"><span style=\"font-family: mceinline;\">\u00a0<\/span><\/span><\/span><\/p>\n<p class=\"MsoNormal\" style=\"margin-left: 35.3pt; text-indent: -35.3pt;\"><span lang=\"ES\"><span style=\"font-family: mceinline;\">\u00a0<\/span><\/span><\/p>\n<p class=\"MsoNormal\" style=\"margin-left: 35.3pt; text-indent: -35.3pt;\"><span lang=\"ES\"><span style=\"font-family: mceinline;\">\u00a0<\/span><\/span><\/p>\n","protected":false},"excerpt":{"rendered":"<p>RESE\u00d1A\u00a0HIST\u00d3RICA 1955- Ante la necesidad de un Colegio Normal en la zona Oeste, se gesta en la mente de un grupo de notables de San Justo, la creaci\u00f3n del Colego Normal: Estos idealistas fueron: El Comisionado Municipal, Dr.Eduardo Le\u00f3n Vega ESPECHE, el Secretario de Gobierno Guillermo PUCCI, los profesores Ro-berto LASSALOTE y Dr. Jos\u00e9 Enrique &#8230; <a title=\"Historia\" class=\"read-more\" href=\"https:\/\/isfd106-bue.infd.edu.ar\/sitio\/historia\/\" aria-label=\"More on Historia\">[+]<\/a><\/p>\n","protected":false},"author":386,"featured_media":0,"parent":0,"menu_order":0,"comment_status":"closed","ping_status":"closed","template":"","meta":[],"acf":[],"_links":{"self":[{"href":"https:\/\/isfd106-bue.infd.edu.ar\/sitio\/wp-json\/wp\/v2\/pages\/767"}],"collection":[{"href":"https:\/\/isfd106-bue.infd.edu.ar\/sitio\/wp-json\/wp\/v2\/pages"}],"about":[{"href":"https:\/\/isfd106-bue.infd.edu.ar\/sitio\/wp-json\/wp\/v2\/types\/page"}],"author":[{"embeddable":true,"href":"https:\/\/isfd106-bue.infd.edu.ar\/sitio\/wp-json\/wp\/v2\/users\/386"}],"replies":[{"embeddable":true,"href":"https:\/\/isfd106-bue.infd.edu.ar\/sitio\/wp-json\/wp\/v2\/comments?post=767"}],"version-history":[{"count":1,"href":"https:\/\/isfd106-bue.infd.edu.ar\/sitio\/wp-json\/wp\/v2\/pages\/767\/revisions"}],"predecessor-version":[{"id":3605,"href":"https:\/\/isfd106-bue.infd.edu.ar\/sitio\/wp-json\/wp\/v2\/pages\/767\/revisions\/3605"}],"wp:attachment":[{"href":"https:\/\/isfd106-bue.infd.edu.ar\/sitio\/wp-json\/wp\/v2\/media?parent=767"}],"curies":[{"name":"wp","href":"https:\/\/api.w.org\/{rel}","templated":true}]}}