{"id":2977,"date":"2022-08-09T11:04:48","date_gmt":"2022-08-09T14:04:48","guid":{"rendered":"https:\/\/isfd106-bue.infd.edu.ar\/sitio\/?page_id=2977"},"modified":"2023-12-06T20:54:40","modified_gmt":"2023-12-06T23:54:40","slug":"programas-de-quimica-2","status":"publish","type":"page","link":"https:\/\/isfd106-bue.infd.edu.ar\/sitio\/programas-de-quimica-2\/","title":{"rendered":"Programas de Qu\u00edmica"},"content":{"rendered":"\n<p class=\"has-text-align-center\"><em><mark style=\"background-color:rgba(0, 0, 0, 0)\" class=\"has-inline-color has-vivid-purple-color\"><strong>PLAN DE ESTUDIOS<\/strong>: <strong>PROFESOR\/A DE EDUCACI\u00d3N SECUNDARIA EN QU\u00cdMICA<\/strong><\/mark><\/em><\/p>\n\n\n\n<p class=\"has-text-align-center has-large-font-size\"><strong> <mark style=\"background-color:rgba(0, 0, 0, 0)\" class=\"has-inline-color has-vivid-purple-color\">PROGRAMAS 2023<\/mark><\/strong><\/p>\n\n\n\n<figure class=\"wp-block-table\"><table><tbody><tr><td><strong>Materia<\/strong><\/td><td class=\"has-text-align-center\" data-align=\"center\"><strong>Curso y divisi\u00f3n <\/strong><\/td><\/tr><tr><td><\/td><td class=\"has-text-align-center\" data-align=\"center\"><strong><mark style=\"background-color:rgba(0, 0, 0, 0)\" class=\"has-inline-color has-vivid-red-color\">1ro 1ra<\/mark><\/strong><\/td><\/tr><tr><td>Pedagog\u00eda (64)<\/td><td class=\"has-text-align-center\" data-align=\"center\"><strong><em>Ojeda Bogado Walter<\/em><\/strong><\/td><\/tr><tr><td>Educaci\u00f3n y transformaciones sociales contempor\u00e1neas (64)<\/td><td class=\"has-text-align-center\" data-align=\"center\"><em><strong><a href=\"https:\/\/drive.google.com\/file\/d\/1W_LknGAXcW1GsoiRHJfp_nchncv99hEA\/view?usp=sharing\">Mello Florencia<\/a><\/strong><\/em><\/td><\/tr><tr><td>Educaci\u00f3n Sexual Integral (32)<\/td><td class=\"has-text-align-center\" data-align=\"center\"><strong><em>Landriel Luciana<\/em><\/strong><\/td><\/tr><tr><td>Cultura Digital y Educaci\u00f3n (32)<\/td><td class=\"has-text-align-center\" data-align=\"center\"><strong><em>Barbagelata Cristian<\/em><\/strong><\/td><\/tr><tr><td>Introducci\u00f3n a la f\u00edsica y elementos de astronom\u00eda (96)<\/td><td class=\"has-text-align-center\" data-align=\"center\"><strong><em>Petersen Jorge<\/em><\/strong><\/td><\/tr><tr><td>Qu\u00edmica y la actividad experimental I (96)<\/td><td class=\"has-text-align-center\" data-align=\"center\"><strong><em>Suavet Nicol\u00e1s<\/em><\/strong><\/td><\/tr><tr><td>Introducci\u00f3n a los sistemas biol\u00f3gicos (96)<\/td><td class=\"has-text-align-center\" data-align=\"center\"><em><strong><a href=\"https:\/\/drive.google.com\/file\/d\/1D4mj_PH2WdRGjlSKKvkOQ8skaPxFs2_q\/view?usp=sharing\">Zajur Lis<\/a><\/strong><\/em><\/td><\/tr><tr><td>Matem\u00e0tica y Ciencias Naturales (64)<\/td><td class=\"has-text-align-center\" data-align=\"center\"><em><strong><a href=\"https:\/\/drive.google.com\/file\/d\/1Iv02k90uujCoW1U0xHtBRJqm0y15gH1T\/view?usp=sharing\">Ursino Elsa<\/a><\/strong><\/em><\/td><\/tr><tr><td>Pr\u00e1ctica Docente I  &#8211; Taller (64)<\/td><td class=\"has-text-align-center\" data-align=\"center\"><strong><em>S\/D<\/em><\/strong><\/td><\/tr><tr><td>Pr\u00e1ctica Docente I  &#8211; Tarreno (64)<\/td><td class=\"has-text-align-center\" data-align=\"center\"><strong><em>S\/D<\/em><\/strong><\/td><\/tr><\/tbody><\/table><\/figure>\n\n\n\n<p class=\"has-text-align-center\"><em><strong>2do a\u00f1o tronco com\u00fan (<a href=\"https:\/\/isfd106-bue.infd.edu.ar\/sitio\/wp-admin\/post.php?post=2973&amp;action=edit\">ver programas aqu\u00ed<\/a>)&nbsp;<\/strong><\/em><\/p>\n\n\n\n<figure class=\"wp-block-table\"><table><tbody><tr><td><strong>Materia<\/strong><\/td><td class=\"has-text-align-center\" data-align=\"center\"><strong><span class=\"has-inline-color has-vivid-purple-color\">3ro 1ra<\/span><\/strong><\/td><\/tr><tr><td>Perspectiva Filos\u00f3fico Pedag\u00f3gico Did\u00e1ctica (64)<strong><\/strong><\/td><td class=\"has-text-align-center\" data-align=\"center\"><strong><em>Burgos Sara<\/em><\/strong><\/td><\/tr><tr><td>Perspectiva Pol\u00edtico Institucional (64)<strong><\/strong><\/td><td class=\"has-text-align-center\" data-align=\"center\"><strong><em>Biscak Carlos<\/em><\/strong><\/td><\/tr><tr><td>Qu\u00edmica del carbono (128)<\/td><td class=\"has-text-align-center\" data-align=\"center\"><strong><em><a href=\"https:\/\/drive.google.com\/file\/d\/1lK1bTQQ5QRuh2ktCttjl82IAqM_HQ2SZ\/view?usp=sharing\">Corval\u00e1n Walter<\/a><\/em><\/strong><\/td><\/tr><tr><td>Qu\u00edmica inorg\u00e1nica (96)<\/td><td class=\"has-text-align-center\" data-align=\"center\"><strong><em>Faraone Laura<\/em><\/strong><\/td><\/tr><tr><td>F\u00edsico &#8211; Qu\u00edmica (96)<\/td><td class=\"has-text-align-center\" data-align=\"center\"><strong><em>Rodr\u00edguez Ariel<\/em><\/strong><\/td><\/tr><tr><td>Ciencias Naturales y su ense\u00f1anza (32)<\/td><td class=\"has-text-align-center\" data-align=\"center\"><strong><em><a href=\"https:\/\/drive.google.com\/file\/d\/1PBxrhvLb8wmsrXjC-wLQrLheY3ek7pv_\/view?usp=sharing\">Langone Susana<\/a><\/em><\/strong><\/td><\/tr><tr><td>Mineralog\u00eda (64)<\/td><td class=\"has-text-align-center\" data-align=\"center\"><strong><em>Quintas Fabiana<\/em><\/strong><\/td><\/tr><tr><td>Inform\u00e1tica aplicada a la ense\u00f1anza de la qu\u00edmica (64)<\/td><td class=\"has-text-align-center\" data-align=\"center\"><strong><em>Mereles Dar\u00edo<\/em><\/strong><\/td><\/tr><tr><td>Espacio de Definici\u00f3n Institucional (64)<\/td><td class=\"has-text-align-center\" data-align=\"center\"><strong><em>Etchecopar Gustavo<\/em><\/strong><\/td><\/tr><tr><td>Espacio de la Pr\u00e1ctica Docente III (128)<\/td><td class=\"has-text-align-center\" data-align=\"center\"><em><strong>G1: Gava Claudia<\/strong><br><strong>G2: Chazarreta Dar\u00edo<\/strong><\/em><\/td><\/tr><\/tbody><\/table><\/figure>\n\n\n\n<figure class=\"wp-block-table\"><table><tbody><tr><td><strong>Materia<\/strong><\/td><td class=\"has-text-align-center\" data-align=\"center\"><strong><span class=\"has-inline-color has-vivid-purple-color\">4to 1ra<\/span><\/strong><\/td><\/tr><tr><td>Qu\u00edmica biol\u00f3gica (96)<strong><\/strong><\/td><td class=\"has-text-align-center\" data-align=\"center\"><strong><em><a href=\"https:\/\/drive.google.com\/file\/d\/1SnKhhHeYUJolOQ9LGHtVk-sQJcIYZ5ah\/view?usp=sharing\">Fanger Teresita<\/a><\/em><\/strong><\/td><\/tr><tr><td>An\u00e1lisis qu\u00edmico (64)<strong><\/strong><\/td><td class=\"has-text-align-center\" data-align=\"center\"><strong><em>Santonocito Juan (Supl. <a href=\"https:\/\/drive.google.com\/file\/d\/1QIOKdKC7uHuocgpWbPUcqzUtW_hlp4HP\/view?usp=sharing\">Arias Frigo Carolina<\/a>)<\/em><\/strong><\/td><\/tr><tr><td>Qu\u00edmica del ambiente (64)<\/td><td class=\"has-text-align-center\" data-align=\"center\"><strong><em>Zuchelli Graciela<\/em><\/strong><\/td><\/tr><tr><td>Qu\u00edmica de los alimentos (64)<\/td><td class=\"has-text-align-center\" data-align=\"center\"><strong><em>Dubbini Graciela<\/em><\/strong><\/td><\/tr><tr><td>Industrias qu\u00edmicas, procesos y operaciones (96)<\/td><td class=\"has-text-align-center\" data-align=\"center\"><strong><em>Rodr\u00edguez Ariel<\/em><\/strong><\/td><\/tr><tr><td>F\u00edsico \u2013 Qu\u00edmica II (64)<\/td><td class=\"has-text-align-center\" data-align=\"center\"><strong><em>Dubbini Graciela<\/em><\/strong><\/td><\/tr><tr><td>Qu\u00edmica y su ense\u00f1anza (64)<\/td><td class=\"has-text-align-center\" data-align=\"center\"><strong><em>Gava Claudia<\/em><\/strong><\/td><\/tr><tr><td>Metodolog\u00eda de la investigaci\u00f3n educativa en Qu\u00edmica (64)<\/td><td class=\"has-text-align-center\" data-align=\"center\"><strong><em>Gava Claudia<\/em><\/strong><\/td><\/tr><tr><td>Espacio de Definici\u00f3n Institucional (96)<\/td><td class=\"has-text-align-center\" data-align=\"center\"><strong><em>Pi Andrea<\/em><\/strong><\/td><\/tr><tr><td>Espacio de la Pr\u00e1ctica Docente IV (128)<\/td><td class=\"has-text-align-center\" data-align=\"center\"><em><strong>G1: Gava Claudia<\/strong> <br><strong>G2: Gava Claudia<\/strong><\/em><\/td><\/tr><\/tbody><\/table><figcaption class=\"wp-element-caption\">&#8212;&#8212;&#8212;&#8212;&#8212;&#8212;&#8212;&#8212;&#8212;&#8212;&#8212;&#8212;&#8212;&#8212;&#8212;&#8212;&#8212;&#8212;&#8212;&#8212;&#8212;&#8212;&#8212;&#8212;&#8212;&#8212;&#8212;&#8212;&#8212;&#8212;&#8212;&#8212;&#8212;&#8212;&#8212;&#8212;&#8212;&#8212;&#8212;&#8212;&#8212;&#8212;&#8212;&#8212;&#8212;&#8212;&#8212;&#8212;&#8212;&#8212;&#8212;&#8212;&#8212;&#8212;&#8212;&#8212;&#8212;&#8212;&#8212;&#8212;&#8212;&#8212;&#8212;&#8212;&#8212;&#8212;&#8212;&#8212;&#8212;&#8212;&#8212;&#8212;&#8212;&#8212;&#8212;&#8212;&#8212;&#8212;&#8212;&#8212;&#8212;&#8212;&#8212;&#8212;&#8212;&#8212;&#8212;&#8212;&#8212;&#8212;&#8212;&#8212;&#8212;&#8211;<\/figcaption><\/figure>\n\n\n\n<p><\/p>\n\n\n\n<p class=\"has-text-align-center\"><em><mark style=\"background-color:rgba(0, 0, 0, 0)\" class=\"has-inline-color has-vivid-purple-color\"><strong>PLAN DE ESTUDIOS<\/strong>: <strong>PROFESOR\/A DE EDUCACI\u00d3N SECUNDARIA EN QU\u00cdMICA<\/strong><\/mark><\/em><\/p>\n\n\n\n<p class=\"has-text-align-center has-large-font-size\"><strong> <mark style=\"background-color:rgba(0, 0, 0, 0)\" class=\"has-inline-color has-vivid-purple-color\">PROGRAMAS 2022<\/mark><\/strong><\/p>\n\n\n\n<p class=\"has-text-align-center\"><em><strong>1er y 2do a\u00f1o tronco com\u00fan (<a href=\"https:\/\/isfd106-bue.infd.edu.ar\/sitio\/programas-de-ciencias-naturales\/?preview_id=2973&amp;preview_nonce=47eeba31da&amp;preview=true\">ver programas aqu\u00ed<\/a>)&nbsp;<\/strong><\/em><\/p>\n\n\n\n<p><\/p>\n\n\n\n<figure class=\"wp-block-table\"><table><tbody><tr><td><strong>Materia<\/strong><\/td><td class=\"has-text-align-center\" data-align=\"center\"><strong><span class=\"has-inline-color has-vivid-purple-color\">3ro 1ra<\/span><\/strong><\/td><\/tr><tr><td>Perspectiva Filos\u00f3fico Pedag\u00f3gico Did\u00e1ctica (64)<strong><\/strong><\/td><td class=\"has-text-align-center\" data-align=\"center\"><strong><em>Burgos Sara<\/em><\/strong><\/td><\/tr><tr><td>Perspectiva Pol\u00edtico Institucional (64)<strong><\/strong><\/td><td class=\"has-text-align-center\" data-align=\"center\"><strong><em>Biscak Carlos<\/em><\/strong><\/td><\/tr><tr><td>Qu\u00edmica del carbono (128)<\/td><td class=\"has-text-align-center\" data-align=\"center\"><strong><em><a href=\"https:\/\/drive.google.com\/file\/d\/12vHIz0sSZ1e2JiffixlN9UxmcFnlb-9K\/view?usp=share_link\">Corval\u00e1n Walter<\/a><\/em><\/strong><\/td><\/tr><tr><td>Qu\u00edmica inorg\u00e1nica (96)<\/td><td class=\"has-text-align-center\" data-align=\"center\"><strong><em>Faraone Laura<\/em><\/strong><\/td><\/tr><tr><td>F\u00edsico &#8211; Qu\u00edmica (96)<\/td><td class=\"has-text-align-center\" data-align=\"center\"><strong><em>Rodr\u00edguez Ariel<\/em><\/strong><\/td><\/tr><tr><td>Ciencias Naturales y su ense\u00f1anza (32)<\/td><td class=\"has-text-align-center\" data-align=\"center\"><strong><em>Langone Susana<\/em><\/strong><\/td><\/tr><tr><td>Mineralog\u00eda (64)<\/td><td class=\"has-text-align-center\" data-align=\"center\"><strong><em>Quintas Fabiana<\/em><\/strong><\/td><\/tr><tr><td>Inform\u00e1tica aplicada a la ense\u00f1anza de la qu\u00edmica (64)<\/td><td class=\"has-text-align-center\" data-align=\"center\"><strong><em>Mereles Dar\u00edo<\/em><\/strong><\/td><\/tr><tr><td>Espacio de Definici\u00f3n Institucional (64)<\/td><td class=\"has-text-align-center\" data-align=\"center\"><strong><em>Etchecopar Gustavo<\/em><\/strong><\/td><\/tr><tr><td>Espacio de la Pr\u00e1ctica Docente III (128)<\/td><td class=\"has-text-align-center\" data-align=\"center\"><em><strong>G1: <a href=\"https:\/\/drive.google.com\/file\/d\/13DQYOcWk6PcdBLb5yaQD5BwDLdPdBiGb\/view?usp=share_link\">Gava Claudia<\/a><\/strong><br><strong>G2: <a href=\"https:\/\/drive.google.com\/file\/d\/13DQYOcWk6PcdBLb5yaQD5BwDLdPdBiGb\/view?usp=share_link\">Chazarreta Dar\u00edo<\/a><\/strong><\/em><\/td><\/tr><\/tbody><\/table><\/figure>\n\n\n\n<figure class=\"wp-block-table\"><table><tbody><tr><td><strong>Materia<\/strong><\/td><td class=\"has-text-align-center\" data-align=\"center\"><strong><span class=\"has-inline-color has-vivid-purple-color\">4to 1ra<\/span><\/strong><\/td><\/tr><tr><td>Qu\u00edmica biol\u00f3gica (96)<strong><\/strong><\/td><td class=\"has-text-align-center\" data-align=\"center\"><strong><em>Fanger Teresita<\/em><\/strong><\/td><\/tr><tr><td>An\u00e1lisis qu\u00edmico (64)<strong><\/strong><\/td><td class=\"has-text-align-center\" data-align=\"center\"><strong><em>Santonocito Juan (Supl. Rodr\u00edguez Ariel)<\/em><\/strong><\/td><\/tr><tr><td>Qu\u00edmica del ambiente (64)<\/td><td class=\"has-text-align-center\" data-align=\"center\"><strong><em>Zuchelli Graciela<\/em><\/strong><\/td><\/tr><tr><td>Qu\u00edmica de los alimentos (64)<\/td><td class=\"has-text-align-center\" data-align=\"center\"><strong><em>Dubbini Graciela<\/em><\/strong><\/td><\/tr><tr><td>Industrias qu\u00edmicas, procesos y operaciones (96)<\/td><td class=\"has-text-align-center\" data-align=\"center\"><strong><em>Rodr\u00edguez Ariel<\/em><\/strong><\/td><\/tr><tr><td>F\u00edsico \u2013 Qu\u00edmica II (64)<\/td><td class=\"has-text-align-center\" data-align=\"center\"><strong><em>Dubbini Graciela<\/em><\/strong><\/td><\/tr><tr><td>Qu\u00edmica y su ense\u00f1anza (64)<\/td><td class=\"has-text-align-center\" data-align=\"center\"><strong><em>Gava Claudia<\/em><\/strong><\/td><\/tr><tr><td>Metodolog\u00eda de la investigaci\u00f3n educativa en Qu\u00edmica (64)<\/td><td class=\"has-text-align-center\" data-align=\"center\"><strong><em>Gava Claudia<\/em><\/strong><\/td><\/tr><tr><td>Espacio de Definici\u00f3n Institucional (96)<\/td><td class=\"has-text-align-center\" data-align=\"center\"><strong><em>Pi Andrea<\/em><\/strong><\/td><\/tr><tr><td>Espacio de la Pr\u00e1ctica Docente IV (128)<\/td><td class=\"has-text-align-center\" data-align=\"center\"><em><strong>G1: Gava Claudia<\/strong> <br><strong>G2: Gava Claudia<\/strong><\/em><\/td><\/tr><\/tbody><\/table><\/figure>\n\n\n\n<p><\/p>\n","protected":false},"excerpt":{"rendered":"<p>PLAN DE ESTUDIOS: PROFESOR\/A DE EDUCACI\u00d3N SECUNDARIA EN QU\u00cdMICA PROGRAMAS 2023 Materia Curso y divisi\u00f3n 1ro 1ra Pedagog\u00eda (64) Ojeda Bogado Walter Educaci\u00f3n y transformaciones sociales contempor\u00e1neas (64) Mello Florencia Educaci\u00f3n Sexual Integral (32) Landriel Luciana Cultura Digital y Educaci\u00f3n (32) Barbagelata Cristian Introducci\u00f3n a la f\u00edsica y elementos de astronom\u00eda (96) Petersen Jorge Qu\u00edmica &#8230; <a title=\"Programas de Qu\u00edmica\" class=\"read-more\" href=\"https:\/\/isfd106-bue.infd.edu.ar\/sitio\/programas-de-quimica-2\/\" aria-label=\"More on Programas de Qu\u00edmica\">[+]<\/a><\/p>\n","protected":false},"author":588,"featured_media":0,"parent":0,"menu_order":0,"comment_status":"closed","ping_status":"closed","template":"","meta":[],"acf":[],"_links":{"self":[{"href":"https:\/\/isfd106-bue.infd.edu.ar\/sitio\/wp-json\/wp\/v2\/pages\/2977"}],"collection":[{"href":"https:\/\/isfd106-bue.infd.edu.ar\/sitio\/wp-json\/wp\/v2\/pages"}],"about":[{"href":"https:\/\/isfd106-bue.infd.edu.ar\/sitio\/wp-json\/wp\/v2\/types\/page"}],"author":[{"embeddable":true,"href":"https:\/\/isfd106-bue.infd.edu.ar\/sitio\/wp-json\/wp\/v2\/users\/588"}],"replies":[{"embeddable":true,"href":"https:\/\/isfd106-bue.infd.edu.ar\/sitio\/wp-json\/wp\/v2\/comments?post=2977"}],"version-history":[{"count":9,"href":"https:\/\/isfd106-bue.infd.edu.ar\/sitio\/wp-json\/wp\/v2\/pages\/2977\/revisions"}],"predecessor-version":[{"id":3792,"href":"https:\/\/isfd106-bue.infd.edu.ar\/sitio\/wp-json\/wp\/v2\/pages\/2977\/revisions\/3792"}],"wp:attachment":[{"href":"https:\/\/isfd106-bue.infd.edu.ar\/sitio\/wp-json\/wp\/v2\/media?parent=2977"}],"curies":[{"name":"wp","href":"https:\/\/api.w.org\/{rel}","templated":true}]}}