{"id":2975,"date":"2022-08-09T11:03:51","date_gmt":"2022-08-09T14:03:51","guid":{"rendered":"https:\/\/isfd106-bue.infd.edu.ar\/sitio\/?page_id=2975"},"modified":"2023-12-06T20:54:42","modified_gmt":"2023-12-06T23:54:42","slug":"programas-de-fisica-2","status":"publish","type":"page","link":"https:\/\/isfd106-bue.infd.edu.ar\/sitio\/programas-de-fisica-2\/","title":{"rendered":"Programas de F\u00edsica"},"content":{"rendered":"\n<p class=\"has-text-align-center\"><strong><em><span class=\"has-inline-color has-luminous-vivid-orange-color\">PLAN DE ESTUDIOS: PROFESOR\/A DE EDUCACI\u00d3N SECUNDARIA EN F\u00cdSICA <\/span><\/em><\/strong><\/p>\n\n\n\n<p class=\"has-text-align-center has-large-font-size\"><strong><em><mark style=\"background-color:rgba(0, 0, 0, 0)\" class=\"has-inline-color has-luminous-vivid-orange-color\">PROGRAMAS 2023<\/mark><\/em><\/strong><\/p>\n\n\n\n<figure class=\"wp-block-table\"><table><tbody><tr><td><strong>Materia<\/strong><\/td><td class=\"has-text-align-center\" data-align=\"center\"><strong>Curso y divisi\u00f3n <\/strong><\/td><\/tr><tr><td><\/td><td class=\"has-text-align-center\" data-align=\"center\"><strong><mark style=\"background-color:rgba(0, 0, 0, 0)\" class=\"has-inline-color has-vivid-red-color\">1ro 1ra<\/mark><\/strong><\/td><\/tr><tr><td>Pedagog\u00eda (64)<\/td><td class=\"has-text-align-center\" data-align=\"center\"><strong><em>Bianco Dami\u00e1n<\/em><\/strong><\/td><\/tr><tr><td>Educaci\u00f3n y transformaciones sociales contempor\u00e1neas (64)<\/td><td class=\"has-text-align-center\" data-align=\"center\"><em><strong>Biscak Carlos<\/strong><\/em><\/td><\/tr><tr><td>Educaci\u00f3n Sexual Integral (32)<\/td><td class=\"has-text-align-center\" data-align=\"center\"><strong><em><a href=\"https:\/\/drive.google.com\/file\/d\/1h79jxc5gWgcsXm5kwLH9uEc20FJRHRc0\/view?usp=sharing\">Credidio Cecilia<\/a><\/em><\/strong><\/td><\/tr><tr><td>Cultura Digital y Educaci\u00f3n (32)<\/td><td class=\"has-text-align-center\" data-align=\"center\"><strong><em>Vega Elizabeth<\/em><\/strong><\/td><\/tr><tr><td>Introducci\u00f3n a la f\u00edsica y elementos de astronom\u00eda (96)<\/td><td class=\"has-text-align-center\" data-align=\"center\"><strong><em><a href=\"https:\/\/drive.google.com\/file\/d\/1zOV1ExBV03Yvtp8hacF9ssp2FvmA756a\/view?usp=sharing\">Sanch\u00e9z H\u00e9ctor<\/a><\/em><\/strong><\/td><\/tr><tr><td>Qu\u00edmica y la actividad experimental I (96)<\/td><td class=\"has-text-align-center\" data-align=\"center\"><strong><em>Pi Andrea<\/em><\/strong><\/td><\/tr><tr><td>Introducci\u00f3n a los sistemas biol\u00f3gicos (96)<\/td><td class=\"has-text-align-center\" data-align=\"center\"><em><strong><strong><em><a href=\"https:\/\/drive.google.com\/file\/d\/1HruYE-8-1OWARDY9iBl5cAVm4ncL8ya2\/view?usp=sharing\">Chazarreta Dar\u00edo<\/a><\/em><\/strong><\/strong><\/em><\/td><\/tr><tr><td>Matem\u00e0tica y Ciencias Naturales (64)<\/td><td class=\"has-text-align-center\" data-align=\"center\"><em><strong><a href=\"https:\/\/drive.google.com\/file\/d\/1g2M7LcTmt4uTXjKeNCU0ouT-QKeYH6C7\/view?usp=sharing\">Ursino Elsa<\/a><\/strong><\/em><\/td><\/tr><tr><td>Pr\u00e1ctica Docente I  &#8211; Taller (64)<\/td><td class=\"has-text-align-center\" data-align=\"center\"><strong><em>Burgos Sara<br>Moral Romina<\/em><\/strong><\/td><\/tr><tr><td>Pr\u00e1ctica Docente I  &#8211; Tarreno (64)<\/td><td class=\"has-text-align-center\" data-align=\"center\"><strong><em>S\/D<\/em><\/strong><\/td><\/tr><\/tbody><\/table><\/figure>\n\n\n\n<p><\/p>\n\n\n\n<p class=\"has-text-align-center\"><em><strong>2do a\u00f1o tronco com\u00fan (<a href=\"https:\/\/isfd106-bue.infd.edu.ar\/sitio\/wp-admin\/post.php?post=2973&amp;action=edit\">ver programas aqu\u00ed<\/a>)&nbsp;<\/strong><\/em><\/p>\n\n\n\n<figure class=\"wp-block-table\"><table><tbody><tr><td><strong>Materia<\/strong><\/td><td class=\"has-text-align-center\" data-align=\"center\"><strong>Curso y Divisi\u00f3n<\/strong><\/td><\/tr><tr><td><\/td><td class=\"has-text-align-center\" data-align=\"center\"><strong><span class=\"has-inline-color has-luminous-vivid-orange-color\">3ro 1ra<\/span><\/strong><\/td><\/tr><tr><td>Perspectiva Filos\u00f3fico Pedag\u00f3gico Did\u00e1ctica (64)<strong><\/strong><\/td><td class=\"has-text-align-center\" data-align=\"center\"><strong><em>Sandra De Faveri<\/em><\/strong><\/td><\/tr><tr><td>Perspectiva Pol\u00edtico Institucional (64)<strong><\/strong><\/td><td class=\"has-text-align-center\" data-align=\"center\"><strong><em>Carlos Biscak<\/em><\/strong><\/td><\/tr><tr><td>Fuerzas, movimiento y energ\u00eda mec\u00e1nica, y laboratorio (64)<\/td><td class=\"has-text-align-center\" data-align=\"center\"><strong><em>Diana Bravo<\/em><\/strong><\/td><\/tr><tr><td>Ondas y \u00f3ptica f\u00edsica, y laboratorio (96)<\/td><td class=\"has-text-align-center\" data-align=\"center\"><strong><em><a href=\"https:\/\/drive.google.com\/file\/d\/1ygenan7PNeIWh7KuAbfxvxRZT2dx6Kme\/view?usp=sharing\">H\u00e9ctor S\u00e1nchez<\/a><\/em><\/strong><\/td><\/tr><tr><td>Electromagnetismo y termodin\u00e1mica y laboratorio (96)<\/td><td class=\"has-text-align-center\" data-align=\"center\"><strong><em><a href=\"https:\/\/drive.google.com\/file\/d\/19C1Bk3KhVAYTD1A0jQKXwnOmvZa298j9\/view?usp=sharing\">H\u00e9ctor S\u00e1nchez<\/a><\/em><\/strong><\/td><\/tr><tr><td>Astronom\u00eda I (64)<\/td><td class=\"has-text-align-center\" data-align=\"center\"><strong><em>Juan Pippus<\/em><\/strong><\/td><\/tr><tr><td>Ciencias Naturales y su ense\u00f1anza (32)<\/td><td class=\"has-text-align-center\" data-align=\"center\"><strong><em>Susana Langone<\/em><\/strong><\/td><\/tr><tr><td>Matem\u00e1tica aplicada (64)<\/td><td class=\"has-text-align-center\" data-align=\"center\"><strong><em>Gustavo Dinard<\/em><\/strong><\/td><\/tr><tr><td>Qu\u00edmica y laboratorio III (64)<\/td><td class=\"has-text-align-center\" data-align=\"center\"><strong><em>Gustavo Etchecopar<\/em><\/strong><\/td><\/tr><tr><td>Espacio de Definici\u00f3n Institucional (64)<\/td><td class=\"has-text-align-center\" data-align=\"center\"><strong><em><a href=\"https:\/\/drive.google.com\/file\/d\/1Wp8z-PXtUWVShEhVJKhivqiv_Jsl1sFQ\/view?usp=sharing\">Jorge Petersen<\/a><\/em><\/strong><\/td><\/tr><tr><td>Espacio de la Pr\u00e1ctica Docente III (128)<\/td><td class=\"has-text-align-center\" data-align=\"center\"><strong><em>Dar\u00edo Chazarreta<\/em><\/strong><\/td><\/tr><\/tbody><\/table><\/figure>\n\n\n\n<figure class=\"wp-block-table\"><table><tbody><tr><td><strong>Materia<\/strong><\/td><td class=\"has-text-align-center\" data-align=\"center\"><strong>Curso y Divisi\u00f3n<\/strong><\/td><\/tr><tr><td><\/td><td class=\"has-text-align-center\" data-align=\"center\"><strong><span class=\"has-inline-color has-luminous-vivid-orange-color\">4to 1ra<\/span><\/strong><\/td><\/tr><tr><td>F\u00edsica moderna y laboratorio (128)<strong><\/strong><\/td><td class=\"has-text-align-center\" data-align=\"center\"><strong><em>Ceballos (Supl. Mar\u00eda Pereyra)<\/em><\/strong><\/td><\/tr><tr><td>F\u00edsica te\u00f3rica (96)<strong><\/strong><\/td><td class=\"has-text-align-center\" data-align=\"center\"><strong><em>Mar\u00eda Pereyra<\/em><\/strong><\/td><\/tr><tr><td>Epistemolog\u00eda e Historia de la F\u00edsica (96)<\/td><td class=\"has-text-align-center\" data-align=\"center\"><strong><em>Ceballos (Supl. Juan Pippus)<\/em><\/strong><\/td><\/tr><tr><td>Astronom\u00eda II (64)<\/td><td class=\"has-text-align-center\" data-align=\"center\"><strong><em>Luis Fern\u00e1ndez<\/em><\/strong><\/td><\/tr><tr><td>Taller de f\u00edsica (64)<\/td><td class=\"has-text-align-center\" data-align=\"center\"><strong><em>Juan Pippus<\/em><\/strong><\/td><\/tr><tr><td>F\u00edsica y su ense\u00f1anza (64)<\/td><td class=\"has-text-align-center\" data-align=\"center\"><strong><em>Marcelo Bentivenga<\/em><\/strong><\/td><\/tr><tr><td>Matem\u00e1tica para f\u00edsicos y sus aplicaciones (64)<\/td><td class=\"has-text-align-center\" data-align=\"center\"><strong><em>Romina Salerno<\/em><\/strong><\/td><\/tr><tr><td>Espacio de Definici\u00f3n Institucional (96)<\/td><td class=\"has-text-align-center\" data-align=\"center\"><strong><em>Leticia Prego<\/em><\/strong><\/td><\/tr><tr><td>Espacio de la Pr\u00e1ctica Docente IV (128)<\/td><td class=\"has-text-align-center\" data-align=\"center\"><em><strong>Dar\u00edo Chazarreta<\/strong><\/em><\/td><\/tr><\/tbody><\/table><\/figure>\n\n\n\n<p>&#8212;&#8212;&#8212;&#8212;&#8212;&#8212;&#8212;&#8212;&#8212;&#8212;&#8212;&#8212;&#8212;&#8212;&#8212;&#8212;&#8212;&#8212;&#8212;&#8212;&#8212;&#8212;&#8212;&#8212;&#8212;&#8212;&#8212;&#8212;&#8212;&#8212;&#8212;&#8212;&#8212;&#8212;&#8212;&#8212;&#8212;&#8212;&#8212;&#8212;&#8212;&#8212;&#8212;&#8212;&#8212;&#8212;&#8212;&#8212;&#8212;&#8212;&#8212;&#8212;&#8212;&#8212;&#8212;&#8212;&#8212;&#8212;&#8212;&#8212;&#8212;&#8212;&#8212;&#8212;&#8212;&#8212;&#8212;&#8212;&#8212;&#8212;&#8212;&#8212;-<\/p>\n\n\n\n<p class=\"has-text-align-center has-large-font-size\"><strong><em><mark style=\"background-color:rgba(0, 0, 0, 0)\" class=\"has-inline-color has-luminous-vivid-orange-color\">PROGRAMAS 2022<\/mark><\/em><\/strong><\/p>\n\n\n\n<p class=\"has-text-align-center\"><em><strong>1er y 2do a\u00f1o tronco com\u00fan (<a href=\"https:\/\/isfd106-bue.infd.edu.ar\/sitio\/programas-de-ciencias-naturales\/?preview_id=2973&amp;preview_nonce=47eeba31da&amp;preview=true\">ver programas aqu\u00ed<\/a>)&nbsp;<\/strong><\/em><\/p>\n\n\n\n<figure class=\"wp-block-table\"><table><tbody><tr><td><strong>Materia<\/strong><\/td><td class=\"has-text-align-center\" data-align=\"center\"><strong>Curso y Divisi\u00f3n<\/strong><\/td><\/tr><tr><td><\/td><td class=\"has-text-align-center\" data-align=\"center\"><strong><span class=\"has-inline-color has-luminous-vivid-orange-color\">3ro 1ra<\/span><\/strong><\/td><\/tr><tr><td>Perspectiva Filos\u00f3fico Pedag\u00f3gico Did\u00e1ctica (64)<strong><\/strong><\/td><td class=\"has-text-align-center\" data-align=\"center\"><strong><em>Sandra De Faveri<\/em><\/strong><\/td><\/tr><tr><td>Perspectiva Pol\u00edtico Institucional (64)<strong><\/strong><\/td><td class=\"has-text-align-center\" data-align=\"center\"><strong><em>Carlos Biscak<\/em><\/strong><\/td><\/tr><tr><td>Fuerzas, movimiento y energ\u00eda mec\u00e1nica, y laboratorio (64)<\/td><td class=\"has-text-align-center\" data-align=\"center\"><strong><em>Diana Bravo<\/em><\/strong><\/td><\/tr><tr><td>Ondas y \u00f3ptica f\u00edsica, y laboratorio (96)<\/td><td class=\"has-text-align-center\" data-align=\"center\"><strong><em><a href=\"https:\/\/drive.google.com\/file\/d\/1wzfzIv51XD0rNcSSyo216Y0YOmbjNzw8\/view?usp=share_link\">H\u00e9ctor S\u00e1nchez<\/a><\/em><\/strong><\/td><\/tr><tr><td>Electromagnetismo y termodin\u00e1mica y laboratorio (96)<\/td><td class=\"has-text-align-center\" data-align=\"center\"><strong><em><a href=\"https:\/\/drive.google.com\/file\/d\/1UgQRfT5Z192S8jYcWzgCAYMljSXKMzCm\/view?usp=share_link\">H\u00e9ctor S\u00e1nchez<\/a><\/em><\/strong><\/td><\/tr><tr><td>Astronom\u00eda I (64)<\/td><td class=\"has-text-align-center\" data-align=\"center\"><strong><em>Juan Pippus<\/em><\/strong><\/td><\/tr><tr><td>Ciencias Naturales y su ense\u00f1anza (32)<\/td><td class=\"has-text-align-center\" data-align=\"center\"><strong><em>Susana Langone<\/em><\/strong><\/td><\/tr><tr><td>Matem\u00e1tica aplicada (64)<\/td><td class=\"has-text-align-center\" data-align=\"center\"><strong><em>Gustavo Dinard<\/em><\/strong><\/td><\/tr><tr><td>Qu\u00edmica y laboratorio III (64)<\/td><td class=\"has-text-align-center\" data-align=\"center\"><strong><em>Gustavo Etchecopar<\/em><\/strong><\/td><\/tr><tr><td>Espacio de Definici\u00f3n Institucional (64)<\/td><td class=\"has-text-align-center\" data-align=\"center\"><strong><em>Jorge Petersen<\/em><\/strong><\/td><\/tr><tr><td>Espacio de la Pr\u00e1ctica Docente III (128)<\/td><td class=\"has-text-align-center\" data-align=\"center\"><strong><em><a href=\"https:\/\/drive.google.com\/file\/d\/13FvctIz5_o5Jhwtmo8Owhic0CT4j-99e\/view?usp=share_link\">Dar\u00edo Chazarreta<\/a><\/em><\/strong><\/td><\/tr><\/tbody><\/table><\/figure>\n\n\n\n<figure class=\"wp-block-table\"><table><tbody><tr><td><strong>Materia<\/strong><\/td><td class=\"has-text-align-center\" data-align=\"center\"><strong>Curso y Divisi\u00f3n<\/strong><\/td><\/tr><tr><td><\/td><td class=\"has-text-align-center\" data-align=\"center\"><strong><span class=\"has-inline-color has-luminous-vivid-orange-color\">4to 1ra<\/span><\/strong><\/td><\/tr><tr><td>F\u00edsica moderna y laboratorio (128)<strong><\/strong><\/td><td class=\"has-text-align-center\" data-align=\"center\"><strong><em>Ceballos (Supl. <a href=\"https:\/\/drive.google.com\/file\/d\/1fNJ_UEx94a8NR9j5gSHUEttV-ZecN1g7\/view?usp=share_link\">Mar\u00eda Pereyra<\/a>)<\/em><\/strong><\/td><\/tr><tr><td>F\u00edsica te\u00f3rica (96)<strong><\/strong><\/td><td class=\"has-text-align-center\" data-align=\"center\"><strong><em><a href=\"https:\/\/drive.google.com\/file\/d\/1pKWzCLf1xGcVpc-lw5qBWvPutz2564pn\/view?usp=share_link\">Mar\u00eda Pereyra<\/a><\/em><\/strong><\/td><\/tr><tr><td>Epistemolog\u00eda e Historia de la F\u00edsica (96)<\/td><td class=\"has-text-align-center\" data-align=\"center\"><strong><em>Ceballos (Supl. Juan Pippus)<\/em><\/strong><\/td><\/tr><tr><td>Astronom\u00eda II (64)<\/td><td class=\"has-text-align-center\" data-align=\"center\"><strong><em>Luis Fern\u00e1ndez<\/em><\/strong><\/td><\/tr><tr><td>Taller de f\u00edsica (64)<\/td><td class=\"has-text-align-center\" data-align=\"center\"><strong><em>Juan Pippus<\/em><\/strong><\/td><\/tr><tr><td>F\u00edsica y su ense\u00f1anza (64)<\/td><td class=\"has-text-align-center\" data-align=\"center\"><strong><em>Marcelo Bentivenga<\/em><\/strong><\/td><\/tr><tr><td>Matem\u00e1tica para f\u00edsicos y sus aplicaciones (64)<\/td><td class=\"has-text-align-center\" data-align=\"center\"><strong><em>Romina Salerno<\/em><\/strong><\/td><\/tr><tr><td>Espacio de Definici\u00f3n Institucional (96)<\/td><td class=\"has-text-align-center\" data-align=\"center\"><strong><em>Leticia Prego<\/em><\/strong><\/td><\/tr><tr><td>Espacio de la Pr\u00e1ctica Docente IV (128)<\/td><td class=\"has-text-align-center\" data-align=\"center\"><em><strong>G1: Cristina Landi<\/strong> \/ <strong>G2: Dar\u00edo Chazarreta<\/strong><\/em><\/td><\/tr><\/tbody><\/table><\/figure>\n","protected":false},"excerpt":{"rendered":"<p>PLAN DE ESTUDIOS: PROFESOR\/A DE EDUCACI\u00d3N SECUNDARIA EN F\u00cdSICA PROGRAMAS 2023 Materia Curso y divisi\u00f3n 1ro 1ra Pedagog\u00eda (64) Bianco Dami\u00e1n Educaci\u00f3n y transformaciones sociales contempor\u00e1neas (64) Biscak Carlos Educaci\u00f3n Sexual Integral (32) Credidio Cecilia Cultura Digital y Educaci\u00f3n (32) Vega Elizabeth Introducci\u00f3n a la f\u00edsica y elementos de astronom\u00eda (96) Sanch\u00e9z H\u00e9ctor Qu\u00edmica y &#8230; <a title=\"Programas de F\u00edsica\" class=\"read-more\" href=\"https:\/\/isfd106-bue.infd.edu.ar\/sitio\/programas-de-fisica-2\/\" aria-label=\"More on Programas de F\u00edsica\">[+]<\/a><\/p>\n","protected":false},"author":588,"featured_media":0,"parent":0,"menu_order":0,"comment_status":"closed","ping_status":"closed","template":"","meta":[],"acf":[],"_links":{"self":[{"href":"https:\/\/isfd106-bue.infd.edu.ar\/sitio\/wp-json\/wp\/v2\/pages\/2975"}],"collection":[{"href":"https:\/\/isfd106-bue.infd.edu.ar\/sitio\/wp-json\/wp\/v2\/pages"}],"about":[{"href":"https:\/\/isfd106-bue.infd.edu.ar\/sitio\/wp-json\/wp\/v2\/types\/page"}],"author":[{"embeddable":true,"href":"https:\/\/isfd106-bue.infd.edu.ar\/sitio\/wp-json\/wp\/v2\/users\/588"}],"replies":[{"embeddable":true,"href":"https:\/\/isfd106-bue.infd.edu.ar\/sitio\/wp-json\/wp\/v2\/comments?post=2975"}],"version-history":[{"count":16,"href":"https:\/\/isfd106-bue.infd.edu.ar\/sitio\/wp-json\/wp\/v2\/pages\/2975\/revisions"}],"predecessor-version":[{"id":3788,"href":"https:\/\/isfd106-bue.infd.edu.ar\/sitio\/wp-json\/wp\/v2\/pages\/2975\/revisions\/3788"}],"wp:attachment":[{"href":"https:\/\/isfd106-bue.infd.edu.ar\/sitio\/wp-json\/wp\/v2\/media?parent=2975"}],"curies":[{"name":"wp","href":"https:\/\/api.w.org\/{rel}","templated":true}]}}