{"id":2969,"date":"2022-08-09T11:02:16","date_gmt":"2022-08-09T14:02:16","guid":{"rendered":"https:\/\/isfd106-bue.infd.edu.ar\/sitio\/?page_id=2969"},"modified":"2023-12-04T11:34:41","modified_gmt":"2023-12-04T14:34:41","slug":"programas-de-primaria-2","status":"publish","type":"page","link":"https:\/\/isfd106-bue.infd.edu.ar\/sitio\/programas-de-primaria-2\/","title":{"rendered":"Programas de Primaria"},"content":{"rendered":"\n<p><\/p>\n\n\n\n<p class=\"has-text-align-center\"><mark style=\"background-color:rgba(0, 0, 0, 0)\" class=\"has-inline-color has-luminous-vivid-amber-color\"><em><strong>PLAN DE ESTUDIOS<\/strong>: <strong>PROFESOR\/A DE EDUCACI\u00d3N PRIMARIA<\/strong><\/em><\/mark><\/p>\n\n\n\n<p class=\"has-text-align-center\"><strong><mark style=\"background-color:rgba(0, 0, 0, 0)\" class=\"has-inline-color has-luminous-vivid-amber-color\"><em>PROGRAMAS 2023<\/em><\/mark><\/strong><\/p>\n\n\n\n<figure class=\"wp-block-table\"><table><tbody><tr><td><strong>Materia<\/strong><\/td><td class=\"has-text-align-center\" data-align=\"center\"><strong>1ro 1ra<\/strong><\/td><td class=\"has-text-align-center\" data-align=\"center\"><strong>1ro 2da<\/strong><\/td><td class=\"has-text-align-center\" data-align=\"center\"><strong>1ro 3ra<\/strong><\/td><\/tr><tr><td>Taller de lectura, escritura y oralidad (64)<strong><\/strong><\/td><td class=\"has-text-align-center\" data-align=\"center\"><em>Serra Ver\u00f3nica<\/em><\/td><td class=\"has-text-align-center\" data-align=\"center\"><em><a href=\"https:\/\/docs.google.com\/document\/d\/16nTq0VzHiyhnrCQQ0L6gsyqGEQ5b_AYK\/edit?usp=sharing&amp;ouid=103250059030289049492&amp;rtpof=true&amp;sd=true\">Aguilera Alba<\/a><\/em><\/td><td class=\"has-text-align-center\" data-align=\"center\"><em><a href=\"https:\/\/drive.google.com\/file\/d\/1DQKo6hgFDiLObIdon0IpUPXOUIbr_cQA\/view?usp=sharing\">Serra Ver\u00f3nica<\/a><\/em><\/td><\/tr><tr><td>Taller de pensamiento l\u00f3gico matem\u00e1tico (64)<strong><\/strong><\/td><td class=\"has-text-align-center\" data-align=\"center\"><em><a href=\"https:\/\/drive.google.com\/file\/d\/1KIcEq6CytsdwXL_EmcOigVn1bD4phfb9\/view?usp=sharing\">Sartor Norma<\/a><\/em><\/td><td class=\"has-text-align-center\" data-align=\"center\"><em><a href=\"https:\/\/drive.google.com\/file\/d\/12RQxJo52lV4vjxUFPvksZ7GATe38Zd4-\/view?usp=sharing\">Sartor Norma<\/a><\/em><\/td><td class=\"has-text-align-center\" data-align=\"center\"><a href=\"https:\/\/drive.google.com\/file\/d\/19Db7y5t_hVYIpXz2gdLrjhUvsXP-a8oy\/view?usp=sharing\">Sartor Norma<\/a><\/td><\/tr><tr><td>Taller de definici\u00f3n institucional (64)<\/td><td class=\"has-text-align-center\" data-align=\"center\"><a href=\"https:\/\/docs.google.com\/document\/d\/168AsG403Qn5HTQrn9r8mj4DLxqQ9eShu\/edit?usp=sharing&amp;ouid=103250059030289049492&amp;rtpof=true&amp;sd=true\"><em>Plez<\/em> <em>Nayahue<\/em><\/a><\/td><td class=\"has-text-align-center\" data-align=\"center\"><em><a href=\"https:\/\/drive.google.com\/file\/d\/1RruTmk7d-YGDe9p3zYI4KDwM8vdQJGem\/view?usp=sharing\">Yanina Rabbino<\/a><\/em><\/td><td class=\"has-text-align-center\" data-align=\"center\"><em><a href=\"https:\/\/drive.google.com\/file\/d\/1RruTmk7d-YGDe9p3zYI4KDwM8vdQJGem\/view?usp=sharing\">Yanina Rabbino<\/a><\/em><\/td><\/tr><tr><td>Psicolog\u00eda del desarrollo y el aprendizaje I (64)<\/td><td class=\"has-text-align-center\" data-align=\"center\"><em>Torres Martha<\/em><\/td><td class=\"has-text-align-center\" data-align=\"center\"><em>Torres Martha<\/em><\/td><td class=\"has-text-align-center\" data-align=\"center\"><em><a href=\"https:\/\/drive.google.com\/file\/d\/17ddP2STgduIw7T9aMMHKjLnVzW62Hw74\/view?usp=sharing\">Trejo Lisa<\/a><\/em><\/td><\/tr><tr><td>Corporeidad y motricidad (32)<\/td><td class=\"has-text-align-center\" data-align=\"center\"><em><a href=\"https:\/\/docs.google.com\/document\/d\/14IdvdHTu5yxfq3tSkg9vYrO4Y3qK83mQ\/edit?usp=sharing&amp;ouid=103250059030289049492&amp;rtpof=true&amp;sd=true\">Marciello Fernando<\/a><\/em><\/td><td class=\"has-text-align-center\" data-align=\"center\"><em><a href=\"https:\/\/docs.google.com\/document\/d\/14IdvdHTu5yxfq3tSkg9vYrO4Y3qK83mQ\/edit?usp=sharing&amp;ouid=103250059030289049492&amp;rtpof=true&amp;sd=true\">Marciello Fernando<\/a><\/em><\/td><td class=\"has-text-align-center\" data-align=\"center\"><em><a href=\"https:\/\/drive.google.com\/file\/d\/1M32TMO6MpBFR1dUBgOw4_g8GgB32TdTW\/view?usp=sharing\">Di Gregorio Mar\u00eda<\/a><\/em><\/td><\/tr><tr><td>Arte y educaci\u00f3n (64)<\/td><td class=\"has-text-align-center\" data-align=\"center\"><em>Hardt Ver\u00f3nica (Supl. Morales Vanesa)<\/em><\/td><td class=\"has-text-align-center\" data-align=\"center\">Hardt Ver\u00f3nica (Sipl. Morales Vanesa)<\/td><td class=\"has-text-align-center\" data-align=\"center\"><em>Ratti Marcelo<\/em><\/td><\/tr><tr><td>Filosof\u00eda (64)<\/td><td class=\"has-text-align-center\" data-align=\"center\"><em><a href=\"https:\/\/drive.google.com\/file\/d\/11qxuV23f2RzwVr-B8LTeTLblvWdeF3i9\/view?usp=sharing\">Serratore Grisel<\/a><\/em><\/td><td class=\"has-text-align-center\" data-align=\"center\"><em><a href=\"https:\/\/drive.google.com\/file\/d\/11qxuV23f2RzwVr-B8LTeTLblvWdeF3i9\/view?usp=sharing\">Serratore Grisel<\/a><\/em><\/td><td class=\"has-text-align-center\" data-align=\"center\"><em>Gadda Apollonio Santiago<\/em><\/td><\/tr><tr><td>Did\u00e1ctica general (64)<\/td><td class=\"has-text-align-center\" data-align=\"center\"><em>Castro Alejandra<\/em><\/td><td class=\"has-text-align-center\" data-align=\"center\"><a href=\"https:\/\/drive.google.com\/file\/d\/1bNkQMCdJ916A1hl3Ex-ln3nJsPvNBTnB\/view?usp=sharing\">Ojeda Walter<\/a><\/td><td class=\"has-text-align-center\" data-align=\"center\"><em><a href=\"https:\/\/docs.google.com\/document\/d\/1MbR7qfXDIm66-J9f-51rME1OXXpewvSL\/edit?usp=sharing&amp;ouid=103250059030289049492&amp;rtpof=true&amp;sd=true\">Santill\u00e1n M\u00f3nica<\/a><\/em><\/td><\/tr><tr><td>Pedagog\u00eda (64)<\/td><td class=\"has-text-align-center\" data-align=\"center\"><em>Burgos Sara<\/em><\/td><td class=\"has-text-align-center\" data-align=\"center\"><em>Monteros M\u00f3nica (Supl. Gualtieri Guido)<\/em><\/td><td class=\"has-text-align-center\" data-align=\"center\"><em>Aiassa M\u00f3nica<\/em><\/td><\/tr><tr><td>An\u00e1lisis del mundo contempor\u00e1neo (32)<\/td><td class=\"has-text-align-center\" data-align=\"center\"><em><a href=\"https:\/\/docs.google.com\/document\/d\/1DtSafGWxojhjaZwPekKW2dp1WVG1mufS\/edit?usp=sharing&amp;ouid=103250059030289049492&amp;rtpof=true&amp;sd=true\">Giacometti Clara<\/a><\/em><\/td><td class=\"has-text-align-center\" data-align=\"center\"><em>Gerace Muriel (Supl. <a href=\"https:\/\/drive.google.com\/file\/d\/1MhnSLBr3nUrMHhrCMtqsiFLla48dcO3E\/view?usp=sharing\">Maqueda Mart\u00edn<\/a>)<\/em><\/td><td class=\"has-text-align-center\" data-align=\"center\"><em>\u00c1valos Christian<\/em><\/td><\/tr><tr><td><em>Pr\u00e1ctica en terreno:<\/em> Experiencia social en espacios y organizaciones de la comunidad (32)<br><br><strong>Taller Integrador Interdisciplinario<\/strong><br><em>Ciudad educadora<\/em> (32)<br><br><em>Herramientas:<\/em> Educaci\u00f3n social y estrategias<br>de educaci\u00f3n popular (32)<br><\/td><td class=\"has-text-align-center\" data-align=\"center\"><em>G1. Monteros M\u00f3nica (Supl. <a href=\"https:\/\/drive.google.com\/file\/d\/1a5-D2njawSCwHj6Uridc0rQnYUJV2Hsg\/view?usp=sharing\">Cancio Patricia<\/a>) <br>G6. <a href=\"https:\/\/drive.google.com\/file\/d\/1a5-D2njawSCwHj6Uridc0rQnYUJV2Hsg\/view?usp=sharing\">Paiva Daniela<\/a><\/em><\/td><td class=\"has-text-align-center\" data-align=\"center\"><em>G2. Monteros M\u00f3nica <br>G3. Monteros M\u00f3nica (Supl. <a href=\"https:\/\/drive.google.com\/file\/d\/1a5-D2njawSCwHj6Uridc0rQnYUJV2Hsg\/view?usp=sharing\">Cancio Patricia<\/a>)<\/em><\/td><td class=\"has-text-align-center\" data-align=\"center\"><em>G4. Pe\u00f1a Cristina <br>G5. <a href=\"https:\/\/drive.google.com\/file\/d\/1a5-D2njawSCwHj6Uridc0rQnYUJV2Hsg\/view?usp=sharing\">Paiva Daniela<\/a><\/em><\/td><\/tr><\/tbody><\/table><\/figure>\n\n\n\n<figure class=\"wp-block-table\"><table><tbody><tr><td><strong>Materia<\/strong><\/td><td class=\"has-text-align-center\" data-align=\"center\"><strong>2ro 1ra<\/strong><\/td><td class=\"has-text-align-center\" data-align=\"center\"><strong>2do 2da<\/strong><\/td><td class=\"has-text-align-center\" data-align=\"center\"><strong>2do 3ra <\/strong><\/td><\/tr><tr><td>Psicolog\u00eda del desarrollo y el aprendizaje II (64)<\/td><td class=\"has-text-align-center\" data-align=\"center\"><em>Torres Martha<\/em><\/td><td class=\"has-text-align-center\" data-align=\"center\"><em>Torres Martha<\/em><\/td><td class=\"has-text-align-center\" data-align=\"center\"><em>Torres Martha<\/em><\/td><\/tr><tr><td>Psicolog\u00eda social e institucional (32)<\/td><td class=\"has-text-align-center\" data-align=\"center\"><em><a href=\"https:\/\/drive.google.com\/file\/d\/13-EftxL4RgWnfCr3QY167El5Tqj9-Ss0\/view?usp=sharing\">Trejo Lisa<\/a><\/em><\/td><td class=\"has-text-align-center\" data-align=\"center\"><em>Valeriano Alicia (Supl. <a href=\"https:\/\/drive.google.com\/file\/d\/13-EftxL4RgWnfCr3QY167El5Tqj9-Ss0\/view?usp=sharing\">Trejo Lisa<\/a>)<\/em><\/td><td class=\"has-text-align-center\" data-align=\"center\"><em>Aiassa M\u00f3nica (Supl. <a href=\"https:\/\/drive.google.com\/file\/d\/13-EftxL4RgWnfCr3QY167El5Tqj9-Ss0\/view?usp=sharing\">Trejo Lisa<\/a>)<\/em><\/td><\/tr><tr><td>Cultura, comunicaci\u00f3n y educaci\u00f3n (32)<\/td><td class=\"has-text-align-center\" data-align=\"center\"><em>Bueno Claudia<\/em><\/td><td class=\"has-text-align-center\" data-align=\"center\"><em>Bueno Claudia<\/em><\/td><td class=\"has-text-align-center\" data-align=\"center\"><em>Bueno Claudia<\/em><\/td><\/tr><tr><td>Educaci\u00f3n art\u00edstica (64)<\/td><td class=\"has-text-align-center\" data-align=\"center\"><em>Hardt Ver\u00f3nica (Supl. Lapelle Alejandro)<\/em><\/td><td class=\"has-text-align-center\" data-align=\"center\"><em>Hardt Ver\u00f3nica (Supl. Lapelle Alejandro)<\/em><\/td><td class=\"has-text-align-center\" data-align=\"center\"><em>Hardt Ver\u00f3nica (Supl. Morales Vanesa)<\/em><\/td><\/tr><tr><td>Did\u00e1ctica de Pr\u00e1cticas del Lenguaje y&nbsp; la Literatura I (64)<\/td><td class=\"has-text-align-center\" data-align=\"center\"><em><a href=\"https:\/\/docs.google.com\/document\/d\/1Pv-y3UmbAAjae6LgMg0SsQS0wdtOMkgD\/edit?usp=sharing&amp;ouid=103250059030289049492&amp;rtpof=true&amp;sd=true\">Aguilera Alba<\/a><\/em><\/td><td class=\"has-text-align-center\" data-align=\"center\"><em><a href=\"https:\/\/docs.google.com\/document\/d\/1Pv-y3UmbAAjae6LgMg0SsQS0wdtOMkgD\/edit?usp=sharing&amp;ouid=103250059030289049492&amp;rtpof=true&amp;sd=true\">Aguilera Alba<\/a><\/em><\/td><td class=\"has-text-align-center\" data-align=\"center\"><em><a href=\"https:\/\/docs.google.com\/document\/d\/1Pv-y3UmbAAjae6LgMg0SsQS0wdtOMkgD\/edit?usp=sharing&amp;ouid=103250059030289049492&amp;rtpof=true&amp;sd=true\">Aguilera Alba<\/a><\/em><\/td><\/tr><tr><td>Did\u00e1ctica de las Ciencias Sociales I (64)<\/td><td class=\"has-text-align-center\" data-align=\"center\"><em>Giacometti Clara<\/em><\/td><td class=\"has-text-align-center\" data-align=\"center\"><em>\u00c1valos Christian<\/em><\/td><td class=\"has-text-align-center\" data-align=\"center\"><em>Zelaya Ernesto<\/em><\/td><\/tr><tr><td>Did\u00e1ctica de las Ciencias Naturales I (64)<\/td><td class=\"has-text-align-center\" data-align=\"center\"><em>Langone Susana<\/em><\/td><td class=\"has-text-align-center\" data-align=\"center\"><em>Langone Susana<\/em><\/td><td class=\"has-text-align-center\" data-align=\"center\"><em>Langone Susana<\/em><\/td><\/tr><tr><td>Did\u00e1ctica de la Matem\u00e1tica (64)<\/td><td class=\"has-text-align-center\" data-align=\"center\"><em><a href=\"https:\/\/docs.google.com\/document\/d\/1haekMOJeFYLd2FIm4vcYYF9bQjWuhgN9\/edit?usp=sharing&amp;ouid=103250059030289049492&amp;rtpof=true&amp;sd=true\">Cudugnello In\u00e9s<\/a><\/em><\/td><td class=\"has-text-align-center\" data-align=\"center\"><em><a href=\"https:\/\/docs.google.com\/document\/d\/1haekMOJeFYLd2FIm4vcYYF9bQjWuhgN9\/edit?usp=sharing&amp;ouid=103250059030289049492&amp;rtpof=true&amp;sd=true\">Cudugnello In\u00e9s<\/a><\/em><\/td><td class=\"has-text-align-center\" data-align=\"center\"><em><a href=\"https:\/\/drive.google.com\/file\/d\/1U1wQ3S6dTWphPXml5AC6m22VsHMa_7oN\/view?usp=sharing\">Sartor Norma<\/a><\/em><\/td><\/tr><tr><td>Teor\u00edas sociopol\u00edticas y educaci\u00f3n (64)<\/td><td class=\"has-text-align-center\" data-align=\"center\"><em>Jara Ra\u00fal<\/em><\/td><td class=\"has-text-align-center\" data-align=\"center\"><em>Loro Valeriano (Supl. <a href=\"https:\/\/drive.google.com\/file\/d\/19s5y0MBFMxR25ZJ4dnoGVBVMPX5XZ47P\/view?usp=sharing\">Krentz Patricia<\/a>)<\/em><\/td><td class=\"has-text-align-center\" data-align=\"center\"><em>Ag\u00fcero Melisa<\/em><\/td><\/tr><tr><td>Did\u00e1ctica y curr\u00edculum de Nivel Primario (64)<\/td><td class=\"has-text-align-center\" data-align=\"center\"><em>Confeggi Rolando<\/em><\/td><td class=\"has-text-align-center\" data-align=\"center\"><em>Aiassa M\u00f3nica<\/em><\/td><td class=\"has-text-align-center\" data-align=\"center\"><em>Aiassa M\u00f3nica<\/em><\/td><\/tr><tr><td><em>Pr\u00e1ctica en terreno:<\/em> En instituciones educativas (distintos \u00e1mbitos: urbano, suburbano, rural) (64)<br><br><strong>Taller Integrador Interdisciplinario<\/strong> <em>Espacio escolar<\/em> <em>y realidad educativa<\/em> (32)<br><br><em>Herramientas:<\/em> Aproximaci\u00f3n y an\u00e1lisis cualitativo institucional (32)<\/td><td class=\"has-text-align-center\" data-align=\"center\"><em>G1. Laudari Adriana <br>G2. D\u00edaz Biglia Alejandra<\/em><\/td><td class=\"has-text-align-center\" data-align=\"center\"><em>G4. Giac\u00edn Silvia <br>G5. Laudari Adriana<\/em><\/td><td class=\"has-text-align-center\" data-align=\"center\"><em>G6. Aiassa M\u00f3nica <br>G3. Giac\u00edn Silvia<\/em> &nbsp;<\/td><\/tr><tr><td>Espacios de definici\u00f3n institucional (160)<\/td><td class=\"has-text-align-center\" data-align=\"center\"><em><a href=\"https:\/\/drive.google.com\/file\/d\/1DzqZcsYjjTlTJgLpg4pk2praDIOWcPUk\/view?usp=sharing\">Paiva Daniela<\/a><\/em><\/td><td class=\"has-text-align-center\" data-align=\"center\"><em><a href=\"https:\/\/drive.google.com\/file\/d\/1DzqZcsYjjTlTJgLpg4pk2praDIOWcPUk\/view?usp=sharing\">Paiva Daniela<\/a><\/em><\/td><td class=\"has-text-align-center\" data-align=\"center\"><em>Trejo Lisa<\/em><\/td><\/tr><\/tbody><\/table><\/figure>\n\n\n\n<figure class=\"wp-block-table\"><table><tbody><tr><td class=\"has-text-align-left\" data-align=\"left\"><strong>Materia<\/strong><\/td><td class=\"has-text-align-center\" data-align=\"center\"><strong>3ro 1ra<\/strong><\/td><td class=\"has-text-align-center\" data-align=\"center\"><strong>3ro 1ra<\/strong><\/td><\/tr><tr><td class=\"has-text-align-left\" data-align=\"left\">Configuraciones culturales del sujeto educativo de Primaria (32)<\/td><td class=\"has-text-align-center\" data-align=\"center\">De Faveri Sandra (Supl. <a href=\"https:\/\/docs.google.com\/document\/d\/1-wTCVCD4w0g9AYhDO9aVvR_be1ulPKnu\/edit?usp=sharing&amp;ouid=103250059030289049492&amp;rtpof=true&amp;sd=true\">Credidio Cecilia<\/a>)<\/td><td class=\"has-text-align-center\" data-align=\"center\"><a href=\"https:\/\/drive.google.com\/file\/d\/1vbSxTPzIwsgvE9r88iqkzlwpdxhYlElV\/view?usp=sharing\">De Faveri Sandra<\/a><\/td><\/tr><tr><td class=\"has-text-align-left\" data-align=\"left\">Medios audiovisuales, TIC\u2019s y educaci\u00f3n (32)<\/td><td class=\"has-text-align-center\" data-align=\"center\">Salas Francisco<\/td><td class=\"has-text-align-center\" data-align=\"center\">Salas Francisco<\/td><\/tr><tr><td class=\"has-text-align-left\" data-align=\"left\">Educaci\u00f3n F\u00edsica escolar (64)<\/td><td class=\"has-text-align-center\" data-align=\"center\"><a href=\"https:\/\/drive.google.com\/file\/d\/1miVIHUggKMAfztGHMdBt7fPSLjPXCpFE\/view?usp=sharing\">Poce Sandra<\/a><\/td><td class=\"has-text-align-center\" data-align=\"center\"><a href=\"https:\/\/drive.google.com\/file\/d\/1miVIHUggKMAfztGHMdBt7fPSLjPXCpFE\/view?usp=sharing\">Poce Sandra<\/a><\/td><\/tr><tr><td class=\"has-text-align-left\" data-align=\"left\">Did\u00e1ctica de Pr\u00e1cticas del Lenguaje y&nbsp; la Literatura II (64)<\/td><td class=\"has-text-align-center\" data-align=\"center\">Br\u00faa D\u00e9bora<\/td><td class=\"has-text-align-center\" data-align=\"center\"><a href=\"https:\/\/docs.google.com\/document\/d\/1usARnD5PleGEMB0gLz9NukM4RPbBzEOp\/edit?usp=sharing&amp;ouid=103250059030289049492&amp;rtpof=true&amp;sd=true\">Aguilera Alba<\/a><\/td><\/tr><tr><td class=\"has-text-align-left\" data-align=\"left\">Did\u00e1ctica de las Ciencias Sociales II (64)<\/td><td class=\"has-text-align-center\" data-align=\"center\"><a href=\"https:\/\/drive.google.com\/file\/d\/1-CPSg4k9__J58gbChvW_EZX9xmO4kUUv\/view?usp=sharing\">Gerace Muriel<\/a><\/td><td class=\"has-text-align-center\" data-align=\"center\">\u00c1valos Christian<\/td><\/tr><tr><td class=\"has-text-align-left\" data-align=\"left\">Did\u00e1ctica de las Ciencias Naturales II (64)<\/td><td class=\"has-text-align-center\" data-align=\"center\">Ponce Mariela<\/td><td class=\"has-text-align-center\" data-align=\"center\">Ponce Mariela<\/td><\/tr><tr><td class=\"has-text-align-left\" data-align=\"left\">Did\u00e1ctica de la Matem\u00e1tica II (64)<\/td><td class=\"has-text-align-center\" data-align=\"center\"><a href=\"https:\/\/drive.google.com\/file\/d\/15r0YEc5036uOptA1VlHnA8NIUsk-W4JU\/view?usp=sharing\">Sartor Norma<\/a><\/td><td class=\"has-text-align-center\" data-align=\"center\">Corti Irene<\/td><\/tr><tr><td class=\"has-text-align-left\" data-align=\"left\">Historia y prospectiva de la educaci\u00f3n (64)<\/td><td class=\"has-text-align-center\" data-align=\"center\">Monteros M\u00f3nica<\/td><td class=\"has-text-align-center\" data-align=\"center\">Santill\u00e1n M\u00f3nica<\/td><\/tr><tr><td class=\"has-text-align-left\" data-align=\"left\">Pol\u00edticas, legislaci\u00f3n y administraci\u00f3n del trabajo escolar (64)<\/td><td class=\"has-text-align-center\" data-align=\"center\">De Faveri Sandra<\/td><td class=\"has-text-align-center\" data-align=\"center\">De Faveri Sandra<\/td><\/tr><tr><td class=\"has-text-align-left\" data-align=\"left\"><em>Pr\u00e1ctica en terreno:<\/em> En el aula, en el nivel de formaci\u00f3n (128)<\/td><td class=\"has-text-align-center\" data-align=\"center\">G1. <a href=\"https:\/\/drive.google.com\/file\/d\/1JqKMlZPg-qcIKBk_VINK4YJer4kBw7bY\/view?usp=sharing\">Aiassa M\u00f3nica<\/a> G2. <a href=\"https:\/\/drive.google.com\/file\/d\/1JqKMlZPg-qcIKBk_VINK4YJer4kBw7bY\/view?usp=sharing\">Rivera Fernanda <\/a><br>G3. Sica Adriana (Supl. <a href=\"https:\/\/drive.google.com\/file\/d\/1JqKMlZPg-qcIKBk_VINK4YJer4kBw7bY\/view?usp=sharing\">Magnifico Zulema<\/a>) <br>G4. Sica Adriana (Supl. <a href=\"https:\/\/drive.google.com\/file\/d\/1JqKMlZPg-qcIKBk_VINK4YJer4kBw7bY\/view?usp=sharing\">Gonz\u00e1lez Mariana<\/a>)<\/td><td class=\"has-text-align-center\" data-align=\"center\">G5. Sica Adriana (Supl. <a href=\"https:\/\/drive.google.com\/file\/d\/1__RiLXWzrepCTF9vaCBJBcfgD7ZgWrV5\/view?usp=sharing\">Magnifico Zulema<\/a>) <br>G6. Sica Adriana (Supl. <a href=\"https:\/\/drive.google.com\/file\/d\/1__RiLXWzrepCTF9vaCBJBcfgD7ZgWrV5\/view?usp=sharing\">Gonz\u00e1lez Mariana<\/a>) <\/td><\/tr><tr><td class=\"has-text-align-left\" data-align=\"left\"><strong>Taller Integrador Interdisciplinario<\/strong> <em>Relaci\u00f3n educativa<\/em> (32)<\/td><\/tr><tr><td class=\"has-text-align-left\" data-align=\"left\"><em>Herramientas:<\/em> Investigaci\u00f3n en y para la acci\u00f3n educativa (32)<\/td><\/tr><tr><td class=\"has-text-align-left\" data-align=\"left\">Espacios de definici\u00f3n institucional (160)<\/td><td class=\"has-text-align-center\" data-align=\"center\">P\u00e9rez Bloise Gabriela<\/td><td class=\"has-text-align-center\" data-align=\"center\">P\u00e9rez Bloise Gabriela<\/td><\/tr><\/tbody><\/table><\/figure>\n\n\n\n<figure class=\"wp-block-table\"><table><tbody><tr><td><strong>Materia<\/strong><\/td><td class=\"has-text-align-center\" data-align=\"center\"><strong>4to 1ra<\/strong><\/td><td class=\"has-text-align-center\" data-align=\"center\"><strong>4to 2da<\/strong><\/td><\/tr><tr><td>Pedagog\u00eda cr\u00edtica de las diferencias (32)<\/td><td class=\"has-text-align-center\" data-align=\"center\">Aguirre Andrea<\/td><td class=\"has-text-align-center\" data-align=\"center\">Micheletti Silvana<\/td><\/tr><tr><td>Ateneo de Pr\u00e1cticas del Lenguaje y la Literatura (64)<\/td><td class=\"has-text-align-center\" data-align=\"center\"><a href=\"https:\/\/docs.google.com\/document\/d\/12B5Ymq9mEwK4QSZNclVbGRURIsl3736t\/edit?usp=sharing&amp;ouid=103250059030289049492&amp;rtpof=true&amp;sd=true\">Aguilera Alba<\/a><\/td><td class=\"has-text-align-center\" data-align=\"center\"><a href=\"https:\/\/docs.google.com\/document\/d\/12B5Ymq9mEwK4QSZNclVbGRURIsl3736t\/edit?usp=sharing&amp;ouid=103250059030289049492&amp;rtpof=true&amp;sd=true\">Aguilera Alba<\/a><\/td><\/tr><tr><td>Ateneo de Matem\u00e1tica (64)<\/td><td class=\"has-text-align-center\" data-align=\"center\"><a href=\"https:\/\/drive.google.com\/file\/d\/1KOmJQGK9Q8AFiU5cEWnCwh6FBGUuc3E_\/view?usp=sharing\">Sartor Norma<\/a><\/td><td class=\"has-text-align-center\" data-align=\"center\"><a href=\"https:\/\/drive.google.com\/file\/d\/1EYyL0jH7Z4LOXoymMtYNTFnl_OIRXG8u\/view?usp=sharing\">Benitez Mar\u00eda Tatiana<\/a><\/td><\/tr><tr><td>Ateneo de Ciencias Naturales (64)<\/td><td class=\"has-text-align-center\" data-align=\"center\">Ponce Mariela<\/td><td class=\"has-text-align-center\" data-align=\"center\">Ponce Mariela<\/td><\/tr><tr><td>Ateneo de Ciencias Sociales (64)<\/td><td class=\"has-text-align-center\" data-align=\"center\">Gerace Muriel<\/td><td class=\"has-text-align-center\" data-align=\"center\">Gerace Muriel<\/td><\/tr><tr><td>Reflexi\u00f3n filos\u00f3fica de la educaci\u00f3n (32)<\/td><td class=\"has-text-align-center\" data-align=\"center\"><a href=\"https:\/\/drive.google.com\/file\/d\/1tJcrRgMBj7gPBZsbqxK9BsTQe9vUoVAs\/view?usp=sharing\">Serratore Grisel<\/a><\/td><td class=\"has-text-align-center\" data-align=\"center\"><a href=\"https:\/\/drive.google.com\/file\/d\/1tJcrRgMBj7gPBZsbqxK9BsTQe9vUoVAs\/view?usp=sharing\">Serratore Grisel<\/a><\/td><\/tr><tr><td>Dimensi\u00f3n \u00e9tico-pol\u00edtica de la praxis docente (32)<\/td><td class=\"has-text-align-center\" data-align=\"center\">Loro Valeriano (Supl. <a href=\"https:\/\/drive.google.com\/file\/d\/1Yp6p8Or21p1ElGi4uJzUL_epkF45evgH\/view?usp=sharing\">Serratore Grisel<\/a>)<\/td><td class=\"has-text-align-center\" data-align=\"center\"><a href=\"https:\/\/drive.google.com\/file\/d\/1Yp6p8Or21p1ElGi4uJzUL_epkF45evgH\/view?usp=sharing\">Serratore Grisel<\/a><\/td><\/tr><tr><td><em>Pr\u00e1ctica en terreno:<\/em> En el aula, en el nivel de formaci\u00f3n (256)<\/td><td class=\"has-text-align-center\" data-align=\"center\">G1. <a href=\"https:\/\/drive.google.com\/file\/d\/1pyfGK_UKNpQ-ezLL0wTUIsjyFfIt5Vyb\/view?usp=sharing\">Burgos Sara <\/a><br>G2 y G3. <a href=\"https:\/\/drive.google.com\/file\/d\/1pyfGK_UKNpQ-ezLL0wTUIsjyFfIt5Vyb\/view?usp=sharing\">Rivera Fernanda<\/a> <\/td><td class=\"has-text-align-center\" data-align=\"center\">G5. <a href=\"https:\/\/drive.google.com\/file\/d\/1pyfGK_UKNpQ-ezLL0wTUIsjyFfIt5Vyb\/view?usp=sharing\">Van Rafelghem Laura<\/a><\/td><\/tr><tr><td><strong>Taller Integrador Interdisciplinario<\/strong> <em>Posicionamiento docente<\/em> (32)<\/td><\/tr><tr><td>Espacios de definici\u00f3n institucional (160)<\/td><td class=\"has-text-align-center\" data-align=\"center\"><a href=\"https:\/\/drive.google.com\/file\/d\/1-za46d6rur_ja8S5oDz3rAFPmSbdMSky\/view?usp=sharing\">Gonz\u00e1lez Ferreira Juana<\/a><\/td><td class=\"has-text-align-center\" data-align=\"center\"><a href=\"https:\/\/drive.google.com\/file\/d\/1-za46d6rur_ja8S5oDz3rAFPmSbdMSky\/view?usp=sharing\">Gonz\u00e1lez Ferreira Juana<\/a><\/td><\/tr><\/tbody><\/table><\/figure>\n\n\n\n<p>&#8212;&#8212;&#8212;&#8212;&#8212;&#8212;&#8212;&#8212;&#8212;&#8212;&#8212;&#8212;&#8212;&#8212;&#8212;&#8212;&#8212;&#8212;&#8212;&#8212;&#8212;&#8212;&#8212;&#8212;&#8212;&#8212;&#8212;&#8212;&#8212;&#8212;&#8212;&#8212;&#8212;&#8212;&#8212;&#8212;&#8212;&#8212;&#8212;&#8212;&#8212;&#8212;&#8212;&#8212;&#8212;&#8212;&#8212;&#8212;&#8212;&#8212;&#8212;&#8212;&#8212;&#8212;&#8212;&#8212;&#8212;&#8212;&#8212;&#8212;&#8212;&#8212;&#8212;&#8212;&#8212;&#8212;&#8212;&#8212;&#8212;&#8212;&#8212;&#8212;-<\/p>\n\n\n\n<p class=\"has-text-align-center\"><mark style=\"background-color:rgba(0, 0, 0, 0)\" class=\"has-inline-color has-luminous-vivid-amber-color\"><em><strong>PLAN DE ESTUDIOS<\/strong>: <strong>PROFESOR\/A DE EDUCACI\u00d3N PRIMARIA<\/strong><\/em><\/mark><\/p>\n\n\n\n<p class=\"has-text-align-center\"><strong><mark style=\"background-color:rgba(0, 0, 0, 0)\" class=\"has-inline-color has-luminous-vivid-amber-color\"><em>PROGRAMAS 2022<\/em><\/mark><\/strong><\/p>\n\n\n\n<p><\/p>\n\n\n\n<figure class=\"wp-block-table\"><table><tbody><tr><td><strong>Materia<\/strong><\/td><td class=\"has-text-align-center\" data-align=\"center\"><strong>1ro 1ra<\/strong><\/td><td class=\"has-text-align-center\" data-align=\"center\"><strong>1ro 2da<\/strong><\/td><td class=\"has-text-align-center\" data-align=\"center\"><strong>1ro 3ra<\/strong><\/td><\/tr><tr><td>Taller de lectura, escritura y oralidad (64)<strong><\/strong><\/td><td class=\"has-text-align-center\" data-align=\"center\"><em><a href=\"https:\/\/drive.google.com\/file\/d\/1_yujCSopdB1kezjKZdBZrazfltjy23Y0\/view?usp=share_link\">Serra Ver\u00f3nica<\/a><\/em><\/td><td class=\"has-text-align-center\" data-align=\"center\"><em><a href=\"https:\/\/drive.google.com\/file\/d\/1c3oiebg3E1WxIZVX8hcTp9MQ335TyQSx\/view?usp=share_link\">Aguilera Alba<\/a><\/em><\/td><td class=\"has-text-align-center\" data-align=\"center\"><em><a href=\"https:\/\/drive.google.com\/file\/d\/1RH_Yl2UPyu0_kljQs3ihM8-3LjFBerEG\/view?usp=share_link\">Serra Ver\u00f3nica<\/a><\/em><\/td><\/tr><tr><td>Taller de pensamiento l\u00f3gico matem\u00e1tico (64)<strong><\/strong><\/td><td class=\"has-text-align-center\" data-align=\"center\"><em><a href=\"https:\/\/drive.google.com\/file\/d\/1yTa-Ka1Aqo0-Yp6kTQ1eACTjeHssm6FM\/view?usp=share_link\">Sartor Norma<\/a><\/em><\/td><td class=\"has-text-align-center\" data-align=\"center\"><em><a href=\"https:\/\/drive.google.com\/file\/d\/1rUAOsBmIJpXMDQP_BTE7iebzW2BODcjB\/view?usp=share_link\">Sartor Norma<\/a><\/em><\/td><td class=\"has-text-align-center\" data-align=\"center\"><a href=\"https:\/\/drive.google.com\/file\/d\/1pp-5kbvUGIOI0nzj9MZ8K96wxn_Pxq6P\/view?usp=share_link\">Sartor Norma<\/a><\/td><\/tr><tr><td>Taller de definici\u00f3n institucional (64)<\/td><td class=\"has-text-align-center\" data-align=\"center\"><a href=\"https:\/\/drive.google.com\/file\/d\/1F5sfbXMGDnjXrI7MDo59Y__VwGLjbB4g\/view?usp=share_link\"><em>Plez<\/em> <em>Nayahue<\/em><\/a><\/td><td class=\"has-text-align-center\" data-align=\"center\"><em><a href=\"https:\/\/drive.google.com\/file\/d\/1uWupfKrN42IdeWpMfvUqXNgwem51Frgp\/view?usp=share_link\">Yanina Rabbino<\/a><\/em><\/td><td class=\"has-text-align-center\" data-align=\"center\"><em><a href=\"https:\/\/drive.google.com\/file\/d\/1uWupfKrN42IdeWpMfvUqXNgwem51Frgp\/view?usp=share_link\">Yanina Rabbino<\/a><\/em><\/td><\/tr><tr><td>Psicolog\u00eda del desarrollo y el aprendizaje I (64)<\/td><td class=\"has-text-align-center\" data-align=\"center\"><em><a href=\"https:\/\/drive.google.com\/file\/d\/1Nv7S1aYYJ2RGfRK9dbCEkIqBiVRkNjd1\/view?usp=share_link\">Torres Martha<\/a><\/em><\/td><td class=\"has-text-align-center\" data-align=\"center\"><em><a href=\"https:\/\/drive.google.com\/file\/d\/1Nv7S1aYYJ2RGfRK9dbCEkIqBiVRkNjd1\/view?usp=share_link\">Torres Martha<\/a><\/em><\/td><td class=\"has-text-align-center\" data-align=\"center\"><em><a href=\"https:\/\/drive.google.com\/file\/d\/1rCW6PxA5NEIa9lOCYWXmIUaCkL2fTekj\/view?usp=share_link\">Trejo Lisa<\/a><\/em><\/td><\/tr><tr><td>Corporeidad y motricidad (32)<\/td><td class=\"has-text-align-center\" data-align=\"center\"><em><a href=\"https:\/\/drive.google.com\/file\/d\/1myydbv14ovp3BazZXfiTzbPGsynFAGfu\/view?usp=share_link\">Marciello Fernando<\/a><\/em><\/td><td class=\"has-text-align-center\" data-align=\"center\"><em><a href=\"https:\/\/drive.google.com\/file\/d\/1myydbv14ovp3BazZXfiTzbPGsynFAGfu\/view?usp=share_link\">Marciello Fernando<\/a><\/em><\/td><td class=\"has-text-align-center\" data-align=\"center\"><em><a href=\"https:\/\/drive.google.com\/file\/d\/1JUY1w96QZ4-4x5iTqyvO7-1VZYijRjvd\/view?usp=share_link\">Di Gregorio Mar\u00eda<\/a><\/em><\/td><\/tr><tr><td>Arte y educaci\u00f3n (64)<\/td><td class=\"has-text-align-center\" data-align=\"center\"><em>Hardt Ver\u00f3nica (Supl. <a href=\"https:\/\/drive.google.com\/file\/d\/1Q6QPaCtLqmM5Z8h9fC4ytOAGCt5bIYWc\/view?usp=share_link\">Morales Vanesa<\/a>)<\/em><\/td><td class=\"has-text-align-center\" data-align=\"center\">Hardt Ver\u00f3nica (Sipl. <a href=\"https:\/\/drive.google.com\/file\/d\/1Q6QPaCtLqmM5Z8h9fC4ytOAGCt5bIYWc\/view?usp=share_link\">Morales Vanesa<\/a>)<\/td><td class=\"has-text-align-center\" data-align=\"center\"><em>Ratti Marcelo<\/em><\/td><\/tr><tr><td>Filosof\u00eda (64)<\/td><td class=\"has-text-align-center\" data-align=\"center\"><em><a href=\"https:\/\/drive.google.com\/file\/d\/1Q0DVPpilXPJ1mGO3vc19hjyaa2UmGPB4\/view?usp=share_link\">Serratore Grisel<\/a><\/em><\/td><td class=\"has-text-align-center\" data-align=\"center\"><em><a href=\"https:\/\/drive.google.com\/file\/d\/1Q0DVPpilXPJ1mGO3vc19hjyaa2UmGPB4\/view?usp=share_link\">Serratore Grisel<\/a><\/em><\/td><td class=\"has-text-align-center\" data-align=\"center\"><em>Gadda Apollonio Santiago<\/em><\/td><\/tr><tr><td>Did\u00e1ctica general (64)<\/td><td class=\"has-text-align-center\" data-align=\"center\"><em>Castro Alejandra<\/em><\/td><td class=\"has-text-align-center\" data-align=\"center\"><a href=\"https:\/\/drive.google.com\/file\/d\/1fTRhA5SOkADxHcoEEwAaNjFVUGC9rdAA\/view?usp=share_link\">Ojeda Walter<\/a><\/td><td class=\"has-text-align-center\" data-align=\"center\"><em>Santill\u00e1n M\u00f3nica<\/em><\/td><\/tr><tr><td>Pedagog\u00eda (64)<\/td><td class=\"has-text-align-center\" data-align=\"center\"><em>Burgos Sara<\/em><\/td><td class=\"has-text-align-center\" data-align=\"center\"><em>Monteros M\u00f3nica (Supl. Gualtieri Guido)<\/em><\/td><td class=\"has-text-align-center\" data-align=\"center\"><em><a href=\"https:\/\/drive.google.com\/file\/d\/1l1gvcs_Jy_6tp5MqdCWp9vJLvyaX5RZl\/view?usp=share_link\">Aiassa M\u00f3nica<\/a><\/em><\/td><\/tr><tr><td>An\u00e1lisis del mundo contempor\u00e1neo (32)<\/td><td class=\"has-text-align-center\" data-align=\"center\"><em><a href=\"https:\/\/drive.google.com\/file\/d\/1zHL0QQ1anC5mFVsctk4CGpnAE8BrnG2r\/view?usp=sharing\">Giacometti Clara<\/a><\/em><\/td><td class=\"has-text-align-center\" data-align=\"center\"><em>Gerace Muriel (Supl. <a href=\"https:\/\/drive.google.com\/file\/d\/15ymX1OiozHCicB6n6sdxAorBf7k_0JDf\/view?usp=share_link\">Maqueda Mart\u00edn<\/a>)<\/em><\/td><td class=\"has-text-align-center\" data-align=\"center\"><em><a href=\"https:\/\/drive.google.com\/file\/d\/1SDumHrkqdpesUSsGX5pPinoeFLgsfYS2\/view?usp=share_link\">\u00c1valos Christian<\/a><\/em><\/td><\/tr><tr><td><em>Pr\u00e1ctica en terreno:<\/em> Experiencia social en espacios y organizaciones de la comunidad (32)<br><br><strong>Taller Integrador Interdisciplinario<\/strong><br><em>Ciudad educadora<\/em> (32)<br><br><em>Herramientas:<\/em> Educaci\u00f3n social y estrategias<br>de educaci\u00f3n popular (32)<br><\/td><td class=\"has-text-align-center\" data-align=\"center\"><em>G1. Monteros M\u00f3nica (Supl. ) <br>G6. Paiva Daniela<\/em><\/td><td class=\"has-text-align-center\" data-align=\"center\"><em>G2. Monteros M\u00f3nica <br>G3. Monteros M\u00f3nica (Supl. )<\/em><\/td><td class=\"has-text-align-center\" data-align=\"center\"><em>G4. Pe\u00f1a Cristina <br>G5. Paiva Daniela<\/em><\/td><\/tr><\/tbody><\/table><\/figure>\n\n\n\n<figure class=\"wp-block-table\"><table><tbody><tr><td><strong>Materia<\/strong><\/td><td class=\"has-text-align-center\" data-align=\"center\"><strong>2ro 1ra<\/strong><\/td><td class=\"has-text-align-center\" data-align=\"center\"><strong>2do 2da<\/strong><\/td><td class=\"has-text-align-center\" data-align=\"center\"><strong>2do 3ra <\/strong><\/td><\/tr><tr><td>Psicolog\u00eda del desarrollo y el aprendizaje II (64)<\/td><td class=\"has-text-align-center\" data-align=\"center\"><em><a href=\"https:\/\/drive.google.com\/file\/d\/1Od8bJzznQJ_qRPqExIiB0Dx3EMRgGjgP\/view?usp=sharing\">Torres Martha<\/a><\/em><\/td><td class=\"has-text-align-center\" data-align=\"center\"><em><a href=\"https:\/\/drive.google.com\/file\/d\/1Od8bJzznQJ_qRPqExIiB0Dx3EMRgGjgP\/view?usp=sharing\">Torres Martha<\/a><\/em><\/td><td class=\"has-text-align-center\" data-align=\"center\"><em><a href=\"https:\/\/drive.google.com\/file\/d\/1Od8bJzznQJ_qRPqExIiB0Dx3EMRgGjgP\/view?usp=sharing\">Torres Martha<\/a><\/em><\/td><\/tr><tr><td>Psicolog\u00eda social e institucional (32)<\/td><td class=\"has-text-align-center\" data-align=\"center\"><em><a href=\"https:\/\/drive.google.com\/file\/d\/1cJhvr8pgo6a9N102zfHmsZkVPL8HK5Os\/view?usp=sharing\">Trejo Lisa<\/a><\/em><\/td><td class=\"has-text-align-center\" data-align=\"center\"><em>Valeriano Alicia (Supl. <a href=\"https:\/\/drive.google.com\/file\/d\/1ckqWQGVkZ89gkCeN4fdQ1jKU0hTEIeWr\/view?usp=sharing\">Trejo Lisa<\/a>)<\/em><\/td><td class=\"has-text-align-center\" data-align=\"center\"><em>Aiassa M\u00f3nica (Supl. <a href=\"https:\/\/drive.google.com\/file\/d\/1UpNB5tfBe25nHtJ4Qzd_-2MUzpcueQ0A\/view?usp=sharing\">Trejo Lisa<\/a>)<\/em><\/td><\/tr><tr><td>Cultura, comunicaci\u00f3n y educaci\u00f3n (32)<\/td><td class=\"has-text-align-center\" data-align=\"center\"><em><a href=\"https:\/\/drive.google.com\/file\/d\/10LPrP7veqHYQsoe3iQDk-WHaX2JF8wwJ\/view?usp=sharing\">Bueno Claudia<\/a><\/em><\/td><td class=\"has-text-align-center\" data-align=\"center\"><em><a href=\"https:\/\/drive.google.com\/file\/d\/10LPrP7veqHYQsoe3iQDk-WHaX2JF8wwJ\/view?usp=sharing\">Bueno Claudia<\/a><\/em><\/td><td class=\"has-text-align-center\" data-align=\"center\"><em><a href=\"https:\/\/drive.google.com\/file\/d\/10LPrP7veqHYQsoe3iQDk-WHaX2JF8wwJ\/view?usp=sharing\">Bueno Claudia<\/a><\/em><\/td><\/tr><tr><td>Educaci\u00f3n art\u00edstica (64)<\/td><td class=\"has-text-align-center\" data-align=\"center\"><em>Hardt Ver\u00f3nica (Supl. Lapelle Alejandro)<\/em><\/td><td class=\"has-text-align-center\" data-align=\"center\"><em>Hardt Ver\u00f3nica (Supl. Lapelle Alejandro)<\/em><\/td><td class=\"has-text-align-center\" data-align=\"center\"><em>Hardt Ver\u00f3nica (Supl. Morales Vanesa)<\/em><\/td><\/tr><tr><td>Did\u00e1ctica de Pr\u00e1cticas del Lenguaje y&nbsp; la Literatura I (64)<\/td><td class=\"has-text-align-center\" data-align=\"center\"><em><a href=\"https:\/\/drive.google.com\/file\/d\/1YHSrb44l2D_QER4Wrnv-h2IVqXt4RdN8\/view?usp=sharing\">Aguilera Alba<\/a><\/em><\/td><td class=\"has-text-align-center\" data-align=\"center\"><em><a href=\"https:\/\/drive.google.com\/file\/d\/1YHSrb44l2D_QER4Wrnv-h2IVqXt4RdN8\/view?usp=sharing\">Aguilera Alba<\/a><\/em><\/td><td class=\"has-text-align-center\" data-align=\"center\"><em><a href=\"https:\/\/drive.google.com\/file\/d\/1YHSrb44l2D_QER4Wrnv-h2IVqXt4RdN8\/view?usp=sharing\">Aguilera Alba<\/a><\/em><\/td><\/tr><tr><td>Did\u00e1ctica de las Ciencias Sociales I (64)<\/td><td class=\"has-text-align-center\" data-align=\"center\"><em><a href=\"https:\/\/drive.google.com\/file\/d\/1OpVcMqWQBXmPWfx0s9S-bpaJqpbXXbuq\/view?usp=sharing\">Giacometti Clara<\/a><\/em><\/td><td class=\"has-text-align-center\" data-align=\"center\"><em><a href=\"https:\/\/drive.google.com\/file\/d\/1GiDMz4YeYGPgTxDroa8wRxy4L0drN5il\/view?usp=sharing\">\u00c1valos Christian<\/a><\/em><\/td><td class=\"has-text-align-center\" data-align=\"center\"><em>Zelaya Ernesto<\/em><\/td><\/tr><tr><td>Did\u00e1ctica de las Ciencias Naturales I (64)<\/td><td class=\"has-text-align-center\" data-align=\"center\"><em><a href=\"https:\/\/drive.google.com\/file\/d\/1NT1cBy-PuS4HC-kxjyEq4FgVpWQ28vE9\/view?usp=sharing\">Langone Susana<\/a><\/em><\/td><td class=\"has-text-align-center\" data-align=\"center\"><em><a href=\"https:\/\/drive.google.com\/file\/d\/1NT1cBy-PuS4HC-kxjyEq4FgVpWQ28vE9\/view?usp=sharing\">Langone Susana<\/a><\/em><\/td><td class=\"has-text-align-center\" data-align=\"center\"><em><a href=\"https:\/\/drive.google.com\/file\/d\/1NT1cBy-PuS4HC-kxjyEq4FgVpWQ28vE9\/view?usp=sharing\">Langone Susana<\/a><\/em><\/td><\/tr><tr><td>Did\u00e1ctica de la Matem\u00e1tica (64)<\/td><td class=\"has-text-align-center\" data-align=\"center\"><em><a href=\"https:\/\/drive.google.com\/file\/d\/11t00tkgeEmxkEfSCTUPXBEAd-VcjV6Oj\/view?usp=sharing\">Cudugnello In\u00e9s<\/a><\/em><\/td><td class=\"has-text-align-center\" data-align=\"center\"><em><a href=\"https:\/\/drive.google.com\/file\/d\/11t00tkgeEmxkEfSCTUPXBEAd-VcjV6Oj\/view?usp=sharing\">Cudugnello In\u00e9s<\/a><\/em><\/td><td class=\"has-text-align-center\" data-align=\"center\"><em><a href=\"https:\/\/drive.google.com\/file\/d\/1NoY4PdQjpC5P47WbxRZLCA4Fe_7sdfqF\/view?usp=sharing\">Sartor Norma<\/a><\/em><\/td><\/tr><tr><td>Teor\u00edas sociopol\u00edticas y educaci\u00f3n (64)<\/td><td class=\"has-text-align-center\" data-align=\"center\"><em>Jara Ra\u00fal<\/em><\/td><td class=\"has-text-align-center\" data-align=\"center\"><em>Loro Valeriano (Supl. Krentz Patricia)<\/em><\/td><td class=\"has-text-align-center\" data-align=\"center\"><em><a href=\"https:\/\/drive.google.com\/file\/d\/119R8KrhntveI8DY_LDno3Lg31N5qmC1G\/view?usp=share_link\">Ag\u00fcero Melisa<\/a><\/em><\/td><\/tr><tr><td>Did\u00e1ctica y curr\u00edculum de Nivel Primario (64)<\/td><td class=\"has-text-align-center\" data-align=\"center\"><em>Confeggi Rolando<\/em><\/td><td class=\"has-text-align-center\" data-align=\"center\"><em><a href=\"https:\/\/drive.google.com\/file\/d\/1qUoUwp9btaT71y0G7Btu7wPM0Ix1_Xlt\/view?usp=share_link\">Aiassa M\u00f3nica<\/a><\/em><\/td><td class=\"has-text-align-center\" data-align=\"center\"><em><a href=\"https:\/\/drive.google.com\/file\/d\/1ufbGehz3pPfJl0gHPQYJi008_JjJ_6c-\/view?usp=sharing\">Aiassa M\u00f3nica<\/a><\/em><\/td><\/tr><tr><td><em>Pr\u00e1ctica en terreno:<\/em> En instituciones educativas (distintos \u00e1mbitos: urbano, suburbano, rural) (64)<br><br><strong>Taller Integrador Interdisciplinario<\/strong> <em>Espacio escolar<\/em> <em>y realidad educativa<\/em> (32)<br><br><em>Herramientas:<\/em> Aproximaci\u00f3n y an\u00e1lisis cualitativo institucional (32)<\/td><td class=\"has-text-align-center\" data-align=\"center\"><em>G1. <a href=\"https:\/\/drive.google.com\/file\/d\/1qEH1y_8SEhcYXSUFdCz_3qcFD_mlfZHD\/view?usp=sharing\">Laudari Adriana <\/a><br>G2.<a href=\"https:\/\/drive.google.com\/file\/d\/1qEH1y_8SEhcYXSUFdCz_3qcFD_mlfZHD\/view?usp=sharing\"> D\u00edaz Biglia Alejandra<\/a><\/em><\/td><td class=\"has-text-align-center\" data-align=\"center\"><em>G4. <a href=\"https:\/\/drive.google.com\/file\/d\/1qEH1y_8SEhcYXSUFdCz_3qcFD_mlfZHD\/view?usp=sharing\">Giac\u00edn Silvia <\/a><br>G5. <a href=\"https:\/\/drive.google.com\/file\/d\/1qEH1y_8SEhcYXSUFdCz_3qcFD_mlfZHD\/view?usp=sharing\">Laudari Adriana<\/a><\/em><\/td><td class=\"has-text-align-center\" data-align=\"center\"><em>G6. <a href=\"https:\/\/drive.google.com\/file\/d\/14Bufjv1WHJPDAFMBnLQclvZekkedT90d\/view?usp=sharing\">Aiassa M\u00f3nica <\/a><br>G3. <\/em><a href=\"https:\/\/drive.google.com\/file\/d\/1qEH1y_8SEhcYXSUFdCz_3qcFD_mlfZHD\/view?usp=sharing\"><em>Giac\u00edn Silvia<\/em> <\/a>&nbsp;<\/td><\/tr><tr><td>Espacios de definici\u00f3n institucional (160)<\/td><td class=\"has-text-align-center\" data-align=\"center\"><em><a href=\"https:\/\/drive.google.com\/file\/d\/1ZEUQxOwv6ZreGXE-feBpG4dZ-fci5tas\/view?usp=sharing\">Paiva Daniela<\/a><\/em><\/td><td class=\"has-text-align-center\" data-align=\"center\"><em><a href=\"https:\/\/drive.google.com\/file\/d\/1ZEUQxOwv6ZreGXE-feBpG4dZ-fci5tas\/view?usp=sharing\">Paiva Daniela<\/a><\/em><\/td><td class=\"has-text-align-center\" data-align=\"center\"><em><a href=\"https:\/\/drive.google.com\/file\/d\/1wpZNhBvnVnOq49S3RzmP0xHXpAHgrJRV\/view?usp=sharing\">Trejo Lisa<\/a><\/em><\/td><\/tr><\/tbody><\/table><\/figure>\n\n\n\n<p><\/p>\n\n\n\n<figure class=\"wp-block-table\"><table><tbody><tr><td class=\"has-text-align-left\" data-align=\"left\"><strong>Materia<\/strong><\/td><td class=\"has-text-align-center\" data-align=\"center\"><strong>3ro 1ra<\/strong><\/td><td class=\"has-text-align-center\" data-align=\"center\"><strong>3ro 1ra<\/strong><\/td><\/tr><tr><td class=\"has-text-align-left\" data-align=\"left\">Configuraciones culturales del sujeto educativo de Primaria (32)<\/td><td class=\"has-text-align-center\" data-align=\"center\">De Faveri Sandra<\/td><td class=\"has-text-align-center\" data-align=\"center\"><a href=\"https:\/\/drive.google.com\/file\/d\/1EdAxdhgzw4ivMyD9q8OVzuI9E7JmMKjZ\/view?usp=sharing\">De Faveri<\/a><\/td><\/tr><tr><td class=\"has-text-align-left\" data-align=\"left\">Medios audiovisuales, TIC\u2019s y educaci\u00f3n (32)<\/td><td class=\"has-text-align-center\" data-align=\"center\">Salas Francisco<\/td><td class=\"has-text-align-center\" data-align=\"center\">Salas Francisco<\/td><\/tr><tr><td class=\"has-text-align-left\" data-align=\"left\">Educaci\u00f3n F\u00edsica escolar (64)<\/td><td class=\"has-text-align-center\" data-align=\"center\"><a href=\"https:\/\/drive.google.com\/file\/d\/1l-Pk3JFjlKCfWkh-YQ2pKqXALfkeILiC\/view?usp=sharing\">Poce Sandra<\/a><\/td><td class=\"has-text-align-center\" data-align=\"center\"><a href=\"https:\/\/drive.google.com\/file\/d\/1l-Pk3JFjlKCfWkh-YQ2pKqXALfkeILiC\/view?usp=sharing\">Poce Sandra<\/a><\/td><\/tr><tr><td class=\"has-text-align-left\" data-align=\"left\">Did\u00e1ctica de Pr\u00e1cticas del Lenguaje y&nbsp; la Literatura II (64)<\/td><td class=\"has-text-align-center\" data-align=\"center\"><a href=\"https:\/\/drive.google.com\/file\/d\/1H-yYnQWnYG0HWsOUuR4Souziqwul1SAj\/view?usp=sharing\">Br\u00faa D\u00e9bora<\/a><\/td><td class=\"has-text-align-center\" data-align=\"center\"><a href=\"https:\/\/drive.google.com\/file\/d\/1ncr1PJzJljT2JaOQx63bHD-RMM93pkTx\/view?usp=sharing\">Aguilera Alba<\/a><\/td><\/tr><tr><td class=\"has-text-align-left\" data-align=\"left\">Did\u00e1ctica de las Ciencias Sociales II (64)<\/td><td class=\"has-text-align-center\" data-align=\"center\">Gerace Muriel<\/td><td class=\"has-text-align-center\" data-align=\"center\">\u00c1valos Christian<\/td><\/tr><tr><td class=\"has-text-align-left\" data-align=\"left\">Did\u00e1ctica de las Ciencias Naturales II (64)<\/td><td class=\"has-text-align-center\" data-align=\"center\"><a href=\"https:\/\/drive.google.com\/file\/d\/1SmtTt55568En1bVz04OzXJLyYI3JQxtK\/view?usp=sharing\">Ponce Mariela<\/a><\/td><td class=\"has-text-align-center\" data-align=\"center\"><a href=\"https:\/\/drive.google.com\/file\/d\/1EqAQ_P_y_d1Pm2anWHOoMqrlzAfynp2k\/view?usp=sharing\">Ponce Mariela<\/a><\/td><\/tr><tr><td class=\"has-text-align-left\" data-align=\"left\">Did\u00e1ctica de la Matem\u00e1tica II (64)<\/td><td class=\"has-text-align-center\" data-align=\"center\"><a href=\"https:\/\/drive.google.com\/file\/d\/1Qpgpp8ura39-f-Hf3U0Z7r_rIEij1hfV\/view?usp=sharing\">Sartor Norma<\/a><\/td><td class=\"has-text-align-center\" data-align=\"center\">Corti Irene<\/td><\/tr><tr><td class=\"has-text-align-left\" data-align=\"left\">Historia y prospectiva de la educaci\u00f3n (64)<\/td><td class=\"has-text-align-center\" data-align=\"center\">Monteros M\u00f3nica<\/td><td class=\"has-text-align-center\" data-align=\"center\">Santill\u00e1n M\u00f3nica<\/td><\/tr><tr><td class=\"has-text-align-left\" data-align=\"left\">Pol\u00edticas, legislaci\u00f3n y administraci\u00f3n del trabajo escolar (64)<\/td><td class=\"has-text-align-center\" data-align=\"center\">De Faveri Sandra<\/td><td class=\"has-text-align-center\" data-align=\"center\">De Faveri Sandra<\/td><\/tr><tr><td class=\"has-text-align-left\" data-align=\"left\"><em>Pr\u00e1ctica en terreno:<\/em> En el aula, en el nivel de formaci\u00f3n (128)<\/td><td class=\"has-text-align-center\" data-align=\"center\">G1. Aiassa M\u00f3nica G2. Rivera Fernanda <br>G3. Sica Adriana (Supl. Magnifico Zulema) <br>G4. Sica Adriana (Supl. Gonz\u00e1lez Mariana)<\/td><td class=\"has-text-align-center\" data-align=\"center\">G5. Sica Adriana (Supl. <a href=\"https:\/\/drive.google.com\/file\/d\/1Dh_tkKgGZjQVdIZhWyX-WULLp1VOoi4U\/view?usp=sharing\">Magnifico Zulema<\/a>) <br>G6. Sica Adriana (Supl. <a href=\"https:\/\/drive.google.com\/file\/d\/1Dh_tkKgGZjQVdIZhWyX-WULLp1VOoi4U\/view?usp=sharing\">Gonz\u00e1lez Mariana<\/a>) <br>G7. <a href=\"https:\/\/drive.google.com\/file\/d\/1Dh_tkKgGZjQVdIZhWyX-WULLp1VOoi4U\/view?usp=sharing\">Vilares Mariela<\/a><\/td><\/tr><tr><td class=\"has-text-align-left\" data-align=\"left\"><strong>Taller Integrador Interdisciplinario<\/strong> <em>Relaci\u00f3n educativa<\/em> (32)<\/td><\/tr><tr><td class=\"has-text-align-left\" data-align=\"left\"><em>Herramientas:<\/em> Investigaci\u00f3n en y para la acci\u00f3n educativa (32)<\/td><\/tr><tr><td class=\"has-text-align-left\" data-align=\"left\">Espacios de definici\u00f3n institucional (160)<\/td><td class=\"has-text-align-center\" data-align=\"center\"><a href=\"https:\/\/drive.google.com\/file\/d\/1HZCY-8yfsjRY0qI6jGp4ZFB8q97pqBdL\/view?usp=sharing\">P\u00e9rez Bloise Gabriela<\/a><\/td><td class=\"has-text-align-center\" data-align=\"center\"><a href=\"https:\/\/drive.google.com\/file\/d\/1HZCY-8yfsjRY0qI6jGp4ZFB8q97pqBdL\/view?usp=sharing\">P\u00e9rez Bloise Gabriela<\/a><\/td><\/tr><\/tbody><\/table><\/figure>\n\n\n\n<figure class=\"wp-block-table\"><table><tbody><tr><td><strong>Materia<\/strong><\/td><td class=\"has-text-align-center\" data-align=\"center\"><strong>4to 1ra<\/strong><\/td><td class=\"has-text-align-center\" data-align=\"center\"><strong>4to 2da<\/strong><\/td><\/tr><tr><td>Pedagog\u00eda cr\u00edtica de las diferencias (32)<\/td><td class=\"has-text-align-center\" data-align=\"center\">Aguirre Andrea<\/td><td class=\"has-text-align-center\" data-align=\"center\">Micheletti Silvana<\/td><\/tr><tr><td>Ateneo de Pr\u00e1cticas del Lenguaje y la Literatura (64)<\/td><td class=\"has-text-align-center\" data-align=\"center\"><a href=\"https:\/\/drive.google.com\/file\/d\/1-MzxuL_5KZGS12qYTKailftnIOE4ip3m\/view?usp=sharing\">Aguilera Alba<\/a><\/td><td class=\"has-text-align-center\" data-align=\"center\"><a href=\"https:\/\/drive.google.com\/file\/d\/1-MzxuL_5KZGS12qYTKailftnIOE4ip3m\/view?usp=sharing\">Aguilera Alba<\/a><\/td><\/tr><tr><td>Ateneo de Matem\u00e1tica (64)<\/td><td class=\"has-text-align-center\" data-align=\"center\"><a href=\"https:\/\/drive.google.com\/file\/d\/1hxt5z_s55RrW6s47FFL8piTbXvp_DxvR\/view?usp=sharing\">Sartor Norma<\/a><\/td><td class=\"has-text-align-center\" data-align=\"center\">Benitez Mar\u00eda Tatiana<\/td><\/tr><tr><td>Ateneo de Ciencias Naturales (64)<\/td><td class=\"has-text-align-center\" data-align=\"center\"><a href=\"https:\/\/drive.google.com\/file\/d\/1LfjIhS1mLwKHB0i72IkYlfPGDnsMALuW\/view?usp=sharing\">Ponce Mariela<\/a><\/td><td class=\"has-text-align-center\" data-align=\"center\"><a href=\"https:\/\/drive.google.com\/file\/d\/1YpinJ01PHhVze8SNgJNdrB4zropSO0jH\/view?usp=sharing\">Ponce Mariela<\/a><\/td><\/tr><tr><td>Ateneo de Ciencias Sociales (64)<\/td><td class=\"has-text-align-center\" data-align=\"center\">Gerace Muriel<\/td><td class=\"has-text-align-center\" data-align=\"center\">Gerace Muriel<\/td><\/tr><tr><td>Reflexi\u00f3n filos\u00f3fica de la educaci\u00f3n (32)<\/td><td class=\"has-text-align-center\" data-align=\"center\"><a href=\"https:\/\/drive.google.com\/file\/d\/1avAC03c2FxXYw3buY5nWIc92_su-jbCw\/view?usp=sharing\">Serratore Grisel<\/a><\/td><td class=\"has-text-align-center\" data-align=\"center\"><a href=\"https:\/\/drive.google.com\/file\/d\/1avAC03c2FxXYw3buY5nWIc92_su-jbCw\/view?usp=sharing\">Serratore Grisel<\/a><\/td><\/tr><tr><td>Dimensi\u00f3n \u00e9tico-pol\u00edtica de la praxis docente (32)<\/td><td class=\"has-text-align-center\" data-align=\"center\">Loro Valeriano (Supl. <a href=\"https:\/\/drive.google.com\/file\/d\/1dOvsBP-EXj_8YS6ieHbY5awBGYhVZ3pp\/view?usp=sharing\">Serratore Grisel<\/a>)<\/td><td class=\"has-text-align-center\" data-align=\"center\"><a href=\"https:\/\/drive.google.com\/file\/d\/1dOvsBP-EXj_8YS6ieHbY5awBGYhVZ3pp\/view?usp=sharing\">Serratore Grisel<\/a><\/td><\/tr><tr><td><em>Pr\u00e1ctica en terreno:<\/em> En el aula, en el nivel de formaci\u00f3n (256)<\/td><td class=\"has-text-align-center\" data-align=\"center\">G1. <a href=\"https:\/\/drive.google.com\/file\/d\/1YRGfD-PfRu0hyYztkwNvSW3U2W5N-702\/view?usp=sharing\">Burgos Sara <\/a><br>G2 y G3. <a href=\"https:\/\/drive.google.com\/file\/d\/1YRGfD-PfRu0hyYztkwNvSW3U2W5N-702\/view?usp=sharing\">Rivera Fernanda <\/a><br>G4. A\/D<\/td><td class=\"has-text-align-center\" data-align=\"center\">G5. <a href=\"https:\/\/drive.google.com\/file\/d\/1hKOzQaRLBclRFgnr8JDzEqq_Z1YBO3dD\/view?usp=sharing\">Van Rafelghem Laura<\/a><\/td><\/tr><tr><td><strong>Taller Integrador Interdisciplinario<\/strong> <em>Posicionamiento docente<\/em> (32)<\/td><\/tr><tr><td>Espacios de definici\u00f3n institucional (160)<\/td><td class=\"has-text-align-center\" data-align=\"center\"><a href=\"https:\/\/drive.google.com\/file\/d\/1q_1eYdU3kRGC4z09CuqEokn67sakxv-g\/view?usp=sharing\">Gonz\u00e1lez Ferreira Juana<\/a><\/td><td class=\"has-text-align-center\" data-align=\"center\"><a href=\"https:\/\/drive.google.com\/file\/d\/1q_1eYdU3kRGC4z09CuqEokn67sakxv-g\/view?usp=sharing\">Gonz\u00e1lez Ferreira Juana<\/a><\/td><\/tr><\/tbody><\/table><\/figure>\n\n\n\n<p><\/p>\n","protected":false},"excerpt":{"rendered":"<p>PLAN DE ESTUDIOS: PROFESOR\/A DE EDUCACI\u00d3N PRIMARIA PROGRAMAS 2023 Materia 1ro 1ra 1ro 2da 1ro 3ra Taller de lectura, escritura y oralidad (64) Serra Ver\u00f3nica Aguilera Alba Serra Ver\u00f3nica Taller de pensamiento l\u00f3gico matem\u00e1tico (64) Sartor Norma Sartor Norma Sartor Norma Taller de definici\u00f3n institucional (64) Plez Nayahue Yanina Rabbino Yanina Rabbino Psicolog\u00eda del desarrollo &#8230; <a title=\"Programas de Primaria\" class=\"read-more\" href=\"https:\/\/isfd106-bue.infd.edu.ar\/sitio\/programas-de-primaria-2\/\" aria-label=\"More on Programas de Primaria\">[+]<\/a><\/p>\n","protected":false},"author":588,"featured_media":0,"parent":0,"menu_order":0,"comment_status":"closed","ping_status":"closed","template":"","meta":[],"acf":[],"_links":{"self":[{"href":"https:\/\/isfd106-bue.infd.edu.ar\/sitio\/wp-json\/wp\/v2\/pages\/2969"}],"collection":[{"href":"https:\/\/isfd106-bue.infd.edu.ar\/sitio\/wp-json\/wp\/v2\/pages"}],"about":[{"href":"https:\/\/isfd106-bue.infd.edu.ar\/sitio\/wp-json\/wp\/v2\/types\/page"}],"author":[{"embeddable":true,"href":"https:\/\/isfd106-bue.infd.edu.ar\/sitio\/wp-json\/wp\/v2\/users\/588"}],"replies":[{"embeddable":true,"href":"https:\/\/isfd106-bue.infd.edu.ar\/sitio\/wp-json\/wp\/v2\/comments?post=2969"}],"version-history":[{"count":57,"href":"https:\/\/isfd106-bue.infd.edu.ar\/sitio\/wp-json\/wp\/v2\/pages\/2969\/revisions"}],"predecessor-version":[{"id":3743,"href":"https:\/\/isfd106-bue.infd.edu.ar\/sitio\/wp-json\/wp\/v2\/pages\/2969\/revisions\/3743"}],"wp:attachment":[{"href":"https:\/\/isfd106-bue.infd.edu.ar\/sitio\/wp-json\/wp\/v2\/media?parent=2969"}],"curies":[{"name":"wp","href":"https:\/\/api.w.org\/{rel}","templated":true}]}}