{"id":2775,"date":"2022-04-25T13:40:18","date_gmt":"2022-04-25T16:40:18","guid":{"rendered":"https:\/\/isfd106-bue.infd.edu.ar\/sitio\/?page_id=2775"},"modified":"2022-04-25T13:41:52","modified_gmt":"2022-04-25T16:41:52","slug":"2022-2","status":"publish","type":"page","link":"https:\/\/isfd106-bue.infd.edu.ar\/sitio\/2022-2\/","title":{"rendered":"A\u00f1o 2022"},"content":{"rendered":"\n<p><strong>REUNI\u00d3N CAI<\/strong><\/p>\n\n\n\n<p><strong>TEMAS A TRATAR EL D\u00cdA 5 DE ABRIL DE 2022<\/strong><\/p>\n\n\n\n<ul><li><strong>INGRESO<\/strong><\/li><li><strong>INICIO DE CLASE<\/strong><\/li><li><strong>ELECCIONES<\/strong><\/li><li><strong>MATERIAS PROMOCIONALES<\/strong><\/li><\/ul>\n\n\n\n<p><strong>INGRESO<\/strong><\/p>\n\n\n\n<p>*Se habla del taller Inicial. En el mismo, se presentaron muchas bajas: estudiantes que adeudan materias del nivel secundario o que no trajeron &nbsp;la documentaci\u00f3n. Algunos problemas en la entrega de la carpeta de los ingresantes de MATEM\u00c1TICA.<\/p>\n\n\n\n<p>*Solicitantes de cambio de carrera. Se les ped\u00eda haber acreditado pedagog\u00eda y did\u00e1ctica. No se otorg\u00f3 el cambio a ingresantes 2021 (dec\u00edan que se hab\u00edan anotado en esa carrera porque no hab\u00eda vacantes en la que se quer\u00edan anotar inicialmente.&nbsp; Se los inform\u00f3 de otros institutos con vacantes de la carrera que han elegido)<\/p>\n\n\n\n<p>*Se registraron muchos pedidos de cambio de turnos y se otorgaron solo aquellos con constancia laboral.<\/p>\n\n\n\n<p>*No se matricul\u00f3 a estudiantes que no han entregado documentaci\u00f3n.<\/p>\n\n\n\n<p>*En cuanto a la evaluaci\u00f3n final es una valoraci\u00f3n de APROB y NO APROB pero no significa que no ingresa a la carrera. Se avanzar\u00e1 con ellos a lo largo de la cursada de primer a\u00f1o .<\/p>\n\n\n\n<p>* Se propone armar un dispositivo para documentar los avances de las materias para tener registro de las trayectorias. Por materia o por estudiante.<\/p>\n\n\n\n<p>*Hay registro de relevamiento de casos de reincorporaci\u00f3n. Las CIPES est\u00e1n haciendo ese trabajo registrar los estudiantes que se han reincorporado 2021\/ 2022.<\/p>\n\n\n\n<p><strong>INICIO DE CLASES:<\/strong><\/p>\n\n\n\n<p>*Se inicia el 18 de abril de 2do a 4to a\u00f1o.<\/p>\n\n\n\n<p>*El 25 de abril empieza 1er a\u00f1o<\/p>\n\n\n\n<p>*Publicaci\u00f3n de mesas de TFC.*Los tramos no se publicaron, porque son materias.<\/p>\n\n\n\n<p>*Se ver\u00e1 qu\u00e9 ese har\u00e1 con la modalidad presencial\/ virtual (70\/30) . A\u00fan no se ha recibido ning\u00fan instructivo oficial. Se detallan los beneficios de mantener el campus y se habla de la posibilidad de que se dicte la pr\u00e1ctica de manera Mixta. Se propone hacer un cronograma. Si el encuentro es sincr\u00f3nico se deber\u00e1 tomas asistencia puesto que se vuelve a la resoluci\u00f3n 4043.<\/p>\n\n\n\n<p>*Se pide amplitud de escuelas para acciones de la Pr\u00e1ctica docente.<\/p>\n\n\n\n<p><strong>MATERIAS PROMOCIONALES<\/strong><\/p>\n\n\n\n<p>*Se sugiere pedir ayudante de c\u00e1tedra. Puede ser egresado de la carrera, no necesariamente estudiantes.<\/p>\n\n\n\n<p>*Se habla de los criterios para presentar materias en r\u00e9gimen de promocionalidad.<\/p>\n\n\n\n<p>*Se tendr\u00e1 una reuni\u00f3n en la primera semana de mayo para decidir sobre estas materias.<\/p>\n\n\n\n<p><strong>ELECCIONES<\/strong><\/p>\n\n\n\n<p>*Se renovar\u00e1 la totalidad de los profesores. Se contar\u00e1 con entre 9 y 10 estudiantes por lista y 12 prof y 2 personas del claustro no docente<\/p>\n\n\n\n<p>*<strong>Las elecciones ser\u00e1n presenciales y abril ser\u00e1 un mes de preparaci\u00f3n para que se lleven a cabo del 30&nbsp; DE MAYO AL 3 DE JUNIO<\/strong>.<\/p>\n\n\n\n<p><strong>DIFUSI\u00d3N :&nbsp;&nbsp; 11 DE ABRIL HASTA 14 DE MAYO<\/strong><\/p>\n\n\n\n<p><strong>PRESENTACI\u00d3N DE LISTAS&nbsp;&nbsp; HASTA 15 DE MAYO<\/strong><\/p>\n\n\n\n<p>*La lista deber\u00e1 ser presentada &nbsp;15 (quince )&nbsp; d\u00edas antes<\/p>\n\n\n\n<p>*Se propone hacer un flyer general y uno mas espec\u00edfico.<\/p>\n\n\n\n<p><strong>PR\u00d3XIMA REUNI\u00d3N: MARTES 3 DE MAYO 18 HS.<\/strong><\/p>\n","protected":false},"excerpt":{"rendered":"<p>REUNI\u00d3N CAI TEMAS A TRATAR EL D\u00cdA 5 DE ABRIL DE 2022 INGRESO INICIO DE CLASE ELECCIONES MATERIAS PROMOCIONALES INGRESO *Se habla del taller Inicial. En el mismo, se presentaron muchas bajas: estudiantes que adeudan materias del nivel secundario o que no trajeron &nbsp;la documentaci\u00f3n. Algunos problemas en la entrega de la carpeta de los &#8230; <a title=\"A\u00f1o 2022\" class=\"read-more\" href=\"https:\/\/isfd106-bue.infd.edu.ar\/sitio\/2022-2\/\" aria-label=\"More on A\u00f1o 2022\">[+]<\/a><\/p>\n","protected":false},"author":588,"featured_media":0,"parent":0,"menu_order":0,"comment_status":"closed","ping_status":"closed","template":"","meta":[],"acf":[],"_links":{"self":[{"href":"https:\/\/isfd106-bue.infd.edu.ar\/sitio\/wp-json\/wp\/v2\/pages\/2775"}],"collection":[{"href":"https:\/\/isfd106-bue.infd.edu.ar\/sitio\/wp-json\/wp\/v2\/pages"}],"about":[{"href":"https:\/\/isfd106-bue.infd.edu.ar\/sitio\/wp-json\/wp\/v2\/types\/page"}],"author":[{"embeddable":true,"href":"https:\/\/isfd106-bue.infd.edu.ar\/sitio\/wp-json\/wp\/v2\/users\/588"}],"replies":[{"embeddable":true,"href":"https:\/\/isfd106-bue.infd.edu.ar\/sitio\/wp-json\/wp\/v2\/comments?post=2775"}],"version-history":[{"count":2,"href":"https:\/\/isfd106-bue.infd.edu.ar\/sitio\/wp-json\/wp\/v2\/pages\/2775\/revisions"}],"predecessor-version":[{"id":2778,"href":"https:\/\/isfd106-bue.infd.edu.ar\/sitio\/wp-json\/wp\/v2\/pages\/2775\/revisions\/2778"}],"wp:attachment":[{"href":"https:\/\/isfd106-bue.infd.edu.ar\/sitio\/wp-json\/wp\/v2\/media?parent=2775"}],"curies":[{"name":"wp","href":"https:\/\/api.w.org\/{rel}","templated":true}]}}