{"id":2328,"date":"2021-09-14T19:13:00","date_gmt":"2021-09-14T22:13:00","guid":{"rendered":"https:\/\/isfd106-bue.infd.edu.ar\/sitio\/?page_id=2328"},"modified":"2025-10-30T09:43:20","modified_gmt":"2025-10-30T12:43:20","slug":"esi-en-el-106","status":"publish","type":"page","link":"https:\/\/isfd106-bue.infd.edu.ar\/sitio\/esi-en-el-106\/","title":{"rendered":"ESI en el 106"},"content":{"rendered":"\n<p><\/p>\n\n\n\n<h2 class=\"wp-block-heading\">Revista digital \u00abRompiendo mitos. Un derecho en la formaci\u00f3n docente\u00bb 3\u00b0 edici\u00f3n 2024-2025<\/h2>\n\n\n\n<p>Las y los invitamos a leer la 3\u00b0 edici\u00f3n de la revista, haciendo clic en la imagen de portada<\/p>\n\n\n<div class=\"wp-block-image\">\n<figure class=\"aligncenter size-full is-resized\"><a href=\"https:\/\/www.calameo.com\/read\/00807767829a79fce2972?page=1\" target=\"_blank\" rel=\"noreferrer noopener\"><img decoding=\"async\" loading=\"lazy\" src=\"https:\/\/isfd106-bue.infd.edu.ar\/sitio\/wp-content\/uploads\/2025\/10\/portada.jpg\" alt=\"\" class=\"wp-image-3976\" width=\"480\" height=\"682\"\/><\/a><\/figure><\/div>\n\n\n<h2 class=\"wp-block-heading\">Revista \u00abRompiendo mitos. Un derecho en la formaci\u00f3n docente\u00bb 2\u00b0 edici\u00f3n- 2023<\/h2>\n\n\n\n<p>Las y los invitamos a leer la segunda edici\u00f3n de la revista digital \u00abRompiendo mitos\u00bb cuyo eje central es la Educaci\u00f3n Sexual Integral. <\/p>\n\n\n<div class=\"wp-block-image\">\n<figure class=\"aligncenter size-full\"><a href=\"https:\/\/www.calameo.com\/read\/007250992bd492e834dde\" target=\"_blank\" rel=\"noreferrer noopener\"><img decoding=\"async\" loading=\"lazy\" width=\"481\" height=\"681\" src=\"https:\/\/isfd106-bue.infd.edu.ar\/sitio\/wp-content\/uploads\/2023\/11\/eis.png\" alt=\"\" class=\"wp-image-3697\"\/><\/a><figcaption class=\"wp-element-caption\">Enlace: https:\/\/www.calameo.com\/read\/007250992bd492e834dde<\/figcaption><\/figure><\/div>\n\n\n<p class=\"has-text-align-center has-x-large-font-size\"><strong>III<\/strong> <mark style=\"background-color:rgba(0, 0, 0, 0)\" class=\"has-inline-color has-vivid-purple-color\"><strong>Semana de la ESI- 2023<\/strong><\/mark><\/p>\n\n\n\n<p>En la tercera edici\u00f3n de la Semana de la ESI se han llevado adelante las siguientes acciones:<\/p>\n\n\n\n<div class=\"wp-block-columns is-layout-flex wp-container-4\">\n<div class=\"wp-block-column is-layout-flow\">\n<p class=\"has-text-align-center has-pale-ocean-gradient-background has-background\"><strong>Primer encuentro en el marco de la Construcci\u00f3n de los Acuerdos Institucionales de Convivencia (AIC)<\/strong><\/p>\n<\/div>\n\n\n\n<div class=\"wp-block-column is-layout-flow\">\n<p class=\"has-text-align-center has-background\" style=\"background:radial-gradient(rgb(255,245,203) 0%,rgb(182,227,212) 50%,rgb(51,167,181) 100%)\"><strong>Socializaci\u00f3n de producciones y trabajos realizados por estudiantes<\/strong><\/p>\n<\/div>\n\n\n\n<div class=\"wp-block-column is-layout-flow\">\n<p class=\"has-text-align-center has-background\" style=\"background:radial-gradient(rgb(255,245,203) 0%,rgb(182,227,212) 50%,rgb(51,167,181) 100%)\"><strong>Lecturas y reflexiones seg\u00fan el a\u00f1o y la carrera en relaci\u00f3n a <em>La ESI en la formaci\u00f3n docente <\/em>y <em>Referentes escolares de la ESI Primaria\/Secundaria<\/em><\/strong><\/p>\n<\/div>\n<\/div>\n\n\n\n<div class=\"wp-block-columns is-layout-flex wp-container-7\">\n<div class=\"wp-block-column is-layout-flow\" style=\"flex-basis:33.33%\">\n<figure class=\"wp-block-image size-full\"><img decoding=\"async\" loading=\"lazy\" width=\"1000\" height=\"400\" src=\"https:\/\/isfd106-bue.infd.edu.ar\/sitio\/wp-content\/uploads\/2023\/10\/Importante.png\" alt=\"\" class=\"wp-image-3617\" srcset=\"https:\/\/isfd106-bue.infd.edu.ar\/sitio\/wp-content\/uploads\/2023\/10\/Importante.png 1000w, https:\/\/isfd106-bue.infd.edu.ar\/sitio\/wp-content\/uploads\/2023\/10\/Importante-768x307.png 768w\" sizes=\"(max-width: 1000px) 100vw, 1000px\" \/><\/figure>\n<\/div>\n\n\n\n<div class=\"wp-block-column is-layout-flow\" style=\"flex-basis:66.66%\">\n<p><\/p>\n\n\n\n<p class=\"has-text-align-center\">Como ya es tradici\u00f3n, nos interesa recuperar sus miradas y aportes para seguir pensando el abordaje de la ESI en nuestra formaci\u00f3n. Por ello, invitamos a completar el siguiente formulario:  <strong><a rel=\"noreferrer noopener\" href=\"https:\/\/forms.gle\/poQRtJejduYLVfq57\" target=\"_blank\">Formulario de evaluaci\u00f3n de la 3\u00b0 Semana-<\/a><\/strong><\/p>\n\n\n\n<p class=\"has-text-align-center has-medium-font-size\"><\/p>\n<\/div>\n<\/div>\n\n\n\n<h2 class=\"wp-block-heading\"><strong><sup>Revista digital \u00abRompiendo mitos. Un derecho en la formaci\u00f3n docente\u00bb.<\/sup><\/strong><\/h2>\n\n\n\n<p>Las y los invitamos a leer la primera edici\u00f3n de la revista digital \u00abRompiendo mitos\u00bb cuyo eje central es la Educaci\u00f3n Sexual Integral. <\/p>\n\n\n<div style=\"text-align: center;\">\n<div style=\"margin: 8px 0px 4px;\">\u00a0<\/div>\n<p><iframe loading=\"lazy\" style=\"margin: 0 auto;\" src=\"\/\/v.calameo.com\/?bkcode=007250992cafa7f4081d4&amp;mode=mini\" width=\"480\" height=\"300\" frameborder=\"0\" scrolling=\"no\" allowfullscreen=\"allowfullscreen\"><\/iframe><\/p>\n<div style=\"margin: 4px 0px 8px;\">\u00a0<\/div>\n<\/div>\n\n\n<h1 class=\"wp-block-heading has-text-align-center\">II <mark style=\"background-color:rgba(0, 0, 0, 0)\" class=\"has-inline-color has-vivid-purple-color\"><strong>Semana de la ESI- 202<\/strong>2<\/mark><\/h1>\n\n\n\n<p>Entre el lunes 5 y el viernes 9 de septiembre se desarroll\u00f3 en el ISFD la 2\u00b0 Semana de la ESI.<\/p>\n\n\n\n<p>A continuaci\u00f3n compartimos las actividades organizadas y socializamos los materiales producidos en el marco de esta 2\u00b0 edici\u00f3n de la Semana de la ESI en el 106<\/p>\n\n\n\n<div class=\"wp-block-buttons is-layout-flex\">\n<div class=\"wp-block-button is-style-outline\"><a class=\"wp-block-button__link has-black-color has-light-green-cyan-background-color has-text-color has-background wp-element-button\" href=\"https:\/\/padlet.com\/esienel106\/d2t5k3x96yt8q2qa\" target=\"_blank\" rel=\"noreferrer noopener\">MOCHILA ESI<\/a><\/div>\n\n\n\n<div class=\"wp-block-button is-style-outline\"><a class=\"wp-block-button__link has-black-color has-luminous-vivid-amber-background-color has-text-color has-background wp-element-button\" href=\"https:\/\/padlet.com\/esienel106\/vx8ysf9rd4ocmwac\" target=\"_blank\" rel=\"noreferrer noopener\">MURO CON REFLEXIONES COLECTIVAS<\/a><\/div>\n\n\n\n<div class=\"wp-block-button is-style-outline\"><a class=\"wp-block-button__link has-black-color has-blush-light-purple-gradient-background has-text-color has-background wp-element-button\" href=\"https:\/\/forms.gle\/eLggtoqnYnhnivaZ7\" target=\"_blank\" rel=\"noreferrer noopener\">Formulario de evaluaci\u00f3n de la 2\u00b0 Semana- Dejanos tu mirada<\/a><\/div>\n<\/div>\n\n\n\n<figure class=\"wp-block-gallery has-nested-images columns-3 is-cropped wp-block-gallery-9 is-layout-flex\">\n<figure class=\"wp-block-image size-medium\"><img decoding=\"async\" loading=\"lazy\" width=\"1000\" height=\"773\" data-id=\"3181\"  src=\"https:\/\/isfd106-bue.infd.edu.ar\/sitio\/wp-content\/uploads\/2022\/09\/Dia-1-II-Semana-de-la-ESI-en-el-106-1000x773.png\" alt=\"\" class=\"wp-image-3181\" srcset=\"https:\/\/isfd106-bue.infd.edu.ar\/sitio\/wp-content\/uploads\/2022\/09\/Dia-1-II-Semana-de-la-ESI-en-el-106-1000x773.png 1000w, https:\/\/isfd106-bue.infd.edu.ar\/sitio\/wp-content\/uploads\/2022\/09\/Dia-1-II-Semana-de-la-ESI-en-el-106-1900x1468.png 1900w, https:\/\/isfd106-bue.infd.edu.ar\/sitio\/wp-content\/uploads\/2022\/09\/Dia-1-II-Semana-de-la-ESI-en-el-106-768x593.png 768w, https:\/\/isfd106-bue.infd.edu.ar\/sitio\/wp-content\/uploads\/2022\/09\/Dia-1-II-Semana-de-la-ESI-en-el-106-1536x1187.png 1536w, https:\/\/isfd106-bue.infd.edu.ar\/sitio\/wp-content\/uploads\/2022\/09\/Dia-1-II-Semana-de-la-ESI-en-el-106.png 2000w\" sizes=\"(max-width: 1000px) 100vw, 1000px\" \/><\/figure>\n\n\n\n<figure class=\"wp-block-image size-medium\"><img decoding=\"async\" loading=\"lazy\" width=\"1000\" height=\"773\" data-id=\"3182\"  src=\"https:\/\/isfd106-bue.infd.edu.ar\/sitio\/wp-content\/uploads\/2022\/09\/Dia-2-II-Semana-de-la-ESI-en-el-106-1000x773.png\" alt=\"\" class=\"wp-image-3182\" srcset=\"https:\/\/isfd106-bue.infd.edu.ar\/sitio\/wp-content\/uploads\/2022\/09\/Dia-2-II-Semana-de-la-ESI-en-el-106-1000x773.png 1000w, https:\/\/isfd106-bue.infd.edu.ar\/sitio\/wp-content\/uploads\/2022\/09\/Dia-2-II-Semana-de-la-ESI-en-el-106-1900x1468.png 1900w, https:\/\/isfd106-bue.infd.edu.ar\/sitio\/wp-content\/uploads\/2022\/09\/Dia-2-II-Semana-de-la-ESI-en-el-106-768x593.png 768w, https:\/\/isfd106-bue.infd.edu.ar\/sitio\/wp-content\/uploads\/2022\/09\/Dia-2-II-Semana-de-la-ESI-en-el-106-1536x1187.png 1536w, https:\/\/isfd106-bue.infd.edu.ar\/sitio\/wp-content\/uploads\/2022\/09\/Dia-2-II-Semana-de-la-ESI-en-el-106.png 2000w\" sizes=\"(max-width: 1000px) 100vw, 1000px\" \/><\/figure>\n\n\n\n<figure class=\"wp-block-image size-medium\"><img decoding=\"async\" loading=\"lazy\" width=\"1000\" height=\"773\" data-id=\"3183\"  src=\"https:\/\/isfd106-bue.infd.edu.ar\/sitio\/wp-content\/uploads\/2022\/09\/Dia-3-II-Semana-de-la-ESI-en-el-106-1-1000x773.png\" alt=\"\" class=\"wp-image-3183\" srcset=\"https:\/\/isfd106-bue.infd.edu.ar\/sitio\/wp-content\/uploads\/2022\/09\/Dia-3-II-Semana-de-la-ESI-en-el-106-1-1000x773.png 1000w, https:\/\/isfd106-bue.infd.edu.ar\/sitio\/wp-content\/uploads\/2022\/09\/Dia-3-II-Semana-de-la-ESI-en-el-106-1-1900x1468.png 1900w, https:\/\/isfd106-bue.infd.edu.ar\/sitio\/wp-content\/uploads\/2022\/09\/Dia-3-II-Semana-de-la-ESI-en-el-106-1-768x593.png 768w, https:\/\/isfd106-bue.infd.edu.ar\/sitio\/wp-content\/uploads\/2022\/09\/Dia-3-II-Semana-de-la-ESI-en-el-106-1-1536x1187.png 1536w, https:\/\/isfd106-bue.infd.edu.ar\/sitio\/wp-content\/uploads\/2022\/09\/Dia-3-II-Semana-de-la-ESI-en-el-106-1.png 2000w\" sizes=\"(max-width: 1000px) 100vw, 1000px\" \/><\/figure>\n\n\n\n<figure class=\"wp-block-image size-medium\"><img decoding=\"async\" loading=\"lazy\" width=\"1000\" height=\"773\" data-id=\"3184\"  src=\"https:\/\/isfd106-bue.infd.edu.ar\/sitio\/wp-content\/uploads\/2022\/09\/Dia-4-II-Semana-de-la-ESI-en-el-106-1-1000x773.jpg\" alt=\"\" class=\"wp-image-3184\" srcset=\"https:\/\/isfd106-bue.infd.edu.ar\/sitio\/wp-content\/uploads\/2022\/09\/Dia-4-II-Semana-de-la-ESI-en-el-106-1-1000x773.jpg 1000w, https:\/\/isfd106-bue.infd.edu.ar\/sitio\/wp-content\/uploads\/2022\/09\/Dia-4-II-Semana-de-la-ESI-en-el-106-1-1900x1468.jpg 1900w, https:\/\/isfd106-bue.infd.edu.ar\/sitio\/wp-content\/uploads\/2022\/09\/Dia-4-II-Semana-de-la-ESI-en-el-106-1-768x593.jpg 768w, https:\/\/isfd106-bue.infd.edu.ar\/sitio\/wp-content\/uploads\/2022\/09\/Dia-4-II-Semana-de-la-ESI-en-el-106-1-1536x1187.jpg 1536w, https:\/\/isfd106-bue.infd.edu.ar\/sitio\/wp-content\/uploads\/2022\/09\/Dia-4-II-Semana-de-la-ESI-en-el-106-1.jpg 2000w\" sizes=\"(max-width: 1000px) 100vw, 1000px\" \/><\/figure>\n\n\n\n<figure class=\"wp-block-image size-medium\"><img decoding=\"async\" loading=\"lazy\" width=\"1000\" height=\"773\" data-id=\"3185\"  src=\"https:\/\/isfd106-bue.infd.edu.ar\/sitio\/wp-content\/uploads\/2022\/09\/Dia-5-II-Semana-de-la-ESI-en-el-106-1-1000x773.png\" alt=\"\" class=\"wp-image-3185\" srcset=\"https:\/\/isfd106-bue.infd.edu.ar\/sitio\/wp-content\/uploads\/2022\/09\/Dia-5-II-Semana-de-la-ESI-en-el-106-1-1000x773.png 1000w, https:\/\/isfd106-bue.infd.edu.ar\/sitio\/wp-content\/uploads\/2022\/09\/Dia-5-II-Semana-de-la-ESI-en-el-106-1-1900x1468.png 1900w, https:\/\/isfd106-bue.infd.edu.ar\/sitio\/wp-content\/uploads\/2022\/09\/Dia-5-II-Semana-de-la-ESI-en-el-106-1-768x593.png 768w, https:\/\/isfd106-bue.infd.edu.ar\/sitio\/wp-content\/uploads\/2022\/09\/Dia-5-II-Semana-de-la-ESI-en-el-106-1-1536x1187.png 1536w, https:\/\/isfd106-bue.infd.edu.ar\/sitio\/wp-content\/uploads\/2022\/09\/Dia-5-II-Semana-de-la-ESI-en-el-106-1.png 2000w\" sizes=\"(max-width: 1000px) 100vw, 1000px\" \/><\/figure>\n<\/figure>\n\n\n\n<h1 class=\"wp-block-heading has-text-align-center\"> I <mark style=\"background-color:rgba(0, 0, 0, 0)\" class=\"has-inline-color has-vivid-purple-color\"><strong>Semana de la ESI- 2021<\/strong><\/mark><\/h1>\n\n\n\n<div class=\"wp-block-columns is-layout-flex wp-container-13\">\n<div class=\"wp-block-column is-layout-flow\">\n<figure class=\"wp-block-embed is-type-video is-provider-youtube wp-block-embed-youtube wp-embed-aspect-16-9 wp-has-aspect-ratio\"><div class=\"wp-block-embed__wrapper\">\n<iframe loading=\"lazy\" title=\"La ESI en las escuelas #SemanaDeLaESI\" width=\"1200\" height=\"675\" src=\"https:\/\/www.youtube.com\/embed\/H2UANOn-ZdU?start=50&#038;feature=oembed\" frameborder=\"0\" allow=\"accelerometer; autoplay; clipboard-write; encrypted-media; gyroscope; picture-in-picture; web-share\" referrerpolicy=\"strict-origin-when-cross-origin\" allowfullscreen><\/iframe>\n<\/div><\/figure>\n\n\n\n<p class=\"has-text-align-center\"><strong><span class=\"has-inline-color has-vivid-purple-color\">D\u00eda 1 -La ESI en las escuelas. Experiencias matanceras<\/span><\/strong><\/p>\n\n\n\n<p><strong>Invitadas<\/strong>:<\/p>\n\n\n\n<p><strong>Juana Gonz\u00e1lez<\/strong>: Una experiencia desde la modalidad especial<\/p>\n\n\n\n<p><strong>L\u00eda Peredo:<\/strong> Experiencia de nivel primario \u00abMejorando los recreos\u00bb<\/p>\n\n\n\n<p><strong>Marina Trejo:<\/strong> Experiencia de nivel secundario<\/p>\n<\/div>\n\n\n\n<div class=\"wp-block-column is-layout-flow\">\n<figure class=\"wp-block-embed is-type-video is-provider-youtube wp-block-embed-youtube wp-embed-aspect-16-9 wp-has-aspect-ratio\"><div class=\"wp-block-embed__wrapper\">\n<iframe loading=\"lazy\" title=\"La ESI en la formaci\u00f3n docente #SemanaDeLaESI\" width=\"1200\" height=\"675\" src=\"https:\/\/www.youtube.com\/embed\/7_nieEyPclk?start=63&#038;feature=oembed\" frameborder=\"0\" allow=\"accelerometer; autoplay; clipboard-write; encrypted-media; gyroscope; picture-in-picture; web-share\" referrerpolicy=\"strict-origin-when-cross-origin\" allowfullscreen><\/iframe>\n<\/div><\/figure>\n\n\n\n<p class=\"has-text-align-center\"><strong><span class=\"has-inline-color has-vivid-red-color\">D\u00eda 2 -La ESI en la Formaci\u00f3n Docente<\/span><\/strong><\/p>\n\n\n\n<p>Estudiantes invitadas:<\/p>\n\n\n\n<ul>\n<li><strong>Prof. de Educaci\u00f3n Primaria<\/strong>:&nbsp; Melanie Flecha Meza- Araceli Galarza- Daiana Ruiz- Antonella Minardi- Malena Cardozo-Evelyn Gonz\u00e1lez<\/li>\n<\/ul>\n\n\n\n<ul>\n<li><strong>Profesorado de Biolog\u00eda<\/strong>: &nbsp;Florencia Arias &#8211;&nbsp; Yamila Molina<\/li>\n<\/ul>\n\n\n\n<ul>\n<li><strong>Centro de Estudiantes UFD 106: &nbsp;<\/strong>Tamara Callieri (Prof de Matem\u00e1tica-Integrante de la Comisi\u00f3n directiva del CE UFD y Participa de la Secretar\u00eda de Mujeres, G\u00e9neros y diversidades del Centro de Estudiantes) <\/li>\n<\/ul>\n<\/div>\n<\/div>\n\n\n\n<div class=\"wp-block-columns is-layout-flex wp-container-16\">\n<div class=\"wp-block-column is-layout-flow\">\n<figure class=\"wp-block-embed is-type-video is-provider-youtube wp-block-embed-youtube wp-embed-aspect-16-9 wp-has-aspect-ratio\"><div class=\"wp-block-embed__wrapper\">\n<iframe loading=\"lazy\" title=\"G\u00e9neros - Grecia Villalba #SemanaDeLaESI\" width=\"1200\" height=\"675\" src=\"https:\/\/www.youtube.com\/embed\/Td3-7tq9eeA?start=34&#038;feature=oembed\" frameborder=\"0\" allow=\"accelerometer; autoplay; clipboard-write; encrypted-media; gyroscope; picture-in-picture; web-share\" referrerpolicy=\"strict-origin-when-cross-origin\" allowfullscreen><\/iframe>\n<\/div><\/figure>\n\n\n\n<p class=\"has-text-align-center\"><strong><span class=\"has-inline-color has-vivid-green-cyan-color\">D\u00eda 3 &#8211; G\u00e9neros<\/span><\/strong><\/p>\n\n\n\n<p>Invitada: <strong>Grecia Villalba.<\/strong> Profesora de teatro, activista por la diversidad dentro y fuera del sal\u00f3n de clases. <\/p>\n<\/div>\n\n\n\n<div class=\"wp-block-column is-layout-flow\">\n<figure class=\"wp-block-embed is-type-video is-provider-youtube wp-block-embed-youtube wp-embed-aspect-16-9 wp-has-aspect-ratio\"><div class=\"wp-block-embed__wrapper\">\n<iframe loading=\"lazy\" title=\"Reflexiones y desaf\u00edos para la formaci\u00f3n - Noor Jim\u00e9nez Abraham\" width=\"1200\" height=\"675\" src=\"https:\/\/www.youtube.com\/embed\/ADfpEZctutA?start=23&#038;feature=oembed\" frameborder=\"0\" allow=\"accelerometer; autoplay; clipboard-write; encrypted-media; gyroscope; picture-in-picture; web-share\" referrerpolicy=\"strict-origin-when-cross-origin\" allowfullscreen><\/iframe>\n<\/div><\/figure>\n\n\n\n<p class=\"has-text-align-center\"><strong><span class=\"has-inline-color has-vivid-cyan-blue-color\">D\u00eda 4- Una conversaci\u00f3n con Noor Jimenez Abraham<\/span><\/strong><\/p>\n\n\n\n<p>Directora de Pol\u00edticas de Actualizaci\u00f3n de Conocimientos de la Secretar\u00eda de Mujeres, Pol\u00edticas de G\u00e9nero y Diversidades de La Matanza<\/p>\n<\/div>\n<\/div>\n\n\n<h1 style=\"text-align: center;\"><span style=\"color: #800080;\">Una conversaci\u00f3n con Dora Barrancos<\/span><\/h1>\n\n\n<div class=\"wp-block-group is-layout-flow\"><div class=\"wp-block-group__inner-container\">\n<figure class=\"wp-block-embed is-type-video is-provider-youtube wp-block-embed-youtube wp-embed-aspect-16-9 wp-has-aspect-ratio\"><div class=\"wp-block-embed__wrapper\">\n<iframe loading=\"lazy\" title=\"Conversaci\u00f3n con Dora Barrancos\" width=\"1200\" height=\"675\" src=\"https:\/\/www.youtube.com\/embed\/dP-J4hFEWg8?start=313&#038;feature=oembed\" frameborder=\"0\" allow=\"accelerometer; autoplay; clipboard-write; encrypted-media; gyroscope; picture-in-picture; web-share\" referrerpolicy=\"strict-origin-when-cross-origin\" allowfullscreen><\/iframe>\n<\/div><\/figure>\n<\/div><\/div>\n\n\n\n<div class=\"wp-block-group is-layout-flow\"><div class=\"wp-block-group__inner-container\">\n<div class=\"wp-block-columns is-layout-flex wp-container-23\">\n<div class=\"wp-block-column is-layout-flow\">\n<p class=\"has-text-align-center\" style=\"font-size:31px\">Las y los invitamos a visitar el <a href=\"https:\/\/padlet.com\/dpaiva11\/m3vqg7wjh53bvvhi\" data-type=\"URL\" data-id=\"https:\/\/padlet.com\/dpaiva11\/m3vqg7wjh53bvvhi\" target=\"_blank\" rel=\"noreferrer noopener\">Mural colaborativo<\/a><\/p>\n\n\n\n<figure class=\"wp-block-gallery has-nested-images columns-default is-cropped wp-block-gallery-18 is-layout-flex\">\n<figure class=\"wp-block-image size-medium\"><a href=\"https:\/\/isfd106-bue.infd.edu.ar\/sitio\/esi-en-el-106\/mural-3\/#main\"><img decoding=\"async\" loading=\"lazy\" width=\"707\" height=\"1000\" src=\"https:\/\/isfd106-bue.infd.edu.ar\/sitio\/wp-content\/uploads\/2021\/09\/mural-3-707x1000.jpg\" alt=\"\" class=\"wp-image-2355\" srcset=\"https:\/\/isfd106-bue.infd.edu.ar\/sitio\/wp-content\/uploads\/2021\/09\/mural-3-707x1000.jpg 707w, https:\/\/isfd106-bue.infd.edu.ar\/sitio\/wp-content\/uploads\/2021\/09\/mural-3-1343x1900.jpg 1343w, https:\/\/isfd106-bue.infd.edu.ar\/sitio\/wp-content\/uploads\/2021\/09\/mural-3-768x1086.jpg 768w, https:\/\/isfd106-bue.infd.edu.ar\/sitio\/wp-content\/uploads\/2021\/09\/mural-3-1086x1536.jpg 1086w, https:\/\/isfd106-bue.infd.edu.ar\/sitio\/wp-content\/uploads\/2021\/09\/mural-3.jpg 1414w\" sizes=\"(max-width: 707px) 100vw, 707px\" \/><\/a><\/figure>\n<\/figure>\n<\/div>\n\n\n\n<div class=\"wp-block-column is-layout-flow\">\n<pre class=\"wp-block-verse has-large-font-size\">       <strong><span class=\"has-inline-color has-vivid-purple-color\">SUMA TU MIRADA<\/span><\/strong><\/pre>\n\n\n\n<p class=\"has-text-align-center\">Luego de la Semana de la ESI nos propusimos recuperar la mirada de toda la comunidad educativa de nuestra instituci\u00f3n.<\/p>\n\n\n\n<p class=\"has-text-align-center\">Por ello, elaboramos un breve formulario que tiene como prop\u00f3sito recuperar las voces y aportes de cada una y cada uno respecto a la 1\u00ba Semana de la ESI que se ha organizado desde nuestro instituto. <\/p>\n\n\n\n<p class=\"has-text-align-center\">Por ello, te invitamos a completarlo.<\/p>\n\n\n\n<p class=\"has-text-align-center\"><br>Su realizaci\u00f3n es an\u00f3nima y ser\u00e1 de gran ayuda para seguir pensando y trabajando en las futuras acciones en el marco de garantizar la ESI en la formaci\u00f3n docente.<\/p>\n\n\n\n<div class=\"wp-block-buttons is-layout-flex\">\n<div class=\"wp-block-button has-custom-width wp-block-button__width-100 is-style-fill\"><a class=\"wp-block-button__link wp-element-button\" href=\"https:\/\/forms.gle\/mbP99cYMgJ2XKuf69\" target=\"_blank\" rel=\"noreferrer noopener\">ACCEDER A FORMULARIO<\/a><\/div>\n<\/div>\n<\/div>\n<\/div>\n<\/div><\/div>\n\n\n\n<h2 class=\"wp-block-heading has-cyan-bluish-gray-background-color has-background\"><a href=\"https:\/\/view.genial.ly\/61aec2a5f1b1ce0d5834097f\/social-vertical-post-dossier-media-kit-vertical\" data-type=\"URL\" data-id=\"https:\/\/view.genial.ly\/61aec2a5f1b1ce0d5834097f\/social-vertical-post-dossier-media-kit-vertical\">Revista digital El EDI en la semana de la ESI.<\/a> Producci\u00f3n de estudiantes de 3er. a\u00f1o de la carrera de BIOLOG\u00cdA.<\/h2>\n","protected":false},"excerpt":{"rendered":"<p>Revista digital \u00abRompiendo mitos. Un derecho en la formaci\u00f3n docente\u00bb 3\u00b0 edici\u00f3n 2024-2025 Las y los invitamos a leer la 3\u00b0 edici\u00f3n de la revista, haciendo clic en la imagen de portada Revista \u00abRompiendo mitos. Un derecho en la formaci\u00f3n docente\u00bb 2\u00b0 edici\u00f3n- 2023 Las y los invitamos a leer la segunda edici\u00f3n de la &#8230; <a title=\"ESI en el 106\" class=\"read-more\" href=\"https:\/\/isfd106-bue.infd.edu.ar\/sitio\/esi-en-el-106\/\" aria-label=\"More on ESI en el 106\">[+]<\/a><\/p>\n","protected":false},"author":1316,"featured_media":0,"parent":0,"menu_order":0,"comment_status":"closed","ping_status":"closed","template":"","meta":[],"acf":[],"_links":{"self":[{"href":"https:\/\/isfd106-bue.infd.edu.ar\/sitio\/wp-json\/wp\/v2\/pages\/2328"}],"collection":[{"href":"https:\/\/isfd106-bue.infd.edu.ar\/sitio\/wp-json\/wp\/v2\/pages"}],"about":[{"href":"https:\/\/isfd106-bue.infd.edu.ar\/sitio\/wp-json\/wp\/v2\/types\/page"}],"author":[{"embeddable":true,"href":"https:\/\/isfd106-bue.infd.edu.ar\/sitio\/wp-json\/wp\/v2\/users\/1316"}],"replies":[{"embeddable":true,"href":"https:\/\/isfd106-bue.infd.edu.ar\/sitio\/wp-json\/wp\/v2\/comments?post=2328"}],"version-history":[{"count":41,"href":"https:\/\/isfd106-bue.infd.edu.ar\/sitio\/wp-json\/wp\/v2\/pages\/2328\/revisions"}],"predecessor-version":[{"id":3977,"href":"https:\/\/isfd106-bue.infd.edu.ar\/sitio\/wp-json\/wp\/v2\/pages\/2328\/revisions\/3977"}],"wp:attachment":[{"href":"https:\/\/isfd106-bue.infd.edu.ar\/sitio\/wp-json\/wp\/v2\/media?parent=2328"}],"curies":[{"name":"wp","href":"https:\/\/api.w.org\/{rel}","templated":true}]}}