{"id":1612,"date":"2020-10-30T10:55:50","date_gmt":"2020-10-30T13:55:50","guid":{"rendered":"https:\/\/isfd106-bue.infd.edu.ar\/sitio\/?page_id=1612"},"modified":"2020-12-26T11:36:49","modified_gmt":"2020-12-26T14:36:49","slug":"mesas-de-examenes-turno-nov-dic-2020-todas-las-carreras","status":"publish","type":"page","link":"https:\/\/isfd106-bue.infd.edu.ar\/sitio\/mesas-de-examenes-turno-nov-dic-2020-todas-las-carreras\/","title":{"rendered":"INSCRIPCI\u00d3N A Mesas de ex\u00e1menes- TURNO FEB- MAR 2021 Todas las carreras"},"content":{"rendered":"<h1><img decoding=\"async\" loading=\"lazy\" class=\"wp-image-1868 alignright\" src=\"https:\/\/isfd106-bue.infd.edu.ar\/sitio\/wp-content\/uploads\/2020\/10\/20080418145227-estudiando.gif\" alt=\"\" width=\"175\" height=\"175\" \/>\u00a0<strong>ISFD N\u00b0 106 &#8211;\u00a0 \u00a0TODAS LAS CARRERAS de 1\u00ba a 4\u00ba a\u00f1o\u00a0 MESAS DE FEB\/ MAR\u00a0 2021<\/strong><\/h1>\n<p><span style=\"font-weight: 400;\">En esta secci\u00f3n encontrar\u00e1n las fechas\u00a0 y formularios de inscripci\u00f3n a las mesas examinadoras del per\u00edodo FEB\/MAR\u00a0 2021. Todos los a\u00f1os y todas las carreras incluidas cursadas 2020.<\/span><\/p>\n<p><img decoding=\"async\" loading=\"lazy\" class=\"alignleft\" src=\"https:\/\/encrypted-tbn0.gstatic.com\/images?q=tbn%3AANd9GcSYNhy70vIK844IW1jE_N2jqOiHQgPvp6X7hQ&amp;usqp=CAU\" alt=\"\" width=\"251\" height=\"188\" \/><\/p>\n<h4 style=\"text-align: left;\"><span style=\"color: #333399;\"><strong style=\"font-size: 16px;\"><span style=\"color: #000000;\">Cronograma<\/span><\/strong><\/span><\/h4>\n<p style=\"text-align: left;\"><strong><span style=\"color: #333399;\"><span style=\"color: #ff0000;\">Profesorado de Matem\u00e1tica<\/span>: <a href=\"https:\/\/docs.google.com\/document\/d\/1AgbzzEE41q7rw1wHLe-HPeB70TGU_oBJhl2NP7sE0CE\/edit?usp=sharing\">Ingrese aqu\u00ed<\/a><\/span><\/strong><\/p>\n<p><strong><span style=\"color: #ff0000;\">Profesorado de Educaci\u00f3n Primaria<\/span>: <a href=\"https:\/\/docs.google.com\/document\/d\/1tmneNfWJVc4aXTxZvQJ4hAC-s9d7nETg7xJVYWfWlFw\/edit?usp=sharing\">Ingrese aqu\u00ed<\/a><\/strong><\/p>\n<p><strong><span style=\"color: #ff0000;\">Profesorado de Ciencias Naturales ( Biolog\u00eda\/ F\u00edsica\/ Qu\u00edmica):<\/span> <a href=\"https:\/\/docs.google.com\/document\/d\/1PtpIluBsmDGqPBhFkqrPyAn8Uh_O1uVciqkhvycvrx0\/edit?usp=sharing\">Ingrese aqu\u00ed<\/a><\/strong><\/p>\n<h4><\/h4>\n<p><strong><span style=\"color: #800080;\">Fechas de inscripci\u00f3n<\/span><\/strong><span style=\"font-weight: 400;\"><span style=\"color: #800080;\"><span style=\"font-weight: 400; color: #800080;\"><b>: La inscripci\u00f3n permanecer\u00e1 abierta del 19 de diciembre\u00a0<\/b><\/span><span style=\"font-weight: 400; color: #800080;\"><b>\u00a0a las 9.00 hs hasta el\u00a0 23 de diciembre\u00a0 \u00a0a las 23.00 hs.\u00a0 Modalidad de inscripci\u00f3n\u00a0 Onli<\/b><\/span><\/span><span style=\"color: #800080;\">ne<\/span>.<\/span><\/p>\n<p><img decoding=\"async\" loading=\"lazy\" class=\"wp-image-1861 alignnone\" src=\"https:\/\/isfd106-bue.infd.edu.ar\/sitio\/wp-content\/uploads\/2020\/10\/IMPORTANTE.png\" alt=\"\" width=\"210\" height=\"211\" \/>\u00a0 \u00a0 \u00a0<img decoding=\"async\" loading=\"lazy\" class=\"alignnone size-full wp-image-1950\" src=\"https:\/\/isfd106-bue.infd.edu.ar\/sitio\/wp-content\/uploads\/2020\/12\/penda.jpg\" alt=\"\" width=\"495\" height=\"350\" \/><\/p>\n<p><img decoding=\"async\" loading=\"lazy\" class=\"wp-image-1956 alignleft\" src=\"https:\/\/isfd106-bue.infd.edu.ar\/sitio\/wp-content\/uploads\/2020\/12\/importante.gif\" alt=\"\" width=\"129\" height=\"158\" \/><img decoding=\"async\" loading=\"lazy\" class=\"size-full wp-image-1955 aligncenter\" src=\"https:\/\/isfd106-bue.infd.edu.ar\/sitio\/wp-content\/uploads\/2020\/12\/libres-1.jpg\" alt=\"\" width=\"637\" height=\"266\" \/><\/p>\n<p>&nbsp;<\/p>\n<p><img decoding=\"async\" loading=\"lazy\" class=\"size-full wp-image-1952 aligncenter\" src=\"https:\/\/isfd106-bue.infd.edu.ar\/sitio\/wp-content\/uploads\/2020\/12\/CC2.jpg\" alt=\"\" width=\"542\" height=\"298\" \/><\/p>\n<p>&nbsp;<\/p>\n<p><img decoding=\"async\" loading=\"lazy\" class=\"size-full wp-image-1965 aligncenter\" src=\"https:\/\/isfd106-bue.infd.edu.ar\/sitio\/wp-content\/uploads\/2020\/12\/correlativas.jpg\" alt=\"\" width=\"659\" height=\"286\" \/><\/p>\n<p>&nbsp;<\/p>\n<h3><\/h3>\n<h3><b><img decoding=\"async\" loading=\"lazy\" class=\"alignleft\" src=\"https:\/\/escenacuatro.com\/Images\/Animados\/ICON_COMUNICACION_INTERNA.gif\" width=\"187\" height=\"187\" \/>Antes de inscribirse\u00a0 lean la siguiente informaci\u00f3n:\u00a0<\/b><\/h3>\n<ul>\n<li>El formulario enviado reviste car\u00e1cter de<strong> Declaraci\u00f3n Jurada.<\/strong><\/li>\n<li>Es necesario que ingrese una <strong>direcci\u00f3n de correo electr\u00f3nico v\u00e1lida<\/strong>. All\u00ed se enviar\u00e1 una copia de su inscripci\u00f3n.<\/li>\n<li><strong>Solo puede enviar\u00a0 una inscripci\u00f3n por estudiante<\/strong> por ello deben re- leer antes de enviar el formulario definitivo. Tendr\u00e1n durante cinco d\u00edas las 24 horas para inscribirse. Les\u00a0\u00a0sugerimos dedicarle un tiempo\u00a0 para inscribirse correctamente, no es por orden de llegada, ni tampoco hay l\u00edmites de inscriptos.<\/li>\n<li><strong>Controlen<\/strong> antes de enviar el formulario.<\/li>\n<li>Consulten el <strong>plan de materias correlativas.\u00a0<\/strong><\/li>\n<li><span style=\"font-weight: 400;\">Es fundamental\u00a0<\/span><b>colocar el n\u00famero de legajo, libro y folio que est\u00e1 en la primera p\u00e1gina de la libreta y el a\u00f1o en que cursaron la asignatura.<\/b><span style=\"font-weight: 400;\"> Este \u00faltimo dato es importante, ya que si falta o es err\u00f3neo no se considerar\u00e1 la solicitud de inscripci\u00f3n por la imposibilidad de buscar datos necesarios de la cursada. <strong><span style=\"color: #800080;\">En caso de no saber su n\u00famero de legajo, libro o folio deber\u00e1n consultarlo con sus preceptores o colocar 0000.\u00a0<\/span><\/strong><\/span><\/li>\n<li><strong>No<\/strong> podr\u00e1n rendir alumnos que <strong>adeuden documentaci\u00f3n para completar el legajo<span style=\"color: #ff0000;\"> ( excepto ingresantes 2020 que por excepci\u00f3n pueden presentar hasta el 31\/10\/2021) .<\/span><\/strong><\/li>\n<\/ul>\n<p><b>IMPORTANTE<\/b><\/p>\n<ul>\n<li style=\"font-weight: 400;\"><b>HORARIO DE LAS MESAS: <\/b>de lunes a viernes a las 8 hs el turno ma\u00f1ana y a las 18 hs el turno vespertino. En funci\u00f3n de esto cada docente podr\u00e1 modificar el mismo seg\u00fan necesidades y acuerdos con sus estudiantes es decir que los docentes podr\u00e1n desdoblar la mesa, seg\u00fan la cantidad de estudiantes que se presenten.<\/li>\n<li><strong>Se considerar\u00e1 una tolerancia de 10\/15\u00a0 minutos para presentarse a la mesa por causas de fuerza mayor.\u00a0<\/strong><\/li>\n<li>Para rendir deben contar con los siguientes <strong>REQUISITOS T\u00c9CNICOS:<\/strong><br \/>\n&#8211; Poseer conectividad a trav\u00e9s de una red de internet o datos por un plazo de 2 horas reloj.<br \/>\n&#8211; Poseer un dispositivo m\u00f3vil o PC para poder participar de la mesa.<br \/>\n&#8211; Poseer una cuenta de correo para conectarse a una plataforma: Meet, Jitsi, Zoom u otra.<br \/>\n&#8211; Tener una c\u00e1mara web y audio que deber\u00e1n estar encendidos en todo momento y sin interrupciones.<\/li>\n<li><strong>CRITERIOS<\/strong><br \/>\n&#8211; Dar el consentimiento de grabar el examen final.<br \/>\n&#8211; Entender las particularidades de la instancia final bajo el formato virtual.<br \/>\n&#8211; Disponer de tiempo previo al encuentro para organizar la presentaci\u00f3n<\/li>\n<li>La comunicaci\u00f3n con sus docentes se har\u00e1 a trav\u00e9s del aula de finales en las cuales los estudiantes\u00a0 estar\u00e1n habilitados entre 48 y 24 horas antes.<\/li>\n<li>Las\u00a0 MESAS\u00a0 examinadoras <strong>SE LLEVAR\u00c1N A CABO\u00a0 DESDE EL 22 de FEBRERO de 2021.<\/strong> Es condici\u00f3n obligatoria participar de la instancia oral en todos los casos.<span style=\"color: #003300;\">\u00a0<\/span><\/li>\n<\/ul>\n<p><i><b>PARA REALIZAR LA INSCRIPCI\u00d3N DEBE INGRESAR SEG\u00daN CORRESPONDA<\/b><\/i><\/p>\n<p><i><span style=\"color: #ff0000;\"><span style=\"color: #ff0000;\"><b>Disponible desde\u00a0 el 19 de diciembre\u00a0 del\u00a0 hasta las 23.00 hs del 23 de diciembre.\u00a0<\/b><\/span><\/span><\/i><\/p>\n<p><strong>26\/12\/2020: FORMULARIOS CERRADOS\u00a0<\/strong><\/p>\n<h1><span style=\"color: #ff00ff;\">Turno Ma\u00f1ana y Vespertino<\/span><\/h1>\n<h3><span style=\"color: #000000;\"><strong>Profesorado de Educaci\u00f3n Primaria TURNO MA\u00d1ANA<\/strong><\/span><\/h3>\n<ul>\n<li><span style=\"color: #0000ff;\"><strong>\u00a0<span style=\"color: #993366;\">Para inscribirse en 1\u00ba a\u00f1o 3\u00ba divisi\u00f3n: INGRESE AQU\u00cd\u00a0<\/span><\/strong><\/span><\/li>\n<li><\/li>\n<li><span style=\"color: #993366;\"><strong>\u00a0Para inscribirse en 2\u00ba a\u00f1o 3\u00ba divisi\u00f3n: INGRESE AQU\u00cd\u00a0<\/strong><\/span><\/li>\n<\/ul>\n<p><strong style=\"color: #000000;\">Profesorado de Educaci\u00f3n Primaria TURNO VESPERTINO\u00a0<\/strong><\/p>\n<ul>\n<li><strong>\u00a0<span style=\"color: #993366;\">Para inscribirse en 1\u00ba a\u00f1o 1\u00ba divisi\u00f3n: INGRESE AQU\u00cd\u00a0<\/span><\/strong><\/li>\n<li><\/li>\n<li><span style=\"color: #993366;\"><strong>\u00a0Para inscribirse en 1\u00ba a\u00f1o 2\u00ba divisi\u00f3n: INGRESE AQU\u00cd\u00a0<\/strong><\/span><\/li>\n<li><\/li>\n<li><span style=\"color: #993366;\"><strong>\u00a0Para inscribirse en 2\u00ba a\u00f1o 1\u00ba divisi\u00f3n: INGRESE AQU\u00cd\u00a0<\/strong><\/span><\/li>\n<li><\/li>\n<li><span style=\"color: #993366;\"><strong>\u00a0Para inscribirse en 2\u00ba a\u00f1o 2\u00ba divisi\u00f3n: INGRESE AQU\u00cd\u00a0<\/strong><\/span><\/li>\n<li><\/li>\n<li><span style=\"color: #993366;\"><strong>\u00a0Para inscribirse en 3\u00ba a\u00f1o 1\u00ba divisi\u00f3n: INGRESE AQU\u00cd\u00a0<\/strong><\/span><\/li>\n<li><\/li>\n<li><span style=\"color: #993366;\"><strong>\u00a0Para inscribirse en 3\u00ba a\u00f1o 2\u00ba divisi\u00f3n: INGRESE AQU\u00cd\u00a0<\/strong><\/span><\/li>\n<li><\/li>\n<li><span style=\"color: #993366;\"><strong>\u00a0Para inscribirse en 4\u00ba a\u00f1o 1\u00ba divisi\u00f3n: INGRESE AQU\u00cd\u00a0<\/strong><\/span><\/li>\n<\/ul>\n<h3><\/h3>\n<h3><span style=\"color: #000000;\"><strong>Profesorado de Matem\u00e1tica ( Plan Nuevo) AMBOS TURNOS: MA\u00d1ANA Y VESPERTINO<\/strong><\/span><\/h3>\n<ol>\n<li><strong><span style=\"color: #ff0000;\">Para inscribirse a materias de 1\u00ba a 3\u00ba a\u00f1o: INGRESE AQU\u00cd\u00a0<\/span><\/strong><\/li>\n<\/ol>\n<h3><span style=\"color: #000000;\"><strong>Profesorado de Matem\u00e1tica (Plan Viejo) AMBOS TURNOS:\u00a0<\/strong><\/span><\/h3>\n<h3><span style=\"color: #000000;\"><strong>MA\u00d1ANA Y VESPERTINO<\/strong><\/span><\/h3>\n<ol>\n<li><strong><span style=\"color: #ff0000;\">Para inscribirse a materias de 1\u00ba a 4\u00ba a\u00f1o: INGRESE AQU\u00cd\u00a0<\/span><\/strong><\/li>\n<\/ol>\n<ul>\n<li><\/li>\n<\/ul>\n<h3><span style=\"color: #000000;\"><strong>Profesorado de\u00a0 Ciencias Naturales ( Tronco Com\u00fan):\u00a0\u00a0<\/strong><\/span><span style=\"color: #000000;\"><strong>AMBOS TURNOS: MA\u00d1ANA Y VESPERTINO<\/strong><\/span><\/h3>\n<ol>\n<li><span style=\"color: #008000;\"><strong>Para inscribirse en 1\u00ba- ( 4\u00ba y 5\u00ba divisi\u00f3n)\u00a0 y 2\u00ba a\u00f1o ( 4\u00ba Y 5\u00ba divisi\u00f3n) : INGRESE AQU\u00cd<\/strong>\u00a0<\/span><\/li>\n<\/ol>\n<h3><span style=\"color: #000000;\"><strong>Profesorado de BIOLOG\u00cdA: TURNO VESPERTINO\u00a0<\/strong><\/span><\/h3>\n<ol>\n<li><span style=\"color: #ff6600;\"><strong>Para inscribirse en 3\u00ba a\u00f1o 5\u00ba divisi\u00f3n: INGRESE AQU\u00cd\u00a0<\/strong><\/span><\/li>\n<\/ol>\n<h3><span style=\"color: #000000;\"><strong>Profesorado de F\u00cdSICA : TURNO VESPERTINO<\/strong><\/span><\/h3>\n<ol>\n<li><span style=\"color: #ff6600;\"><strong>Para inscribirse en 3\u00ba Y 4\u00ba \u00ba a\u00f1o 3 \u00ba divisi\u00f3n: INGRESE AQU\u00cd\u00a0<\/strong><\/span><\/li>\n<\/ol>\n<h3><span style=\"color: #000000;\"><strong>Profesorado de QU\u00cdMICA: TURNO VESPERTINO<\/strong><\/span><\/h3>\n<ol>\n<li><span style=\"color: #ff6600;\"><strong>Para inscribirse en 3\u00ba Y 4\u00ba \u00ba a\u00f1o 4 \u00ba divisi\u00f3n: INGRESE AQU\u00cd\u00a0<\/strong><\/span><\/li>\n<\/ol>\n<p>&nbsp;<\/p>\n<h3><\/h3>\n<h3><span style=\"font-weight: 400;\">\u00a0<\/span><\/h3>\n<p><span style=\"font-weight: 400;\">\u00a0<\/span><\/p>\n<p><span style=\"font-weight: 400;\">\u00a0<\/span><\/p>\n<p><span style=\"font-weight: 400;\">\u00a0<\/span><\/p>\n<p><span style=\"font-weight: 400;\">\u00a0<\/span><\/p>\n<p>&nbsp;<\/p>\n<p>&nbsp;<\/p>\n<p>&nbsp;<\/p>\n","protected":false},"excerpt":{"rendered":"<p>\u00a0ISFD N\u00b0 106 &#8211;\u00a0 \u00a0TODAS LAS CARRERAS de 1\u00ba a 4\u00ba a\u00f1o\u00a0 MESAS DE FEB\/ MAR\u00a0 2021 En esta secci\u00f3n encontrar\u00e1n las fechas\u00a0 y formularios de inscripci\u00f3n a las mesas examinadoras del per\u00edodo FEB\/MAR\u00a0 2021. Todos los a\u00f1os y todas las carreras incluidas cursadas 2020. Cronograma Profesorado de Matem\u00e1tica: Ingrese aqu\u00ed Profesorado de Educaci\u00f3n Primaria: &#8230; <a title=\"INSCRIPCI\u00d3N A Mesas de ex\u00e1menes- TURNO FEB- MAR 2021 Todas las carreras\" class=\"read-more\" href=\"https:\/\/isfd106-bue.infd.edu.ar\/sitio\/mesas-de-examenes-turno-nov-dic-2020-todas-las-carreras\/\" aria-label=\"More on INSCRIPCI\u00d3N A Mesas de ex\u00e1menes- TURNO FEB- MAR 2021 Todas las carreras\">[+]<\/a><\/p>\n","protected":false},"author":386,"featured_media":0,"parent":0,"menu_order":0,"comment_status":"closed","ping_status":"closed","template":"","meta":[],"acf":[],"_links":{"self":[{"href":"https:\/\/isfd106-bue.infd.edu.ar\/sitio\/wp-json\/wp\/v2\/pages\/1612"}],"collection":[{"href":"https:\/\/isfd106-bue.infd.edu.ar\/sitio\/wp-json\/wp\/v2\/pages"}],"about":[{"href":"https:\/\/isfd106-bue.infd.edu.ar\/sitio\/wp-json\/wp\/v2\/types\/page"}],"author":[{"embeddable":true,"href":"https:\/\/isfd106-bue.infd.edu.ar\/sitio\/wp-json\/wp\/v2\/users\/386"}],"replies":[{"embeddable":true,"href":"https:\/\/isfd106-bue.infd.edu.ar\/sitio\/wp-json\/wp\/v2\/comments?post=1612"}],"version-history":[{"count":63,"href":"https:\/\/isfd106-bue.infd.edu.ar\/sitio\/wp-json\/wp\/v2\/pages\/1612\/revisions"}],"predecessor-version":[{"id":1979,"href":"https:\/\/isfd106-bue.infd.edu.ar\/sitio\/wp-json\/wp\/v2\/pages\/1612\/revisions\/1979"}],"wp:attachment":[{"href":"https:\/\/isfd106-bue.infd.edu.ar\/sitio\/wp-json\/wp\/v2\/media?parent=1612"}],"curies":[{"name":"wp","href":"https:\/\/api.w.org\/{rel}","templated":true}]}}