{"id":1515,"date":"2020-07-13T12:18:29","date_gmt":"2020-07-13T15:18:29","guid":{"rendered":"https:\/\/isfd106-bue.infd.edu.ar\/sitio\/?page_id=1515"},"modified":"2022-06-21T11:43:48","modified_gmt":"2022-06-21T14:43:48","slug":"programa-ciencias-naturales","status":"publish","type":"page","link":"https:\/\/isfd106-bue.infd.edu.ar\/sitio\/programa-ciencias-naturales\/","title":{"rendered":"Programa Ciencias Naturales"},"content":{"rendered":"<p style=\"text-align: center;\"><span style=\"color: #339966;\"><strong>PLAN DE ESTUDIOS DEL<\/strong><\/span><\/p>\n<p style=\"text-align: center;\"><span style=\"color: #339966;\"><strong>PROFESORADO DE EDUCACI\u00d3N SECUNDARIA EN BIOLOG\u00cdA, F\u00cdSICA Y QUIMICA (TRONCO COM\u00daN) CON PROGRAMAS 2022\/2023<\/strong><\/span><\/p>\n<p style=\"text-align: center;\">\n<table width=\"714\">\n<tbody>\n<tr>\n<td rowspan=\"2\" width=\"172\"><strong>\u00a0<\/strong><\/td>\n<td rowspan=\"2\" width=\"220\">\n<p style=\"text-align: center;\"><strong>Materia<\/strong><\/p>\n<\/td>\n<td style=\"text-align: left;\" colspan=\"2\" width=\"322\">\n<p style=\"text-align: center;\"><strong>Curso y Divisi\u00f3n <\/strong><\/p>\n<\/td>\n<\/tr>\n<tr>\n<td style=\"text-align: left;\" width=\"161\">\n<p style=\"text-align: center;\"><strong>1ro 1ra<\/strong><\/p>\n<\/td>\n<td width=\"161\">\n<p style=\"text-align: center;\"><strong>1ro 2da<\/strong><\/p>\n<\/td>\n<\/tr>\n<tr>\n<td rowspan=\"3\" width=\"172\"><strong>Espacio de la Fundamentaci\u00f3n Pedag\u00f3gica<\/strong><\/td>\n<td width=\"220\">\n<p style=\"text-align: center;\">Perspectiva Filos\u00f3fico Pedag\u00f3gica I (64)<\/p>\n<\/td>\n<td style=\"text-align: center;\" width=\"161\">Bianco Dami\u00e1n<\/td>\n<td style=\"text-align: center;\" width=\"161\">Bianco Dami\u00e1n<\/td>\n<\/tr>\n<tr>\n<td style=\"text-align: center;\" width=\"220\">Perspectiva Pedag\u00f3gico Did\u00e1ctica I (64)<\/td>\n<td style=\"text-align: center;\" width=\"161\">Monteros M\u00f3nica<\/td>\n<td width=\"161\">\n<p style=\"text-align: center;\">Aiassa M\u00f3nica (Supl. Santander Margarita)<\/p>\n<\/td>\n<\/tr>\n<tr>\n<td style=\"text-align: center;\" width=\"220\">Perspectiva Socio &#8211; Pol\u00edtica (64)<\/td>\n<td style=\"text-align: center;\" width=\"161\">Biscak Carlos<\/td>\n<td width=\"161\">\n<p style=\"text-align: center;\">Valeriano Alicia (Supl. Calder\u00f3n Mar\u00eda)<\/p>\n<\/td>\n<\/tr>\n<tr>\n<td width=\"172\">\n<p style=\"text-align: center;\"><strong>Espacio de la Especializaci\u00f3n por Niveles<\/strong><\/p>\n<\/td>\n<td width=\"220\">\n<p style=\"text-align: center;\">Psicolog\u00eda y cultura en la educaci\u00f3n (64)<\/p>\n<\/td>\n<td width=\"161\">\n<p style=\"text-align: center;\">Torres Martha<\/p>\n<\/td>\n<td style=\"text-align: center;\" width=\"161\">Torres Martha<\/td>\n<\/tr>\n<tr>\n<td style=\"text-align: center;\" rowspan=\"5\" width=\"172\"><strong>Espacio de la Orientaci\u00f3n <\/strong><\/td>\n<td style=\"text-align: center;\" width=\"220\">F\u00edsica y elementos de astronom\u00eda y laboratorio I (96)<\/td>\n<td style=\"text-align: center;\" width=\"161\">S\u00e1nchez H\u00e9ctor<\/td>\n<td width=\"161\">\n<p style=\"text-align: center;\">Sosa Mauro<\/p>\n<\/td>\n<\/tr>\n<tr>\n<td width=\"220\">\n<p style=\"text-align: center;\">Qu\u00edmica y laboratorio I (96)<\/p>\n<\/td>\n<td style=\"text-align: center;\" width=\"161\">Pi Andrea<\/td>\n<td style=\"text-align: center;\" width=\"161\">Santonocito Juan (Supl. Suavet Nicol\u00e1s)<\/td>\n<\/tr>\n<tr>\n<td width=\"220\">\n<p style=\"text-align: center;\">Biolog\u00eda y laboratorio I (96)<\/p>\n<\/td>\n<td style=\"text-align: center;\" width=\"161\">Chazarreta Dar\u00edo<\/td>\n<td style=\"text-align: center;\" width=\"161\">Chazarreta Dar\u00edo<\/td>\n<\/tr>\n<tr>\n<td style=\"text-align: center;\" width=\"220\">Matem\u00e1tica Instrumental I (64)<\/td>\n<td style=\"text-align: center;\" width=\"161\">Ursino Elsa<\/td>\n<td width=\"161\">\n<p style=\"text-align: center;\">Ursino Elsa (Sipl. Pileci Federico)<\/p>\n<\/td>\n<\/tr>\n<tr>\n<td style=\"text-align: center;\" width=\"220\">Integraci\u00f3n \u00c1real I (32)<\/td>\n<td style=\"text-align: center;\" width=\"161\">S\u00e1nchez H\u00e9ctor<\/td>\n<td width=\"161\">\n<p style=\"text-align: center;\">Chazarreta Dar\u00edo<\/p>\n<\/td>\n<\/tr>\n<tr>\n<td width=\"172\">\n<p style=\"text-align: center;\"><strong>Espacio de la Pr\u00e1ctica Docente<\/strong><\/p>\n<\/td>\n<td style=\"text-align: center;\" width=\"220\">Espacio de la Pr\u00e1ctica Docente (160)<\/td>\n<td style=\"text-align: center;\" width=\"161\">G4. Burgos\/Sarabia<\/p>\n<p>G5. Moral\/Sarabia<\/p>\n<p>G6. Cruz\/Sarabia<\/td>\n<td width=\"161\">\n<p style=\"text-align: center;\">G1. Moral\/Gava<\/p>\n<p style=\"text-align: center;\">G2.\u00a0 Cruz\/Sarabia<\/p>\n<p style=\"text-align: center;\">G3. Cordoba (Supl. Pereiro Mi\u00f1an)\/Gava<\/p>\n<\/td>\n<\/tr>\n<\/tbody>\n<\/table>\n<table width=\"715\">\n<tbody>\n<tr>\n<td rowspan=\"2\" width=\"173\">\n<p style=\"text-align: center;\"><strong>\u00a0<\/strong><\/p>\n<\/td>\n<td style=\"text-align: center;\" rowspan=\"2\" width=\"221\"><strong>Materia<\/strong><\/td>\n<td colspan=\"2\" width=\"322\">\n<p style=\"text-align: center;\"><strong>Curso y Divisi\u00f3n <\/strong><\/p>\n<\/td>\n<\/tr>\n<tr>\n<td style=\"text-align: center;\" width=\"161\"><strong>2do 1ra<\/strong><\/td>\n<td width=\"161\">\n<p style=\"text-align: center;\"><strong>2do 2da<\/strong><\/p>\n<\/td>\n<\/tr>\n<tr>\n<td rowspan=\"2\" width=\"173\">\n<p style=\"text-align: center;\"><strong>Espacio de la Fundamentaci\u00f3n Pedag\u00f3gica<\/strong><\/p>\n<\/td>\n<td style=\"text-align: center;\" width=\"221\">Perspectiva Filos\u00f3fico Pedag\u00f3gica II (64)<\/td>\n<td style=\"text-align: center;\" width=\"161\">Gonz\u00e1lez Eduardo<\/td>\n<td style=\"text-align: center;\" width=\"161\">Ben\u00edtez Emilce<\/td>\n<\/tr>\n<tr>\n<td style=\"text-align: center;\" width=\"221\">Perspectiva Pedag\u00f3gico Did\u00e1ctica II (64)<\/td>\n<td style=\"text-align: center;\" width=\"161\">Chazarreta Dar\u00edo<\/td>\n<td width=\"161\">\n<p style=\"text-align: center;\">Chazarreta Dar\u00edo<\/p>\n<\/td>\n<\/tr>\n<tr>\n<td width=\"173\">\n<p style=\"text-align: center;\"><strong>Espacio de la Especializaci\u00f3n por Niveles<\/strong><\/p>\n<\/td>\n<td style=\"text-align: center;\" width=\"221\">Psicolog\u00eda y cultura del alumno de EGB3 y Polimodal (64)<\/td>\n<td style=\"text-align: center;\" width=\"161\">Valeriano Alicia (Supl. Medini)<\/td>\n<td width=\"161\">\n<p style=\"text-align: center;\">Valeriano Alicia (Supl. Torres Martha)<\/p>\n<\/td>\n<\/tr>\n<tr>\n<td rowspan=\"6\" width=\"173\">\n<p style=\"text-align: center;\"><strong>Espacio de la Orientaci\u00f3n <\/strong><\/p>\n<\/td>\n<td style=\"text-align: center;\" width=\"221\">F\u00edsica y elementos de astronom\u00eda y laboratorio II (96)<\/td>\n<td style=\"text-align: center;\" width=\"161\">Sosa Mauro<\/td>\n<td style=\"text-align: center;\" width=\"161\">Sosa Mauro<\/td>\n<\/tr>\n<tr>\n<td width=\"221\">\n<p style=\"text-align: center;\">Qu\u00edmica y laboratorio II (96)<\/p>\n<\/td>\n<td style=\"text-align: center;\" width=\"161\">Pi Andrea<\/td>\n<td style=\"text-align: center;\" width=\"161\">Santonocito Juan (Supl. Sarab\u00eda Roc\u00edo)<\/td>\n<\/tr>\n<tr>\n<td width=\"221\">\n<p style=\"text-align: center;\">Biolog\u00eda y laboratorio II (96)<\/p>\n<\/td>\n<td style=\"text-align: center;\" width=\"161\">Chazarreta Dar\u00edo<\/td>\n<td style=\"text-align: center;\" width=\"161\">Chazarreta Dar\u00edo<\/td>\n<\/tr>\n<tr>\n<td style=\"text-align: center;\" width=\"221\">Ciencias de la Tierra (32)<\/td>\n<td style=\"text-align: center;\" width=\"161\">Carrizo Natalia<\/td>\n<td width=\"161\">\n<p style=\"text-align: center;\">Carrizo Luis<\/p>\n<\/td>\n<\/tr>\n<tr>\n<td style=\"text-align: center;\" width=\"221\">Matem\u00e1tica Instrumental II e Inform\u00e1tica aplicada (64)<\/td>\n<td style=\"text-align: center;\" width=\"161\">Pereyra Mar\u00eda<\/td>\n<td width=\"161\">\n<p style=\"text-align: center;\">Pereyra Mar\u00eda<\/p>\n<\/td>\n<\/tr>\n<tr>\n<td style=\"text-align: center;\" width=\"221\">Integraci\u00f3n \u00c1real II (32)<\/td>\n<td style=\"text-align: center;\" width=\"161\">Langone Susana<\/td>\n<td width=\"161\">\n<p style=\"text-align: center;\">Bentivenga Marcelo<\/p>\n<\/td>\n<\/tr>\n<tr>\n<td width=\"173\">\n<p style=\"text-align: center;\"><strong>Espacio de la Pr\u00e1ctica Docente<\/strong><\/p>\n<\/td>\n<td style=\"text-align: center;\" width=\"221\">Espacio de la Pr\u00e1ctica Docente (160)<\/td>\n<td style=\"text-align: center;\" width=\"161\">G1. A\/D\/Gava<\/p>\n<p>G2. Rivera\/Corval\u00e1n<\/td>\n<td width=\"161\">\n<p style=\"text-align: center;\">G3. Rivera\/Gava<\/p>\n<p style=\"text-align: center;\">G4. A\/D\/Cava<\/p>\n<\/td>\n<\/tr>\n<\/tbody>\n<\/table>\n<p style=\"text-align: center;\">\n<p>&#8212;&#8212;&#8212;&#8212;&#8212;&#8212;&#8212;&#8212;&#8212;&#8212;&#8212;&#8212;&#8212;&#8212;&#8212;&#8212;&#8212;&#8212;&#8212;&#8212;&#8212;&#8212;&#8212;&#8212;&#8212;&#8212;&#8212;&#8212;&#8212;&#8212;&#8212;&#8212;&#8212;&#8212;&#8212;&#8212;&#8212;&#8212;&#8212;&#8212;&#8212;&#8212;&#8212;&#8212;&#8212;&#8212;&#8212;&#8212;&#8212;&#8212;&#8212;&#8212;&#8212;&#8212;&#8212;&#8212;&#8212;&#8212;&#8212;&#8212;&#8212;&#8212;&#8212;&#8212;&#8212;&#8212;&#8212;&#8212;&#8212;&#8212;&#8212;&#8211;<\/p>\n<p style=\"text-align: center;\"><span style=\"color: #ff0000;\"><em><strong>PLAN DE ESTUDIOS DEL<\/strong><\/em><\/span><\/p>\n<p style=\"text-align: center;\"><span style=\"color: #ff0000;\"><em><b style=\"color: #ff0000;\">PROFESORADO DE EDUCACI\u00d3N SECUNDARIA EN BIOLOG\u00cdA, F\u00cdSICA Y <\/b><span style=\"color: #ff0000;\"><b>QU\u00cdMICA<\/b><\/span><b style=\"color: #ff0000;\">\u00a0(TRONCO COM\u00daN) CON PROGRAMAS 2020\/2021<\/b><\/em><\/span><\/p>\n<table width=\"793\">\n<tbody>\n<tr>\n<td rowspan=\"2\" width=\"192\"><strong>\u00a0<\/strong><\/td>\n<td rowspan=\"2\" width=\"245\">\n<p style=\"text-align: center;\"><strong>Materia<\/strong><\/p>\n<\/td>\n<td colspan=\"2\" width=\"357\">\n<p style=\"text-align: center;\"><strong>Curso y Divisi\u00f3n <\/strong><\/p>\n<\/td>\n<\/tr>\n<tr>\n<td style=\"text-align: center;\" width=\"178\"><strong>1ro 4ta <\/strong><\/td>\n<td width=\"179\">\n<p style=\"text-align: center;\"><strong>1ro 5ta<\/strong><\/p>\n<\/td>\n<\/tr>\n<tr>\n<td rowspan=\"3\" width=\"192\">\n<p style=\"text-align: center;\"><strong>Espacio de la Fundamentaci\u00f3n Pedag\u00f3gica<\/strong><\/p>\n<\/td>\n<td width=\"245\">\n<p style=\"text-align: center;\">Perspectiva Filos\u00f3fico Pedag\u00f3gica I (64)<\/p>\n<\/td>\n<td style=\"text-align: center;\" width=\"178\"><strong>\u00a0<a href=\"https:\/\/drive.google.com\/file\/d\/1W7SS3GM-maa2jKrBJbPWU5FW3lI3Zo2b\/view?usp=sharing\">Damian Bianco<\/a><\/strong><\/td>\n<td style=\"text-align: center;\" width=\"179\"><strong><a href=\"https:\/\/drive.google.com\/file\/d\/1H0bua_qHx_gdq18jgreCsTXgJ8X5pdWn\/view?usp=sharing\">Margarita Santander<\/a>\u00a0<\/strong><\/td>\n<\/tr>\n<tr>\n<td style=\"text-align: center;\" width=\"245\">Perspectiva Pedag\u00f3gico Did\u00e1ctica I (64)<\/td>\n<td style=\"text-align: center;\" width=\"178\"><strong>\u00a0<a href=\"https:\/\/drive.google.com\/file\/d\/1W7SS3GM-maa2jKrBJbPWU5FW3lI3Zo2b\/view?usp=sharing\">Dami\u00e1n Bianco<\/a><\/strong><\/td>\n<td style=\"text-align: center;\" width=\"179\"><strong>\u00a0Andrea Aguirre<\/strong><\/td>\n<\/tr>\n<tr>\n<td width=\"245\">\n<p style=\"text-align: center;\">Perspectiva Socio &#8211; Pol\u00edtica (64)<\/p>\n<\/td>\n<td width=\"178\">\n<p style=\"text-align: center;\"><strong>\u00a0<a href=\"https:\/\/drive.google.com\/file\/d\/1nFEv84_mnWTb07QpNs6xtULYB__9EtsR\/view?usp=sharing\">Carlos Biscak<\/a>\u00a0<\/strong><\/p>\n<\/td>\n<td style=\"text-align: center;\" width=\"179\"><strong>\u00a0<a href=\"https:\/\/drive.google.com\/file\/d\/1opBu7SO8LcztKnm8svLZ5lRxhMOCUflb\/view?usp=sharing\">Mar\u00eda Calder\u00f3n<\/a>\u00a0<\/strong><\/td>\n<\/tr>\n<tr>\n<td width=\"192\">\n<p style=\"text-align: center;\"><strong>Espacio de la Especializaci\u00f3n por Niveles<\/strong><\/p>\n<\/td>\n<td width=\"245\">\n<p style=\"text-align: center;\">Psicolog\u00eda y cultura en la educaci\u00f3n (64)<\/p>\n<\/td>\n<td style=\"text-align: center;\" width=\"178\"><strong>\u00a0<a href=\"https:\/\/drive.google.com\/file\/d\/1REZUwZeG91sEIOz4wsw2WH8EpOpexZjY\/view?usp=sharing\">Martha Torres<\/a><\/strong><\/td>\n<td style=\"text-align: center;\" width=\"179\"><a href=\"https:\/\/drive.google.com\/file\/d\/1REZUwZeG91sEIOz4wsw2WH8EpOpexZjY\/view?usp=sharing\"><strong>Martha Torres\u00a0\u00a0<\/strong><\/a><\/td>\n<\/tr>\n<tr>\n<td rowspan=\"5\" width=\"192\">\n<p style=\"text-align: center;\"><strong>Espacio de la Orientaci\u00f3n <\/strong><\/p>\n<\/td>\n<td style=\"text-align: center;\" width=\"245\">F\u00edsica y elementos de astronom\u00eda y laboratorio I (96)<\/td>\n<td style=\"text-align: center;\" width=\"178\"><a href=\"https:\/\/drive.google.com\/file\/d\/1BgnOmJeun_H7mTAR_kWsiGBXO2ipY3nf\/view?usp=sharing\"><strong>\u00a0H\u00e9ctor S\u00e1nchez<\/strong><\/a><\/td>\n<td style=\"text-align: center;\" width=\"179\"><strong>Mauro Sosa\u00a0<\/strong><\/td>\n<\/tr>\n<tr>\n<td width=\"245\">\n<p style=\"text-align: center;\">Qu\u00edmica y laboratorio I (96)<\/p>\n<\/td>\n<td style=\"text-align: center;\" width=\"178\"><strong>\u00a0<a href=\"https:\/\/drive.google.com\/file\/d\/1WlG8G9PUAey_y0lHbHEcFsYdNhEEm4LR\/view?usp=sharing\">Andrea Pi<\/a><\/strong><\/td>\n<td style=\"text-align: center;\" width=\"179\"><a href=\"https:\/\/drive.google.com\/file\/d\/1WlG8G9PUAey_y0lHbHEcFsYdNhEEm4LR\/view?usp=sharing\"><strong>Juan Santonocito\u00a0<\/strong><\/a><\/td>\n<\/tr>\n<tr>\n<td width=\"245\">\n<p style=\"text-align: center;\">Biolog\u00eda y laboratorio I (96)<\/p>\n<\/td>\n<td style=\"text-align: center;\" width=\"178\"><b><a href=\"https:\/\/drive.google.com\/file\/d\/1bHuT4QBcRMok_qdM1g2MQ3HuUst7E49K\/view?usp=sharing\">Dario Chazarreta<\/a>\u00a0<\/b><\/td>\n<td style=\"text-align: center;\" width=\"179\"><strong>\u00a0<a href=\"https:\/\/drive.google.com\/file\/d\/1LqAVZdbOV_AGj3mWApZES4vdcyhdASlU\/view?usp=sharing\">Dar\u00edo Chazarreta<\/a><\/strong><\/td>\n<\/tr>\n<tr>\n<td width=\"245\">\n<p style=\"text-align: center;\">Matem\u00e1tica Instrumental I (64)<\/p>\n<\/td>\n<td style=\"text-align: center;\" width=\"178\"><strong>\u00a0<a href=\"https:\/\/drive.google.com\/file\/d\/1pgDlkGES-IEi4TueINpVUN9rXcIBO-A6\/view?usp=sharing\">C\u00e9sar Rodriguez<\/a><\/strong><\/td>\n<td width=\"179\">\n<p style=\"text-align: center;\"><a href=\"https:\/\/drive.google.com\/file\/d\/1pgDlkGES-IEi4TueINpVUN9rXcIBO-A6\/view?usp=sharing\"><strong>C\u00e9sar Rodriguez\u00a0<\/strong><\/a><\/p>\n<\/td>\n<\/tr>\n<tr>\n<td width=\"245\">\n<p style=\"text-align: center;\">Integraci\u00f3n \u00c1real I (32)<\/p>\n<\/td>\n<td style=\"text-align: center;\" width=\"178\"><strong>\u00a0<a href=\"https:\/\/drive.google.com\/file\/d\/1V-f6K_lAtBDm1KzKXXz2kVe02j1TCX9m\/view?usp=sharing\">H\u00e9ctor S\u00e1nchez<\/a><\/strong><\/td>\n<td style=\"text-align: center;\" width=\"179\"><strong>\u00a0<a href=\"https:\/\/drive.google.com\/file\/d\/1AbNRYYbOL1i_rvpKUzrnHa_7dikNR37F\/view?usp=sharing\">Dario Chazarreta<\/a>\u00a0<\/strong><\/td>\n<\/tr>\n<tr>\n<td width=\"192\">\n<p style=\"text-align: center;\"><strong>Espacio de la Pr\u00e1ctica Docente<\/strong><\/p>\n<\/td>\n<td style=\"text-align: center;\" width=\"245\">Espacio de la Pr\u00e1ctica Docente (160)<\/td>\n<td width=\"178\">\n<p style=\"text-align: center;\"><strong>\u00a0<a href=\"https:\/\/drive.google.com\/file\/d\/1aoooB_xaTFI8sAfYL0FSFAHKGq2XCsyK\/view?usp=sharing\">Claudia Gava <\/a><\/strong><\/p>\n<p style=\"text-align: center;\"><a href=\"https:\/\/drive.google.com\/file\/d\/1aoooB_xaTFI8sAfYL0FSFAHKGq2XCsyK\/view?usp=sharing\"><strong>Sara Burgos <\/strong><\/a><\/p>\n<p style=\"text-align: center;\"><a href=\"https:\/\/drive.google.com\/file\/d\/1aoooB_xaTFI8sAfYL0FSFAHKGq2XCsyK\/view?usp=sharing\"><strong>Rocio Sarabia\u00a0<\/strong><\/a><\/p>\n<\/td>\n<td width=\"179\">\n<p style=\"text-align: center;\"><strong>\u00a0<a href=\"https:\/\/drive.google.com\/file\/d\/1aoooB_xaTFI8sAfYL0FSFAHKGq2XCsyK\/view?usp=sharing\">Rocio Sarabia <\/a><\/strong><\/p>\n<p style=\"text-align: center;\"><a href=\"https:\/\/drive.google.com\/file\/d\/1aoooB_xaTFI8sAfYL0FSFAHKGq2XCsyK\/view?usp=sharing\"><strong>Sara Burgos <\/strong><\/a><\/p>\n<p style=\"text-align: center;\"><a href=\"https:\/\/drive.google.com\/file\/d\/1aoooB_xaTFI8sAfYL0FSFAHKGq2XCsyK\/view?usp=sharing\"><strong>Stella C\u00f3rdoba<\/strong><\/a><\/p>\n<\/td>\n<\/tr>\n<\/tbody>\n<\/table>\n<table width=\"793\">\n<tbody>\n<tr>\n<td rowspan=\"2\" width=\"192\"><strong>\u00a0<\/strong><\/td>\n<td rowspan=\"2\" width=\"245\">\n<p style=\"text-align: center;\"><strong>Materia<\/strong><\/p>\n<\/td>\n<td style=\"text-align: center;\" colspan=\"2\" width=\"357\"><strong>Curso y Divisi\u00f3n <\/strong><\/td>\n<\/tr>\n<tr>\n<td style=\"text-align: center;\" width=\"178\"><strong>2do 4ta <\/strong><\/td>\n<td width=\"179\">\n<p style=\"text-align: center;\"><strong>2do 5ta<\/strong><\/p>\n<\/td>\n<\/tr>\n<tr>\n<td rowspan=\"2\" width=\"192\">\n<p style=\"text-align: center;\"><strong>Espacio de la Fundamentaci\u00f3n Pedag\u00f3gica<\/strong><\/p>\n<\/td>\n<td style=\"text-align: center;\" width=\"245\">Perspectiva Filos\u00f3fico Pedag\u00f3gica II (64)<\/td>\n<td style=\"text-align: center;\" width=\"178\"><strong>\u00a0<a href=\"https:\/\/drive.google.com\/file\/d\/1BiW1Xcjg9PnPkxJfgps7lJjchpJh-ZYg\/view?usp=sharing\">Eduardo Gonz\u00e1lez<\/a>\u00a0<\/strong><\/td>\n<td style=\"text-align: center;\" width=\"179\"><strong>\u00a0<a href=\"https:\/\/drive.google.com\/file\/d\/1r7MZP9cRd6pMZKjvIi_OanITu6vy-TFh\/view?usp=sharing\">Emilce Benitez<\/a><\/strong><\/td>\n<\/tr>\n<tr>\n<td style=\"text-align: center;\" width=\"245\">Perspectiva Pedag\u00f3gico Did\u00e1ctica II (64)<\/td>\n<td style=\"text-align: center;\" width=\"178\"><strong>\u00a0<a href=\"https:\/\/drive.google.com\/file\/d\/1SHqu5cxqkwBj8_OzJoueCz2t-pYZGyjz\/view?usp=sharing\">Dar\u00edo Chazarreta<\/a><\/strong><\/td>\n<td width=\"179\">\n<p style=\"text-align: center;\"><strong><a href=\"https:\/\/drive.google.com\/file\/d\/1evcyCfZoOseOVUmjZH0wcl81fyLkU-gF\/view?usp=sharing\">Dar\u00edo Chazarreta<\/a>\u00a0<\/strong><\/p>\n<\/td>\n<\/tr>\n<tr>\n<td width=\"192\">\n<p style=\"text-align: center;\"><strong>Espacio de la Especializaci\u00f3n por Niveles<\/strong><\/p>\n<\/td>\n<td style=\"text-align: center;\" width=\"245\">Psicolog\u00eda y cultura del alumno de EGB3 y Polimodal (64)<\/td>\n<td style=\"text-align: center;\" width=\"178\"><strong>\u00a0<a href=\"https:\/\/drive.google.com\/file\/d\/1bLOo75SaFJT9ZbjaIiETym9xtmsyEvv9\/view?usp=sharing\">Jessica Medini<\/a><\/strong><\/td>\n<td width=\"179\">\n<p style=\"text-align: center;\"><strong>\u00a0 \u00a0 <a href=\"https:\/\/drive.google.com\/file\/d\/1lk4DbiBgIwNmhE0YuDTELPAGuTOgQctJ\/view?usp=sharing\">Martha Torres<\/a><\/strong><\/p>\n<\/td>\n<\/tr>\n<tr>\n<td rowspan=\"5\" width=\"192\">\n<p style=\"text-align: center;\"><strong>Espacio de la Orientaci\u00f3n <\/strong><\/p>\n<\/td>\n<td style=\"text-align: center;\" width=\"245\">F\u00edsica y elementos de astronom\u00eda y laboratorio II (96)<\/td>\n<td style=\"text-align: center;\" width=\"178\"><strong>\u00a0Mauro Sosa<\/strong><\/td>\n<td style=\"text-align: center;\" width=\"179\"><strong>Mauro Sosa\u00a0<\/strong><\/td>\n<\/tr>\n<tr>\n<td width=\"245\">\n<p style=\"text-align: center;\">Qu\u00edmica y laboratorio II (96)<\/p>\n<\/td>\n<td style=\"text-align: center;\" width=\"178\"><a href=\"https:\/\/drive.google.com\/file\/d\/1SDF0Z0z_uz6-DUvceQlWpd2FJBmkUQ6H\/view?usp=sharing\"><strong>\u00a0Andrea Pi<\/strong><\/a><\/td>\n<td style=\"text-align: center;\" width=\"179\"><a href=\"https:\/\/drive.google.com\/file\/d\/1SDF0Z0z_uz6-DUvceQlWpd2FJBmkUQ6H\/view?usp=sharing\"><strong>Juan Santonocito\u00a0<\/strong><\/a><\/td>\n<\/tr>\n<tr>\n<td style=\"text-align: center;\" width=\"245\">Biolog\u00eda y laboratorio II (96)<\/td>\n<td style=\"text-align: center;\" width=\"178\"><a href=\"https:\/\/drive.google.com\/file\/d\/1DdMZIQV29DcKsBi64WoGLPaMSoqo7lJy\/view?usp=sharing\"><strong>Dar\u00edo Chazarreta\u00a0<\/strong><\/a><\/td>\n<td width=\"179\">\n<p style=\"text-align: center;\"><a href=\"https:\/\/drive.google.com\/file\/d\/1HDKxae0qmCwBS7RuP9AOcIM2FRoiuN3B\/view?usp=sharing\"><strong>Dar\u00edo Chazarreta\u00a0<\/strong><\/a><\/p>\n<\/td>\n<\/tr>\n<tr>\n<td style=\"text-align: center;\" width=\"245\">Ciencias de la Tierra (32)<\/td>\n<td style=\"text-align: center;\" width=\"178\"><a href=\"https:\/\/drive.google.com\/file\/d\/1x5ZfnjVlezBTeew91StRZpIvtkn2Q-wz\/view?usp=sharing\"><strong>Torres Pablo<\/strong><\/a><\/td>\n<td width=\"179\">\n<p style=\"text-align: center;\"><a href=\"https:\/\/drive.google.com\/file\/d\/1x5ZfnjVlezBTeew91StRZpIvtkn2Q-wz\/view?usp=sharing\"><strong>Torres Pablo<\/strong><\/a><\/p>\n<\/td>\n<\/tr>\n<tr>\n<td width=\"245\">\n<p style=\"text-align: center;\">Matem\u00e1tica Instrumental II e Inform\u00e1tica aplicada (64)<\/p>\n<\/td>\n<td style=\"text-align: center;\" width=\"178\"><a href=\"https:\/\/drive.google.com\/file\/d\/1FXYKdtu4uCnC7ZyEaQnlKFVe-kllxp5C\/view?usp=sharing\"><strong>\u00a0Mar\u00eda Eugenia Pereyra<\/strong><\/a><\/td>\n<td style=\"text-align: center;\" width=\"179\"><a href=\"https:\/\/drive.google.com\/file\/d\/1FXYKdtu4uCnC7ZyEaQnlKFVe-kllxp5C\/view?usp=sharing\"><strong>Mar\u00eda Eugenia Pereyra\u00a0<\/strong><\/a><\/td>\n<\/tr>\n<tr>\n<td width=\"192\"><strong>\u00a0<\/strong><\/td>\n<td width=\"245\">\n<p style=\"text-align: center;\">Integraci\u00f3n \u00c1real II (32)<\/p>\n<\/td>\n<td style=\"text-align: center;\" width=\"178\"><strong>\u00a0<a href=\"https:\/\/drive.google.com\/file\/d\/1CotoKQENsKAKZg7v8BTBhMRSlcGroevu\/view?usp=sharing\">Susana Langone<\/a><\/strong><\/td>\n<td width=\"179\">\n<p style=\"text-align: center;\"><strong><a href=\"https:\/\/drive.google.com\/file\/d\/1lYnX775rX-K3aphVEA8JVhHPdz14NCvW\/view?usp=sharing\">Marcelo Bentivenga<\/a>\u00a0<\/strong><\/p>\n<\/td>\n<\/tr>\n<tr>\n<td style=\"text-align: center;\" width=\"192\"><strong>Espacio de la Pr\u00e1ctica Docente<\/strong><\/td>\n<td style=\"text-align: center;\" width=\"245\">Espacio de la Pr\u00e1ctica Docente (160)<\/td>\n<td style=\"text-align: center;\" width=\"178\"><strong>\u00a0<a href=\"https:\/\/drive.google.com\/file\/d\/1DdMZIQV29DcKsBi64WoGLPaMSoqo7lJy\/view?usp=sharing\">Fernanda Rivera <\/a><\/strong><\/p>\n<p><a href=\"https:\/\/drive.google.com\/file\/d\/1DdMZIQV29DcKsBi64WoGLPaMSoqo7lJy\/view?usp=sharing\"><strong>Claudia Gava<\/strong><\/a><\/td>\n<td width=\"179\">\n<p style=\"text-align: center;\"><a href=\"https:\/\/drive.google.com\/file\/d\/1DdMZIQV29DcKsBi64WoGLPaMSoqo7lJy\/view?usp=sharing\"><strong>Oscar Coca <\/strong><\/a><\/p>\n<p style=\"text-align: center;\"><strong><a href=\"https:\/\/drive.google.com\/file\/d\/1DdMZIQV29DcKsBi64WoGLPaMSoqo7lJy\/view?usp=sharing\">Walter Corval\u00e1n\u00a0<\/a>\u00a0<\/strong><\/p>\n<\/td>\n<\/tr>\n<\/tbody>\n<\/table>\n","protected":false},"excerpt":{"rendered":"<p>PLAN DE ESTUDIOS DEL PROFESORADO DE EDUCACI\u00d3N SECUNDARIA EN BIOLOG\u00cdA, F\u00cdSICA Y QUIMICA (TRONCO COM\u00daN) CON PROGRAMAS 2022\/2023 \u00a0 Materia Curso y Divisi\u00f3n 1ro 1ra 1ro 2da Espacio de la Fundamentaci\u00f3n Pedag\u00f3gica Perspectiva Filos\u00f3fico Pedag\u00f3gica I (64) Bianco Dami\u00e1n Bianco Dami\u00e1n Perspectiva Pedag\u00f3gico Did\u00e1ctica I (64) Monteros M\u00f3nica Aiassa M\u00f3nica (Supl. Santander Margarita) Perspectiva Socio &#8230; <a title=\"Programa Ciencias Naturales\" class=\"read-more\" href=\"https:\/\/isfd106-bue.infd.edu.ar\/sitio\/programa-ciencias-naturales\/\" aria-label=\"More on Programa Ciencias Naturales\">[+]<\/a><\/p>\n","protected":false},"author":589,"featured_media":0,"parent":0,"menu_order":0,"comment_status":"closed","ping_status":"closed","template":"","meta":[],"acf":[],"_links":{"self":[{"href":"https:\/\/isfd106-bue.infd.edu.ar\/sitio\/wp-json\/wp\/v2\/pages\/1515"}],"collection":[{"href":"https:\/\/isfd106-bue.infd.edu.ar\/sitio\/wp-json\/wp\/v2\/pages"}],"about":[{"href":"https:\/\/isfd106-bue.infd.edu.ar\/sitio\/wp-json\/wp\/v2\/types\/page"}],"author":[{"embeddable":true,"href":"https:\/\/isfd106-bue.infd.edu.ar\/sitio\/wp-json\/wp\/v2\/users\/589"}],"replies":[{"embeddable":true,"href":"https:\/\/isfd106-bue.infd.edu.ar\/sitio\/wp-json\/wp\/v2\/comments?post=1515"}],"version-history":[{"count":27,"href":"https:\/\/isfd106-bue.infd.edu.ar\/sitio\/wp-json\/wp\/v2\/pages\/1515\/revisions"}],"predecessor-version":[{"id":2895,"href":"https:\/\/isfd106-bue.infd.edu.ar\/sitio\/wp-json\/wp\/v2\/pages\/1515\/revisions\/2895"}],"wp:attachment":[{"href":"https:\/\/isfd106-bue.infd.edu.ar\/sitio\/wp-json\/wp\/v2\/media?parent=1515"}],"curies":[{"name":"wp","href":"https:\/\/api.w.org\/{rel}","templated":true}]}}