{"id":1434,"date":"2020-07-13T12:43:48","date_gmt":"2020-07-13T15:43:48","guid":{"rendered":"https:\/\/isfd106-bue.infd.edu.ar\/sitio\/?page_id=1434"},"modified":"2022-08-22T11:30:38","modified_gmt":"2022-08-22T14:30:38","slug":"programas-de-quimica","status":"publish","type":"page","link":"https:\/\/isfd106-bue.infd.edu.ar\/sitio\/programas-de-quimica\/","title":{"rendered":"Programas de Qu\u00edmica"},"content":{"rendered":"<p style=\"text-align: center;\"><span style=\"color: #ff0000;\"><em><strong>PLAN DE ESTUDIOS DEL<\/strong><\/em><\/span><\/p>\n<p style=\"text-align: center;\"><span style=\"color: #ff0000;\"><em><strong>PROFESORADO DE EDUCACI\u00d3N SECUNDARIA EN QU\u00cdMICA CON PROGRAMAS 2021<\/strong><\/em><\/span><\/p>\n<p style=\"text-align: center;\"><em><span style=\"color: #ff0000;\"><strong><span style=\"color: #339966;\">1er y 2do a\u00f1o tronco com\u00fan (<a href=\"https:\/\/isfd106-bue.infd.edu.ar\/sitio\/programa-ciencias-naturales\/\">ver programas aqu\u00ed<\/a>)<\/span>\u00a0<\/strong><\/span><\/em><\/p>\n<table width=\"790\">\n<tbody>\n<tr>\n<td rowspan=\"2\" width=\"246\"><strong>\u00a0<\/strong><\/td>\n<td style=\"text-align: center;\" rowspan=\"2\" width=\"315\"><strong>Materia<\/strong><\/td>\n<td style=\"text-align: center;\" width=\"229\"><strong>Curso y Divisi\u00f3n <\/strong><\/td>\n<\/tr>\n<tr>\n<td style=\"text-align: center;\" width=\"229\"><strong>3ro 4ta <\/strong><\/td>\n<\/tr>\n<tr>\n<td style=\"text-align: center;\" rowspan=\"2\" width=\"246\"><strong>Espacio de la Fundamentaci\u00f3n Pedag\u00f3gica<\/strong><\/td>\n<td style=\"text-align: center;\" width=\"315\">Perspectiva Filos\u00f3fico Pedag\u00f3gico Did\u00e1ctica (64)<\/td>\n<td style=\"text-align: center;\" width=\"229\"><strong>\u00a0<a href=\"https:\/\/drive.google.com\/file\/d\/1COyMr_Rb9U0oLU7d53PMy6sYAuCNtoSs\/view?usp=sharing\">Burgos Sara<\/a><\/strong><\/td>\n<\/tr>\n<tr>\n<td style=\"text-align: center;\" width=\"315\">Perspectiva Pol\u00edtico Institucional (64)<\/td>\n<td style=\"text-align: center;\" width=\"229\"><a href=\"https:\/\/drive.google.com\/file\/d\/1B7IS1qCrfbyRgdi32US6EJIaGeC7d7cZ\/view?usp=sharing\"><strong>\u00a0Carlos Biscak<\/strong><\/a><\/td>\n<\/tr>\n<tr>\n<td style=\"text-align: center;\" rowspan=\"6\" width=\"246\"><strong>Espacio de la Orientaci\u00f3n <\/strong><\/td>\n<td style=\"text-align: center;\" width=\"315\">Qu\u00edmica del carbono (128)<\/td>\n<td style=\"text-align: center;\" width=\"229\"><a href=\"https:\/\/drive.google.com\/file\/d\/1KWRTdhaCwBNTQRa_9wBtBED8rgMVtc7x\/view?usp=sharing\"><strong>Walter Corval\u00e1n\u00a0<\/strong><\/a><\/td>\n<\/tr>\n<tr>\n<td style=\"text-align: center;\" width=\"315\">Qu\u00edmica inorg\u00e1nica (96)<\/td>\n<td style=\"text-align: center;\" width=\"229\"><a href=\"https:\/\/drive.google.com\/file\/d\/1fKSBg42I0N_TGd1Ov_aSSwmm7cItvgPv\/view?usp=sharing\"><strong>\u00a0Faraone Laura<\/strong><\/a><\/td>\n<\/tr>\n<tr>\n<td style=\"text-align: center;\" width=\"315\">F\u00edsico &#8211; Qu\u00edmica (96)<\/td>\n<td style=\"text-align: center;\" width=\"229\"><a href=\"https:\/\/drive.google.com\/file\/d\/1Ew_wfLkx8tABGGE0hbbODXQuDMQZB1sK\/view?usp=sharing\"><strong>Ariel Rodriguez\u00a0<\/strong><\/a><\/td>\n<\/tr>\n<tr>\n<td style=\"text-align: center;\" width=\"315\">Ciencias Naturales y su ense\u00f1anza (32)<\/td>\n<td style=\"text-align: center;\" width=\"229\"><a href=\"https:\/\/drive.google.com\/file\/d\/1EbJP9CLjJvTbevytgG6W6pOfcuMejCXd\/view?usp=sharing\"><strong>Susana Langone\u00a0<\/strong><\/a><\/td>\n<\/tr>\n<tr>\n<td style=\"text-align: center;\" width=\"315\">Mineralog\u00eda (64)<\/p>\n<hr \/>\n<p>Inform\u00e1tica aplicada a la ense\u00f1anza de la qu\u00edmica (64)<\/td>\n<td style=\"text-align: center;\" width=\"229\"><b>Quintas Fabiana<\/b><\/p>\n<hr \/>\n<p><strong>\u00a0Mereles Dar\u00edo<\/strong><\/td>\n<\/tr>\n<tr>\n<td style=\"text-align: center;\" width=\"315\">Espacio de Definici\u00f3n Institucional (64)<\/td>\n<td style=\"text-align: center;\" width=\"229\"><a href=\"https:\/\/drive.google.com\/file\/d\/1-P38kcFjw3HtScfo5Wvxo-xy5HilyZuz\/view?usp=sharing\"><strong>Walter Corval\u00e1n\u00a0<\/strong><\/a><\/td>\n<\/tr>\n<tr>\n<td style=\"text-align: center;\" width=\"246\"><strong>Espacio de la Pr\u00e1ctica Docente<\/strong><\/td>\n<td style=\"text-align: center;\" width=\"315\">Espacio de la Pr\u00e1ctica Docente III (128)<\/td>\n<td style=\"text-align: center;\" width=\"229\"><strong>Claudia Gava <\/strong><\/p>\n<p><a href=\"https:\/\/drive.google.com\/file\/d\/1OO6U00HtZ9vJ1qnFpy4c1PplXwj5AXfn\/view?usp=sharing\"><strong>Dario Chazarreta\u00a0<\/strong><\/a><\/td>\n<\/tr>\n<\/tbody>\n<\/table>\n<table width=\"790\">\n<tbody>\n<tr>\n<td rowspan=\"2\" width=\"246\"><strong>\u00a0<\/strong><\/td>\n<td style=\"text-align: center;\" rowspan=\"2\" width=\"315\"><strong>Materia<\/strong><\/td>\n<td style=\"text-align: center;\" width=\"229\"><strong>Curso y Divisi\u00f3n <\/strong><\/td>\n<\/tr>\n<tr>\n<td style=\"text-align: center;\" width=\"229\"><strong>4to 4ta <\/strong><\/td>\n<\/tr>\n<tr>\n<td style=\"text-align: center;\" rowspan=\"9\" width=\"246\"><strong>Espacio de la Orientaci\u00f3n <\/strong><\/td>\n<td style=\"text-align: center;\" width=\"315\">Qu\u00edmica biol\u00f3gica (96)<\/td>\n<td style=\"text-align: center;\" width=\"229\"><strong>\u00a0<a href=\"https:\/\/drive.google.com\/file\/d\/1487gWUSxJBDzHqOYxZFtLsf_n9TlDIM9\/view?usp=sharing\">Teresita Fanger<\/a><\/strong><\/td>\n<\/tr>\n<tr>\n<td style=\"text-align: center;\" width=\"315\">An\u00e1lisis qu\u00edmico (64)<\/td>\n<td style=\"text-align: center;\" width=\"229\"><strong>\u00a0<a href=\"https:\/\/drive.google.com\/file\/d\/1vCq9GJZnIsfz8gAktfnGXrc4oWZjUhhm\/view?usp=sharing\">Juan Santonocito (Supl. Rodr\u00edguez Ariel)<\/a><\/strong><\/td>\n<\/tr>\n<tr>\n<td style=\"text-align: center;\" width=\"315\">Qu\u00edmica del ambiente (64)<\/td>\n<td style=\"text-align: center;\" width=\"229\"><a href=\"https:\/\/drive.google.com\/file\/d\/1nyxu33CsG5gRsAJINuFWO0U56k4fUYyF\/view?usp=sharing\"><strong>Gabriela Zucchelli\u00a0<\/strong><\/a><\/td>\n<\/tr>\n<tr>\n<td style=\"text-align: center;\" width=\"315\">Qu\u00edmica de los alimentos (64)<\/td>\n<td style=\"text-align: center;\" width=\"229\"><strong>\u00a0<a href=\"https:\/\/drive.google.com\/file\/d\/1gELODTiT1JKNqGhPzB-w1x3R7cO1gnLa\/view?usp=sharing\">Dubbini Graciela<\/a><\/strong><\/td>\n<\/tr>\n<tr>\n<td style=\"text-align: center;\" width=\"315\">Industrias qu\u00edmicas, procesos y operaciones (96)<\/td>\n<td style=\"text-align: center;\" width=\"229\"><a href=\"https:\/\/drive.google.com\/file\/d\/1AEtmW9fHgcCvXe_cvRzqya8N7Bl7402e\/view?usp=sharing\"><strong>\u00a0Ariel Rodriguez<\/strong><\/a><\/td>\n<\/tr>\n<tr>\n<td style=\"text-align: center;\" width=\"315\">F\u00edsico \u2013 Qu\u00edmica II (64)<\/td>\n<td style=\"text-align: center;\" width=\"229\"><a href=\"https:\/\/drive.google.com\/file\/d\/1hTYFv80kW3JtTD6_tM5vXoMgGIRRwlAx\/view?usp=sharing\"><strong>\u00a0Dubbini Graciela<\/strong><\/a><\/td>\n<\/tr>\n<tr>\n<td style=\"text-align: center;\" width=\"315\">Qu\u00edmica y su ense\u00f1anza (64)<\/td>\n<td style=\"text-align: center;\" width=\"229\"><strong>\u00a0Gava Claudia<\/strong><\/td>\n<\/tr>\n<tr>\n<td style=\"text-align: center;\" width=\"315\">Metodolog\u00eda de la investigaci\u00f3n educativa en Qu\u00edmica (64)<\/td>\n<td style=\"text-align: center;\" width=\"229\"><strong>\u00a0Gava Claudia<\/strong><\/td>\n<\/tr>\n<tr>\n<td style=\"text-align: center;\" width=\"315\">Espacio de Definici\u00f3n Institucional (96)<\/td>\n<td style=\"text-align: center;\" width=\"229\"><strong>\u00a0Pi Andrea<\/strong><\/td>\n<\/tr>\n<tr>\n<td style=\"text-align: center;\" width=\"246\"><strong>Espacio de la Pr\u00e1ctica Docente<\/strong><\/td>\n<td style=\"text-align: center;\" width=\"315\">Espacio de la Pr\u00e1ctica Docente IV (128)<\/td>\n<td style=\"text-align: center;\" width=\"229\"><strong>\u00a0Gava Claudia<\/strong><\/td>\n<\/tr>\n<\/tbody>\n<\/table>\n<p>&#8212;&#8212;&#8212;&#8212;&#8212;&#8212;&#8212;&#8212;&#8212;&#8212;&#8212;&#8212;&#8212;&#8212;&#8212;&#8212;&#8212;&#8212;&#8212;&#8212;&#8212;&#8212;&#8212;&#8212;&#8212;&#8212;&#8212;&#8212;&#8212;&#8212;&#8212;&#8212;&#8212;&#8212;&#8212;&#8212;&#8212;&#8212;&#8212;&#8212;&#8212;&#8212;&#8212;&#8212;&#8212;&#8212;&#8212;&#8212;&#8212;&#8212;&#8212;&#8212;&#8212;&#8212;&#8212;&#8212;&#8212;&#8212;&#8212;&#8212;&#8212;&#8212;&#8212;&#8212;&#8212;&#8212;&#8212;&#8212;&#8212;&#8212;&#8212;&#8212;-<\/p>\n<p style=\"text-align: center;\"><span style=\"color: #ff0000;\"><em><strong>PLAN DE ESTUDIOS DEL<\/strong><\/em><\/span><\/p>\n<p style=\"text-align: center;\"><span style=\"color: #ff0000;\"><em><strong>PROFESORADO DE EDUCACI\u00d3N SECUNDARIA EN QU\u00cdMICA CON PROGRAMAS 2020<\/strong><\/em><\/span><\/p>\n<p style=\"text-align: center;\"><em><span style=\"color: #ff0000;\"><strong><span style=\"color: #339966;\">1er y 2do a\u00f1o tronco com\u00fan (<a href=\"https:\/\/isfd106-bue.infd.edu.ar\/sitio\/programa-ciencias-naturales\/\">ver programas aqu\u00ed<\/a>)<\/span>\u00a0<\/strong><\/span><\/em><\/p>\n<table width=\"790\">\n<tbody>\n<tr>\n<td rowspan=\"2\" width=\"246\"><strong>\u00a0<\/strong><\/td>\n<td style=\"text-align: center;\" rowspan=\"2\" width=\"315\"><strong>Materia<\/strong><\/td>\n<td style=\"text-align: center;\" width=\"229\"><strong>Curso y Divisi\u00f3n <\/strong><\/td>\n<\/tr>\n<tr>\n<td style=\"text-align: center;\" width=\"229\"><strong>3ro 4ta <\/strong><\/td>\n<\/tr>\n<tr>\n<td style=\"text-align: center;\" rowspan=\"2\" width=\"246\"><strong>Espacio de la Fundamentaci\u00f3n Pedag\u00f3gica<\/strong><\/td>\n<td style=\"text-align: center;\" width=\"315\">Perspectiva Filos\u00f3fico Pedag\u00f3gico Did\u00e1ctica (64)<\/td>\n<td style=\"text-align: center;\" width=\"229\"><strong>\u00a0<a href=\"https:\/\/drive.google.com\/file\/d\/1uIUPXHyzElCZgS7o9ZflnMo8kgd4WUfl\/view?usp=sharing\">Burgos Sara<\/a><\/strong><\/td>\n<\/tr>\n<tr>\n<td style=\"text-align: center;\" width=\"315\">Perspectiva Pol\u00edtico Institucional (64)<\/td>\n<td style=\"text-align: center;\" width=\"229\"><strong>\u00a0<a href=\"https:\/\/drive.google.com\/file\/d\/1L381Uu89SDGHuiLMr-LZABXH1prRJeW4\/view?usp=sharing\">Carlos Biscak<\/a><\/strong><\/td>\n<\/tr>\n<tr>\n<td style=\"text-align: center;\" rowspan=\"6\" width=\"246\"><strong>Espacio de la Orientaci\u00f3n <\/strong><\/td>\n<td style=\"text-align: center;\" width=\"315\">Qu\u00edmica del carbono (128)<\/td>\n<td style=\"text-align: center;\" width=\"229\"><strong><a href=\"https:\/\/drive.google.com\/file\/d\/1CcAKydxKJ1MDjNzqzf7RPCMWz4oFFxjP\/view?usp=sharing\">Walter Corval\u00e1n<\/a>\u00a0<\/strong><\/td>\n<\/tr>\n<tr>\n<td style=\"text-align: center;\" width=\"315\">Qu\u00edmica inorg\u00e1nica (96)<\/td>\n<td style=\"text-align: center;\" width=\"229\"><strong>\u00a0<a href=\"https:\/\/drive.google.com\/file\/d\/1VguNqCO2gxfGyoqyMneNti8ne-YpyGYL\/view?usp=sharing\">Faraone Laura<\/a><\/strong><\/td>\n<\/tr>\n<tr>\n<td style=\"text-align: center;\" width=\"315\">F\u00edsico &#8211; Qu\u00edmica (96)<\/td>\n<td style=\"text-align: center;\" width=\"229\"><strong><a href=\"https:\/\/drive.google.com\/file\/d\/1VPqJriyoIvGHaCOnQv53ILPydgJdRq9-\/view?usp=sharing\">Ariel Rodriguez<\/a>\u00a0<\/strong><\/td>\n<\/tr>\n<tr>\n<td style=\"text-align: center;\" width=\"315\">Ciencias Naturales y su ense\u00f1anza (32)<\/td>\n<td style=\"text-align: center;\" width=\"229\"><strong><a href=\"https:\/\/drive.google.com\/file\/d\/1U97Y2BeNe75EbJHOU0PSNi6Ny2A7fQPf\/view?usp=sharing\">Susana Langone<\/a>\u00a0<\/strong><\/td>\n<\/tr>\n<tr>\n<td style=\"text-align: center;\" width=\"315\">Mineralog\u00eda (64)<\/p>\n<hr \/>\n<p>Inform\u00e1tica aplicada a la ense\u00f1anza de la qu\u00edmica (64)<\/td>\n<td style=\"text-align: center;\" width=\"229\"><a href=\"https:\/\/drive.google.com\/file\/d\/1t0ZFexffDK1aeFD8Ae-sJ0TkYoTD0JkK\/view?usp=sharing\"><strong>Pablo Torres<\/strong><\/a><\/p>\n<hr \/>\n<p><strong>\u00a0Mereles Dar\u00edo<\/strong><\/td>\n<\/tr>\n<tr>\n<td style=\"text-align: center;\" width=\"315\">Espacio de Definici\u00f3n Institucional (64)<\/td>\n<td style=\"text-align: center;\" width=\"229\"><strong><a href=\"https:\/\/drive.google.com\/file\/d\/1ZJkkWFIYwxmIB7VLdbnkuggIqbr8iPSU\/view?usp=sharing\">Walter Corval\u00e1n<\/a>\u00a0<\/strong><\/td>\n<\/tr>\n<tr>\n<td style=\"text-align: center;\" width=\"246\"><strong>Espacio de la Pr\u00e1ctica Docente<\/strong><\/td>\n<td style=\"text-align: center;\" width=\"315\">Espacio de la Pr\u00e1ctica Docente III (128)<\/td>\n<td style=\"text-align: center;\" width=\"229\"><a href=\"https:\/\/drive.google.com\/file\/d\/1DY4n8xiN1jfacFLSrAmjoa35CtXDZ4A1\/view?usp=sharing\"><strong>Claudia Gava <\/strong><\/a><\/p>\n<p><a href=\"https:\/\/drive.google.com\/file\/d\/1DY4n8xiN1jfacFLSrAmjoa35CtXDZ4A1\/view?usp=sharing\"><strong>Dario Chazarreta\u00a0<\/strong><\/a><\/td>\n<\/tr>\n<\/tbody>\n<\/table>\n<table width=\"790\">\n<tbody>\n<tr>\n<td rowspan=\"2\" width=\"246\"><strong>\u00a0<\/strong><\/td>\n<td style=\"text-align: center;\" rowspan=\"2\" width=\"315\"><strong>Materia<\/strong><\/td>\n<td style=\"text-align: center;\" width=\"229\"><strong>Curso y Divisi\u00f3n <\/strong><\/td>\n<\/tr>\n<tr>\n<td style=\"text-align: center;\" width=\"229\"><strong>4to 4ta <\/strong><\/td>\n<\/tr>\n<tr>\n<td style=\"text-align: center;\" rowspan=\"9\" width=\"246\"><strong>Espacio de la Orientaci\u00f3n <\/strong><\/td>\n<td style=\"text-align: center;\" width=\"315\">Qu\u00edmica biol\u00f3gica (96)<\/td>\n<td style=\"text-align: center;\" width=\"229\"><strong>\u00a0<a href=\"https:\/\/drive.google.com\/file\/d\/1GgcgVLOYCRZHv6QwDpS_TM1_P8ASPP7z\/view?usp=sharing\">Teresita Fanger<\/a><\/strong><\/td>\n<\/tr>\n<tr>\n<td style=\"text-align: center;\" width=\"315\">An\u00e1lisis qu\u00edmico (64)<\/td>\n<td style=\"text-align: center;\" width=\"229\"><a href=\"https:\/\/drive.google.com\/file\/d\/1AgtM7QQ0I0WjQsvFfwkylsNuFqFhzxSB\/view?usp=sharing\"><strong>\u00a0Juan Santonocito<\/strong><\/a><\/td>\n<\/tr>\n<tr>\n<td style=\"text-align: center;\" width=\"315\">Qu\u00edmica del ambiente (64)<\/td>\n<td style=\"text-align: center;\" width=\"229\"><a href=\"https:\/\/drive.google.com\/file\/d\/1wdU5pZmiF0SA7cdkkrM248n_pTmJN7uc\/view?usp=sharing\"><strong>Gabriela Zucchelli\u00a0<\/strong><\/a><\/td>\n<\/tr>\n<tr>\n<td style=\"text-align: center;\" width=\"315\">Qu\u00edmica de los alimentos (64)<\/td>\n<td style=\"text-align: center;\" width=\"229\"><strong>\u00a0Dubbini Graciela<\/strong><\/td>\n<\/tr>\n<tr>\n<td style=\"text-align: center;\" width=\"315\">Industrias qu\u00edmicas, procesos y operaciones (96)<\/td>\n<td style=\"text-align: center;\" width=\"229\"><strong>\u00a0<a href=\"https:\/\/drive.google.com\/file\/d\/1UU-HmgofyEwl6WDXseSO-tDxvh7jbpwI\/view?usp=sharing\">Ariel Rodriguez<\/a><\/strong><\/td>\n<\/tr>\n<tr>\n<td style=\"text-align: center;\" width=\"315\">F\u00edsico \u2013 Qu\u00edmica II (64)<\/td>\n<td style=\"text-align: center;\" width=\"229\"><strong>\u00a0Dubbini Graciela<\/strong><\/td>\n<\/tr>\n<tr>\n<td style=\"text-align: center;\" width=\"315\">Qu\u00edmica y su ense\u00f1anza (64)<\/td>\n<td style=\"text-align: center;\" width=\"229\"><strong>\u00a0Gava Claudia<\/strong><\/td>\n<\/tr>\n<tr>\n<td style=\"text-align: center;\" width=\"315\">Metodolog\u00eda de la investigaci\u00f3n educativa en Qu\u00edmica (64)<\/td>\n<td style=\"text-align: center;\" width=\"229\"><strong>\u00a0Gava Claudia<\/strong><\/td>\n<\/tr>\n<tr>\n<td style=\"text-align: center;\" width=\"315\">Espacio de Definici\u00f3n Institucional (96)<\/td>\n<td style=\"text-align: center;\" width=\"229\"><strong>\u00a0Pi Andrea<\/strong><\/td>\n<\/tr>\n<tr>\n<td style=\"text-align: center;\" width=\"246\"><strong>Espacio de la Pr\u00e1ctica Docente<\/strong><\/td>\n<td style=\"text-align: center;\" width=\"315\">Espacio de la Pr\u00e1ctica Docente IV (128)<\/td>\n<td style=\"text-align: center;\" width=\"229\"><strong>\u00a0Gava Claudia<\/strong><\/td>\n<\/tr>\n<\/tbody>\n<\/table>\n","protected":false},"excerpt":{"rendered":"<p>PLAN DE ESTUDIOS DEL PROFESORADO DE EDUCACI\u00d3N SECUNDARIA EN QU\u00cdMICA CON PROGRAMAS 2021 1er y 2do a\u00f1o tronco com\u00fan (ver programas aqu\u00ed)\u00a0 \u00a0 Materia Curso y Divisi\u00f3n 3ro 4ta Espacio de la Fundamentaci\u00f3n Pedag\u00f3gica Perspectiva Filos\u00f3fico Pedag\u00f3gico Did\u00e1ctica (64) \u00a0Burgos Sara Perspectiva Pol\u00edtico Institucional (64) \u00a0Carlos Biscak Espacio de la Orientaci\u00f3n Qu\u00edmica del carbono (128) &#8230; <a title=\"Programas de Qu\u00edmica\" class=\"read-more\" href=\"https:\/\/isfd106-bue.infd.edu.ar\/sitio\/programas-de-quimica\/\" aria-label=\"More on Programas de Qu\u00edmica\">[+]<\/a><\/p>\n","protected":false},"author":589,"featured_media":0,"parent":0,"menu_order":0,"comment_status":"closed","ping_status":"closed","template":"","meta":[],"acf":[],"_links":{"self":[{"href":"https:\/\/isfd106-bue.infd.edu.ar\/sitio\/wp-json\/wp\/v2\/pages\/1434"}],"collection":[{"href":"https:\/\/isfd106-bue.infd.edu.ar\/sitio\/wp-json\/wp\/v2\/pages"}],"about":[{"href":"https:\/\/isfd106-bue.infd.edu.ar\/sitio\/wp-json\/wp\/v2\/types\/page"}],"author":[{"embeddable":true,"href":"https:\/\/isfd106-bue.infd.edu.ar\/sitio\/wp-json\/wp\/v2\/users\/589"}],"replies":[{"embeddable":true,"href":"https:\/\/isfd106-bue.infd.edu.ar\/sitio\/wp-json\/wp\/v2\/comments?post=1434"}],"version-history":[{"count":21,"href":"https:\/\/isfd106-bue.infd.edu.ar\/sitio\/wp-json\/wp\/v2\/pages\/1434\/revisions"}],"predecessor-version":[{"id":3091,"href":"https:\/\/isfd106-bue.infd.edu.ar\/sitio\/wp-json\/wp\/v2\/pages\/1434\/revisions\/3091"}],"wp:attachment":[{"href":"https:\/\/isfd106-bue.infd.edu.ar\/sitio\/wp-json\/wp\/v2\/media?parent=1434"}],"curies":[{"name":"wp","href":"https:\/\/api.w.org\/{rel}","templated":true}]}}