{"id":1430,"date":"2020-07-13T12:09:04","date_gmt":"2020-07-13T15:09:04","guid":{"rendered":"https:\/\/isfd106-bue.infd.edu.ar\/sitio\/?page_id=1430"},"modified":"2022-08-22T11:20:38","modified_gmt":"2022-08-22T14:20:38","slug":"programas-de-biologia","status":"publish","type":"page","link":"https:\/\/isfd106-bue.infd.edu.ar\/sitio\/programas-de-biologia\/","title":{"rendered":"Programas de Biolog\u00eda"},"content":{"rendered":"<p style=\"text-align: center;\"><em><span style=\"color: #ff0000;\"><strong>PLAN DE ESTUDIOS DEL<\/strong><\/span><\/em><\/p>\n<p style=\"text-align: center;\"><em><span style=\"color: #ff0000;\"><strong>PROFESORADO DE EDUCACI\u00d3N SECUNDARIA EN BIOLOG\u00cdA CON PROGRAMAS 2021<\/strong><\/span><\/em><\/p>\n<p style=\"text-align: center;\"><em><span style=\"color: #ff0000;\"><strong><span style=\"color: #339966;\">1er y 2do a\u00f1o tronco com\u00fan (<a href=\"https:\/\/isfd106-bue.infd.edu.ar\/sitio\/programa-ciencias-naturales\/\">ver programas aqu\u00ed<\/a>)<\/span>\u00a0<\/strong><\/span><\/em><\/p>\n<table width=\"632\">\n<tbody>\n<tr>\n<td rowspan=\"2\" width=\"197\">\n<p style=\"text-align: center;\"><strong>\u00a0<\/strong><\/p>\n<\/td>\n<td style=\"text-align: center;\" rowspan=\"2\" width=\"252\"><strong>Materia<\/strong><\/td>\n<td style=\"text-align: center;\" width=\"184\"><strong>Curso y Divisi\u00f3n <\/strong><\/td>\n<\/tr>\n<tr>\n<td width=\"184\">\n<p style=\"text-align: center;\"><strong>3ro 1ra<\/strong><\/p>\n<\/td>\n<\/tr>\n<tr>\n<td rowspan=\"2\" width=\"197\">\n<p style=\"text-align: center;\"><strong>Espacio de la Fundamentaci\u00f3n Pedag\u00f3gica<\/strong><\/p>\n<\/td>\n<td width=\"252\">\n<p style=\"text-align: center;\">Perspectiva Filos\u00f3fico Pedag\u00f3gico Did\u00e1ctica (64)<\/p>\n<\/td>\n<td style=\"text-align: center;\" width=\"184\"><a href=\"https:\/\/drive.google.com\/file\/d\/19zkQZUPIOA1eZgGsoUzgG3DsF3ogl0oO\/view?usp=sharing\"><strong>Burgos Sara<\/strong><\/a><\/td>\n<\/tr>\n<tr>\n<td width=\"252\">\n<p style=\"text-align: center;\">Perspectiva Pol\u00edtico Institucional (64)<\/p>\n<\/td>\n<td width=\"184\">\n<p style=\"text-align: center;\"><a href=\"https:\/\/drive.google.com\/file\/d\/1nXdNRjI9mM0RtaiZFbI8JMwYLwLPGkIK\/view?usp=sharing\"><strong>Ben\u00edtez Emilce<\/strong><\/a><\/p>\n<\/td>\n<\/tr>\n<tr>\n<td rowspan=\"8\" width=\"197\">\n<p style=\"text-align: center;\"><strong>Espacio de la Orientaci\u00f3n <\/strong><\/p>\n<\/td>\n<td width=\"252\">\n<p style=\"text-align: center;\">Biolog\u00eda celular y molecular\u00a0 (64)<\/p>\n<\/td>\n<td style=\"text-align: center;\" width=\"184\"><a href=\"https:\/\/drive.google.com\/file\/d\/1Xa4uu0mr8VI4buIlwKQr1Gb7ITcDCFHr\/view?usp=sharing\"><strong>Chazarreta Dar\u00edo <\/strong><\/a><\/td>\n<\/tr>\n<tr>\n<td width=\"252\">\n<p style=\"text-align: center;\">Biolog\u00eda de los organismos celulares y plantas (96)<\/p>\n<\/td>\n<td style=\"text-align: center;\" width=\"184\"><a href=\"https:\/\/drive.google.com\/file\/d\/1UcaF9YpCGIQxXnw0XGLKzSGYB99C2SBp\/view?usp=sharing\"><strong>Langone Susana<\/strong><\/a><\/td>\n<\/tr>\n<tr>\n<td width=\"252\">\n<p style=\"text-align: center;\">Biolog\u00eda Humana (96)<\/p>\n<\/td>\n<td width=\"184\">\n<p style=\"text-align: center;\"><a href=\"https:\/\/drive.google.com\/file\/d\/10hYiSzGo_9pggo9xZiG2e_UUsdqGhNG7\/view?usp=sharing\"><strong>Castronuovo Susana<\/strong><\/a><\/p>\n<\/td>\n<\/tr>\n<tr>\n<td style=\"text-align: center;\" width=\"252\">Biolog\u00eda de los animales (64)<\/td>\n<td width=\"184\">\n<p style=\"text-align: center;\"><a href=\"https:\/\/drive.google.com\/file\/d\/17ebD_sgph2AbwI8sYFTroekACEQmdyTZ\/view?usp=sharing\"><strong>Ban Adriana<\/strong><\/a><\/p>\n<\/td>\n<\/tr>\n<tr>\n<td style=\"text-align: center;\" width=\"252\">Ciencias Naturales y su ense\u00f1anza (32)<\/td>\n<td width=\"184\">\n<p style=\"text-align: center;\"><a href=\"https:\/\/drive.google.com\/file\/d\/12vAwjW5iH3Ft38BKUZxZFHSYlnKaehRn\/view?usp=sharing\"><strong>Ruina Mar\u00eda<\/strong><\/a><\/p>\n<\/td>\n<\/tr>\n<tr>\n<td width=\"252\">\n<p style=\"text-align: center;\">F\u00edsica biol\u00f3gica y laboratorio (64)<\/p>\n<\/td>\n<td style=\"text-align: center;\" width=\"184\"><a href=\"https:\/\/drive.google.com\/file\/d\/1DP55XB7B-957-68RyLrsBUQZk_zuvflr\/view?usp=sharing\"><strong>Petersen Jorge<\/strong><\/a><\/td>\n<\/tr>\n<tr>\n<td style=\"text-align: center;\" width=\"252\">Qu\u00edmica biol\u00f3gica y laboratorio (64)<\/td>\n<td width=\"184\">\n<p style=\"text-align: center;\"><a href=\"https:\/\/drive.google.com\/file\/d\/1po7YhheiZpvZ_6_N08PJB4et-NvIJthx\/view?usp=sharing\"><strong>Corval\u00e1n Walter<\/strong><\/a><\/p>\n<\/td>\n<\/tr>\n<tr>\n<td width=\"252\">\n<p style=\"text-align: center;\">Espacio de Definici\u00f3n Institucional (64)<\/p>\n<\/td>\n<td style=\"text-align: center;\" width=\"184\"><strong>Medini J\u00e9sica<\/strong><\/td>\n<\/tr>\n<tr>\n<td width=\"197\">\n<p style=\"text-align: center;\"><strong>Espacio de la Pr\u00e1ctica Docente<\/strong><\/p>\n<\/td>\n<td style=\"text-align: center;\" width=\"252\">Espacio de la Pr\u00e1ctica Docente III (128)<\/td>\n<td width=\"184\">\n<p style=\"text-align: center;\"><a href=\"https:\/\/drive.google.com\/file\/d\/1Ezs9oKzq7BDCJ9AAh4YXFZOWqJlIHHXl\/view?usp=sharing\"><strong>Ban Adriana<\/strong><\/a><\/p>\n<\/td>\n<\/tr>\n<\/tbody>\n<\/table>\n<p style=\"text-align: center;\">\n<table style=\"height: 860px;\" width=\"1019\">\n<tbody>\n<tr>\n<td rowspan=\"2\" width=\"197\"><strong>\u00a0<\/strong><\/td>\n<td rowspan=\"2\" width=\"252\">\n<p style=\"text-align: center;\"><strong>Materia<\/strong><\/p>\n<\/td>\n<td style=\"text-align: center;\" width=\"184\"><strong>Curso y Divisi\u00f3n <\/strong><\/td>\n<\/tr>\n<tr>\n<td width=\"184\">\n<p style=\"text-align: center;\"><strong>4to 1ra<\/strong><\/p>\n<\/td>\n<\/tr>\n<tr>\n<td rowspan=\"9\" width=\"197\">\n<p style=\"text-align: center;\"><strong>Espacio de la Orientaci\u00f3n <\/strong><\/p>\n<\/td>\n<td width=\"252\">\n<p style=\"text-align: center;\">Biolog\u00eda del desarrollo animal (64)<\/p>\n<\/td>\n<td style=\"text-align: center;\" width=\"184\"><a href=\"https:\/\/drive.google.com\/file\/d\/1lhIYv5_jp0QTXXaF_jy6fBme5I5bfaXH\/view?usp=sharing\"><strong>Castronuovo Susana<\/strong><\/a><\/td>\n<\/tr>\n<tr>\n<td style=\"text-align: center;\" width=\"252\">Ecolog\u00eda (96)<\/td>\n<td width=\"184\">\n<p style=\"text-align: center;\"><a href=\"https:\/\/drive.google.com\/file\/d\/17DBWuK4ZvyV00gQcXNxOXFI7jr0AN35T\/view?usp=sharing\"><strong>Carrizo Natalia<\/strong><\/a><\/p>\n<\/td>\n<\/tr>\n<tr>\n<td width=\"252\">\n<p style=\"text-align: center;\">Evoluci\u00f3n (128)<\/p>\n<\/td>\n<td style=\"text-align: center;\" width=\"184\"><strong>Manassero Andrea <\/strong><\/td>\n<\/tr>\n<tr>\n<td style=\"text-align: center;\" width=\"252\">Gen\u00e9tica molecular (96)<\/td>\n<td width=\"184\">\n<p style=\"text-align: center;\"><a href=\"https:\/\/drive.google.com\/file\/d\/10dbspLvK7gPJ41I23BhT5JmyzzMKtQJP\/view?usp=sharing\"><strong>Carrizo Natalia<\/strong><\/a><\/p>\n<\/td>\n<\/tr>\n<tr>\n<td width=\"252\">\n<p style=\"text-align: center;\">Anatom\u00eda comparada (64)<\/p>\n<\/td>\n<td style=\"text-align: center;\" width=\"184\"><strong>Rusca Facundo<\/strong><\/td>\n<\/tr>\n<tr>\n<td style=\"text-align: center;\" width=\"252\">Biolog\u00eda y su ense\u00f1anza (64)<\/td>\n<td width=\"184\">\n<p style=\"text-align: center;\"><a href=\"https:\/\/drive.google.com\/file\/d\/10f_df6rFnjnwtMq_x-fh7d24Xh3bm00Z\/view?usp=sharing\"><strong>Ruina Mar\u00eda<\/strong><\/a><\/p>\n<\/td>\n<\/tr>\n<tr>\n<td width=\"252\">\n<p style=\"text-align: center;\">Antropolog\u00eda (32)<\/p>\n<\/td>\n<td style=\"text-align: center;\" width=\"184\"><a href=\"https:\/\/drive.google.com\/file\/d\/1od7jeJLDPdE3ak6nmKlX5d1zs-q2TPNK\/view?usp=sharing\"><strong>Acosta Mariana<\/strong><\/a><\/td>\n<\/tr>\n<tr>\n<td style=\"text-align: center;\" width=\"252\">Metodolog\u00eda de la investigaci\u00f3n (64)<\/td>\n<td width=\"184\">\n<p style=\"text-align: center;\"><a href=\"https:\/\/drive.google.com\/file\/d\/1Sqo2wyfop3uHlPKu_B4e_pN1virpA9Y0\/view?usp=sharing\"><strong>Rosalez Paola<\/strong><\/a><\/p>\n<\/td>\n<\/tr>\n<tr>\n<td width=\"252\">\n<p style=\"text-align: center;\">Espacio de Definici\u00f3n Institucional (64)<\/p>\n<\/td>\n<td style=\"text-align: center;\" width=\"184\"><a href=\"https:\/\/drive.google.com\/file\/d\/17ryFMvTlE0xTxoQdZwM-9FWeAciUDY_g\/view?usp=sharing\"><strong>Figliuolo Gabriela <\/strong><\/a><\/td>\n<\/tr>\n<tr>\n<td style=\"text-align: center;\" width=\"197\"><strong>Espacio de la Pr\u00e1ctica Docente<\/strong><\/td>\n<td style=\"text-align: center;\" width=\"252\">Espacio de la Pr\u00e1ctica Docente IV (128)<\/td>\n<td width=\"184\">\n<p style=\"text-align: center;\"><a href=\"https:\/\/drive.google.com\/file\/d\/14dlfzUIVvmdgDKkkcoOs3DA6rpDxwI24\/view?usp=sharing\"><strong>Chazarreta Dar\u00edo<\/strong><\/a><\/p>\n<\/td>\n<\/tr>\n<\/tbody>\n<\/table>\n<p>&#8212;&#8212;&#8212;&#8212;&#8212;&#8212;&#8212;&#8212;&#8212;&#8212;&#8212;&#8212;&#8212;&#8212;&#8212;&#8212;&#8212;&#8212;&#8212;&#8212;&#8212;&#8212;&#8212;&#8212;&#8212;&#8212;&#8212;&#8212;&#8212;&#8212;&#8212;&#8212;&#8212;&#8212;&#8212;&#8212;&#8212;&#8212;&#8212;&#8212;&#8212;&#8212;&#8212;&#8212;&#8212;&#8212;&#8212;&#8212;&#8212;&#8212;&#8212;&#8212;&#8212;&#8212;&#8212;&#8212;&#8212;&#8212;&#8212;&#8212;&#8212;&#8212;&#8212;&#8212;&#8212;&#8212;&#8212;&#8212;&#8212;&#8212;&#8212;&#8212;-<\/p>\n<p style=\"text-align: center;\"><em><span style=\"color: #ff0000;\"><strong>PLAN DE ESTUDIOS DEL<\/strong><\/span><\/em><\/p>\n<p style=\"text-align: center;\"><em><span style=\"color: #ff0000;\"><strong>PROFESORADO DE EDUCACI\u00d3N SECUNDARIA EN BIOLOG\u00cdA CON PROGRAMAS 2020<\/strong><\/span><\/em><\/p>\n<p style=\"text-align: center;\"><em><span style=\"color: #ff0000;\"><strong><span style=\"color: #339966;\">1er y 2do a\u00f1o tronco com\u00fan (<a href=\"https:\/\/isfd106-bue.infd.edu.ar\/sitio\/programa-ciencias-naturales\/\">ver programas aqu\u00ed<\/a>)<\/span>\u00a0<\/strong><\/span><\/em><\/p>\n<table width=\"790\">\n<tbody>\n<tr>\n<td rowspan=\"2\" width=\"246\"><strong>\u00a0<\/strong><\/td>\n<td style=\"text-align: center;\" rowspan=\"2\" width=\"315\"><strong>Materia<\/strong><\/td>\n<td style=\"text-align: center;\" width=\"229\"><strong>Curso y Divisi\u00f3n <\/strong><\/td>\n<\/tr>\n<tr>\n<td style=\"text-align: center;\" width=\"229\"><strong>3ro 5ta <\/strong><\/td>\n<\/tr>\n<tr>\n<td style=\"text-align: center;\" rowspan=\"2\" width=\"246\"><strong>Espacio de la Fundamentaci\u00f3n Pedag\u00f3gica<\/strong><\/td>\n<td style=\"text-align: center;\" width=\"315\">Perspectiva Filos\u00f3fico Pedag\u00f3gico Did\u00e1ctica (64)<\/td>\n<td style=\"text-align: center;\" width=\"229\"><strong>\u00a0<\/strong><\/td>\n<\/tr>\n<tr>\n<td style=\"text-align: center;\" width=\"315\">Perspectiva Pol\u00edtico Institucional (64)<\/td>\n<td width=\"229\"><strong>\u00a0<\/strong><\/td>\n<\/tr>\n<tr>\n<td style=\"text-align: center;\" rowspan=\"8\" width=\"246\"><strong>Espacio de la Orientaci\u00f3n <\/strong><\/td>\n<td style=\"text-align: center;\" width=\"315\">Biolog\u00eda celular y molecular\u00a0 (64)<\/td>\n<td style=\"text-align: center;\" width=\"229\"><strong><a href=\"https:\/\/drive.google.com\/file\/d\/1LL_ebLcKhdkDhlyiseKPW6LYKr5lDbAL\/view?usp=sharing\">Chazarreta Dario<\/a>\u00a0<\/strong><\/td>\n<\/tr>\n<tr>\n<td style=\"text-align: center;\" width=\"315\">Biolog\u00eda de los organismos celulares y plantas (96)<\/td>\n<td style=\"text-align: center;\" width=\"229\"><strong>\u00a0<\/strong><\/td>\n<\/tr>\n<tr>\n<td style=\"text-align: center;\" width=\"315\">Biolog\u00eda Humana (96)<\/td>\n<td style=\"text-align: center;\" width=\"229\"><strong>\u00a0<a href=\"https:\/\/drive.google.com\/file\/d\/1jDy9XgOebhRIY2xqlmGRQh4MnVaSs9Gv\/view?usp=sharing\">Castronuovo Susana\u00a0<\/a><\/strong><\/td>\n<\/tr>\n<tr>\n<td style=\"text-align: center;\" width=\"315\">Biolog\u00eda de los animales (64)<\/td>\n<td style=\"text-align: center;\" width=\"229\"><strong>\u00a0<a href=\"https:\/\/drive.google.com\/file\/d\/1osR4lMxHqSyLQbioXymQVQJ5xQjhmn-8\/view?usp=sharing\">Ban Adriana<\/a>\u00a0<\/strong><\/td>\n<\/tr>\n<tr>\n<td style=\"text-align: center;\" width=\"315\">Ciencias Naturales y su ense\u00f1anza (32)<\/td>\n<td style=\"text-align: center;\" width=\"229\"><strong><a href=\"https:\/\/drive.google.com\/file\/d\/1X8qDX0Rh12aWZhMsXEfzYBQjBzCXB4AC\/view?usp=sharing\">Ruina Mar\u00eda<\/a>\u00a0\u00a0<\/strong><\/td>\n<\/tr>\n<tr>\n<td style=\"text-align: center;\" width=\"315\">F\u00edsica biol\u00f3gica y laboratorio (64)<\/td>\n<td style=\"text-align: center;\" width=\"229\"><strong>\u00a0<a href=\"https:\/\/drive.google.com\/file\/d\/1iK5C-aVOiPGq_Jq1NHMSrAq_uCgupkwl\/view?usp=sharing\">Petersen Jorge<\/a><\/strong><\/td>\n<\/tr>\n<tr>\n<td style=\"text-align: center;\" width=\"315\">Qu\u00edmica biol\u00f3gica y laboratorio (64)<\/td>\n<td width=\"229\"><strong>\u00a0<\/strong><\/td>\n<\/tr>\n<tr>\n<td style=\"text-align: center;\" width=\"315\">Espacio de Definici\u00f3n Institucional (64)<\/td>\n<td style=\"text-align: center;\" width=\"229\"><strong>\u00a0<a href=\"https:\/\/drive.google.com\/file\/d\/1LLil4C7auJ9tBtprSeHNMk-kFNhput3G\/view?usp=sharing\">Medini Jesica<\/a><\/strong><\/td>\n<\/tr>\n<tr>\n<td style=\"text-align: center;\" width=\"246\"><strong>Espacio de la Pr\u00e1ctica Docente<\/strong><\/td>\n<td style=\"text-align: center;\" width=\"315\">Espacio de la Pr\u00e1ctica Docente III (128)<\/td>\n<td style=\"text-align: center;\" width=\"229\"><strong><a href=\"https:\/\/drive.google.com\/file\/d\/1g3rJieFt5zXyb6HBjOvLQ2T92Q_YIa7z\/view?usp=sharing\">\u00a0Ban Adriana<\/a>\u00a0<\/strong><\/td>\n<\/tr>\n<\/tbody>\n<\/table>\n<table width=\"790\">\n<tbody>\n<tr>\n<td rowspan=\"2\" width=\"246\"><strong>\u00a0<\/strong><\/td>\n<td style=\"text-align: center;\" rowspan=\"2\" width=\"315\"><strong>Materia<\/strong><\/td>\n<td style=\"text-align: center;\" width=\"229\"><strong>Curso y Divisi\u00f3n <\/strong><\/td>\n<\/tr>\n<tr>\n<td style=\"text-align: center;\" width=\"229\"><strong>4to 5ta <\/strong><\/td>\n<\/tr>\n<tr>\n<td style=\"text-align: center;\" rowspan=\"9\" width=\"246\"><strong>Espacio de la Orientaci\u00f3n <\/strong><\/td>\n<td style=\"text-align: center;\" width=\"315\">Biolog\u00eda del desarrollo animal (64)<\/td>\n<td style=\"text-align: center;\" width=\"229\"><strong>\u00a0<\/strong><\/td>\n<\/tr>\n<tr>\n<td style=\"text-align: center;\" width=\"315\">Ecolog\u00eda (96)<\/td>\n<td style=\"text-align: center;\" width=\"229\"><strong>\u00a0<\/strong><\/td>\n<\/tr>\n<tr>\n<td style=\"text-align: center;\" width=\"315\">Evoluci\u00f3n (128)<\/td>\n<td style=\"text-align: center;\" width=\"229\"><strong>\u00a0<\/strong><\/td>\n<\/tr>\n<tr>\n<td style=\"text-align: center;\" width=\"315\">Gen\u00e9tica molecular (96)<\/td>\n<td width=\"229\"><strong>\u00a0<\/strong><\/td>\n<\/tr>\n<tr>\n<td style=\"text-align: center;\" width=\"315\">Anatom\u00eda comparada (64)<\/td>\n<td width=\"229\"><strong>\u00a0<\/strong><\/td>\n<\/tr>\n<tr>\n<td style=\"text-align: center;\" width=\"315\">Biolog\u00eda y su ense\u00f1anza (64)<\/td>\n<td style=\"text-align: center;\" width=\"229\"><strong>\u00a0<\/strong><\/td>\n<\/tr>\n<tr>\n<td style=\"text-align: center;\" width=\"315\">Antropolog\u00eda (32)<\/td>\n<td width=\"229\"><strong>\u00a0<\/strong><\/td>\n<\/tr>\n<tr>\n<td style=\"text-align: center;\" width=\"315\">Metodolog\u00eda de la investigaci\u00f3n (64)<\/td>\n<td width=\"229\"><strong>\u00a0<\/strong><\/td>\n<\/tr>\n<tr>\n<td style=\"text-align: center;\" width=\"315\">Espacio de Definici\u00f3n Institucional (64)<\/td>\n<td width=\"229\"><strong>\u00a0<\/strong><\/td>\n<\/tr>\n<tr>\n<td style=\"text-align: center;\" width=\"246\"><strong>Espacio de la Pr\u00e1ctica Docente<\/strong><\/td>\n<td style=\"text-align: center;\" width=\"315\">Espacio de la Pr\u00e1ctica Docente IV (128)<\/td>\n<td width=\"229\"><strong>\u00a0<\/strong><\/td>\n<\/tr>\n<\/tbody>\n<\/table>\n","protected":false},"excerpt":{"rendered":"<p>PLAN DE ESTUDIOS DEL PROFESORADO DE EDUCACI\u00d3N SECUNDARIA EN BIOLOG\u00cdA CON PROGRAMAS 2021 1er y 2do a\u00f1o tronco com\u00fan (ver programas aqu\u00ed)\u00a0 \u00a0 Materia Curso y Divisi\u00f3n 3ro 1ra Espacio de la Fundamentaci\u00f3n Pedag\u00f3gica Perspectiva Filos\u00f3fico Pedag\u00f3gico Did\u00e1ctica (64) Burgos Sara Perspectiva Pol\u00edtico Institucional (64) Ben\u00edtez Emilce Espacio de la Orientaci\u00f3n Biolog\u00eda celular y molecular\u00a0 &#8230; <a title=\"Programas de Biolog\u00eda\" class=\"read-more\" href=\"https:\/\/isfd106-bue.infd.edu.ar\/sitio\/programas-de-biologia\/\" aria-label=\"More on Programas de Biolog\u00eda\">[+]<\/a><\/p>\n","protected":false},"author":589,"featured_media":0,"parent":0,"menu_order":0,"comment_status":"closed","ping_status":"closed","template":"","meta":[],"acf":[],"_links":{"self":[{"href":"https:\/\/isfd106-bue.infd.edu.ar\/sitio\/wp-json\/wp\/v2\/pages\/1430"}],"collection":[{"href":"https:\/\/isfd106-bue.infd.edu.ar\/sitio\/wp-json\/wp\/v2\/pages"}],"about":[{"href":"https:\/\/isfd106-bue.infd.edu.ar\/sitio\/wp-json\/wp\/v2\/types\/page"}],"author":[{"embeddable":true,"href":"https:\/\/isfd106-bue.infd.edu.ar\/sitio\/wp-json\/wp\/v2\/users\/589"}],"replies":[{"embeddable":true,"href":"https:\/\/isfd106-bue.infd.edu.ar\/sitio\/wp-json\/wp\/v2\/comments?post=1430"}],"version-history":[{"count":27,"href":"https:\/\/isfd106-bue.infd.edu.ar\/sitio\/wp-json\/wp\/v2\/pages\/1430\/revisions"}],"predecessor-version":[{"id":3082,"href":"https:\/\/isfd106-bue.infd.edu.ar\/sitio\/wp-json\/wp\/v2\/pages\/1430\/revisions\/3082"}],"wp:attachment":[{"href":"https:\/\/isfd106-bue.infd.edu.ar\/sitio\/wp-json\/wp\/v2\/media?parent=1430"}],"curies":[{"name":"wp","href":"https:\/\/api.w.org\/{rel}","templated":true}]}}