{"id":1368,"date":"2020-05-18T23:03:17","date_gmt":"2020-05-19T02:03:17","guid":{"rendered":"https:\/\/isfd106-bue.infd.edu.ar\/sitio\/?page_id=1368"},"modified":"2022-08-22T12:40:22","modified_gmt":"2022-08-22T15:40:22","slug":"programas-de-primaria","status":"publish","type":"page","link":"https:\/\/isfd106-bue.infd.edu.ar\/sitio\/programas-de-primaria\/","title":{"rendered":"Programas de Primaria"},"content":{"rendered":"<p style=\"text-align: center;\"><span style=\"color: #993366;\"><strong>PLAN DE ESTUDIOS DEL<\/strong><\/span><\/p>\n<p style=\"text-align: center;\"><span style=\"color: #993366;\"><strong>PROFESORADO DE EDUCACI\u00d3N PRIMARIA CON PROGRAMAS 2021<\/strong><\/span><\/p>\n<table>\n<tbody>\n<tr>\n<td rowspan=\"2\" width=\"165\"><strong>\u00a0<\/strong><\/td>\n<td rowspan=\"2\" width=\"199\">\n<p style=\"text-align: center;\"><strong>Materia<\/strong><\/p>\n<\/td>\n<td style=\"text-align: center;\" colspan=\"3\" width=\"458\"><strong>Curso y Divisi\u00f3n <\/strong><\/td>\n<\/tr>\n<tr>\n<td style=\"text-align: center;\" width=\"154\"><strong>1ro 1ra <\/strong><\/td>\n<td style=\"text-align: center;\" width=\"154\"><strong>1ro 2da<\/strong><\/td>\n<td width=\"151\">\n<p style=\"text-align: center;\"><strong>1ro 3ra<\/strong><\/p>\n<\/td>\n<\/tr>\n<tr>\n<td rowspan=\"3\" width=\"165\">\n<p style=\"text-align: center;\"><strong>Campo de Actualizaci\u00f3n Formativa<\/strong><\/p>\n<\/td>\n<td width=\"199\">\n<p style=\"text-align: center;\">Taller de lectura, escritura y oralidad (64)<\/p>\n<\/td>\n<td style=\"text-align: center;\" width=\"154\"><a href=\"https:\/\/drive.google.com\/file\/d\/1ifN0EL4Isbsh9F-bHEoV-7SgRtO0DE9I\/view?usp=sharing\"><strong>Serra Ver\u00f3nica<\/strong><\/a><\/td>\n<td style=\"text-align: center;\" width=\"154\"><strong>Aguilera Alba<\/strong><\/td>\n<td style=\"text-align: center;\" width=\"151\"><a href=\"https:\/\/drive.google.com\/file\/d\/1IXUF-3IG1Vu0qBvKeJj04UyqSDUo8rzK\/view?usp=sharing\"><strong>Serra Ver\u00f3nica<\/strong><\/a><\/td>\n<\/tr>\n<tr>\n<td width=\"199\">\n<p style=\"text-align: center;\">Taller de pensamiento l\u00f3gico matem\u00e1tico (64)<\/p>\n<\/td>\n<td style=\"text-align: center;\" width=\"154\"><a href=\"https:\/\/drive.google.com\/file\/d\/1VLe_wObIfwmMWBSDqyZ-Twh5FMxztX2F\/view?usp=sharing\"><strong>Sartor Norma<\/strong><\/a><\/td>\n<td style=\"text-align: center;\" width=\"154\"><a href=\"https:\/\/drive.google.com\/file\/d\/1t7p731v7sSzapeAptLI-jID983dxzi_M\/view?usp=sharing\"><strong>Sartor Norma<\/strong><\/a><\/td>\n<td width=\"151\">\n<p style=\"text-align: center;\"><a href=\"https:\/\/drive.google.com\/file\/d\/1eH8sPSIU0pTcccx3J7if53O1aVQ_YxpZ\/view?usp=sharing\"><strong>Sartor Norma<\/strong><\/a><\/p>\n<\/td>\n<\/tr>\n<tr>\n<td style=\"text-align: center;\" width=\"199\">Taller de definici\u00f3n institucional (64)<\/td>\n<td style=\"text-align: center;\" width=\"154\"><a href=\"https:\/\/drive.google.com\/file\/d\/1hTkdoxIxB2V0ZgcITFH9bxDaHvsJei95\/view?usp=sharing\"><strong>Aguilera Alba<\/strong><\/a><\/td>\n<td style=\"text-align: center;\" width=\"154\"><a href=\"https:\/\/drive.google.com\/file\/d\/1hTkdoxIxB2V0ZgcITFH9bxDaHvsJei95\/view?usp=sharing\"><strong>Aguilera Alba<\/strong><\/a><\/td>\n<td width=\"151\">\n<p style=\"text-align: center;\"><a href=\"https:\/\/drive.google.com\/file\/d\/1aGOOkiqVxYcTtroixx4O-J3avnVT8sZ9\/view?usp=sharing\"><strong>Br\u00faa D\u00e9bora<\/strong><\/a><\/p>\n<\/td>\n<\/tr>\n<tr>\n<td width=\"165\">\n<p style=\"text-align: center;\"><strong>Campo de la Subjetividad y las Culturas<\/strong><\/p>\n<\/td>\n<td width=\"199\">\n<p style=\"text-align: center;\">Psicolog\u00eda del desarrollo y el aprendizaje I (64)<\/p>\n<\/td>\n<td style=\"text-align: center;\" width=\"154\"><a href=\"https:\/\/drive.google.com\/file\/d\/1TrLibzVNqNIypCcmWZc4TIyhb7r_Z6fm\/view?usp=sharing\"><strong>Torres Martha<\/strong><\/a><\/td>\n<td style=\"text-align: center;\" width=\"154\"><a href=\"https:\/\/drive.google.com\/file\/d\/1TrLibzVNqNIypCcmWZc4TIyhb7r_Z6fm\/view?usp=sharing\"><strong>Torres Martha<\/strong><\/a><\/td>\n<td width=\"151\">\n<p style=\"text-align: center;\"><a href=\"https:\/\/drive.google.com\/file\/d\/1M-5G4Vi6jDxWjpwD7y3vFYsdaQ3V_T-_\/view?usp=sharing\"><strong>Trejo Lisa<\/strong><\/a><\/p>\n<\/td>\n<\/tr>\n<tr>\n<td rowspan=\"2\" width=\"165\">\n<p style=\"text-align: center;\"><strong>Campo de los Saberes a Ense\u00f1ar<\/strong><\/p>\n<\/td>\n<td width=\"199\">\n<p style=\"text-align: center;\">Corporeidad y motricidad (32)<\/p>\n<\/td>\n<td style=\"text-align: center;\" width=\"154\"><a href=\"https:\/\/drive.google.com\/file\/d\/1ZGuhleUJwJUKyOItlPNdM-jsyMc68Un8\/view?usp=sharing\"><strong>Marciello Fernando<\/strong><\/a><\/td>\n<td style=\"text-align: center;\" width=\"154\"><a href=\"https:\/\/drive.google.com\/file\/d\/1ZGuhleUJwJUKyOItlPNdM-jsyMc68Un8\/view?usp=sharing\"><strong>Marciello Fernando<\/strong><\/a><\/td>\n<td style=\"text-align: center;\" width=\"151\"><a href=\"https:\/\/drive.google.com\/file\/d\/1dMBBZOL7H3_Bz4HPnzb4UrILfjDDB0wH\/view?usp=sharing\"><strong>Di Gregorio Mar\u00eda<\/strong><\/a><\/td>\n<\/tr>\n<tr>\n<td style=\"text-align: center;\" width=\"199\">Arte y educaci\u00f3n (64)<\/td>\n<td style=\"text-align: center;\" width=\"154\"><a href=\"https:\/\/drive.google.com\/file\/d\/1AeKFjhHNEe6nFhfvVGVH5yjqbyvG516U\/view?usp=sharing\"><strong>Hardt Ver\u00f3nica<\/strong><\/a><\/td>\n<td style=\"text-align: center;\" width=\"154\"><a href=\"https:\/\/drive.google.com\/file\/d\/1AeKFjhHNEe6nFhfvVGVH5yjqbyvG516U\/view?usp=sharing\"><strong>Hardt Ver\u00f3nica<\/strong><\/a><\/td>\n<td width=\"151\">\n<p style=\"text-align: center;\"><strong>Ratti Marcelo<\/strong><\/p>\n<\/td>\n<\/tr>\n<tr>\n<td rowspan=\"4\" width=\"165\">\n<p style=\"text-align: center;\"><strong>Campo de la Fundamentaci\u00f3n<\/strong><\/p>\n<\/td>\n<td width=\"199\">\n<p style=\"text-align: center;\">Filosof\u00eda (64)<\/p>\n<\/td>\n<td style=\"text-align: center;\" width=\"154\"><a href=\"https:\/\/drive.google.com\/file\/d\/1n2bGb_R8o7x5pJv6hAqq5-VHDCdPnFbZ\/view?usp=sharing\"><strong>Serratore Grisel<\/strong><\/a><\/td>\n<td style=\"text-align: center;\" width=\"154\"><a href=\"https:\/\/drive.google.com\/file\/d\/1n2bGb_R8o7x5pJv6hAqq5-VHDCdPnFbZ\/view?usp=sharing\"><strong>Serratore Grisel<\/strong><\/a><\/td>\n<td style=\"text-align: center;\" width=\"151\"><strong>Gadda Apollonio Santiago <\/strong><\/td>\n<\/tr>\n<tr>\n<td style=\"text-align: center;\" width=\"199\">Did\u00e1ctica general (64)<\/td>\n<td style=\"text-align: center;\" width=\"154\"><a href=\"https:\/\/drive.google.com\/file\/d\/1m4s2u4tD6kpMl4gkn8611-FYZG7wnJCv\/view?usp=sharing\"><strong>Castro Alejandra<\/strong><\/a><\/td>\n<td style=\"text-align: center;\" width=\"154\"><a href=\"https:\/\/drive.google.com\/file\/d\/1m4s2u4tD6kpMl4gkn8611-FYZG7wnJCv\/view?usp=sharing\"><strong>Castro Alejandra<\/strong><\/a><\/td>\n<td width=\"151\">\n<p style=\"text-align: center;\"><a href=\"https:\/\/drive.google.com\/file\/d\/1m4s2u4tD6kpMl4gkn8611-FYZG7wnJCv\/view?usp=sharing\"><strong>Santill\u00e1n M\u00f3nica<\/strong><\/a><\/p>\n<\/td>\n<\/tr>\n<tr>\n<td width=\"199\">\n<p style=\"text-align: center;\">Pedagog\u00eda (64)<\/p>\n<\/td>\n<td style=\"text-align: center;\" width=\"154\"><a href=\"https:\/\/drive.google.com\/file\/d\/1fOsXbJZqmcbfW6DCs6wGxX8WMJ-mrZwD\/view?usp=sharing\"><strong>Burgos Sara<\/strong><\/a><\/td>\n<td style=\"text-align: center;\" width=\"154\"><a href=\"https:\/\/drive.google.com\/file\/d\/1ELT64-DN4zrCvocKj3dCLhdbrSqPIDj_\/view?usp=sharing\"><strong>Gualtieri Guido<\/strong><\/a><\/td>\n<td style=\"text-align: center;\" width=\"151\"><a href=\"https:\/\/drive.google.com\/file\/d\/1fOsXbJZqmcbfW6DCs6wGxX8WMJ-mrZwD\/view?usp=sharing\"><strong>Burgos Sara<\/strong><\/a><\/td>\n<\/tr>\n<tr>\n<td style=\"text-align: center;\" width=\"199\">An\u00e1lisis del mundo contempor\u00e1neo (32)<\/td>\n<td style=\"text-align: center;\" width=\"154\"><strong>Giacometti Clara<\/strong><\/td>\n<td style=\"text-align: center;\" width=\"154\"><a href=\"https:\/\/drive.google.com\/file\/d\/1o2QS0Ek5fZGoPfYAQd9UDQreXqJyUEda\/view?usp=sharing\"><strong>Gerace Muriel<\/strong><\/a><\/td>\n<td width=\"151\">\n<p style=\"text-align: center;\"><a href=\"https:\/\/drive.google.com\/file\/d\/1AgSo_mT5omjQaMw3Zi9kYxjNnP_MU_iS\/view?usp=sharing\"><strong>\u00c1valos Christian<\/strong><\/a><\/p>\n<\/td>\n<\/tr>\n<tr>\n<td rowspan=\"3\" width=\"165\">\n<p style=\"text-align: center;\"><strong>Campo de la Pr\u00e1ctica Docente<\/strong><\/p>\n<\/td>\n<td width=\"199\">\n<p style=\"text-align: center;\"><em>Pr\u00e1ctica en terreno:<\/em><\/p>\n<p style=\"text-align: center;\">Experiencia social en espacios y organizaciones de la comunidad<\/p>\n<p style=\"text-align: center;\">(32)<\/p>\n<\/td>\n<td rowspan=\"3\" width=\"154\">\n<p style=\"text-align: center;\"><strong>Paiva Daniela<\/strong><\/p>\n<\/td>\n<td style=\"text-align: center;\" rowspan=\"3\" width=\"154\"><strong>Paiva Daniela<\/strong><\/td>\n<td rowspan=\"3\" width=\"151\">\n<p style=\"text-align: center;\"><strong>Pe\u00f1a Cristina<\/strong><\/p>\n<\/td>\n<\/tr>\n<tr>\n<td width=\"199\">\n<p style=\"text-align: center;\"><strong>Taller Integrador Interdisciplinario<\/strong><\/p>\n<p style=\"text-align: center;\"><em>Ciudad educadora<\/em><\/p>\n<p style=\"text-align: center;\">(32)<\/p>\n<\/td>\n<\/tr>\n<tr>\n<td width=\"199\">\n<p style=\"text-align: center;\"><em>Herramientas:<\/em><\/p>\n<p style=\"text-align: center;\">Educaci\u00f3n social y estrategias<\/p>\n<p style=\"text-align: center;\">de educaci\u00f3n popular (32)<\/p>\n<\/td>\n<\/tr>\n<\/tbody>\n<\/table>\n<table width=\"824\">\n<tbody>\n<tr>\n<td rowspan=\"2\" width=\"165\"><strong>\u00a0<\/strong><\/td>\n<td rowspan=\"2\" width=\"234\">\n<p style=\"text-align: center;\"><strong>Materia<\/strong><\/p>\n<\/td>\n<td style=\"text-align: center;\" colspan=\"3\" width=\"425\"><strong>Curso y Divisi\u00f3n <\/strong><\/td>\n<\/tr>\n<tr>\n<td style=\"text-align: center;\" width=\"142\"><strong>2do 1ra <\/strong><\/td>\n<td style=\"text-align: center;\" width=\"142\"><strong>2do 2da<\/strong><\/td>\n<td width=\"142\">\n<p style=\"text-align: center;\"><strong>2do 3ra<\/strong><\/p>\n<\/td>\n<\/tr>\n<tr>\n<td rowspan=\"3\" width=\"165\">\n<p style=\"text-align: center;\"><strong>Campo de la Subjetividad y las Culturas<\/strong><\/p>\n<\/td>\n<td width=\"234\">\n<p style=\"text-align: center;\">Psicolog\u00eda del desarrollo y el aprendizaje II (64)<\/p>\n<\/td>\n<td style=\"text-align: center;\" width=\"142\"><a href=\"https:\/\/drive.google.com\/file\/d\/1YHw0Tvk5meXaemcqbfUYKNcCg1p3aVXo\/view?usp=sharing\"><strong>Torres Martha<\/strong><\/a><\/td>\n<td style=\"text-align: center;\" width=\"142\"><a href=\"https:\/\/drive.google.com\/file\/d\/1YHw0Tvk5meXaemcqbfUYKNcCg1p3aVXo\/view?usp=sharing\"><strong>Torres Martha<\/strong><\/a><\/td>\n<td width=\"142\">\n<p style=\"text-align: center;\"><a href=\"https:\/\/drive.google.com\/file\/d\/1YHw0Tvk5meXaemcqbfUYKNcCg1p3aVXo\/view?usp=sharing\"><strong>Torres Martha<\/strong><\/a><\/p>\n<\/td>\n<\/tr>\n<tr>\n<td width=\"234\">\n<p style=\"text-align: center;\">Psicolog\u00eda social e institucional (32)<\/p>\n<\/td>\n<td style=\"text-align: center;\" width=\"142\"><a href=\"https:\/\/drive.google.com\/file\/d\/1-Xr4WwDH8sVRj_JaRLNpYVGKh3jukW02\/view?usp=sharing\"><strong>Trejo Lisa<\/strong><\/a><\/td>\n<td style=\"text-align: center;\" width=\"142\"><a href=\"https:\/\/drive.google.com\/file\/d\/1hpViwmve4zNlUoyzEaxZNzqK1-aPUWqe\/view?usp=sharing\"><strong>Trejo Lisa<\/strong><\/a><\/td>\n<td width=\"142\">\n<p style=\"text-align: center;\"><a href=\"https:\/\/drive.google.com\/file\/d\/1S1GdW3tOdrldqEb4GSOIY5tfqt4AFsVy\/view?usp=sharing\"><strong>Trejo Lisa<\/strong><\/a><\/p>\n<\/td>\n<\/tr>\n<tr>\n<td width=\"234\">\n<p style=\"text-align: center;\">Cultura, comunicaci\u00f3n y educaci\u00f3n (32)<\/p>\n<\/td>\n<td style=\"text-align: center;\" width=\"142\"><strong>Cherrichini Silvia<\/strong><\/td>\n<td style=\"text-align: center;\" width=\"142\"><strong>Cherrichini Silvia<\/strong><\/td>\n<td width=\"142\">\n<p style=\"text-align: center;\"><a href=\"https:\/\/drive.google.com\/file\/d\/150Jt7yt7p83Xlcm64PtWZWRarI3EY5Zs\/view?usp=sharing\"><strong>Bueno Claudia<\/strong><\/a><\/p>\n<\/td>\n<\/tr>\n<tr>\n<td rowspan=\"5\" width=\"165\">\n<p style=\"text-align: center;\"><strong>Campo de los Saberes a Ense\u00f1ar<\/strong><\/p>\n<\/td>\n<td width=\"234\">\n<p style=\"text-align: center;\">Educaci\u00f3n art\u00edstica (64)<\/p>\n<\/td>\n<td style=\"text-align: center;\" width=\"142\"><a href=\"https:\/\/drive.google.com\/file\/d\/1vDVHDTO_HBlJQewZSA5MNK9diDZzSj4P\/view?usp=sharing\"><strong>Hardt Ver\u00f3nica <\/strong><\/a><\/td>\n<td style=\"text-align: center;\" width=\"142\"><a href=\"https:\/\/drive.google.com\/file\/d\/1vDVHDTO_HBlJQewZSA5MNK9diDZzSj4P\/view?usp=sharing\"><strong>Hardt Ver\u00f3nica<\/strong><\/a><\/td>\n<td width=\"142\">\n<p style=\"text-align: center;\"><a href=\"https:\/\/drive.google.com\/file\/d\/1vDVHDTO_HBlJQewZSA5MNK9diDZzSj4P\/view?usp=sharing\"><strong>Hardt Ver\u00f3nica<\/strong><\/a><\/p>\n<\/td>\n<\/tr>\n<tr>\n<td width=\"234\">\n<p style=\"text-align: center;\">Did\u00e1ctica de Pr\u00e1cticas del Lenguaje y\u00a0 la Literatura I (64)<\/p>\n<\/td>\n<td style=\"text-align: center;\" width=\"142\"><a href=\"https:\/\/drive.google.com\/file\/d\/1gEEgjkR3OvyXv-4xuBAyQKUAy_heoqOs\/view?usp=sharing\"><strong>Aguilera Alba<\/strong><\/a><\/td>\n<td style=\"text-align: center;\" width=\"142\"><a href=\"https:\/\/drive.google.com\/file\/d\/1gEEgjkR3OvyXv-4xuBAyQKUAy_heoqOs\/view?usp=sharing\"><strong>Aguilera Alba<\/strong><\/a><\/td>\n<td width=\"142\">\n<p style=\"text-align: center;\"><a href=\"https:\/\/drive.google.com\/file\/d\/1gEEgjkR3OvyXv-4xuBAyQKUAy_heoqOs\/view?usp=sharing\"><strong>Aguilera Alba<\/strong><\/a><\/p>\n<\/td>\n<\/tr>\n<tr>\n<td width=\"234\">\n<p style=\"text-align: center;\">Did\u00e1ctica de las Ciencias Sociales I (64)<\/p>\n<\/td>\n<td style=\"text-align: center;\" width=\"142\"><strong>Giacometti Clara<\/strong><\/td>\n<td style=\"text-align: center;\" width=\"142\"><a href=\"https:\/\/drive.google.com\/file\/d\/1JI8-IgkVQw4I4buAHg6Kq0g6Par7pjYJ\/view?usp=sharing\"><strong>\u00c1valos Christian<\/strong><\/a><\/td>\n<td style=\"text-align: center;\" width=\"142\"><strong>Zelaya Ernesto<\/strong><\/td>\n<\/tr>\n<tr>\n<td width=\"234\">\n<p style=\"text-align: center;\">Did\u00e1ctica de las Ciencias Naturales I (64)<\/p>\n<\/td>\n<td style=\"text-align: center;\" width=\"142\"><a href=\"https:\/\/drive.google.com\/file\/d\/1b0DIri91j-WTXxmiG5PAU8WlNJztXlPO\/view?usp=sharing\"><strong>Langone Susana<\/strong><\/a><\/td>\n<td style=\"text-align: center;\" width=\"142\"><a href=\"https:\/\/drive.google.com\/file\/d\/1b0DIri91j-WTXxmiG5PAU8WlNJztXlPO\/view?usp=sharing\"><strong>Langone Susana<\/strong><\/a><\/td>\n<td width=\"142\">\n<p style=\"text-align: center;\"><a href=\"https:\/\/drive.google.com\/file\/d\/1b0DIri91j-WTXxmiG5PAU8WlNJztXlPO\/view?usp=sharing\"><strong>Langone Susana<\/strong><\/a><\/p>\n<\/td>\n<\/tr>\n<tr>\n<td width=\"234\">\n<p style=\"text-align: center;\">Did\u00e1ctica de la Matem\u00e1tica (64)<\/p>\n<\/td>\n<td width=\"142\">\n<p style=\"text-align: center;\"><a href=\"https:\/\/drive.google.com\/file\/d\/1E3ZUU_KgpPFHjph7uEgiqL9dXmE7bqy9\/view?usp=sharing\"><strong>Cudugnello In\u00e9s<\/strong><\/a><\/p>\n<\/td>\n<td style=\"text-align: center;\" width=\"142\"><a href=\"https:\/\/drive.google.com\/file\/d\/1KiyLW8ViYqeg9ff4nj03fEqwZy5z2IiY\/view?usp=sharing\"><strong>Cudugnello In\u00e9s<\/strong><\/a><\/td>\n<td width=\"142\">\n<p style=\"text-align: center;\"><a href=\"https:\/\/drive.google.com\/file\/d\/1G6sKbMR7CjjBZWdgqGB4LtTB2hSv5q7v\/view?usp=sharing\"><strong>Sartor Norma<\/strong><\/a><\/p>\n<\/td>\n<\/tr>\n<tr>\n<td rowspan=\"2\" width=\"165\">\n<p style=\"text-align: center;\"><strong>Campo de la Fundamentaci\u00f3n<\/strong><\/p>\n<\/td>\n<td width=\"234\">\n<p style=\"text-align: center;\">Teor\u00edas sociopol\u00edticas y educaci\u00f3n (64)<\/p>\n<\/td>\n<td width=\"142\">\n<p style=\"text-align: center;\"><strong>Jara Ra\u00fal<\/strong><\/p>\n<\/td>\n<td style=\"text-align: center;\" width=\"142\"><a href=\"https:\/\/drive.google.com\/file\/d\/1pwR_DvlsDxiVYI_SAjXWHvQ_wViQx742\/view?usp=sharing\"><strong>Krentz Patricia<\/strong><\/a><\/td>\n<td width=\"142\">\n<p style=\"text-align: center;\"><strong>Ag\u00fcero Melisa<\/strong><\/p>\n<\/td>\n<\/tr>\n<tr>\n<td width=\"234\">\n<p style=\"text-align: center;\">Did\u00e1ctica y curr\u00edculum de Nivel Primario (64)<\/p>\n<\/td>\n<td style=\"text-align: center;\" width=\"142\"><strong>Confeggi Rolando<\/strong><\/td>\n<td style=\"text-align: center;\" width=\"142\"><a href=\"https:\/\/drive.google.com\/file\/d\/1pd2Seli5U2kfA5JdkTrV8GN2QaCdcfAc\/view?usp=sharing\"><strong>Aiassa M\u00f3nica<\/strong><\/a><\/td>\n<td width=\"142\">\n<p style=\"text-align: center;\"><a href=\"https:\/\/drive.google.com\/file\/d\/1pd2Seli5U2kfA5JdkTrV8GN2QaCdcfAc\/view?usp=sharing\"><strong>Aiassa M\u00f3nica<\/strong><\/a><\/p>\n<\/td>\n<\/tr>\n<tr>\n<td rowspan=\"3\" width=\"165\">\n<p style=\"text-align: center;\"><strong>Campo de la Pr\u00e1ctica Docente<\/strong><\/p>\n<\/td>\n<td width=\"234\">\n<p style=\"text-align: center;\"><em>Pr\u00e1ctica en terreno:<\/em><\/p>\n<p style=\"text-align: center;\">En instituciones educativas<\/p>\n<p style=\"text-align: center;\">(distintos \u00e2mbitos: urbano, suburbano, rural)<\/p>\n<p style=\"text-align: center;\">(64)<\/p>\n<\/td>\n<td style=\"text-align: center;\" rowspan=\"3\" width=\"142\"><a href=\"https:\/\/drive.google.com\/file\/d\/1FNAtn8vFvJk5VyrBeluy6MPa8JhH1vTv\/view?usp=sharing\"><strong>Laudari Adriana<\/strong><\/a><\/p>\n<p><strong><a href=\"https:\/\/drive.google.com\/file\/d\/1DbAhrRb3JKsmeuQimb6sr--uJio7ms93\/view?usp=sharing\">D\u00edaz Biglia Alejandra<\/a><\/strong><\/td>\n<td style=\"text-align: center;\" rowspan=\"3\" width=\"142\"><a href=\"https:\/\/drive.google.com\/file\/d\/1FNAtn8vFvJk5VyrBeluy6MPa8JhH1vTv\/view?usp=sharing\"><strong>Giac\u00edn Silvia<\/strong><\/a><\/td>\n<td style=\"text-align: center;\" rowspan=\"3\" width=\"142\"><a href=\"https:\/\/drive.google.com\/file\/d\/1FNAtn8vFvJk5VyrBeluy6MPa8JhH1vTv\/view?usp=sharing\"><strong>Laudari Adriana<\/strong><\/a><\/p>\n<p><strong>\u00a0<\/strong><\/td>\n<\/tr>\n<tr>\n<td width=\"234\">\n<p style=\"text-align: center;\"><strong>Taller Integrador Interdisciplinario<\/strong><\/p>\n<p style=\"text-align: center;\"><em>Espacio escolar<\/em><\/p>\n<p style=\"text-align: center;\"><em>y realidad educativa<\/em><\/p>\n<p style=\"text-align: center;\">(32)<\/p>\n<\/td>\n<\/tr>\n<tr>\n<td width=\"234\">\n<p style=\"text-align: center;\"><em>Herramientas:<\/em><\/p>\n<p style=\"text-align: center;\">Aproximaci\u00f3n y an\u00e1lisis cualitativo institucional (32)<\/p>\n<\/td>\n<\/tr>\n<tr>\n<td width=\"165\">\n<p style=\"text-align: center;\"><strong>Trayectos Formativos Opcionales<\/strong><\/p>\n<\/td>\n<td style=\"text-align: center;\" width=\"234\">Espacios de definici\u00f3n institucional (160)<\/td>\n<td style=\"text-align: center;\" width=\"142\"><a href=\"https:\/\/drive.google.com\/file\/d\/1_02OqUupdZKuS2uMxd-AdgvAscZDOgvw\/view?usp=sharing\"><strong>Krentz Patricia<\/strong><\/a><\/td>\n<td style=\"text-align: center;\" width=\"142\"><a href=\"https:\/\/drive.google.com\/file\/d\/1_02OqUupdZKuS2uMxd-AdgvAscZDOgvw\/view?usp=sharing\"><strong>Krentz Patricia<\/strong><\/a><\/td>\n<td width=\"142\">\n<p style=\"text-align: center;\"><a href=\"https:\/\/drive.google.com\/file\/d\/1_02OqUupdZKuS2uMxd-AdgvAscZDOgvw\/view?usp=sharing\"><strong>Krentz Patricia<\/strong><\/a><\/p>\n<\/td>\n<\/tr>\n<\/tbody>\n<\/table>\n<table width=\"824\">\n<tbody>\n<tr>\n<td rowspan=\"2\" width=\"165\"><strong>\u00a0<\/strong><\/td>\n<td style=\"text-align: center;\" rowspan=\"2\" width=\"293\"><strong>Materia<\/strong><\/td>\n<td colspan=\"2\" width=\"366\">\n<p style=\"text-align: center;\"><strong>Curso y Divisi\u00f3n <\/strong><\/p>\n<\/td>\n<\/tr>\n<tr>\n<td style=\"text-align: center;\" width=\"189\"><strong>3ro 1ra <\/strong><\/td>\n<td width=\"177\">\n<p style=\"text-align: center;\"><strong>3ro 2da<\/strong><\/p>\n<\/td>\n<\/tr>\n<tr>\n<td rowspan=\"2\" width=\"165\">\n<p style=\"text-align: center;\"><strong>Campo de la Subjetividad y las Culturas<\/strong><\/p>\n<\/td>\n<td width=\"293\">\n<p style=\"text-align: center;\">Configuraciones culturales del sujeto educativo de Primaria (32)<\/p>\n<\/td>\n<td style=\"text-align: center;\" width=\"189\"><a href=\"https:\/\/drive.google.com\/file\/d\/1d2JfUeHUC_9RfBX3_o1ZVotb0XVAahXQ\/view?usp=sharing\"><strong>De Faveri<\/strong><\/a><\/td>\n<td style=\"text-align: center;\" width=\"177\"><a href=\"https:\/\/drive.google.com\/file\/d\/1d2JfUeHUC_9RfBX3_o1ZVotb0XVAahXQ\/view?usp=sharing\"><strong>De Faveri<\/strong><\/a><\/td>\n<\/tr>\n<tr>\n<td width=\"293\">\n<p style=\"text-align: center;\">Medios audiovisuales, TIC\u2019s y educaci\u00f3n (32)<\/p>\n<\/td>\n<td width=\"189\">\n<p style=\"text-align: center;\"><a href=\"https:\/\/drive.google.com\/file\/d\/1FzmQnf1UvMmCYDb3SohiE-znUvhF2Wi2\/view?usp=sharing\"><strong>Salas Francisco<\/strong><\/a><\/p>\n<\/td>\n<td width=\"177\">\n<p style=\"text-align: center;\"><a href=\"https:\/\/drive.google.com\/file\/d\/1dDtibiBNo89gFWALeSSjq-mtT4j710o3\/view?usp=sharing\"><strong>Salas Francisco<\/strong><\/a><\/p>\n<\/td>\n<\/tr>\n<tr>\n<td rowspan=\"5\" width=\"165\">\n<p style=\"text-align: center;\"><strong>Campo de los Saberes a Ense\u00f1ar<\/strong><\/p>\n<\/td>\n<td width=\"293\">\n<p style=\"text-align: center;\">Educaci\u00f3n F\u00edsica escolar (64)<\/p>\n<\/td>\n<td style=\"text-align: center;\" width=\"189\"><a href=\"https:\/\/drive.google.com\/file\/d\/1ThXYGGMlRo1woHBA4QO4gtWH4KJeCRif\/view?usp=sharing\"><strong>Poce Sandra<\/strong><\/a><\/td>\n<td width=\"177\">\n<p style=\"text-align: center;\"><a href=\"https:\/\/drive.google.com\/file\/d\/1ThXYGGMlRo1woHBA4QO4gtWH4KJeCRif\/view?usp=sharing\"><strong>Poce Sandra<\/strong><\/a><\/p>\n<\/td>\n<\/tr>\n<tr>\n<td width=\"293\">\n<p style=\"text-align: center;\">Did\u00e1ctica de Pr\u00e1cticas del Lenguaje y\u00a0 la Literatura II (64)<\/p>\n<\/td>\n<td style=\"text-align: center;\" width=\"189\"><a href=\"https:\/\/drive.google.com\/file\/d\/1M8pvlEJ6oCNBq93DR67ePPV71YrYGAZ2\/view?usp=sharing\"><strong>Br\u00faa D\u00e9bora<\/strong><\/a><\/td>\n<td width=\"177\">\n<p style=\"text-align: center;\"><a href=\"https:\/\/drive.google.com\/file\/d\/1hnvYONgBuXlkrWiPao0ug6aY-MDKhQjS\/view?usp=sharing\"><strong>Aguilera Alba<\/strong><\/a><\/p>\n<\/td>\n<\/tr>\n<tr>\n<td width=\"293\">\n<p style=\"text-align: center;\">Did\u00e1ctica de las Ciencias Sociales II (64)<\/p>\n<\/td>\n<td style=\"text-align: center;\" width=\"189\"><a href=\"https:\/\/drive.google.com\/file\/d\/17ZjP9PE2W8E-4sAUVGcvclew7JAPGXYU\/view?usp=sharing\"><strong>Gerace Muriel<\/strong><\/a><\/td>\n<td width=\"177\">\n<p style=\"text-align: center;\"><a href=\"https:\/\/drive.google.com\/file\/d\/1W4w1RJYuMqOO7p1LeYJLIzLji9nvJ3YU\/view?usp=sharing\"><strong>\u00c1valos Christian<\/strong><\/a><\/p>\n<\/td>\n<\/tr>\n<tr>\n<td width=\"293\">\n<p style=\"text-align: center;\">Did\u00e1ctica de las Ciencias Naturales II (64)<\/p>\n<\/td>\n<td style=\"text-align: center;\" width=\"189\"><strong>Stracuzzi Josefina<\/strong><\/td>\n<td width=\"177\">\n<p style=\"text-align: center;\"><strong>Ponce Mariela<\/strong><\/p>\n<\/td>\n<\/tr>\n<tr>\n<td width=\"293\">\n<p style=\"text-align: center;\">Did\u00e1ctica de la Matem\u00e1tica II (64)<\/p>\n<\/td>\n<td style=\"text-align: center;\" width=\"189\"><a href=\"https:\/\/drive.google.com\/file\/d\/1vmPQVGRWMoi6WjdNY4zxUmTYSEAtyW7o\/view?usp=sharing\"><strong>Sartor Norma<\/strong><\/a><\/td>\n<td width=\"177\">\n<p style=\"text-align: center;\"><a href=\"https:\/\/drive.google.com\/file\/d\/13wjWnkOKSPk3mWRHJsxmZPCkb1TVtdIn\/view?usp=sharing\"><strong>Corti Irene<\/strong><\/a><\/p>\n<\/td>\n<\/tr>\n<tr>\n<td rowspan=\"2\" width=\"165\">\n<p style=\"text-align: center;\"><strong>Campo de la Fundamentaci\u00f3n<\/strong><\/p>\n<\/td>\n<td width=\"293\">\n<p style=\"text-align: center;\">Historia y prospectiva de la educaci\u00f3n (64)<\/p>\n<\/td>\n<td style=\"text-align: center;\" width=\"189\"><strong>Santill\u00e1n M\u00f3nica<\/strong><\/td>\n<td width=\"177\">\n<p style=\"text-align: center;\"><strong>Santill\u00e1n M\u00f3nica<\/strong><\/p>\n<\/td>\n<\/tr>\n<tr>\n<td width=\"293\">\n<p style=\"text-align: center;\">Pol\u00edticas, legislaci\u00f3n y administraci\u00f3n del trabajo escolar (64)<\/p>\n<\/td>\n<td style=\"text-align: center;\" width=\"189\"><a href=\"https:\/\/drive.google.com\/file\/d\/1iS7mDb2TUrQrYJkkjePG-g9uNK6OPnsx\/view?usp=sharing\"><strong>De Faveri Sandra<\/strong><\/a><\/td>\n<td width=\"177\">\n<p style=\"text-align: center;\"><a href=\"https:\/\/drive.google.com\/file\/d\/1iS7mDb2TUrQrYJkkjePG-g9uNK6OPnsx\/view?usp=sharing\"><strong>De Faveri Sandra<\/strong><\/a><\/p>\n<\/td>\n<\/tr>\n<tr>\n<td rowspan=\"3\" width=\"165\">\n<p style=\"text-align: center;\"><strong>Campo de la Pr\u00e1ctica Docente<\/strong><\/p>\n<\/td>\n<td width=\"293\">\n<p style=\"text-align: center;\"><em>Pr\u00e1ctica en terreno:<\/em><\/p>\n<p style=\"text-align: center;\">En el aula, en el nivel de formaci\u00f3n<\/p>\n<p style=\"text-align: center;\">(128)<\/p>\n<\/td>\n<td rowspan=\"3\" width=\"189\">\n<p style=\"text-align: center;\"><a href=\"https:\/\/drive.google.com\/file\/d\/1vTDSw70CVt_rlFTta_twNR5YEqFIhKN4\/view?usp=sharing\"><strong>Rivera Fernanda<\/strong><\/a><\/p>\n<p style=\"text-align: center;\"><strong><a href=\"https:\/\/drive.google.com\/file\/d\/1vTDSw70CVt_rlFTta_twNR5YEqFIhKN4\/view?usp=sharing\">Magn\u00edfico Zulema <\/a><\/strong><\/p>\n<p style=\"text-align: center;\"><strong><a href=\"https:\/\/drive.google.com\/file\/d\/1vTDSw70CVt_rlFTta_twNR5YEqFIhKN4\/view?usp=sharing\">Cruz Natalia<\/a><\/strong><\/p>\n<\/td>\n<td rowspan=\"3\" width=\"177\">\n<p style=\"text-align: center;\"><a href=\"https:\/\/drive.google.com\/file\/d\/1vTDSw70CVt_rlFTta_twNR5YEqFIhKN4\/view?usp=sharing\"><strong>Cruz Natalia <\/strong><\/a><\/p>\n<p style=\"text-align: center;\"><a href=\"https:\/\/drive.google.com\/file\/d\/1vTDSw70CVt_rlFTta_twNR5YEqFIhKN4\/view?usp=sharing\"><strong>Magnifico Zulema<\/strong><\/a><\/p>\n<p style=\"text-align: center;\"><a href=\"https:\/\/drive.google.com\/file\/d\/1vTDSw70CVt_rlFTta_twNR5YEqFIhKN4\/view?usp=sharing\"><strong>Vilares Mariela<\/strong><\/a><\/p>\n<\/td>\n<\/tr>\n<tr>\n<td width=\"293\">\n<p style=\"text-align: center;\"><strong>Taller Integrador Interdisciplinario<\/strong><\/p>\n<p style=\"text-align: center;\"><em>Relaci\u00f3n educativa<\/em><\/p>\n<p style=\"text-align: center;\">(32)<\/p>\n<\/td>\n<\/tr>\n<tr>\n<td width=\"293\">\n<p style=\"text-align: center;\"><em>Herramientas:<\/em><\/p>\n<p style=\"text-align: center;\">Investigaci\u00f3n en y para la acci\u00f3n educativa (32)<\/p>\n<\/td>\n<\/tr>\n<tr>\n<td width=\"165\">\n<p style=\"text-align: center;\"><strong>Trayectos Formativos Opcionales<\/strong><\/p>\n<\/td>\n<td style=\"text-align: center;\" width=\"293\">Espacios de definici\u00f3n institucional (160)<\/td>\n<td style=\"text-align: center;\" width=\"189\"><strong>P\u00e9rez Bloise Gabriela<\/strong><\/td>\n<td width=\"177\">\n<p style=\"text-align: center;\"><strong>P\u00e9rez Bloise Gabriela<\/strong><\/p>\n<\/td>\n<\/tr>\n<\/tbody>\n<\/table>\n<table width=\"824\">\n<tbody>\n<tr>\n<td rowspan=\"2\" width=\"165\"><strong>\u00a0<\/strong><\/td>\n<td rowspan=\"2\" width=\"293\">\n<p style=\"text-align: center;\"><strong>Materia<\/strong><\/p>\n<\/td>\n<td colspan=\"2\" width=\"366\">\n<p style=\"text-align: center;\"><strong>Curso y Divisi\u00f3n <\/strong><\/p>\n<\/td>\n<\/tr>\n<tr>\n<td style=\"text-align: center;\" width=\"189\"><strong>4to 1ra <\/strong><\/td>\n<td width=\"177\">\n<p style=\"text-align: center;\"><strong>4to 2da<\/strong><\/p>\n<\/td>\n<\/tr>\n<tr>\n<td width=\"165\">\n<p style=\"text-align: center;\"><strong>Campo de la Subjetividad y las Culturas<\/strong><\/p>\n<\/td>\n<td width=\"293\">\n<p style=\"text-align: center;\">Pedagog\u00eda cr\u00edtica de las diferencias (32)<\/p>\n<\/td>\n<td style=\"text-align: center;\" width=\"189\"><strong>Aguirre Andrea<\/strong><\/td>\n<td width=\"177\">\n<p style=\"text-align: center;\"><strong>&#8212;&#8212;-\u00a0<\/strong><\/p>\n<\/td>\n<\/tr>\n<tr>\n<td rowspan=\"4\" width=\"165\">\n<p style=\"text-align: center;\"><strong>Campo de los Saberes a Ense\u00f1ar<\/strong><\/p>\n<\/td>\n<td width=\"293\">\n<p style=\"text-align: center;\">Ateneo de Pr\u00e1cticas del Lenguaje y la Literatura (64)<\/p>\n<\/td>\n<td style=\"text-align: center;\" width=\"189\"><strong>Aguilera Alba<\/strong><\/td>\n<td width=\"177\">\n<p style=\"text-align: center;\"><strong>&#8212;&#8212;\u00a0<\/strong><\/p>\n<\/td>\n<\/tr>\n<tr>\n<td width=\"293\">\n<p style=\"text-align: center;\">Ateneo de Matem\u00e1tica (64)<\/p>\n<\/td>\n<td style=\"text-align: center;\" width=\"189\"><strong>Sartor Norma<\/strong><\/td>\n<td width=\"177\">\n<p style=\"text-align: center;\"><strong>&#8212;&#8212;\u00a0<\/strong><\/p>\n<\/td>\n<\/tr>\n<tr>\n<td width=\"293\">\n<p style=\"text-align: center;\">Ateneo de Ciencias Naturales (64)<\/p>\n<\/td>\n<td style=\"text-align: center;\" width=\"189\"><strong>Langone Susana<\/strong><\/td>\n<td style=\"text-align: center;\" width=\"177\"><strong>&#8212;&#8212;<\/strong><\/td>\n<\/tr>\n<tr>\n<td width=\"293\">\n<p style=\"text-align: center;\">Ateneo de Ciencias Sociales (64)<\/p>\n<\/td>\n<td style=\"text-align: center;\" width=\"189\"><strong>Gerace Muriel<\/strong><\/td>\n<td style=\"text-align: center;\" width=\"177\"><strong>&#8212;&#8212;\u00a0<\/strong><\/td>\n<\/tr>\n<tr>\n<td style=\"text-align: center;\" rowspan=\"2\" width=\"165\"><strong>Campo de la Fundamentaci\u00f3n<\/strong><\/td>\n<td style=\"text-align: center;\" width=\"293\">Reflexi\u00f3n filos\u00f3fica de la educaci\u00f3n (32)<\/td>\n<td style=\"text-align: center;\" width=\"189\"><strong>Serratore Grisel<\/strong><\/td>\n<td width=\"177\">\n<p style=\"text-align: center;\"><strong>&#8212;&#8212;\u00a0<\/strong><\/p>\n<\/td>\n<\/tr>\n<tr>\n<td style=\"text-align: center;\" width=\"293\">Dimensi\u00f3n \u00e9tico-pol\u00edtica de la praxis docente (32)<\/td>\n<td style=\"text-align: center;\" width=\"189\"><strong>Serratore Grisel<\/strong><\/td>\n<td width=\"177\">\n<p style=\"text-align: center;\"><strong>&#8212;&#8212;\u00a0<\/strong><\/p>\n<\/td>\n<\/tr>\n<tr>\n<td rowspan=\"2\" width=\"165\">\n<p style=\"text-align: center;\"><strong>Campo de la Pr\u00e1ctica Docente<\/strong><\/p>\n<\/td>\n<td width=\"293\">\n<p style=\"text-align: center;\"><em>Pr\u00e1ctica en terreno:<\/em><\/p>\n<p style=\"text-align: center;\">En el aula, en el nivel de formaci\u00f3n<\/p>\n<p style=\"text-align: center;\">(256)<\/p>\n<\/td>\n<td rowspan=\"2\" width=\"189\">\n<p style=\"text-align: center;\"><strong>Burgos Sara<\/strong><\/p>\n<p style=\"text-align: center;\"><strong>Rivera Fernanda<\/strong><\/p>\n<p style=\"text-align: center;\"><strong>Giac\u00edn Silvia<\/strong><\/p>\n<\/td>\n<td width=\"177\">\n<p style=\"text-align: center;\"><strong>\u00a0&#8212;&#8212;<\/strong><\/p>\n<\/td>\n<\/tr>\n<tr>\n<td width=\"293\">\n<p style=\"text-align: center;\"><strong>Taller Integrador Interdisciplinario<\/strong><\/p>\n<p style=\"text-align: center;\"><em>Posicionamiento docente<\/em><\/p>\n<p style=\"text-align: center;\">(32)<\/p>\n<\/td>\n<td width=\"177\">\n<p style=\"text-align: center;\"><strong>\u00a0&#8212;&#8212;<\/strong><\/p>\n<\/td>\n<\/tr>\n<tr>\n<td width=\"165\">\n<p style=\"text-align: center;\"><strong>Trayectos Formativos Opcionales<\/strong><\/p>\n<\/td>\n<td style=\"text-align: center;\" width=\"293\">Espacios de definici\u00f3n institucional (160)<\/td>\n<td style=\"text-align: center;\" width=\"189\"><strong>Gonzalez Juana<\/strong><\/td>\n<td width=\"177\">\n<p style=\"text-align: center;\"><strong>&#8212;&#8212;\u00a0<\/strong><\/p>\n<\/td>\n<\/tr>\n<\/tbody>\n<\/table>\n<p>&#8212;&#8212;&#8212;&#8212;&#8212;&#8212;&#8212;&#8212;&#8212;&#8212;&#8212;&#8212;&#8212;&#8212;&#8212;&#8212;&#8212;&#8212;&#8212;&#8212;&#8212;&#8212;&#8212;&#8212;&#8212;&#8212;&#8212;&#8212;&#8212;&#8212;&#8212;&#8212;&#8212;&#8212;&#8212;&#8212;&#8212;&#8212;&#8212;&#8212;&#8212;&#8212;&#8212;&#8212;&#8212;&#8212;&#8212;&#8212;&#8212;&#8212;&#8212;&#8212;&#8212;&#8212;&#8212;&#8212;&#8212;&#8212;&#8212;&#8212;&#8212;&#8212;&#8212;&#8212;&#8212;&#8212;&#8212;&#8212;&#8212;&#8212;&#8212;&#8212;<\/p>\n<p style=\"text-align: center;\"><span style=\"color: #993366;\"><strong>PLAN DE ESTUDIOS DEL<\/strong><\/span><\/p>\n<p style=\"text-align: center;\"><span style=\"color: #993366;\"><strong>PROFESORADO DE EDUCACI\u00d3N PRIMARIA CON PROGRAMAS 2020<\/strong><\/span><\/p>\n<table>\n<tbody>\n<tr>\n<td rowspan=\"2\" width=\"165\"><strong>\u00a0<\/strong><\/td>\n<td rowspan=\"2\" width=\"199\">\n<p style=\"text-align: center;\"><strong>Materia<\/strong><\/p>\n<\/td>\n<td style=\"text-align: center;\" colspan=\"3\" width=\"458\"><strong>Curso y Divisi\u00f3n <\/strong><\/td>\n<\/tr>\n<tr>\n<td style=\"text-align: center;\" width=\"154\"><strong>1ro 1ra <\/strong><\/td>\n<td style=\"text-align: center;\" width=\"154\"><strong>1ro 2da<\/strong><\/td>\n<td width=\"151\">\n<p style=\"text-align: center;\"><strong>1ro 3ra<\/strong><\/p>\n<\/td>\n<\/tr>\n<tr>\n<td rowspan=\"3\" width=\"165\">\n<p style=\"text-align: center;\"><strong>Campo de Actualizaci\u00f3n Formativa<\/strong><\/p>\n<\/td>\n<td width=\"199\">\n<p style=\"text-align: center;\">Taller de lectura, escritura y oralidad (64)<\/p>\n<\/td>\n<td style=\"text-align: center;\" width=\"154\"><a href=\"https:\/\/drive.google.com\/file\/d\/1ifN0EL4Isbsh9F-bHEoV-7SgRtO0DE9I\/view?usp=sharing\"><strong>Serra Ver\u00f3nica<\/strong><\/a><\/td>\n<td style=\"text-align: center;\" width=\"154\"><strong>Aguilera Alba<\/strong><\/td>\n<td style=\"text-align: center;\" width=\"151\"><a href=\"https:\/\/drive.google.com\/file\/d\/1IXUF-3IG1Vu0qBvKeJj04UyqSDUo8rzK\/view?usp=sharing\"><strong>Serra Ver\u00f3nica<\/strong><\/a><\/td>\n<\/tr>\n<tr>\n<td width=\"199\">\n<p style=\"text-align: center;\">Taller de pensamiento l\u00f3gico matem\u00e1tico (64)<\/p>\n<\/td>\n<td style=\"text-align: center;\" width=\"154\"><a href=\"https:\/\/drive.google.com\/file\/d\/1VLe_wObIfwmMWBSDqyZ-Twh5FMxztX2F\/view?usp=sharing\"><strong>Sartor Norma<\/strong><\/a><\/td>\n<td style=\"text-align: center;\" width=\"154\"><a href=\"https:\/\/drive.google.com\/file\/d\/1t7p731v7sSzapeAptLI-jID983dxzi_M\/view?usp=sharing\"><strong>Sartor Norma<\/strong><\/a><\/td>\n<td width=\"151\">\n<p style=\"text-align: center;\"><a href=\"https:\/\/drive.google.com\/file\/d\/1eH8sPSIU0pTcccx3J7if53O1aVQ_YxpZ\/view?usp=sharing\"><strong>Sartor Norma<\/strong><\/a><\/p>\n<\/td>\n<\/tr>\n<tr>\n<td style=\"text-align: center;\" width=\"199\">Taller de definici\u00f3n institucional (64)<\/td>\n<td style=\"text-align: center;\" width=\"154\"><a href=\"https:\/\/drive.google.com\/file\/d\/1hTkdoxIxB2V0ZgcITFH9bxDaHvsJei95\/view?usp=sharing\"><strong>Aguilera Alba<\/strong><\/a><\/td>\n<td style=\"text-align: center;\" width=\"154\"><a href=\"https:\/\/drive.google.com\/file\/d\/1hTkdoxIxB2V0ZgcITFH9bxDaHvsJei95\/view?usp=sharing\"><strong>Aguilera Alba<\/strong><\/a><\/td>\n<td width=\"151\">\n<p style=\"text-align: center;\"><a href=\"https:\/\/drive.google.com\/file\/d\/1aGOOkiqVxYcTtroixx4O-J3avnVT8sZ9\/view?usp=sharing\"><strong>Br\u00faa D\u00e9bora<\/strong><\/a><\/p>\n<\/td>\n<\/tr>\n<tr>\n<td width=\"165\">\n<p style=\"text-align: center;\"><strong>Campo de la Subjetividad y las Culturas<\/strong><\/p>\n<\/td>\n<td width=\"199\">\n<p style=\"text-align: center;\">Psicolog\u00eda del desarrollo y el aprendizaje I (64)<\/p>\n<\/td>\n<td style=\"text-align: center;\" width=\"154\"><a href=\"https:\/\/drive.google.com\/file\/d\/1TrLibzVNqNIypCcmWZc4TIyhb7r_Z6fm\/view?usp=sharing\"><strong>Torres Martha<\/strong><\/a><\/td>\n<td style=\"text-align: center;\" width=\"154\"><a href=\"https:\/\/drive.google.com\/file\/d\/1TrLibzVNqNIypCcmWZc4TIyhb7r_Z6fm\/view?usp=sharing\"><strong>Torres Martha<\/strong><\/a><\/td>\n<td width=\"151\">\n<p style=\"text-align: center;\"><a href=\"https:\/\/drive.google.com\/file\/d\/1M-5G4Vi6jDxWjpwD7y3vFYsdaQ3V_T-_\/view?usp=sharing\"><strong>Trejo Lisa<\/strong><\/a><\/p>\n<\/td>\n<\/tr>\n<tr>\n<td rowspan=\"2\" width=\"165\">\n<p style=\"text-align: center;\"><strong>Campo de los Saberes a Ense\u00f1ar<\/strong><\/p>\n<\/td>\n<td width=\"199\">\n<p style=\"text-align: center;\">Corporeidad y motricidad (32)<\/p>\n<\/td>\n<td style=\"text-align: center;\" width=\"154\"><a href=\"https:\/\/drive.google.com\/file\/d\/1ZGuhleUJwJUKyOItlPNdM-jsyMc68Un8\/view?usp=sharing\"><strong>Marciello Fernando<\/strong><\/a><\/td>\n<td style=\"text-align: center;\" width=\"154\"><a href=\"https:\/\/drive.google.com\/file\/d\/1ZGuhleUJwJUKyOItlPNdM-jsyMc68Un8\/view?usp=sharing\"><strong>Marciello Fernando<\/strong><\/a><\/td>\n<td style=\"text-align: center;\" width=\"151\"><a href=\"https:\/\/drive.google.com\/file\/d\/1dMBBZOL7H3_Bz4HPnzb4UrILfjDDB0wH\/view?usp=sharing\"><strong>Di Gregorio Mar\u00eda<\/strong><\/a><\/td>\n<\/tr>\n<tr>\n<td style=\"text-align: center;\" width=\"199\">Arte y educaci\u00f3n (64)<\/td>\n<td style=\"text-align: center;\" width=\"154\"><a href=\"https:\/\/drive.google.com\/file\/d\/1AeKFjhHNEe6nFhfvVGVH5yjqbyvG516U\/view?usp=sharing\"><strong>Hardt Ver\u00f3nica<\/strong><\/a><\/td>\n<td style=\"text-align: center;\" width=\"154\"><a href=\"https:\/\/drive.google.com\/file\/d\/1AeKFjhHNEe6nFhfvVGVH5yjqbyvG516U\/view?usp=sharing\"><strong>Hardt Ver\u00f3nica<\/strong><\/a><\/td>\n<td width=\"151\">\n<p style=\"text-align: center;\"><strong>Ratti Marcelo<\/strong><\/p>\n<\/td>\n<\/tr>\n<tr>\n<td rowspan=\"4\" width=\"165\">\n<p style=\"text-align: center;\"><strong>Campo de la Fundamentaci\u00f3n<\/strong><\/p>\n<\/td>\n<td width=\"199\">\n<p style=\"text-align: center;\">Filosof\u00eda (64)<\/p>\n<\/td>\n<td style=\"text-align: center;\" width=\"154\"><a href=\"https:\/\/drive.google.com\/file\/d\/1n2bGb_R8o7x5pJv6hAqq5-VHDCdPnFbZ\/view?usp=sharing\"><strong>Serratore Grisel<\/strong><\/a><\/td>\n<td style=\"text-align: center;\" width=\"154\"><a href=\"https:\/\/drive.google.com\/file\/d\/1n2bGb_R8o7x5pJv6hAqq5-VHDCdPnFbZ\/view?usp=sharing\"><strong>Serratore Grisel<\/strong><\/a><\/td>\n<td style=\"text-align: center;\" width=\"151\"><strong>Gadda Apollonio Santiago <\/strong><\/td>\n<\/tr>\n<tr>\n<td style=\"text-align: center;\" width=\"199\">Did\u00e1ctica general (64)<\/td>\n<td style=\"text-align: center;\" width=\"154\"><a href=\"https:\/\/drive.google.com\/file\/d\/1m4s2u4tD6kpMl4gkn8611-FYZG7wnJCv\/view?usp=sharing\"><strong>Castro Alejandra<\/strong><\/a><\/td>\n<td style=\"text-align: center;\" width=\"154\"><a href=\"https:\/\/drive.google.com\/file\/d\/1m4s2u4tD6kpMl4gkn8611-FYZG7wnJCv\/view?usp=sharing\"><strong>Castro Alejandra<\/strong><\/a><\/td>\n<td width=\"151\">\n<p style=\"text-align: center;\"><a href=\"https:\/\/drive.google.com\/file\/d\/1m4s2u4tD6kpMl4gkn8611-FYZG7wnJCv\/view?usp=sharing\"><strong>Santill\u00e1n M\u00f3nica<\/strong><\/a><\/p>\n<\/td>\n<\/tr>\n<tr>\n<td width=\"199\">\n<p style=\"text-align: center;\">Pedagog\u00eda (64)<\/p>\n<\/td>\n<td style=\"text-align: center;\" width=\"154\"><a href=\"https:\/\/drive.google.com\/file\/d\/1fOsXbJZqmcbfW6DCs6wGxX8WMJ-mrZwD\/view?usp=sharing\"><strong>Burgos Sara<\/strong><\/a><\/td>\n<td style=\"text-align: center;\" width=\"154\"><a href=\"https:\/\/drive.google.com\/file\/d\/1ELT64-DN4zrCvocKj3dCLhdbrSqPIDj_\/view?usp=sharing\"><strong>Gualtieri Guido<\/strong><\/a><\/td>\n<td style=\"text-align: center;\" width=\"151\"><a href=\"https:\/\/drive.google.com\/file\/d\/1fOsXbJZqmcbfW6DCs6wGxX8WMJ-mrZwD\/view?usp=sharing\"><strong>Burgos Sara<\/strong><\/a><\/td>\n<\/tr>\n<tr>\n<td style=\"text-align: center;\" width=\"199\">An\u00e1lisis del mundo contempor\u00e1neo (32)<\/td>\n<td style=\"text-align: center;\" width=\"154\"><strong>Giacometti Clara<\/strong><\/td>\n<td style=\"text-align: center;\" width=\"154\"><a href=\"https:\/\/drive.google.com\/file\/d\/1o2QS0Ek5fZGoPfYAQd9UDQreXqJyUEda\/view?usp=sharing\"><strong>Gerace Muriel<\/strong><\/a><\/td>\n<td width=\"151\">\n<p style=\"text-align: center;\"><a href=\"https:\/\/drive.google.com\/file\/d\/1AgSo_mT5omjQaMw3Zi9kYxjNnP_MU_iS\/view?usp=sharing\"><strong>\u00c1valos Christian<\/strong><\/a><\/p>\n<\/td>\n<\/tr>\n<tr>\n<td rowspan=\"3\" width=\"165\">\n<p style=\"text-align: center;\"><strong>Campo de la Pr\u00e1ctica Docente<\/strong><\/p>\n<\/td>\n<td width=\"199\">\n<p style=\"text-align: center;\"><em>Pr\u00e1ctica en terreno:<\/em><\/p>\n<p style=\"text-align: center;\">Experiencia social en espacios y organizaciones de la comunidad<\/p>\n<p style=\"text-align: center;\">(32)<\/p>\n<\/td>\n<td rowspan=\"3\" width=\"154\">\n<p style=\"text-align: center;\"><strong>Paiva Daniela<\/strong><\/p>\n<\/td>\n<td style=\"text-align: center;\" rowspan=\"3\" width=\"154\"><strong>Paiva Daniela<\/strong><\/td>\n<td rowspan=\"3\" width=\"151\">\n<p style=\"text-align: center;\"><strong>Pe\u00f1a Cristina<\/strong><\/p>\n<\/td>\n<\/tr>\n<tr>\n<td width=\"199\">\n<p style=\"text-align: center;\"><strong>Taller Integrador Interdisciplinario<\/strong><\/p>\n<p style=\"text-align: center;\"><em>Ciudad educadora<\/em><\/p>\n<p style=\"text-align: center;\">(32)<\/p>\n<\/td>\n<\/tr>\n<tr>\n<td width=\"199\">\n<p style=\"text-align: center;\"><em>Herramientas:<\/em><\/p>\n<p style=\"text-align: center;\">Educaci\u00f3n social y estrategias<\/p>\n<p style=\"text-align: center;\">de educaci\u00f3n popular (32)<\/p>\n<\/td>\n<\/tr>\n<\/tbody>\n<\/table>\n<table width=\"824\">\n<tbody>\n<tr>\n<td rowspan=\"2\" width=\"165\"><strong>\u00a0<\/strong><\/td>\n<td rowspan=\"2\" width=\"234\">\n<p style=\"text-align: center;\"><strong>Materia<\/strong><\/p>\n<\/td>\n<td style=\"text-align: center;\" colspan=\"3\" width=\"425\"><strong>Curso y Divisi\u00f3n <\/strong><\/td>\n<\/tr>\n<tr>\n<td style=\"text-align: center;\" width=\"142\"><strong>2do 1ra <\/strong><\/td>\n<td style=\"text-align: center;\" width=\"142\"><strong>2do 2da<\/strong><\/td>\n<td width=\"142\">\n<p style=\"text-align: center;\"><strong>2do 3ra<\/strong><\/p>\n<\/td>\n<\/tr>\n<tr>\n<td rowspan=\"3\" width=\"165\">\n<p style=\"text-align: center;\"><strong>Campo de la Subjetividad y las Culturas<\/strong><\/p>\n<\/td>\n<td width=\"234\">\n<p style=\"text-align: center;\">Psicolog\u00eda del desarrollo y el aprendizaje II (64)<\/p>\n<\/td>\n<td style=\"text-align: center;\" width=\"142\"><a href=\"https:\/\/drive.google.com\/file\/d\/1YHw0Tvk5meXaemcqbfUYKNcCg1p3aVXo\/view?usp=sharing\"><strong>Torres Martha<\/strong><\/a><\/td>\n<td style=\"text-align: center;\" width=\"142\"><a href=\"https:\/\/drive.google.com\/file\/d\/1YHw0Tvk5meXaemcqbfUYKNcCg1p3aVXo\/view?usp=sharing\"><strong>Torres Martha<\/strong><\/a><\/td>\n<td width=\"142\">\n<p style=\"text-align: center;\"><a href=\"https:\/\/drive.google.com\/file\/d\/1YHw0Tvk5meXaemcqbfUYKNcCg1p3aVXo\/view?usp=sharing\"><strong>Torres Martha<\/strong><\/a><\/p>\n<\/td>\n<\/tr>\n<tr>\n<td width=\"234\">\n<p style=\"text-align: center;\">Psicolog\u00eda social e institucional (32)<\/p>\n<\/td>\n<td style=\"text-align: center;\" width=\"142\"><a href=\"https:\/\/drive.google.com\/file\/d\/1-Xr4WwDH8sVRj_JaRLNpYVGKh3jukW02\/view?usp=sharing\"><strong>Trejo Lisa<\/strong><\/a><\/td>\n<td style=\"text-align: center;\" width=\"142\"><a href=\"https:\/\/drive.google.com\/file\/d\/1hpViwmve4zNlUoyzEaxZNzqK1-aPUWqe\/view?usp=sharing\"><strong>Trejo Lisa<\/strong><\/a><\/td>\n<td width=\"142\">\n<p style=\"text-align: center;\"><a href=\"https:\/\/drive.google.com\/file\/d\/1S1GdW3tOdrldqEb4GSOIY5tfqt4AFsVy\/view?usp=sharing\"><strong>Trejo Lisa<\/strong><\/a><\/p>\n<\/td>\n<\/tr>\n<tr>\n<td width=\"234\">\n<p style=\"text-align: center;\">Cultura, comunicaci\u00f3n y educaci\u00f3n (32)<\/p>\n<\/td>\n<td style=\"text-align: center;\" width=\"142\"><strong>Cherrichini Silvia<\/strong><\/td>\n<td style=\"text-align: center;\" width=\"142\"><strong>Cherrichini Silvia<\/strong><\/td>\n<td width=\"142\">\n<p style=\"text-align: center;\"><a href=\"https:\/\/drive.google.com\/file\/d\/150Jt7yt7p83Xlcm64PtWZWRarI3EY5Zs\/view?usp=sharing\"><strong>Bueno Claudia<\/strong><\/a><\/p>\n<\/td>\n<\/tr>\n<tr>\n<td rowspan=\"5\" width=\"165\">\n<p style=\"text-align: center;\"><strong>Campo de los Saberes a Ense\u00f1ar<\/strong><\/p>\n<\/td>\n<td width=\"234\">\n<p style=\"text-align: center;\">Educaci\u00f3n art\u00edstica (64)<\/p>\n<\/td>\n<td style=\"text-align: center;\" width=\"142\"><a href=\"https:\/\/drive.google.com\/file\/d\/1vDVHDTO_HBlJQewZSA5MNK9diDZzSj4P\/view?usp=sharing\"><strong>Hardt Ver\u00f3nica <\/strong><\/a><\/td>\n<td style=\"text-align: center;\" width=\"142\"><a href=\"https:\/\/drive.google.com\/file\/d\/1vDVHDTO_HBlJQewZSA5MNK9diDZzSj4P\/view?usp=sharing\"><strong>Hardt Ver\u00f3nica<\/strong><\/a><\/td>\n<td width=\"142\">\n<p style=\"text-align: center;\"><a href=\"https:\/\/drive.google.com\/file\/d\/1vDVHDTO_HBlJQewZSA5MNK9diDZzSj4P\/view?usp=sharing\"><strong>Hardt Ver\u00f3nica<\/strong><\/a><\/p>\n<\/td>\n<\/tr>\n<tr>\n<td width=\"234\">\n<p style=\"text-align: center;\">Did\u00e1ctica de Pr\u00e1cticas del Lenguaje y\u00a0 la Literatura I (64)<\/p>\n<\/td>\n<td style=\"text-align: center;\" width=\"142\"><a href=\"https:\/\/drive.google.com\/file\/d\/1gEEgjkR3OvyXv-4xuBAyQKUAy_heoqOs\/view?usp=sharing\"><strong>Aguilera Alba<\/strong><\/a><\/td>\n<td style=\"text-align: center;\" width=\"142\"><a href=\"https:\/\/drive.google.com\/file\/d\/1gEEgjkR3OvyXv-4xuBAyQKUAy_heoqOs\/view?usp=sharing\"><strong>Aguilera Alba<\/strong><\/a><\/td>\n<td width=\"142\">\n<p style=\"text-align: center;\"><a href=\"https:\/\/drive.google.com\/file\/d\/1gEEgjkR3OvyXv-4xuBAyQKUAy_heoqOs\/view?usp=sharing\"><strong>Aguilera Alba<\/strong><\/a><\/p>\n<\/td>\n<\/tr>\n<tr>\n<td width=\"234\">\n<p style=\"text-align: center;\">Did\u00e1ctica de las Ciencias Sociales I (64)<\/p>\n<\/td>\n<td style=\"text-align: center;\" width=\"142\"><strong>Giacometti Clara<\/strong><\/td>\n<td style=\"text-align: center;\" width=\"142\"><a href=\"https:\/\/drive.google.com\/file\/d\/1JI8-IgkVQw4I4buAHg6Kq0g6Par7pjYJ\/view?usp=sharing\"><strong>\u00c1valos Christian<\/strong><\/a><\/td>\n<td style=\"text-align: center;\" width=\"142\"><strong>Zelaya Ernesto<\/strong><\/td>\n<\/tr>\n<tr>\n<td width=\"234\">\n<p style=\"text-align: center;\">Did\u00e1ctica de las Ciencias Naturales I (64)<\/p>\n<\/td>\n<td style=\"text-align: center;\" width=\"142\"><a href=\"https:\/\/drive.google.com\/file\/d\/1b0DIri91j-WTXxmiG5PAU8WlNJztXlPO\/view?usp=sharing\"><strong>Langone Susana<\/strong><\/a><\/td>\n<td style=\"text-align: center;\" width=\"142\"><a href=\"https:\/\/drive.google.com\/file\/d\/1b0DIri91j-WTXxmiG5PAU8WlNJztXlPO\/view?usp=sharing\"><strong>Langone Susana<\/strong><\/a><\/td>\n<td width=\"142\">\n<p style=\"text-align: center;\"><a href=\"https:\/\/drive.google.com\/file\/d\/1b0DIri91j-WTXxmiG5PAU8WlNJztXlPO\/view?usp=sharing\"><strong>Langone Susana<\/strong><\/a><\/p>\n<\/td>\n<\/tr>\n<tr>\n<td width=\"234\">\n<p style=\"text-align: center;\">Did\u00e1ctica de la Matem\u00e1tica (64)<\/p>\n<\/td>\n<td width=\"142\">\n<p style=\"text-align: center;\"><a href=\"https:\/\/drive.google.com\/file\/d\/1E3ZUU_KgpPFHjph7uEgiqL9dXmE7bqy9\/view?usp=sharing\"><strong>Cudugnello In\u00e9s<\/strong><\/a><\/p>\n<\/td>\n<td style=\"text-align: center;\" width=\"142\"><a href=\"https:\/\/drive.google.com\/file\/d\/1KiyLW8ViYqeg9ff4nj03fEqwZy5z2IiY\/view?usp=sharing\"><strong>Cudugnello In\u00e9s<\/strong><\/a><\/td>\n<td width=\"142\">\n<p style=\"text-align: center;\"><a href=\"https:\/\/drive.google.com\/file\/d\/1G6sKbMR7CjjBZWdgqGB4LtTB2hSv5q7v\/view?usp=sharing\"><strong>Sartor Norma<\/strong><\/a><\/p>\n<\/td>\n<\/tr>\n<tr>\n<td rowspan=\"2\" width=\"165\">\n<p style=\"text-align: center;\"><strong>Campo de la Fundamentaci\u00f3n<\/strong><\/p>\n<\/td>\n<td width=\"234\">\n<p style=\"text-align: center;\">Teor\u00edas sociopol\u00edticas y educaci\u00f3n (64)<\/p>\n<\/td>\n<td width=\"142\">\n<p style=\"text-align: center;\"><strong>Jara Ra\u00fal<\/strong><\/p>\n<\/td>\n<td style=\"text-align: center;\" width=\"142\"><a href=\"https:\/\/drive.google.com\/file\/d\/1pwR_DvlsDxiVYI_SAjXWHvQ_wViQx742\/view?usp=sharing\"><strong>Krentz Patricia<\/strong><\/a><\/td>\n<td width=\"142\">\n<p style=\"text-align: center;\"><strong>Ag\u00fcero Melisa<\/strong><\/p>\n<\/td>\n<\/tr>\n<tr>\n<td width=\"234\">\n<p style=\"text-align: center;\">Did\u00e1ctica y curr\u00edculum de Nivel Primario (64)<\/p>\n<\/td>\n<td style=\"text-align: center;\" width=\"142\"><strong>Confeggi Rolando<\/strong><\/td>\n<td style=\"text-align: center;\" width=\"142\"><a href=\"https:\/\/drive.google.com\/file\/d\/1pd2Seli5U2kfA5JdkTrV8GN2QaCdcfAc\/view?usp=sharing\"><strong>Aiassa M\u00f3nica<\/strong><\/a><\/td>\n<td width=\"142\">\n<p style=\"text-align: center;\"><a href=\"https:\/\/drive.google.com\/file\/d\/1pd2Seli5U2kfA5JdkTrV8GN2QaCdcfAc\/view?usp=sharing\"><strong>Aiassa M\u00f3nica<\/strong><\/a><\/p>\n<\/td>\n<\/tr>\n<tr>\n<td rowspan=\"3\" width=\"165\">\n<p style=\"text-align: center;\"><strong>Campo de la Pr\u00e1ctica Docente<\/strong><\/p>\n<\/td>\n<td width=\"234\">\n<p style=\"text-align: center;\"><em>Pr\u00e1ctica en terreno:<\/em><\/p>\n<p style=\"text-align: center;\">En instituciones educativas<\/p>\n<p style=\"text-align: center;\">(distintos \u00e2mbitos: urbano, suburbano, rural)<\/p>\n<p style=\"text-align: center;\">(64)<\/p>\n<\/td>\n<td style=\"text-align: center;\" rowspan=\"3\" width=\"142\"><a href=\"https:\/\/drive.google.com\/file\/d\/1FNAtn8vFvJk5VyrBeluy6MPa8JhH1vTv\/view?usp=sharing\"><strong>Laudari Adriana<\/strong><\/a><\/p>\n<p><strong><a href=\"https:\/\/drive.google.com\/file\/d\/1DbAhrRb3JKsmeuQimb6sr--uJio7ms93\/view?usp=sharing\">D\u00edaz Biglia Alejandra<\/a><\/strong><\/td>\n<td style=\"text-align: center;\" rowspan=\"3\" width=\"142\"><a href=\"https:\/\/drive.google.com\/file\/d\/1FNAtn8vFvJk5VyrBeluy6MPa8JhH1vTv\/view?usp=sharing\"><strong>Giac\u00edn Silvia<\/strong><\/a><\/td>\n<td style=\"text-align: center;\" rowspan=\"3\" width=\"142\"><a href=\"https:\/\/drive.google.com\/file\/d\/1FNAtn8vFvJk5VyrBeluy6MPa8JhH1vTv\/view?usp=sharing\"><strong>Laudari Adriana<\/strong><\/a><\/p>\n<p><strong>\u00a0<\/strong><\/td>\n<\/tr>\n<tr>\n<td width=\"234\">\n<p style=\"text-align: center;\"><strong>Taller Integrador Interdisciplinario<\/strong><\/p>\n<p style=\"text-align: center;\"><em>Espacio escolar<\/em><\/p>\n<p style=\"text-align: center;\"><em>y realidad educativa<\/em><\/p>\n<p style=\"text-align: center;\">(32)<\/p>\n<\/td>\n<\/tr>\n<tr>\n<td width=\"234\">\n<p style=\"text-align: center;\"><em>Herramientas:<\/em><\/p>\n<p style=\"text-align: center;\">Aproximaci\u00f3n y an\u00e1lisis cualitativo institucional (32)<\/p>\n<\/td>\n<\/tr>\n<tr>\n<td width=\"165\">\n<p style=\"text-align: center;\"><strong>Trayectos Formativos Opcionales<\/strong><\/p>\n<\/td>\n<td style=\"text-align: center;\" width=\"234\">Espacios de definici\u00f3n institucional (160)<\/td>\n<td style=\"text-align: center;\" width=\"142\"><a href=\"https:\/\/drive.google.com\/file\/d\/1_02OqUupdZKuS2uMxd-AdgvAscZDOgvw\/view?usp=sharing\"><strong>Krentz Patricia<\/strong><\/a><\/td>\n<td style=\"text-align: center;\" width=\"142\"><a href=\"https:\/\/drive.google.com\/file\/d\/1_02OqUupdZKuS2uMxd-AdgvAscZDOgvw\/view?usp=sharing\"><strong>Krentz Patricia<\/strong><\/a><\/td>\n<td width=\"142\">\n<p style=\"text-align: center;\"><a href=\"https:\/\/drive.google.com\/file\/d\/1_02OqUupdZKuS2uMxd-AdgvAscZDOgvw\/view?usp=sharing\"><strong>Krentz Patricia<\/strong><\/a><\/p>\n<\/td>\n<\/tr>\n<\/tbody>\n<\/table>\n<table width=\"824\">\n<tbody>\n<tr>\n<td rowspan=\"2\" width=\"165\"><strong>\u00a0<\/strong><\/td>\n<td style=\"text-align: center;\" rowspan=\"2\" width=\"293\"><strong>Materia<\/strong><\/td>\n<td colspan=\"2\" width=\"366\">\n<p style=\"text-align: center;\"><strong>Curso y Divisi\u00f3n <\/strong><\/p>\n<\/td>\n<\/tr>\n<tr>\n<td style=\"text-align: center;\" width=\"189\"><strong>3ro 1ra <\/strong><\/td>\n<td width=\"177\">\n<p style=\"text-align: center;\"><strong>3ro 2da<\/strong><\/p>\n<\/td>\n<\/tr>\n<tr>\n<td rowspan=\"2\" width=\"165\">\n<p style=\"text-align: center;\"><strong>Campo de la Subjetividad y las Culturas<\/strong><\/p>\n<\/td>\n<td width=\"293\">\n<p style=\"text-align: center;\">Configuraciones culturales del sujeto educativo de Primaria (32)<\/p>\n<\/td>\n<td style=\"text-align: center;\" width=\"189\"><a href=\"https:\/\/drive.google.com\/file\/d\/1d2JfUeHUC_9RfBX3_o1ZVotb0XVAahXQ\/view?usp=sharing\"><strong>De Faveri<\/strong><\/a><\/td>\n<td style=\"text-align: center;\" width=\"177\"><a href=\"https:\/\/drive.google.com\/file\/d\/1d2JfUeHUC_9RfBX3_o1ZVotb0XVAahXQ\/view?usp=sharing\"><strong>De Faveri<\/strong><\/a><\/td>\n<\/tr>\n<tr>\n<td width=\"293\">\n<p style=\"text-align: center;\">Medios audiovisuales, TIC\u2019s y educaci\u00f3n (32)<\/p>\n<\/td>\n<td width=\"189\">\n<p style=\"text-align: center;\"><a href=\"https:\/\/drive.google.com\/file\/d\/1FzmQnf1UvMmCYDb3SohiE-znUvhF2Wi2\/view?usp=sharing\"><strong>Salas Francisco<\/strong><\/a><\/p>\n<\/td>\n<td width=\"177\">\n<p style=\"text-align: center;\"><a href=\"https:\/\/drive.google.com\/file\/d\/1dDtibiBNo89gFWALeSSjq-mtT4j710o3\/view?usp=sharing\"><strong>Salas Francisco<\/strong><\/a><\/p>\n<\/td>\n<\/tr>\n<tr>\n<td rowspan=\"5\" width=\"165\">\n<p style=\"text-align: center;\"><strong>Campo de los Saberes a Ense\u00f1ar<\/strong><\/p>\n<\/td>\n<td width=\"293\">\n<p style=\"text-align: center;\">Educaci\u00f3n F\u00edsica escolar (64)<\/p>\n<\/td>\n<td style=\"text-align: center;\" width=\"189\"><a href=\"https:\/\/drive.google.com\/file\/d\/1ThXYGGMlRo1woHBA4QO4gtWH4KJeCRif\/view?usp=sharing\"><strong>Poce Sandra<\/strong><\/a><\/td>\n<td width=\"177\">\n<p style=\"text-align: center;\"><a href=\"https:\/\/drive.google.com\/file\/d\/1ThXYGGMlRo1woHBA4QO4gtWH4KJeCRif\/view?usp=sharing\"><strong>Poce Sandra<\/strong><\/a><\/p>\n<\/td>\n<\/tr>\n<tr>\n<td width=\"293\">\n<p style=\"text-align: center;\">Did\u00e1ctica de Pr\u00e1cticas del Lenguaje y\u00a0 la Literatura II (64)<\/p>\n<\/td>\n<td style=\"text-align: center;\" width=\"189\"><a href=\"https:\/\/drive.google.com\/file\/d\/1M8pvlEJ6oCNBq93DR67ePPV71YrYGAZ2\/view?usp=sharing\"><strong>Br\u00faa D\u00e9bora<\/strong><\/a><\/td>\n<td width=\"177\">\n<p style=\"text-align: center;\"><a href=\"https:\/\/drive.google.com\/file\/d\/1hnvYONgBuXlkrWiPao0ug6aY-MDKhQjS\/view?usp=sharing\"><strong>Aguilera Alba<\/strong><\/a><\/p>\n<\/td>\n<\/tr>\n<tr>\n<td width=\"293\">\n<p style=\"text-align: center;\">Did\u00e1ctica de las Ciencias Sociales II (64)<\/p>\n<\/td>\n<td style=\"text-align: center;\" width=\"189\"><a href=\"https:\/\/drive.google.com\/file\/d\/17ZjP9PE2W8E-4sAUVGcvclew7JAPGXYU\/view?usp=sharing\"><strong>Gerace Muriel<\/strong><\/a><\/td>\n<td width=\"177\">\n<p style=\"text-align: center;\"><a href=\"https:\/\/drive.google.com\/file\/d\/1W4w1RJYuMqOO7p1LeYJLIzLji9nvJ3YU\/view?usp=sharing\"><strong>\u00c1valos Christian<\/strong><\/a><\/p>\n<\/td>\n<\/tr>\n<tr>\n<td width=\"293\">\n<p style=\"text-align: center;\">Did\u00e1ctica de las Ciencias Naturales II (64)<\/p>\n<\/td>\n<td style=\"text-align: center;\" width=\"189\"><strong>Stracuzzi Josefina<\/strong><\/td>\n<td width=\"177\">\n<p style=\"text-align: center;\"><strong>Ponce Mariela<\/strong><\/p>\n<\/td>\n<\/tr>\n<tr>\n<td width=\"293\">\n<p style=\"text-align: center;\">Did\u00e1ctica de la Matem\u00e1tica II (64)<\/p>\n<\/td>\n<td style=\"text-align: center;\" width=\"189\"><a href=\"https:\/\/drive.google.com\/file\/d\/1vmPQVGRWMoi6WjdNY4zxUmTYSEAtyW7o\/view?usp=sharing\"><strong>Sartor Norma<\/strong><\/a><\/td>\n<td width=\"177\">\n<p style=\"text-align: center;\"><a href=\"https:\/\/drive.google.com\/file\/d\/13wjWnkOKSPk3mWRHJsxmZPCkb1TVtdIn\/view?usp=sharing\"><strong>Corti Irene<\/strong><\/a><\/p>\n<\/td>\n<\/tr>\n<tr>\n<td rowspan=\"2\" width=\"165\">\n<p style=\"text-align: center;\"><strong>Campo de la Fundamentaci\u00f3n<\/strong><\/p>\n<\/td>\n<td width=\"293\">\n<p style=\"text-align: center;\">Historia y prospectiva de la educaci\u00f3n (64)<\/p>\n<\/td>\n<td style=\"text-align: center;\" width=\"189\"><strong>Santill\u00e1n M\u00f3nica<\/strong><\/td>\n<td width=\"177\">\n<p style=\"text-align: center;\"><strong>Santill\u00e1n M\u00f3nica<\/strong><\/p>\n<\/td>\n<\/tr>\n<tr>\n<td width=\"293\">\n<p style=\"text-align: center;\">Pol\u00edticas, legislaci\u00f3n y administraci\u00f3n del trabajo escolar (64)<\/p>\n<\/td>\n<td style=\"text-align: center;\" width=\"189\"><a href=\"https:\/\/drive.google.com\/file\/d\/1iS7mDb2TUrQrYJkkjePG-g9uNK6OPnsx\/view?usp=sharing\"><strong>De Faveri Sandra<\/strong><\/a><\/td>\n<td width=\"177\">\n<p style=\"text-align: center;\"><a href=\"https:\/\/drive.google.com\/file\/d\/1iS7mDb2TUrQrYJkkjePG-g9uNK6OPnsx\/view?usp=sharing\"><strong>De Faveri Sandra<\/strong><\/a><\/p>\n<\/td>\n<\/tr>\n<tr>\n<td rowspan=\"3\" width=\"165\">\n<p style=\"text-align: center;\"><strong>Campo de la Pr\u00e1ctica Docente<\/strong><\/p>\n<\/td>\n<td width=\"293\">\n<p style=\"text-align: center;\"><em>Pr\u00e1ctica en terreno:<\/em><\/p>\n<p style=\"text-align: center;\">En el aula, en el nivel de formaci\u00f3n<\/p>\n<p style=\"text-align: center;\">(128)<\/p>\n<\/td>\n<td rowspan=\"3\" width=\"189\">\n<p style=\"text-align: center;\"><a href=\"https:\/\/drive.google.com\/file\/d\/1vTDSw70CVt_rlFTta_twNR5YEqFIhKN4\/view?usp=sharing\"><strong>Rivera Fernanda<\/strong><\/a><\/p>\n<p style=\"text-align: center;\"><strong><a href=\"https:\/\/drive.google.com\/file\/d\/1vTDSw70CVt_rlFTta_twNR5YEqFIhKN4\/view?usp=sharing\">Magn\u00edfico Zulema <\/a><\/strong><\/p>\n<p style=\"text-align: center;\"><strong><a href=\"https:\/\/drive.google.com\/file\/d\/1vTDSw70CVt_rlFTta_twNR5YEqFIhKN4\/view?usp=sharing\">Cruz Natalia<\/a><\/strong><\/p>\n<\/td>\n<td rowspan=\"3\" width=\"177\">\n<p style=\"text-align: center;\"><a href=\"https:\/\/drive.google.com\/file\/d\/1vTDSw70CVt_rlFTta_twNR5YEqFIhKN4\/view?usp=sharing\"><strong>Cruz Natalia <\/strong><\/a><\/p>\n<p style=\"text-align: center;\"><a href=\"https:\/\/drive.google.com\/file\/d\/1vTDSw70CVt_rlFTta_twNR5YEqFIhKN4\/view?usp=sharing\"><strong>Magnifico Zulema<\/strong><\/a><\/p>\n<p style=\"text-align: center;\"><a href=\"https:\/\/drive.google.com\/file\/d\/1vTDSw70CVt_rlFTta_twNR5YEqFIhKN4\/view?usp=sharing\"><strong>Vilares Mariela<\/strong><\/a><\/p>\n<\/td>\n<\/tr>\n<tr>\n<td width=\"293\">\n<p style=\"text-align: center;\"><strong>Taller Integrador Interdisciplinario<\/strong><\/p>\n<p style=\"text-align: center;\"><em>Relaci\u00f3n educativa<\/em><\/p>\n<p style=\"text-align: center;\">(32)<\/p>\n<\/td>\n<\/tr>\n<tr>\n<td width=\"293\">\n<p style=\"text-align: center;\"><em>Herramientas:<\/em><\/p>\n<p style=\"text-align: center;\">Investigaci\u00f3n en y para la acci\u00f3n educativa (32)<\/p>\n<\/td>\n<\/tr>\n<tr>\n<td width=\"165\">\n<p style=\"text-align: center;\"><strong>Trayectos Formativos Opcionales<\/strong><\/p>\n<\/td>\n<td style=\"text-align: center;\" width=\"293\">Espacios de definici\u00f3n institucional (160)<\/td>\n<td style=\"text-align: center;\" width=\"189\"><a href=\"https:\/\/drive.google.com\/file\/d\/1hfBUVUztjKsYljiQ1W4RVTDmTrTUkeuX\/view?usp=sharing\"><strong>Claisse Eliana<\/strong><\/a><\/td>\n<td width=\"177\">\n<p style=\"text-align: center;\"><a href=\"https:\/\/drive.google.com\/file\/d\/1hfBUVUztjKsYljiQ1W4RVTDmTrTUkeuX\/view?usp=sharing\"><strong>Claisse Eliana<\/strong><\/a><\/p>\n<\/td>\n<\/tr>\n<\/tbody>\n<\/table>\n<table width=\"824\">\n<tbody>\n<tr>\n<td rowspan=\"2\" width=\"165\"><strong>\u00a0<\/strong><\/td>\n<td rowspan=\"2\" width=\"293\">\n<p style=\"text-align: center;\"><strong>Materia<\/strong><\/p>\n<\/td>\n<td colspan=\"2\" width=\"366\">\n<p style=\"text-align: center;\"><strong>Curso y Divisi\u00f3n <\/strong><\/p>\n<\/td>\n<\/tr>\n<tr>\n<td style=\"text-align: center;\" width=\"189\"><strong>4to 1ra <\/strong><\/td>\n<td width=\"177\">\n<p style=\"text-align: center;\"><strong>4to 2da<\/strong><\/p>\n<\/td>\n<\/tr>\n<tr>\n<td width=\"165\">\n<p style=\"text-align: center;\"><strong>Campo de la Subjetividad y las Culturas<\/strong><\/p>\n<\/td>\n<td width=\"293\">\n<p style=\"text-align: center;\">Pedagog\u00eda cr\u00edtica de las diferencias (32)<\/p>\n<\/td>\n<td style=\"text-align: center;\" width=\"189\"><strong>Aguirre Andrea<\/strong><\/td>\n<td width=\"177\">\n<p style=\"text-align: center;\"><strong>&#8212;&#8212;-\u00a0<\/strong><\/p>\n<\/td>\n<\/tr>\n<tr>\n<td rowspan=\"4\" width=\"165\">\n<p style=\"text-align: center;\"><strong>Campo de los Saberes a Ense\u00f1ar<\/strong><\/p>\n<\/td>\n<td width=\"293\">\n<p style=\"text-align: center;\">Ateneo de Pr\u00e1cticas del Lenguaje y la Literatura (64)<\/p>\n<\/td>\n<td style=\"text-align: center;\" width=\"189\"><a href=\"https:\/\/drive.google.com\/file\/d\/1mOJpw7j8Edqj8m7AGiLEWvXmoIelrDZM\/view?usp=sharing\"><strong>Aguilera Alba<\/strong><\/a><\/td>\n<td width=\"177\">\n<p style=\"text-align: center;\"><strong>&#8212;&#8212;\u00a0<\/strong><\/p>\n<\/td>\n<\/tr>\n<tr>\n<td width=\"293\">\n<p style=\"text-align: center;\">Ateneo de Matem\u00e1tica (64)<\/p>\n<\/td>\n<td style=\"text-align: center;\" width=\"189\"><a href=\"https:\/\/drive.google.com\/file\/d\/1QYghYTWio0ipsugjosbfD6hSOAirXb2g\/view?usp=sharing\"><strong>Sartor Norma<\/strong><\/a><\/td>\n<td width=\"177\">\n<p style=\"text-align: center;\"><strong>&#8212;&#8212;\u00a0<\/strong><\/p>\n<\/td>\n<\/tr>\n<tr>\n<td width=\"293\">\n<p style=\"text-align: center;\">Ateneo de Ciencias Naturales (64)<\/p>\n<\/td>\n<td style=\"text-align: center;\" width=\"189\"><a href=\"https:\/\/drive.google.com\/file\/d\/1O_hFxZr7DLi87hgf5-Gia0PwSpgpjnhg\/view?usp=sharing\"><strong>Langone Susana<\/strong><\/a><\/td>\n<td style=\"text-align: center;\" width=\"177\"><strong>&#8212;&#8212;<\/strong><\/td>\n<\/tr>\n<tr>\n<td width=\"293\">\n<p style=\"text-align: center;\">Ateneo de Ciencias Sociales (64)<\/p>\n<\/td>\n<td style=\"text-align: center;\" width=\"189\"><strong>Gerace Muriel<\/strong><\/td>\n<td style=\"text-align: center;\" width=\"177\"><strong>&#8212;&#8212;\u00a0<\/strong><\/td>\n<\/tr>\n<tr>\n<td style=\"text-align: center;\" rowspan=\"2\" width=\"165\"><strong>Campo de la Fundamentaci\u00f3n<\/strong><\/td>\n<td style=\"text-align: center;\" width=\"293\">Reflexi\u00f3n filos\u00f3fica de la educaci\u00f3n (32)<\/td>\n<td style=\"text-align: center;\" width=\"189\"><a href=\"https:\/\/drive.google.com\/file\/d\/1RUl0IYiYb7GQlreprCwOYMG2hTaAqUt-\/view?usp=sharing\"><strong>Serratore Grisel<\/strong><\/a><\/td>\n<td width=\"177\">\n<p style=\"text-align: center;\"><strong>&#8212;&#8212;\u00a0<\/strong><\/p>\n<\/td>\n<\/tr>\n<tr>\n<td style=\"text-align: center;\" width=\"293\">Dimensi\u00f3n \u00e9tico-pol\u00edtica de la praxis docente (32)<\/td>\n<td style=\"text-align: center;\" width=\"189\"><a href=\"https:\/\/drive.google.com\/file\/d\/1k9gI_KlyTSobSbbdXPb2BRkMjZF5kpTJ\/view?usp=sharing\"><strong>Serratore Grisel<\/strong><\/a><\/td>\n<td width=\"177\">\n<p style=\"text-align: center;\"><strong>&#8212;&#8212;\u00a0<\/strong><\/p>\n<\/td>\n<\/tr>\n<tr>\n<td rowspan=\"2\" width=\"165\">\n<p style=\"text-align: center;\"><strong>Campo de la Pr\u00e1ctica Docente<\/strong><\/p>\n<\/td>\n<td width=\"293\">\n<p style=\"text-align: center;\"><em>Pr\u00e1ctica en terreno:<\/em><\/p>\n<p style=\"text-align: center;\">En el aula, en el nivel de formaci\u00f3n<\/p>\n<p style=\"text-align: center;\">(256)<\/p>\n<\/td>\n<td rowspan=\"2\" width=\"189\">\n<p style=\"text-align: center;\"><a href=\"https:\/\/drive.google.com\/file\/d\/1ME5wsLH-RG1d97alADAymJ63hF913bxh\/view?usp=sharing\"><strong>Burgos Sara<\/strong><\/a><\/p>\n<p style=\"text-align: center;\"><a href=\"https:\/\/drive.google.com\/file\/d\/1ME5wsLH-RG1d97alADAymJ63hF913bxh\/view?usp=sharing\"><strong>Rivera Fernanda<\/strong><\/a><\/p>\n<p style=\"text-align: center;\"><a href=\"https:\/\/drive.google.com\/file\/d\/1ME5wsLH-RG1d97alADAymJ63hF913bxh\/view?usp=sharing\"><strong>Giac\u00edn Silvia<\/strong><\/a><\/p>\n<\/td>\n<td width=\"177\">\n<p style=\"text-align: center;\"><strong>\u00a0&#8212;&#8212;<\/strong><\/p>\n<\/td>\n<\/tr>\n<tr>\n<td width=\"293\">\n<p style=\"text-align: center;\"><strong>Taller Integrador Interdisciplinario<\/strong><\/p>\n<p style=\"text-align: center;\"><em>Posicionamiento docente<\/em><\/p>\n<p style=\"text-align: center;\">(32)<\/p>\n<\/td>\n<td width=\"177\">\n<p style=\"text-align: center;\"><strong>\u00a0&#8212;&#8212;<\/strong><\/p>\n<\/td>\n<\/tr>\n<tr>\n<td width=\"165\">\n<p style=\"text-align: center;\"><strong>Trayectos Formativos Opcionales<\/strong><\/p>\n<\/td>\n<td style=\"text-align: center;\" width=\"293\">Espacios de definici\u00f3n institucional (160)<\/td>\n<td style=\"text-align: center;\" width=\"189\"><strong>Dubbini Graciela<\/strong><\/td>\n<td width=\"177\">\n<p style=\"text-align: center;\"><strong>&#8212;&#8212;\u00a0<\/strong><\/p>\n<\/td>\n<\/tr>\n<\/tbody>\n<\/table>\n","protected":false},"excerpt":{"rendered":"<p>PLAN DE ESTUDIOS DEL PROFESORADO DE EDUCACI\u00d3N PRIMARIA CON PROGRAMAS 2021 \u00a0 Materia Curso y Divisi\u00f3n 1ro 1ra 1ro 2da 1ro 3ra Campo de Actualizaci\u00f3n Formativa Taller de lectura, escritura y oralidad (64) Serra Ver\u00f3nica Aguilera Alba Serra Ver\u00f3nica Taller de pensamiento l\u00f3gico matem\u00e1tico (64) Sartor Norma Sartor Norma Sartor Norma Taller de definici\u00f3n institucional &#8230; <a title=\"Programas de Primaria\" class=\"read-more\" href=\"https:\/\/isfd106-bue.infd.edu.ar\/sitio\/programas-de-primaria\/\" aria-label=\"More on Programas de Primaria\">[+]<\/a><\/p>\n","protected":false},"author":589,"featured_media":0,"parent":0,"menu_order":0,"comment_status":"closed","ping_status":"closed","template":"","meta":[],"acf":[],"_links":{"self":[{"href":"https:\/\/isfd106-bue.infd.edu.ar\/sitio\/wp-json\/wp\/v2\/pages\/1368"}],"collection":[{"href":"https:\/\/isfd106-bue.infd.edu.ar\/sitio\/wp-json\/wp\/v2\/pages"}],"about":[{"href":"https:\/\/isfd106-bue.infd.edu.ar\/sitio\/wp-json\/wp\/v2\/types\/page"}],"author":[{"embeddable":true,"href":"https:\/\/isfd106-bue.infd.edu.ar\/sitio\/wp-json\/wp\/v2\/users\/589"}],"replies":[{"embeddable":true,"href":"https:\/\/isfd106-bue.infd.edu.ar\/sitio\/wp-json\/wp\/v2\/comments?post=1368"}],"version-history":[{"count":45,"href":"https:\/\/isfd106-bue.infd.edu.ar\/sitio\/wp-json\/wp\/v2\/pages\/1368\/revisions"}],"predecessor-version":[{"id":3095,"href":"https:\/\/isfd106-bue.infd.edu.ar\/sitio\/wp-json\/wp\/v2\/pages\/1368\/revisions\/3095"}],"wp:attachment":[{"href":"https:\/\/isfd106-bue.infd.edu.ar\/sitio\/wp-json\/wp\/v2\/media?parent=1368"}],"curies":[{"name":"wp","href":"https:\/\/api.w.org\/{rel}","templated":true}]}}