{"id":1364,"date":"2020-05-18T22:23:01","date_gmt":"2020-05-19T01:23:01","guid":{"rendered":"https:\/\/isfd106-bue.infd.edu.ar\/sitio\/?page_id=1364"},"modified":"2022-08-22T12:40:16","modified_gmt":"2022-08-22T15:40:16","slug":"programas-de-matematica","status":"publish","type":"page","link":"https:\/\/isfd106-bue.infd.edu.ar\/sitio\/programas-de-matematica\/","title":{"rendered":"Programas de Matem\u00e1tica"},"content":{"rendered":"<p style=\"text-align: center;\"><span style=\"color: #ff0000;\"><em><strong>PLAN DE ESTUDIOS DEL<\/strong><\/em><\/span><\/p>\n<p style=\"text-align: center;\"><span style=\"color: #ff0000;\"><em><strong>PROFESORADO DE EDUCACI\u00d3N SECUNDARIA EN MATEM\u00c1TICA CON PROGRAMAS 2021<\/strong><\/em><\/span><\/p>\n<table width=\"837\">\n<tbody>\n<tr>\n<td rowspan=\"2\" width=\"130\"><strong>\u00a0<\/strong><\/td>\n<td rowspan=\"2\" width=\"142\">\n<p style=\"text-align: center;\"><strong>Materia<\/strong><\/p>\n<\/td>\n<td colspan=\"5\" width=\"565\">\n<p style=\"text-align: center;\"><strong>Curso y Divisi\u00f3n <\/strong><\/p>\n<\/td>\n<\/tr>\n<tr>\n<td width=\"118\">\n<p style=\"text-align: center;\"><strong>1ro A<\/strong><\/p>\n<\/td>\n<td style=\"text-align: center;\" width=\"106\"><strong>1ro B<\/strong><\/td>\n<td style=\"text-align: center;\" width=\"118\"><strong>1ro C<\/strong><\/td>\n<td style=\"text-align: center;\" width=\"118\"><strong>1ro D<\/strong><\/td>\n<td width=\"105\">\n<p style=\"text-align: center;\"><strong>1ro E<\/strong><\/p>\n<\/td>\n<\/tr>\n<tr>\n<td rowspan=\"3\" width=\"130\">\n<p style=\"text-align: center;\"><strong>Campo de la Formaci\u00f3n General<\/strong><\/p>\n<\/td>\n<td width=\"142\">\n<p style=\"text-align: center;\">Pedagog\u00eda (64)<\/p>\n<\/td>\n<td style=\"text-align: center;\" width=\"118\"><strong>Coca Oscar<\/strong><\/td>\n<td style=\"text-align: center;\" width=\"106\"><strong>Jara Ra\u00fal<\/strong><\/td>\n<td style=\"text-align: center;\" width=\"118\"><strong>Gualtieri G<\/strong><strong>uido<\/strong><\/td>\n<td style=\"text-align: center;\" width=\"118\"><strong>Coca Oscar<\/strong><\/td>\n<td style=\"text-align: center;\" width=\"105\"><strong>Bianco Dami\u00e1n<\/strong><\/td>\n<\/tr>\n<tr>\n<td style=\"text-align: center;\" width=\"142\">Did\u00e1ctica general (96)<\/td>\n<td style=\"text-align: center;\" width=\"118\"><strong>Juiz Anal\u00eda<\/strong><\/td>\n<td style=\"text-align: center;\" width=\"106\"><strong>Juiz Anal\u00eda<\/strong><\/td>\n<td style=\"text-align: center;\" width=\"118\"><strong>Calder\u00f3n Mar\u00eda<\/strong><\/td>\n<td style=\"text-align: center;\" width=\"118\"><strong>Santander Margarita<\/strong><\/td>\n<td style=\"text-align: center;\" width=\"105\"><strong>Ojeda Bogado Walter<\/strong><\/td>\n<\/tr>\n<tr>\n<td width=\"142\">\n<p style=\"text-align: center;\">Problem\u00e1ticas socio &#8211; institucionales (64)<\/p>\n<\/td>\n<td width=\"118\">\n<p style=\"text-align: center;\"><strong>Calder\u00f3n Mar\u00eda<\/strong><\/p>\n<\/td>\n<td width=\"106\">\n<p style=\"text-align: center;\"><strong>Biscak Carlos<\/strong><\/p>\n<\/td>\n<td width=\"118\">\n<p style=\"text-align: center;\"><strong>Calder\u00f3n Mar\u00eda<\/strong><\/p>\n<\/td>\n<td style=\"text-align: center;\" width=\"118\"><strong>Biscak Carlos<\/strong><\/td>\n<td width=\"105\">\n<p style=\"text-align: center;\"><strong>Calder\u00f3n Mar\u00eda<\/strong><\/p>\n<\/td>\n<\/tr>\n<tr>\n<td rowspan=\"3\" width=\"130\">\n<p style=\"text-align: center;\"><strong>Campo de la Formaci\u00f3n Espec\u00edfica<\/strong><\/p>\n<\/td>\n<td width=\"142\">\n<p style=\"text-align: center;\">Geometr\u00eda m\u00e9trica (128)<\/p>\n<\/td>\n<td width=\"118\">\n<p style=\"text-align: center;\"><strong>Rodr\u00edguez Sergio<\/strong><\/p>\n<\/td>\n<td width=\"106\">\n<p style=\"text-align: center;\"><strong>Barindelli Patrici<\/strong><strong>a<\/strong><\/p>\n<\/td>\n<td width=\"118\">\n<p style=\"text-align: center;\"><strong>Rodr\u00edguez Sergio<\/strong><\/p>\n<\/td>\n<td width=\"118\">\n<p style=\"text-align: center;\"><strong>Barindelli Patricia<\/strong><\/p>\n<\/td>\n<td width=\"105\">\n<p style=\"text-align: center;\"><strong>Barindelli Patricia<\/strong><\/p>\n<\/td>\n<\/tr>\n<tr>\n<td width=\"142\">\n<p style=\"text-align: center;\">Algebra I (96)<\/p>\n<\/td>\n<td width=\"118\">\n<p style=\"text-align: center;\"><strong>Vozza Betiana<\/strong><\/p>\n<\/td>\n<td style=\"text-align: center;\" width=\"106\"><strong>Bottaro Juan<\/strong><\/td>\n<td width=\"118\">\n<p style=\"text-align: center;\"><strong>Vozza Betiana<\/strong><\/p>\n<\/td>\n<td width=\"118\">\n<p style=\"text-align: center;\"><strong>Guarnieri Elsa<\/strong><\/p>\n<\/td>\n<td width=\"105\">\n<p style=\"text-align: center;\"><strong>Guarnieri Elsa<\/strong><\/p>\n<\/td>\n<\/tr>\n<tr>\n<td width=\"142\">\n<p style=\"text-align: center;\">Introducci\u00f3n al c\u00e1lculo (160)<\/p>\n<\/td>\n<td width=\"118\">\n<p style=\"text-align: center;\"><strong>Ven\u00fatolo E<\/strong><strong>l<\/strong><strong>sa<\/strong><\/p>\n<\/td>\n<td width=\"106\">\n<p style=\"text-align: center;\"><strong>Romano Liliana<\/strong><\/p>\n<\/td>\n<td style=\"text-align: center;\" width=\"118\"><strong>Ven\u00fatolo Elsa<\/strong><\/td>\n<td style=\"text-align: center;\" width=\"118\"><strong>Spagnolo Noelia<\/strong><\/td>\n<td width=\"105\">\n<p style=\"text-align: center;\"><strong>Romano Liliana<\/strong><\/p>\n<\/td>\n<\/tr>\n<tr>\n<td style=\"text-align: center;\" width=\"130\"><strong>Campo de la Formaci\u00f3n en la Pr\u00e1ctica Profesional<\/strong><\/td>\n<td style=\"text-align: center;\" width=\"142\"><em>El trabajo docente:<\/em><\/p>\n<p>Complejidades y entramados<\/p>\n<p>(94)<\/td>\n<td style=\"text-align: center;\" width=\"118\"><strong>Cruz Natalia<\/strong><\/p>\n<p><strong>Calder\u00f3n Mar\u00eda<\/strong><\/td>\n<td style=\"text-align: center;\" width=\"106\"><strong>Calder\u00f3n Mar\u00eda<\/strong><\/p>\n<p><strong>Cruz Nata<\/strong><strong>l<\/strong><strong>ia<\/strong><\/td>\n<td style=\"text-align: center;\" width=\"118\"><strong>Cristina Landi<\/strong><\/td>\n<td style=\"text-align: center;\" width=\"118\"><strong>Cristina Landi<\/strong><\/td>\n<td width=\"105\">\n<p style=\"text-align: center;\"><strong>Calder\u00f3n Mar\u00eda<\/strong><\/p>\n<\/td>\n<\/tr>\n<\/tbody>\n<\/table>\n<table width=\"842\">\n<tbody>\n<tr>\n<td rowspan=\"2\" width=\"142\"><strong>\u00a0<\/strong><\/td>\n<td rowspan=\"2\" width=\"177\">\n<p style=\"text-align: center;\"><strong>Materia<\/strong><\/p>\n<\/td>\n<td colspan=\"4\" width=\"523\">\n<p style=\"text-align: center;\"><strong>Curso y Divisi\u00f3n <\/strong><\/p>\n<\/td>\n<\/tr>\n<tr>\n<td width=\"130\">\n<p style=\"text-align: center;\"><strong>2do A<\/strong><\/p>\n<\/td>\n<td style=\"text-align: center;\" width=\"130\"><strong>2do B<\/strong><\/td>\n<td style=\"text-align: center;\" width=\"130\"><strong>2do C<\/strong><\/td>\n<td width=\"133\">\n<p style=\"text-align: center;\"><strong>2do D<\/strong><\/p>\n<\/td>\n<\/tr>\n<tr>\n<td rowspan=\"3\" width=\"142\">\n<p style=\"text-align: center;\"><strong>Campo de la Formaci\u00f3n General<\/strong><\/p>\n<\/td>\n<td width=\"177\">\n<p style=\"text-align: center;\">Historia y pol\u00edtica de la educaci\u00f3n argentina (64)<\/p>\n<\/td>\n<td style=\"text-align: center;\" width=\"130\"><strong>Coca Oscar<\/strong><\/td>\n<td style=\"text-align: center;\" width=\"130\"><strong>Jara Ra\u00fal <\/strong><\/td>\n<td style=\"text-align: center;\" width=\"130\"><strong>Calder\u00f3n Mar\u00eda<\/strong><\/td>\n<td width=\"133\">\n<p style=\"text-align: center;\"><strong>Ben\u00edtez Emilce<\/strong><\/p>\n<\/td>\n<\/tr>\n<tr>\n<td width=\"177\">\n<p style=\"text-align: center;\">Ense\u00f1ar con tecnolog\u00edas (64)<\/p>\n<\/td>\n<td style=\"text-align: center;\" width=\"130\"><strong>Rodr\u00edguez Sergio<\/strong><\/td>\n<td style=\"text-align: center;\" width=\"130\"><strong>Rodr\u00edguez Sergio<\/strong><\/td>\n<td style=\"text-align: center;\" width=\"130\"><strong>Coca Oscar<\/strong><\/td>\n<td width=\"133\">\n<p style=\"text-align: center;\"><strong>Benitez Emilce<\/strong><\/p>\n<\/td>\n<\/tr>\n<tr>\n<td width=\"177\">\n<p style=\"text-align: center;\">Perspectivas acerca de los sujetos de la educaci\u00f3n (64)<\/p>\n<\/td>\n<td style=\"text-align: center;\" width=\"130\"><strong>Micheletti Silvana<\/strong><\/td>\n<td style=\"text-align: center;\" width=\"130\"><strong>Medini Jesica<\/strong><\/td>\n<td style=\"text-align: center;\" width=\"130\"><strong>Micheletti Silvana<\/strong><\/td>\n<td width=\"133\">\n<p style=\"text-align: center;\"><strong>Torres Martha<\/strong><\/p>\n<\/td>\n<\/tr>\n<tr>\n<td rowspan=\"5\" width=\"142\">\n<p style=\"text-align: center;\"><strong>Campo de la Formaci\u00f3n Espec\u00edfica<\/strong><\/p>\n<\/td>\n<td width=\"177\">\n<p style=\"text-align: center;\">Geometr\u00eda anal\u00edtica (96)<\/p>\n<\/td>\n<td style=\"text-align: center;\" width=\"130\"><strong>Bottaro Daniela<\/strong><\/td>\n<td style=\"text-align: center;\" width=\"130\"><strong>Bottaro Daniela<\/strong><\/td>\n<td style=\"text-align: center;\" width=\"130\"><strong>Bottaro Daniela<\/strong><\/td>\n<td width=\"133\">\n<p style=\"text-align: center;\"><strong>Barindelli Patricia<\/strong><\/p>\n<\/td>\n<\/tr>\n<tr>\n<td width=\"177\">\n<p style=\"text-align: center;\">Historia de la matem\u00e1tica (64)<\/p>\n<\/td>\n<td style=\"text-align: center;\" width=\"130\"><strong>Romano Liliana<\/strong><\/td>\n<td style=\"text-align: center;\" width=\"130\"><strong>Benitez Mar\u00eda Tatiana\u00a0<\/strong><\/td>\n<td style=\"text-align: center;\" width=\"130\"><strong>Pileci Federico\u00a0<\/strong><\/td>\n<td width=\"133\">\n<p style=\"text-align: center;\"><strong>Romano Liliana<\/strong><\/p>\n<\/td>\n<\/tr>\n<tr>\n<td width=\"177\">\n<p style=\"text-align: center;\">Did\u00e1ctica de la matem\u00e1tica: did\u00e1ctica y curriculum (64)<\/p>\n<\/td>\n<td style=\"text-align: center;\" width=\"130\"><strong>Pileci Federico<\/strong><\/td>\n<td style=\"text-align: center;\" width=\"130\"><strong>Pileci Federico<\/strong><\/td>\n<td style=\"text-align: center;\" width=\"130\"><strong>Guarnieri Elsa<\/strong><\/td>\n<td width=\"133\">\n<p style=\"text-align: center;\"><strong>Romano Liliana<\/strong><\/p>\n<\/td>\n<\/tr>\n<tr>\n<td width=\"177\">\n<p style=\"text-align: center;\">C\u00e1lculo (128)<\/p>\n<\/td>\n<td style=\"text-align: center;\" width=\"130\"><strong>Spagnolo Noelia<\/strong><\/td>\n<td style=\"text-align: center;\" width=\"130\"><strong>Spagnolo Noe<\/strong><strong>l<\/strong><strong>ia<\/strong><\/td>\n<td style=\"text-align: center;\" width=\"130\"><strong>Ven\u00fatolo Elsa<\/strong><\/td>\n<td width=\"133\">\n<p style=\"text-align: center;\"><strong>Spagnolo Noelia\u00a0<\/strong><\/p>\n<\/td>\n<\/tr>\n<tr>\n<td width=\"177\">\n<p style=\"text-align: center;\">\u00c1lgebra II (128)<\/p>\n<\/td>\n<td style=\"text-align: center;\" width=\"130\"><strong>Bottaro Daniela<\/strong><\/td>\n<td style=\"text-align: center;\" width=\"130\"><strong>Vozza Betiana<\/strong><\/td>\n<td style=\"text-align: center;\" width=\"130\"><strong>Vozza Betiana<\/strong><\/td>\n<td width=\"133\">\n<p style=\"text-align: center;\"><strong>Pileci Federico<\/strong><\/p>\n<\/td>\n<\/tr>\n<tr>\n<td width=\"142\">\n<p style=\"text-align: center;\"><strong>Campo de la Formaci\u00f3n en la Pr\u00e1ctica Profesional<\/strong><\/p>\n<\/td>\n<td width=\"177\">\n<p style=\"text-align: center;\">La construcci\u00f3n del trabajo docente en la escuela secundaria<\/p>\n<p style=\"text-align: center;\">(128)<\/p>\n<\/td>\n<td style=\"text-align: center;\" width=\"130\"><strong>Romano Liliana<\/strong><\/td>\n<td style=\"text-align: center;\" width=\"130\"><strong>Ven\u00fatolo Elsa<\/strong><\/td>\n<td style=\"text-align: center;\" width=\"130\"><\/td>\n<td width=\"133\">\n<p style=\"text-align: center;\"><strong>Benitez Mar\u00eda Tatiana<\/strong><\/p>\n<\/td>\n<\/tr>\n<\/tbody>\n<\/table>\n<table width=\"825\">\n<tbody>\n<tr>\n<td rowspan=\"2\" width=\"139\"><strong>\u00a0<\/strong><\/td>\n<td colspan=\"2\" rowspan=\"2\" width=\"224\">\n<p style=\"text-align: center;\"><strong>Materia<\/strong><\/p>\n<\/td>\n<td style=\"text-align: center;\" colspan=\"3\" width=\"462\"><strong>Curso y Divisi\u00f3n <\/strong><\/td>\n<\/tr>\n<tr>\n<td style=\"text-align: center;\" width=\"154\"><strong>3ro A<\/strong><\/td>\n<td style=\"text-align: center;\" width=\"154\"><strong>3ro B<\/strong><\/td>\n<td width=\"154\">\n<p style=\"text-align: center;\"><strong>3ro C<\/strong><\/p>\n<\/td>\n<\/tr>\n<tr>\n<td rowspan=\"5\" width=\"139\">\n<p style=\"text-align: center;\"><strong>Campo de la Formaci\u00f3n General<\/strong><\/p>\n<\/td>\n<td colspan=\"2\" width=\"224\">\n<p style=\"text-align: center;\">Educaci\u00f3n para la diversidad (64)<\/p>\n<\/td>\n<td style=\"text-align: center;\" width=\"154\"><strong>Giac\u00edn Silvia<\/strong><\/td>\n<td style=\"text-align: center;\" width=\"154\"><strong>Calder\u00f3n Mar\u00eda<\/strong><\/td>\n<td style=\"text-align: center;\" width=\"154\"><strong>Torres Martha<\/strong><\/td>\n<\/tr>\n<tr>\n<td colspan=\"2\" width=\"224\">\n<p style=\"text-align: center;\">La evaluaci\u00f3n de los aprendizajes (64)<\/p>\n<\/td>\n<td style=\"text-align: center;\" width=\"154\"><strong>Jara Ra\u00fal<\/strong><\/td>\n<td style=\"text-align: center;\" width=\"154\"><strong>Aguirre Andrea<\/strong><\/td>\n<td width=\"154\">\n<p style=\"text-align: center;\"><strong>Jara Ra\u00fal<\/strong><\/p>\n<\/td>\n<\/tr>\n<tr>\n<td colspan=\"2\" width=\"224\">\n<p style=\"text-align: center;\">Filosof\u00eda y Educaci\u00f3n (64)<\/p>\n<\/td>\n<td style=\"text-align: center;\" width=\"154\"><strong>Falconio Patricia<\/strong><\/td>\n<td style=\"text-align: center;\" width=\"154\"><strong>Gadda Apolonio Santiago<\/strong><\/td>\n<td width=\"154\">\n<p style=\"text-align: center;\"><strong>Gadda Apolonio Santiago<\/strong><\/p>\n<\/td>\n<\/tr>\n<tr>\n<td rowspan=\"2\" width=\"118\">\n<p style=\"text-align: center;\">Oferta de unidades curriculares optativas para el estudiante<\/p>\n<\/td>\n<td style=\"text-align: center;\" width=\"106\">Nivel 1 de Ingl\u00e9s<\/td>\n<td style=\"text-align: center;\" width=\"154\"><strong>Cinthya Gonz\u00e1lez<\/strong><\/td>\n<td style=\"text-align: center;\" width=\"154\"><strong>Cinthya Gonz\u00e1lez<\/strong><\/td>\n<td style=\"text-align: center;\" width=\"154\"><strong>Cinthya Gonz\u00e1lez<\/strong><\/td>\n<\/tr>\n<tr>\n<td style=\"text-align: center;\" width=\"106\">Oratoria y ret\u00f3rica docente<\/td>\n<td style=\"text-align: center;\" width=\"154\"><strong>Aguilera Alba<\/strong><\/td>\n<td style=\"text-align: center;\" width=\"154\"><strong>Aguilera Alba<\/strong><\/td>\n<td width=\"154\">\n<p style=\"text-align: center;\"><strong>Aguilera Alba<\/strong><\/p>\n<\/td>\n<\/tr>\n<tr>\n<td rowspan=\"4\" width=\"139\">\n<p style=\"text-align: center;\"><strong>Campo de la Formaci\u00f3n Espec\u00edfica<\/strong><\/p>\n<\/td>\n<td colspan=\"2\" width=\"224\">\n<p style=\"text-align: center;\">Complementos de c\u00e1lculo (128)<\/p>\n<\/td>\n<td style=\"text-align: center;\" width=\"154\"><strong>Salerno Romina<\/strong><\/td>\n<td style=\"text-align: center;\" width=\"154\"><strong>Salerno Romina<\/strong><\/td>\n<td style=\"text-align: center;\" width=\"154\"><strong>Salerno Romina<\/strong><\/td>\n<\/tr>\n<tr>\n<td colspan=\"2\" width=\"224\">Algebra superior y elementos de topolog\u00eda (128)<\/td>\n<td width=\"154\">\n<p style=\"text-align: center;\"><strong>Ben\u00edtez Tatiana<\/strong><\/p>\n<\/td>\n<td style=\"text-align: center;\" width=\"154\"><strong>Benjam\u00edn Rub\u00e9n<\/strong><\/p>\n<p><strong>Barindelli Patricia<\/strong><\/td>\n<td style=\"text-align: center;\" width=\"154\"><strong>Benjam\u00edn Rub\u00e9n<\/strong><\/p>\n<p><strong>Barindelli Patricia<\/strong><\/td>\n<\/tr>\n<tr>\n<td colspan=\"2\" width=\"224\">Probabilidad y estad\u00edstica (96)<\/td>\n<td style=\"text-align: center;\" width=\"154\"><strong>Benjam\u00edn Rub\u00e9n<\/strong><\/td>\n<td style=\"text-align: center;\" width=\"154\"><strong>Romano Liliana<\/strong><\/td>\n<td style=\"text-align: center;\" width=\"154\"><strong>Spagnolo Noelia<\/strong><\/td>\n<\/tr>\n<tr>\n<td style=\"text-align: center;\" colspan=\"2\" width=\"224\">\n<p style=\"text-align: center;\">Did\u00e1ctica de la matem\u00e1tica II: ense\u00f1anza con TIC (64)<\/p>\n<\/td>\n<td style=\"text-align: center;\" width=\"154\"><strong>De Toma Susana<\/strong><\/td>\n<td style=\"text-align: center;\" width=\"154\"><strong>Vozza Betiana<\/strong><\/td>\n<td width=\"154\">\n<p style=\"text-align: center;\"><strong>Guarnieri Elsa<\/strong><\/p>\n<\/td>\n<\/tr>\n<tr>\n<td width=\"139\">\n<p style=\"text-align: center;\"><strong>Campo de la Formaci\u00f3n en la Pr\u00e1ctica Profesional<\/strong><\/p>\n<\/td>\n<td style=\"text-align: center;\" colspan=\"2\" width=\"224\">La construcci\u00f3n de la tarea docente espec\u00edfica en la ense\u00f1anza del nivel (128)<\/td>\n<td style=\"text-align: center;\" width=\"154\"><strong>Krawicky Liliana<\/strong><\/td>\n<td style=\"text-align: center;\" width=\"154\"><strong>Benjam\u00edn Rub\u00e9n <\/strong><\/p>\n<p><strong>Barindelli Patricia<\/strong><\/td>\n<td width=\"154\">\n<p style=\"text-align: center;\"><strong>Krawicky Liliana<\/strong><\/p>\n<\/td>\n<\/tr>\n<\/tbody>\n<\/table>\n<table width=\"730\">\n<tbody>\n<tr>\n<td rowspan=\"2\" width=\"175\"><strong>\u00a0<\/strong><\/td>\n<td colspan=\"2\" rowspan=\"2\" width=\"231\">\n<p style=\"text-align: center;\"><strong>Materia<\/strong><\/p>\n<\/td>\n<td colspan=\"2\" width=\"324\">\n<p style=\"text-align: center;\"><strong>Curso y Divisi\u00f3n <\/strong><\/p>\n<\/td>\n<\/tr>\n<tr>\n<td style=\"text-align: center;\" width=\"157\"><strong>4to 1ra<\/strong><\/td>\n<td width=\"167\">\n<p style=\"text-align: center;\"><strong>4to 2da<\/strong><\/p>\n<\/td>\n<\/tr>\n<tr>\n<td rowspan=\"3\" width=\"175\">\n<p style=\"text-align: center;\"><strong>Campo de la Formaci\u00f3n General<\/strong><\/p>\n<\/td>\n<td colspan=\"2\" width=\"231\">\n<p style=\"text-align: center;\">An\u00e1lisis e intervenci\u00f3n en situaciones de convivencia escolar (64)<\/p>\n<\/td>\n<td style=\"text-align: center;\" width=\"157\">Prego Leticia<\/td>\n<td width=\"167\">\n<p style=\"text-align: center;\">Prego Leticia<\/p>\n<\/td>\n<\/tr>\n<tr>\n<td rowspan=\"2\" width=\"105\">\n<p style=\"text-align: center;\">Oferta de unidades curriculares optativas para el estudiante<\/p>\n<\/td>\n<td style=\"text-align: center;\" width=\"126\">Nivel 2 de Ingl\u00e9s<\/td>\n<td style=\"text-align: center;\" width=\"157\">Gonz\u00e1lez Cinthya<\/td>\n<td style=\"text-align: center;\" width=\"167\">Moschini Ail\u00e9n<\/td>\n<\/tr>\n<tr>\n<td style=\"text-align: center;\" width=\"126\">Tutor\u00edas y orientaci\u00f3n escolar<\/td>\n<td style=\"text-align: center;\" width=\"157\">Pad\u00edn Vanina<\/td>\n<td width=\"167\">\n<p style=\"text-align: center;\">Pad\u00edn Vanina<\/p>\n<\/td>\n<\/tr>\n<tr>\n<td rowspan=\"6\" width=\"175\">\n<p style=\"text-align: center;\"><strong>Campo de la Formaci\u00f3n Espec\u00edfica<\/strong><\/p>\n<\/td>\n<td colspan=\"2\" width=\"231\">\n<p style=\"text-align: center;\">Seminario de temas de f\u00edsica\u00a0 (96)<\/p>\n<\/td>\n<td style=\"text-align: center;\" width=\"157\">Sosa Mauro<\/td>\n<td style=\"text-align: center;\" width=\"167\">Bentivenga Marcelo<\/td>\n<\/tr>\n<tr>\n<td colspan=\"2\" width=\"231\">\n<p style=\"text-align: center;\">Fundamentos de la matem\u00e1tica (96)<\/p>\n<\/td>\n<td style=\"text-align: center;\" width=\"157\">Salerno Romina<\/td>\n<td width=\"167\">\n<p style=\"text-align: center;\">Salerno Romina<\/p>\n<\/td>\n<\/tr>\n<tr>\n<td colspan=\"2\" width=\"231\">\n<p style=\"text-align: center;\">Matem\u00e1tica aplicada (96)<\/p>\n<\/td>\n<td style=\"text-align: center;\" width=\"157\">Benjam\u00edn Rub\u00e9n<\/td>\n<td width=\"167\">\n<p style=\"text-align: center;\">Benjam\u00edn Rub\u00e9n<\/p>\n<\/td>\n<\/tr>\n<tr>\n<td style=\"text-align: center;\" colspan=\"2\" width=\"231\">Geometr\u00edas no euclidianas, geometr\u00eda proyectiva y fractal (64)<\/td>\n<td style=\"text-align: center;\" width=\"157\">Barindelli Patricia<\/td>\n<td width=\"167\">\n<p style=\"text-align: center;\">Barindelli Patricia<\/p>\n<\/td>\n<\/tr>\n<tr>\n<td colspan=\"2\" width=\"231\">\n<p style=\"text-align: center;\">Did\u00e1ctica de la matem\u00e1tica III: investigaci\u00f3n de los problemas de ense\u00f1anza (64)<\/p>\n<\/td>\n<td style=\"text-align: center;\" width=\"157\">De Toma Susana<\/td>\n<td width=\"167\">\n<p style=\"text-align: center;\">De Toma Susana<\/p>\n<\/td>\n<\/tr>\n<tr>\n<td colspan=\"2\" width=\"231\">\n<p style=\"text-align: center;\">Espacio de definici\u00f3n institucional (64)<\/p>\n<\/td>\n<td style=\"text-align: center;\" width=\"157\">Zalla Gabriel<\/td>\n<td width=\"167\">\n<p style=\"text-align: center;\">Zalla Gabriel<\/p>\n<\/td>\n<\/tr>\n<tr>\n<td width=\"175\">\n<p style=\"text-align: center;\"><strong>Campo de la Formaci\u00f3n en la Pr\u00e1ctica Profesional<\/strong><\/p>\n<\/td>\n<td colspan=\"2\" width=\"231\">\n<p style=\"text-align: center;\">Reflexi\u00f3n sobre la tarea docente (192)<\/p>\n<\/td>\n<td style=\"text-align: center;\" width=\"157\">G1 y G2. Benjam\u00edn Rub\u00e9n<\/p>\n<p>G3. Romano Liliana<\/td>\n<td width=\"167\">\n<p style=\"text-align: center;\">G4. Ben\u00edtez Tatiana<\/p>\n<\/td>\n<\/tr>\n<\/tbody>\n<\/table>\n<p>&#8212;&#8212;&#8212;&#8212;&#8212;&#8212;&#8212;&#8212;&#8212;&#8212;&#8212;&#8212;&#8212;&#8212;&#8212;&#8212;&#8212;&#8212;&#8212;&#8212;&#8212;&#8212;&#8212;&#8212;&#8212;&#8212;&#8212;&#8212;&#8212;&#8212;&#8212;&#8212;&#8212;&#8212;&#8212;&#8212;&#8212;&#8212;&#8212;&#8212;&#8212;&#8212;&#8212;&#8212;&#8212;&#8212;&#8212;&#8212;&#8212;&#8212;&#8212;&#8212;&#8212;&#8212;&#8212;&#8212;&#8212;&#8212;&#8212;&#8212;&#8212;&#8212;&#8212;&#8212;&#8212;&#8212;&#8212;&#8212;&#8212;&#8212;&#8212;&#8212;<\/p>\n<p style=\"text-align: center;\"><span style=\"color: #ff0000;\"><em><strong>PLAN DE ESTUDIOS DEL<\/strong><\/em><\/span><\/p>\n<p style=\"text-align: center;\"><span style=\"color: #ff0000;\"><em><strong>PROFESORADO DE EDUCACI\u00d3N SECUNDARIA EN MATEM\u00c1TICA CON PROGRAMAS 2020<\/strong><\/em><\/span><\/p>\n<table width=\"837\">\n<tbody>\n<tr>\n<td rowspan=\"2\" width=\"130\"><strong>\u00a0<\/strong><\/td>\n<td rowspan=\"2\" width=\"142\">\n<p style=\"text-align: center;\"><strong>Materia<\/strong><\/p>\n<\/td>\n<td colspan=\"5\" width=\"565\">\n<p style=\"text-align: center;\"><strong>Curso y Divisi\u00f3n <\/strong><\/p>\n<\/td>\n<\/tr>\n<tr>\n<td width=\"118\">\n<p style=\"text-align: center;\"><strong>1ro A<\/strong><\/p>\n<\/td>\n<td style=\"text-align: center;\" width=\"106\"><strong>1ro B<\/strong><\/td>\n<td style=\"text-align: center;\" width=\"118\"><strong>1ro C<\/strong><\/td>\n<td style=\"text-align: center;\" width=\"118\"><strong>1ro D<\/strong><\/td>\n<td width=\"105\">\n<p style=\"text-align: center;\"><strong>1ro E<\/strong><\/p>\n<\/td>\n<\/tr>\n<tr>\n<td rowspan=\"3\" width=\"130\">\n<p style=\"text-align: center;\"><strong>Campo de la Formaci\u00f3n General<\/strong><\/p>\n<\/td>\n<td width=\"142\">\n<p style=\"text-align: center;\">Pedagog\u00eda (64)<\/p>\n<\/td>\n<td style=\"text-align: center;\" width=\"118\"><strong>Coca Oscar<\/strong><\/td>\n<td style=\"text-align: center;\" width=\"106\"><strong>Jara Ra\u00fal<\/strong><\/td>\n<td style=\"text-align: center;\" width=\"118\"><a href=\"https:\/\/drive.google.com\/file\/d\/1vOLQrSAxzOnLakwuJizkGwTQGzPbLQC_\/view?usp=sharing\"><strong>Gualtieri Guido<\/strong><\/a><\/td>\n<td style=\"text-align: center;\" width=\"118\"><strong>Coca Oscar<\/strong><\/td>\n<td style=\"text-align: center;\" width=\"105\"><a href=\"https:\/\/drive.google.com\/file\/d\/1IYrQr_-W_ce1c0r4RicdJDnfH_4sRFIt\/view?usp=sharing\"><strong>Bianco Dami\u00e1n<\/strong><\/a><\/td>\n<\/tr>\n<tr>\n<td style=\"text-align: center;\" width=\"142\">Did\u00e1ctica general (96)<\/td>\n<td style=\"text-align: center;\" width=\"118\"><a href=\"https:\/\/drive.google.com\/file\/d\/1X0OS8PMNGuYZ8qhrRo8Aa1qerJBdLiZ2\/view?usp=sharing\"><strong>Juiz Anal\u00eda<\/strong><\/a><\/td>\n<td style=\"text-align: center;\" width=\"106\"><a href=\"https:\/\/drive.google.com\/file\/d\/1N_S642tes1EUqDhT2FwA5L7NKGm97dlL\/view?usp=sharing\"><strong>Juiz Anal\u00eda<\/strong><\/a><\/td>\n<td style=\"text-align: center;\" width=\"118\"><a href=\"https:\/\/drive.google.com\/file\/d\/1YZaY6TMrZfF6njChI3qFX3svCebAk57p\/view?usp=sharing\"><strong>Calder\u00f3n Mar\u00eda<\/strong><\/a><\/td>\n<td style=\"text-align: center;\" width=\"118\"><a href=\"https:\/\/drive.google.com\/file\/d\/1Wwl-iPfbgoWp0JEuwTgqZt9F-daHjTkY\/view?usp=sharing\"><strong>Santander Margarita<\/strong><\/a><\/td>\n<td style=\"text-align: center;\" width=\"105\"><a href=\"https:\/\/drive.google.com\/file\/d\/1mZITAEr39MjwOoGgdJsL0vgbOL_ztHCC\/view?usp=sharing\"><strong>Ojeda Bogado Walter<\/strong><\/a><\/td>\n<\/tr>\n<tr>\n<td width=\"142\">\n<p style=\"text-align: center;\">Problem\u00e1ticas socio &#8211; institucionales (64)<\/p>\n<\/td>\n<td width=\"118\">\n<p style=\"text-align: center;\"><a href=\"https:\/\/drive.google.com\/file\/d\/1sPGFQj_dmd1UT7k3AKxBHWfRCBGBIAnT\/view?usp=sharing\"><strong>Calder\u00f3n Mar\u00eda<\/strong><\/a><\/p>\n<\/td>\n<td width=\"106\">\n<p style=\"text-align: center;\"><a href=\"https:\/\/drive.google.com\/file\/d\/1JJVr6IbAtDvsijlWoW8QRAJp_fCnIBrh\/view?usp=sharing\"><strong>Biscak Carlos<\/strong><\/a><\/p>\n<\/td>\n<td width=\"118\">\n<p style=\"text-align: center;\"><a href=\"https:\/\/drive.google.com\/file\/d\/1sPGFQj_dmd1UT7k3AKxBHWfRCBGBIAnT\/view?usp=sharing\"><strong>Calder\u00f3n Mar\u00eda<\/strong><\/a><\/p>\n<\/td>\n<td style=\"text-align: center;\" width=\"118\"><a href=\"https:\/\/drive.google.com\/file\/d\/1IbKHLv-UYZNjC4Ae6bb3ufMF8QaUmdFv\/view?usp=sharing\"><strong>Biscak Carlos<\/strong><\/a><\/td>\n<td width=\"105\">\n<p style=\"text-align: center;\"><a href=\"https:\/\/drive.google.com\/file\/d\/1sPGFQj_dmd1UT7k3AKxBHWfRCBGBIAnT\/view?usp=sharing\"><strong>Calder\u00f3n Mar\u00eda<\/strong><\/a><\/p>\n<\/td>\n<\/tr>\n<tr>\n<td rowspan=\"3\" width=\"130\">\n<p style=\"text-align: center;\"><strong>Campo de la Formaci\u00f3n Espec\u00edfica<\/strong><\/p>\n<\/td>\n<td width=\"142\">\n<p style=\"text-align: center;\">Geometr\u00eda m\u00e9trica (128)<\/p>\n<\/td>\n<td width=\"118\">\n<p style=\"text-align: center;\"><a href=\"https:\/\/drive.google.com\/file\/d\/17u4TsL-1yq0-_2h-4cacgpXvdQU5CaTA\/view?usp=sharing\"><strong>Rodr\u00edguez Sergio<\/strong><\/a><\/p>\n<\/td>\n<td width=\"106\">\n<p style=\"text-align: center;\"><a href=\"https:\/\/drive.google.com\/file\/d\/1YzlPg48n7piwGC87NdMwgWtBac9Nxa0h\/view?usp=sharing\"><strong>Barindelli Patrici<\/strong><strong>a<\/strong><\/a><\/p>\n<\/td>\n<td width=\"118\">\n<p style=\"text-align: center;\"><a href=\"https:\/\/drive.google.com\/file\/d\/17u4TsL-1yq0-_2h-4cacgpXvdQU5CaTA\/view?usp=sharing\"><strong>Rodr\u00edguez Sergio<\/strong><\/a><\/p>\n<\/td>\n<td width=\"118\">\n<p style=\"text-align: center;\"><a href=\"https:\/\/drive.google.com\/file\/d\/1YzlPg48n7piwGC87NdMwgWtBac9Nxa0h\/view?usp=sharing\"><strong>Barindelli Patricia<\/strong><\/a><\/p>\n<\/td>\n<td width=\"105\">\n<p style=\"text-align: center;\"><a href=\"https:\/\/drive.google.com\/file\/d\/1YzlPg48n7piwGC87NdMwgWtBac9Nxa0h\/view?usp=sharing\"><strong>Barindelli Patricia<\/strong><\/a><\/p>\n<\/td>\n<\/tr>\n<tr>\n<td width=\"142\">\n<p style=\"text-align: center;\">Algebra I (96)<\/p>\n<\/td>\n<td width=\"118\">\n<p style=\"text-align: center;\"><a href=\"https:\/\/drive.google.com\/file\/d\/194bQw9kVI7qhAPaKlPRIIbnPpdm942jQ\/view?usp=sharing\"><strong>Vozza Betiana<\/strong><\/a><\/p>\n<\/td>\n<td style=\"text-align: center;\" width=\"106\"><a href=\"https:\/\/drive.google.com\/file\/d\/1MlVZcQgpchn4ur282fMHSEvrMCajL9wD\/view?usp=sharing\"><strong>Bottaro Juan<\/strong><\/a><\/td>\n<td width=\"118\">\n<p style=\"text-align: center;\"><a href=\"https:\/\/drive.google.com\/file\/d\/194bQw9kVI7qhAPaKlPRIIbnPpdm942jQ\/view?usp=sharing\"><strong>Vozza Betiana<\/strong><\/a><\/p>\n<\/td>\n<td width=\"118\">\n<p style=\"text-align: center;\"><a href=\"https:\/\/drive.google.com\/file\/d\/1RPrgCV-IKz5ehmucZaG7equNs1V5sYM0\/view?usp=sharing\"><strong>Guarnieri Elsa<\/strong><\/a><\/p>\n<\/td>\n<td width=\"105\">\n<p style=\"text-align: center;\"><a href=\"https:\/\/drive.google.com\/file\/d\/1B_uYfIPHwEN2bjCMHuiSsq9A47X_tZsC\/view?usp=sharing\"><strong>Guarnieri Elsa<\/strong><\/a><\/p>\n<\/td>\n<\/tr>\n<tr>\n<td width=\"142\">\n<p style=\"text-align: center;\">Introducci\u00f3n al c\u00e1lculo (160)<\/p>\n<\/td>\n<td width=\"118\">\n<p style=\"text-align: center;\"><a href=\"https:\/\/drive.google.com\/file\/d\/1pwoMTt11DV8Fvl6V08sa2tKtbzdHofzn\/view?usp=sharing\"><strong>Ven\u00fatolo Elsa<\/strong><\/a><\/p>\n<\/td>\n<td width=\"106\">\n<p style=\"text-align: center;\"><a href=\"https:\/\/drive.google.com\/file\/d\/1pwoMTt11DV8Fvl6V08sa2tKtbzdHofzn\/view?usp=sharing\"><strong>Romano Liliana<\/strong><\/a><\/p>\n<\/td>\n<td style=\"text-align: center;\" width=\"118\"><a href=\"https:\/\/drive.google.com\/file\/d\/1pwoMTt11DV8Fvl6V08sa2tKtbzdHofzn\/view?usp=sharing\"><strong>Ven\u00fatolo Elsa<\/strong><\/a><\/td>\n<td style=\"text-align: center;\" width=\"118\"><a href=\"https:\/\/drive.google.com\/file\/d\/1pwoMTt11DV8Fvl6V08sa2tKtbzdHofzn\/view?usp=sharing\"><strong>Spagnolo Noelia<\/strong><\/a><\/td>\n<td width=\"105\">\n<p style=\"text-align: center;\"><a href=\"https:\/\/drive.google.com\/file\/d\/1pwoMTt11DV8Fvl6V08sa2tKtbzdHofzn\/view?usp=sharing\"><strong>Romano Liliana<\/strong><\/a><\/p>\n<\/td>\n<\/tr>\n<tr>\n<td style=\"text-align: center;\" width=\"130\"><strong>Campo de la Formaci\u00f3n en la Pr\u00e1ctica Profesional<\/strong><\/td>\n<td style=\"text-align: center;\" width=\"142\"><em>El trabajo docente:<\/em><\/p>\n<p>Complejidades y entramados<\/p>\n<p>(94)<\/td>\n<td style=\"text-align: center;\" width=\"118\"><a href=\"https:\/\/drive.google.com\/file\/d\/1g1LUGdO8f8J4Zg7PEkbVJuVArgp80qZx\/view?usp=sharing\"><strong>Cruz Natalia<\/strong><\/a><\/p>\n<p><a href=\"https:\/\/drive.google.com\/file\/d\/1g1LUGdO8f8J4Zg7PEkbVJuVArgp80qZx\/view?usp=sharing\"><strong>Calder\u00f3n Mar\u00eda<\/strong><\/a><\/td>\n<td style=\"text-align: center;\" width=\"106\"><a href=\"https:\/\/drive.google.com\/file\/d\/1g1LUGdO8f8J4Zg7PEkbVJuVArgp80qZx\/view?usp=sharing\"><strong>Calder\u00f3n Mar\u00eda<\/strong><\/a><\/p>\n<p><a href=\"https:\/\/drive.google.com\/file\/d\/1g1LUGdO8f8J4Zg7PEkbVJuVArgp80qZx\/view?usp=sharing\"><strong>Cruz Natalia<\/strong><\/a><\/td>\n<td style=\"text-align: center;\" width=\"118\"><a href=\"https:\/\/drive.google.com\/file\/d\/1g1LUGdO8f8J4Zg7PEkbVJuVArgp80qZx\/view?usp=sharing\"><strong>Cristina Landi<\/strong><\/a><\/td>\n<td style=\"text-align: center;\" width=\"118\"><a href=\"https:\/\/drive.google.com\/file\/d\/1g1LUGdO8f8J4Zg7PEkbVJuVArgp80qZx\/view?usp=sharing\"><strong>Cristina Landi<\/strong><\/a><\/td>\n<td width=\"105\">\n<p style=\"text-align: center;\"><a href=\"https:\/\/drive.google.com\/file\/d\/1g1LUGdO8f8J4Zg7PEkbVJuVArgp80qZx\/view?usp=sharing\"><strong>Calder\u00f3n Mar\u00eda<\/strong><\/a><\/p>\n<\/td>\n<\/tr>\n<\/tbody>\n<\/table>\n<table width=\"842\">\n<tbody>\n<tr>\n<td rowspan=\"2\" width=\"142\"><strong>\u00a0<\/strong><\/td>\n<td rowspan=\"2\" width=\"177\">\n<p style=\"text-align: center;\"><strong>Materia<\/strong><\/p>\n<\/td>\n<td colspan=\"4\" width=\"523\">\n<p style=\"text-align: center;\"><strong>Curso y Divisi\u00f3n <\/strong><\/p>\n<\/td>\n<\/tr>\n<tr>\n<td width=\"130\">\n<p style=\"text-align: center;\"><strong>2do A<\/strong><\/p>\n<\/td>\n<td style=\"text-align: center;\" width=\"130\"><strong>2do B<\/strong><\/td>\n<td style=\"text-align: center;\" width=\"130\"><strong>2do C<\/strong><\/td>\n<td width=\"133\">\n<p style=\"text-align: center;\"><strong>2do D<\/strong><\/p>\n<\/td>\n<\/tr>\n<tr>\n<td rowspan=\"3\" width=\"142\">\n<p style=\"text-align: center;\"><strong>Campo de la Formaci\u00f3n General<\/strong><\/p>\n<\/td>\n<td width=\"177\">\n<p style=\"text-align: center;\">Historia y pol\u00edtica de la educaci\u00f3n argentina (64)<\/p>\n<\/td>\n<td style=\"text-align: center;\" width=\"130\"><strong>Coca Oscar<\/strong><\/td>\n<td style=\"text-align: center;\" width=\"130\"><strong>Jara Ra\u00fal <\/strong><\/td>\n<td style=\"text-align: center;\" width=\"130\"><a href=\"https:\/\/drive.google.com\/file\/d\/1Hd2JjDraz4B5VztjJ06Yu_YPY3avJGPo\/view?usp=sharing\"><strong>Calder\u00f3n Mar\u00eda<\/strong><\/a><\/td>\n<td width=\"133\">\n<p style=\"text-align: center;\"><a href=\"https:\/\/drive.google.com\/file\/d\/1y0hR6X3UIg1UdCT9WXPaNUbVyb8Zp7dp\/view?usp=sharing\"><strong>Ben\u00edtez Emilce<\/strong><\/a><\/p>\n<\/td>\n<\/tr>\n<tr>\n<td width=\"177\">\n<p style=\"text-align: center;\">Ense\u00f1ar con tecnolog\u00edas (64)<\/p>\n<\/td>\n<td style=\"text-align: center;\" width=\"130\"><a href=\"https:\/\/drive.google.com\/file\/d\/19Md1lVlFI3wWajPwYK1ROPXJ_MykmUj2\/view?usp=sharing\"><strong>Rodr\u00edguez Sergio<\/strong><\/a><\/td>\n<td style=\"text-align: center;\" width=\"130\"><a href=\"https:\/\/drive.google.com\/file\/d\/19Md1lVlFI3wWajPwYK1ROPXJ_MykmUj2\/view?usp=sharing\"><strong>Rodr\u00edguez Sergio<\/strong><\/a><\/td>\n<td style=\"text-align: center;\" width=\"130\"><strong>Coca Oscar<\/strong><\/td>\n<td width=\"133\">\n<p style=\"text-align: center;\"><a href=\"https:\/\/drive.google.com\/file\/d\/1A1NAMZ_eZn8A6f9Wd8CPJuT8GdDDqhch\/view?usp=sharing\"><strong>Benitez Emilce<\/strong><\/a><\/p>\n<\/td>\n<\/tr>\n<tr>\n<td width=\"177\">\n<p style=\"text-align: center;\">Perspectivas acerca de los sujetos de la educaci\u00f3n (64)<\/p>\n<\/td>\n<td style=\"text-align: center;\" width=\"130\"><strong>Micheletti Silvana<\/strong><\/td>\n<td style=\"text-align: center;\" width=\"130\"><a href=\"https:\/\/drive.google.com\/file\/d\/1ot01vtOb29gDhvLfe33zrtdtUd9vPT43\/view?usp=sharing\"><strong>Medini Jesica<\/strong><\/a><\/td>\n<td style=\"text-align: center;\" width=\"130\"><strong>Micheletti Silvana<\/strong><\/td>\n<td width=\"133\">\n<p style=\"text-align: center;\"><a href=\"https:\/\/drive.google.com\/file\/d\/1S15LFiK4Ofz8c-KEAvlnyw1br3u1J0Fr\/view?usp=sharing\"><strong>Torres Martha<\/strong><\/a><\/p>\n<\/td>\n<\/tr>\n<tr>\n<td rowspan=\"5\" width=\"142\">\n<p style=\"text-align: center;\"><strong>Campo de la Formaci\u00f3n Espec\u00edfica<\/strong><\/p>\n<\/td>\n<td width=\"177\">\n<p style=\"text-align: center;\">Geometr\u00eda anal\u00edtica (96)<\/p>\n<\/td>\n<td style=\"text-align: center;\" width=\"130\"><a href=\"https:\/\/drive.google.com\/file\/d\/1m7ldGrIQxrII-XGim3-cshGo6KoHerkk\/view?usp=sharing\"><strong>Bottaro Daniela<\/strong><\/a><\/td>\n<td style=\"text-align: center;\" width=\"130\"><a href=\"https:\/\/drive.google.com\/file\/d\/1m7ldGrIQxrII-XGim3-cshGo6KoHerkk\/view?usp=sharing\"><strong>Bottaro Daniela<\/strong><\/a><\/td>\n<td style=\"text-align: center;\" width=\"130\"><a href=\"https:\/\/drive.google.com\/file\/d\/1m7ldGrIQxrII-XGim3-cshGo6KoHerkk\/view?usp=sharing\"><strong>Bottaro Daniela<\/strong><\/a><\/td>\n<td width=\"133\">\n<p style=\"text-align: center;\"><a href=\"https:\/\/drive.google.com\/file\/d\/1YSWZWnTNR777E_TLIN9kioMdVeivkmdd\/view?usp=sharing\"><strong>Barindelli Patricia<\/strong><\/a><\/p>\n<\/td>\n<\/tr>\n<tr>\n<td width=\"177\">\n<p style=\"text-align: center;\">Historia de la matem\u00e1tica (64)<\/p>\n<\/td>\n<td style=\"text-align: center;\" width=\"130\"><a href=\"https:\/\/drive.google.com\/file\/d\/1k1pLRDu0_GOeg8fLLTMaDryaVit1xjg6\/view?usp=sharing\"><strong>Romano Liliana<\/strong><\/a><\/td>\n<td style=\"text-align: center;\" width=\"130\"><a href=\"https:\/\/drive.google.com\/file\/d\/1bn4HjqTthdHPfprdc7BMlK12xiSjiJzO\/view?usp=sharing\"><strong>Benitez Mar\u00eda Tatiana\u00a0<\/strong><\/a><\/td>\n<td style=\"text-align: center;\" width=\"130\"><strong><a href=\"https:\/\/drive.google.com\/file\/d\/1bZ3wTGLEHMEPvhU0M6l4wquDEUkwop9n\/view?usp=sharing\">Pileci Federico<\/a>\u00a0<\/strong><\/td>\n<td width=\"133\">\n<p style=\"text-align: center;\"><a href=\"https:\/\/drive.google.com\/file\/d\/1k1pLRDu0_GOeg8fLLTMaDryaVit1xjg6\/view?usp=sharing\"><strong>Romano Liliana<\/strong><\/a><\/p>\n<\/td>\n<\/tr>\n<tr>\n<td width=\"177\">\n<p style=\"text-align: center;\">Did\u00e1ctica de la matem\u00e1tica: did\u00e1ctica y curriculum (64)<\/p>\n<\/td>\n<td style=\"text-align: center;\" width=\"130\"><a href=\"https:\/\/drive.google.com\/file\/d\/1aMlyAEAdDkLPt0PCYl7BxEvsbIGiOui3\/view?usp=sharing\"><strong>Pileci Federico<\/strong><\/a><\/td>\n<td style=\"text-align: center;\" width=\"130\"><a href=\"https:\/\/drive.google.com\/file\/d\/1aMlyAEAdDkLPt0PCYl7BxEvsbIGiOui3\/view?usp=sharing\"><strong>Pileci Federico<\/strong><\/a><\/td>\n<td style=\"text-align: center;\" width=\"130\"><a href=\"https:\/\/drive.google.com\/file\/d\/12ucJo544jhkGJzIIfWUgJGFVJM7TkDDh\/view?usp=sharing\"><strong>Guarnieri Elsa<\/strong><\/a><\/td>\n<td width=\"133\">\n<p style=\"text-align: center;\"><a href=\"https:\/\/drive.google.com\/file\/d\/1ufDiVUCNyl16Z-3xyiLg8O_CBS3VVP6t\/view?usp=sharing\"><strong>Romano Liliana<\/strong><\/a><\/p>\n<\/td>\n<\/tr>\n<tr>\n<td width=\"177\">\n<p style=\"text-align: center;\">C\u00e1lculo (128)<\/p>\n<\/td>\n<td style=\"text-align: center;\" width=\"130\"><a href=\"https:\/\/drive.google.com\/file\/d\/1OjVp1oZgplT3J-P3uCQfsVpTXFYq5s0y\/view?usp=sharing\"><strong>Spagnolo Noelia<\/strong><\/a><\/td>\n<td style=\"text-align: center;\" width=\"130\"><a href=\"https:\/\/drive.google.com\/file\/d\/1OjVp1oZgplT3J-P3uCQfsVpTXFYq5s0y\/view?usp=sharing\"><strong>Spagnolo Noelia<\/strong><\/a><\/td>\n<td style=\"text-align: center;\" width=\"130\"><a href=\"https:\/\/drive.google.com\/file\/d\/1OjVp1oZgplT3J-P3uCQfsVpTXFYq5s0y\/view?usp=sharing\"><strong>Ven\u00fatolo Elsa<\/strong><\/a><\/td>\n<td width=\"133\">\n<p style=\"text-align: center;\"><a href=\"https:\/\/drive.google.com\/file\/d\/1OjVp1oZgplT3J-P3uCQfsVpTXFYq5s0y\/view?usp=sharing\"><strong>Spagnolo Noelia\u00a0<\/strong><\/a><\/p>\n<\/td>\n<\/tr>\n<tr>\n<td width=\"177\">\n<p style=\"text-align: center;\">\u00c1lgebra II (128)<\/p>\n<\/td>\n<td style=\"text-align: center;\" width=\"130\"><a href=\"https:\/\/drive.google.com\/file\/d\/1s7XLA8WQadbmY1aBofTOipzd6xnYyiMN\/view?usp=sharing\"><strong>Bottaro Daniela<\/strong><\/a><\/td>\n<td style=\"text-align: center;\" width=\"130\"><a href=\"https:\/\/drive.google.com\/file\/d\/1JjGlc-iQRXXREOdcRkBexeGGbZ7p5OId\/view?usp=sharing\"><strong>Vozza Betiana<\/strong><\/a><\/td>\n<td style=\"text-align: center;\" width=\"130\"><a href=\"https:\/\/drive.google.com\/file\/d\/1JjGlc-iQRXXREOdcRkBexeGGbZ7p5OId\/view?usp=sharing\"><strong>Vozza Betiana<\/strong><\/a><\/td>\n<td width=\"133\">\n<p style=\"text-align: center;\"><a href=\"https:\/\/drive.google.com\/file\/d\/1xaaw6USB8iUZ8DPTxQaORX4_SntmQV7y\/view?usp=sharing\"><strong>Pileci Federico<\/strong><\/a><\/p>\n<\/td>\n<\/tr>\n<tr>\n<td width=\"142\">\n<p style=\"text-align: center;\"><strong>Campo de la Formaci\u00f3n en la Pr\u00e1ctica Profesional<\/strong><\/p>\n<\/td>\n<td width=\"177\">\n<p style=\"text-align: center;\">La construcci\u00f3n del trabajo docente en la escuela secundaria<\/p>\n<p style=\"text-align: center;\">(128)<\/p>\n<\/td>\n<td style=\"text-align: center;\" width=\"130\"><a href=\"https:\/\/drive.google.com\/file\/d\/1d3ARyAiLLOwMFy4lQ8NDLL37cTvjNhVa\/view?usp=sharing\"><strong>Romano Liliana<\/strong><\/a><\/td>\n<td style=\"text-align: center;\" width=\"130\"><a href=\"https:\/\/drive.google.com\/file\/d\/1Q80eJwDWwFv67NiDxNnM87Q7XgkLiMBq\/view?usp=sharing\"><strong>Ven\u00fatolo Elsa<\/strong><\/a><\/td>\n<td style=\"text-align: center;\" width=\"130\"><\/td>\n<td width=\"133\">\n<p style=\"text-align: center;\"><a href=\"https:\/\/drive.google.com\/file\/d\/1Q80eJwDWwFv67NiDxNnM87Q7XgkLiMBq\/view?usp=sharing\"><strong>Benitez Mar\u00eda Tatiana<\/strong><\/a><\/p>\n<\/td>\n<\/tr>\n<\/tbody>\n<\/table>\n<table width=\"825\">\n<tbody>\n<tr>\n<td rowspan=\"2\" width=\"139\"><strong>\u00a0<\/strong><\/td>\n<td colspan=\"2\" rowspan=\"2\" width=\"224\">\n<p style=\"text-align: center;\"><strong>Materia<\/strong><\/p>\n<\/td>\n<td style=\"text-align: center;\" colspan=\"3\" width=\"462\"><strong>Curso y Divisi\u00f3n <\/strong><\/td>\n<\/tr>\n<tr>\n<td style=\"text-align: center;\" width=\"154\"><strong>3ro A<\/strong><\/td>\n<td style=\"text-align: center;\" width=\"154\"><strong>3ro B<\/strong><\/td>\n<td width=\"154\">\n<p style=\"text-align: center;\"><strong>3ro C<\/strong><\/p>\n<\/td>\n<\/tr>\n<tr>\n<td rowspan=\"5\" width=\"139\">\n<p style=\"text-align: center;\"><strong>Campo de la Formaci\u00f3n General<\/strong><\/p>\n<\/td>\n<td colspan=\"2\" width=\"224\">\n<p style=\"text-align: center;\">Educaci\u00f3n para la diversidad (64)<\/p>\n<\/td>\n<td style=\"text-align: center;\" width=\"154\"><a href=\"https:\/\/drive.google.com\/file\/d\/1Oc3Z2Cs5YPuaytt9oZWeYYsQUnCQNkxJ\/view?usp=sharing\"><strong>Giac\u00edn Silvia<\/strong><\/a><\/td>\n<td style=\"text-align: center;\" width=\"154\"><a href=\"https:\/\/drive.google.com\/file\/d\/1Oc3Z2Cs5YPuaytt9oZWeYYsQUnCQNkxJ\/view?usp=sharing\"><strong>Calder\u00f3n Mar\u00eda<\/strong><\/a><\/td>\n<td style=\"text-align: center;\" width=\"154\"><a href=\"https:\/\/drive.google.com\/file\/d\/1Oc3Z2Cs5YPuaytt9oZWeYYsQUnCQNkxJ\/view?usp=sharing\"><strong>Torres Martha<\/strong><\/a><\/td>\n<\/tr>\n<tr>\n<td colspan=\"2\" width=\"224\">\n<p style=\"text-align: center;\">La evaluaci\u00f3n de los aprendizajes (64)<\/p>\n<\/td>\n<td style=\"text-align: center;\" width=\"154\"><strong>Jara Ra\u00fal<\/strong><\/td>\n<td style=\"text-align: center;\" width=\"154\"><strong>Aguirre Andrea<\/strong><\/td>\n<td width=\"154\">\n<p style=\"text-align: center;\"><strong>Jara Ra\u00fal<\/strong><\/p>\n<\/td>\n<\/tr>\n<tr>\n<td colspan=\"2\" width=\"224\">\n<p style=\"text-align: center;\">Filosof\u00eda y Educaci\u00f3n (64)<\/p>\n<\/td>\n<td style=\"text-align: center;\" width=\"154\"><a href=\"https:\/\/drive.google.com\/file\/d\/1pdejlAjosIEd7cDUNX864yaOMv2jLZw5\/view?usp=sharing\"><strong>Falconio Patricia<\/strong><\/a><\/td>\n<td style=\"text-align: center;\" width=\"154\"><strong>Gadda Apolonio Santiago<\/strong><\/td>\n<td width=\"154\">\n<p style=\"text-align: center;\"><strong>Gadda Apolonio Santiago<\/strong><\/p>\n<\/td>\n<\/tr>\n<tr>\n<td rowspan=\"2\" width=\"118\">\n<p style=\"text-align: center;\">Oferta de unidades curriculares optativas para el estudiante<\/p>\n<\/td>\n<td style=\"text-align: center;\" width=\"106\">Nivel 1 de Ingl\u00e9s<\/td>\n<td style=\"text-align: center;\" width=\"154\"><a href=\"https:\/\/drive.google.com\/file\/d\/1HU_Ap0i4RshosnlJ0vuRavqDnvqTJnTS\/view?usp=sharing\"><strong>Cinthya Gonz\u00e1lez<\/strong><\/a><\/td>\n<td style=\"text-align: center;\" width=\"154\"><strong>A\/D<\/strong><\/td>\n<td style=\"text-align: center;\" width=\"154\"><strong>A\/D<\/strong><\/td>\n<\/tr>\n<tr>\n<td style=\"text-align: center;\" width=\"106\">Oratoria y ret\u00f3rica docente<\/td>\n<td style=\"text-align: center;\" width=\"154\"><strong>Aguilera Alba<\/strong><\/td>\n<td style=\"text-align: center;\" width=\"154\"><strong>Aguilera Alba<\/strong><\/td>\n<td width=\"154\">\n<p style=\"text-align: center;\"><strong>Aguilera Alba<\/strong><\/p>\n<\/td>\n<\/tr>\n<tr>\n<td rowspan=\"4\" width=\"139\">\n<p style=\"text-align: center;\"><strong>Campo de la Formaci\u00f3n Espec\u00edfica<\/strong><\/p>\n<\/td>\n<td colspan=\"2\" width=\"224\">\n<p style=\"text-align: center;\">Complementos de c\u00e1lculo (128)<\/p>\n<\/td>\n<td style=\"text-align: center;\" width=\"154\"><a href=\"https:\/\/drive.google.com\/file\/d\/1fBc65q7FghxpJFoeMT4JwcjZ6uFvx7zR\/view?usp=sharing\"><strong>Salerno Romina<\/strong><\/a><\/td>\n<td style=\"text-align: center;\" width=\"154\"><a href=\"https:\/\/drive.google.com\/file\/d\/1fBc65q7FghxpJFoeMT4JwcjZ6uFvx7zR\/view?usp=sharing\"><strong>Salerno Romina<\/strong><\/a><\/td>\n<td style=\"text-align: center;\" width=\"154\"><a href=\"https:\/\/drive.google.com\/file\/d\/1fBc65q7FghxpJFoeMT4JwcjZ6uFvx7zR\/view?usp=sharing\"><strong>Salerno Romina<\/strong><\/a><\/td>\n<\/tr>\n<tr>\n<td colspan=\"2\" width=\"224\">Algebra superior y elementos de topolog\u00eda (128)<\/td>\n<td width=\"154\">\n<p style=\"text-align: center;\"><a href=\"https:\/\/drive.google.com\/file\/d\/122Zu4fILp7-_tcgpcr0PQfqQWIn0M9vD\/view?usp=sharing\"><strong>Ben\u00edtez Tatiana<\/strong><\/a><\/p>\n<\/td>\n<td style=\"text-align: center;\" width=\"154\"><a href=\"https:\/\/drive.google.com\/file\/d\/1sPWx-5Iz-mkggTqgHIB9UXyjSNjRR7ja\/view?usp=sharing\"><strong>Benjam\u00edn R<\/strong><\/a><\/p>\n<p><a href=\"https:\/\/drive.google.com\/file\/d\/1sPWx-5Iz-mkggTqgHIB9UXyjSNjRR7ja\/view?usp=sharing\"><strong>Barindelli P<\/strong><\/a><\/td>\n<td style=\"text-align: center;\" width=\"154\"><a href=\"https:\/\/drive.google.com\/file\/d\/1sPWx-5Iz-mkggTqgHIB9UXyjSNjRR7ja\/view?usp=sharing\"><strong>Benjam\u00edn R<\/strong><\/a><\/p>\n<p><a href=\"https:\/\/drive.google.com\/file\/d\/1sPWx-5Iz-mkggTqgHIB9UXyjSNjRR7ja\/view?usp=sharing\"><strong>Barindelli P<\/strong><\/a><\/td>\n<\/tr>\n<tr>\n<td colspan=\"2\" width=\"224\">Probabilidad y estad\u00edstica (96)<\/td>\n<td style=\"text-align: center;\" width=\"154\"><strong>Benjam\u00edn Rub\u00e9n<\/strong><\/td>\n<td style=\"text-align: center;\" width=\"154\"><strong>Romano Liliana<\/strong><\/td>\n<td style=\"text-align: center;\" width=\"154\"><strong>Spagnolo Noelia<\/strong><\/td>\n<\/tr>\n<tr>\n<td style=\"text-align: center;\" colspan=\"2\" width=\"224\">\n<p style=\"text-align: center;\">Did\u00e1ctica de la matem\u00e1tica II: ense\u00f1anza con TIC (64)<\/p>\n<\/td>\n<td style=\"text-align: center;\" width=\"154\"><strong>De Toma Susana<\/strong><\/td>\n<td style=\"text-align: center;\" width=\"154\"><a href=\"https:\/\/drive.google.com\/file\/d\/1rgqrpAujrQMaLYdkrtlHQi4-4v_ypbyY\/view?usp=sharing\"><strong>Vozza Betiana<\/strong><\/a><\/td>\n<td width=\"154\">\n<p style=\"text-align: center;\"><a href=\"https:\/\/drive.google.com\/file\/d\/1AfPqakk6pP5uHjq5Gh--c5CV3TAA535N\/view?usp=sharing\"><strong>Guarnieri Elsa<\/strong><\/a><\/p>\n<\/td>\n<\/tr>\n<tr>\n<td width=\"139\">\n<p style=\"text-align: center;\"><strong>Campo de la Formaci\u00f3n en la Pr\u00e1ctica Profesional<\/strong><\/p>\n<\/td>\n<td style=\"text-align: center;\" colspan=\"2\" width=\"224\">La construcci\u00f3n de la tarea docente espec\u00edfica en la ense\u00f1anza del nivel (128)<\/td>\n<td style=\"text-align: center;\" width=\"154\"><a href=\"https:\/\/drive.google.com\/file\/d\/1DsWKR141OIn1a9yYN6zpecfQ5vWaKnep\/view?usp=sharing\"><strong>Krawicky Liliana<\/strong><\/a><\/td>\n<td style=\"text-align: center;\" width=\"154\"><strong><a href=\"https:\/\/drive.google.com\/file\/d\/1DsWKR141OIn1a9yYN6zpecfQ5vWaKnep\/view?usp=sharing\">Benjam\u00edn Rub\u00e9n<\/a> <\/strong><\/p>\n<p><a href=\"https:\/\/drive.google.com\/file\/d\/1DsWKR141OIn1a9yYN6zpecfQ5vWaKnep\/view?usp=sharing\"><strong>Barindelli Patricia<\/strong><\/a><\/td>\n<td width=\"154\">\n<p style=\"text-align: center;\"><a href=\"https:\/\/drive.google.com\/file\/d\/1DsWKR141OIn1a9yYN6zpecfQ5vWaKnep\/view?usp=sharing\"><strong>Krawicky Liliana<\/strong><\/a><\/p>\n<\/td>\n<\/tr>\n<\/tbody>\n<\/table>\n<table width=\"824\">\n<tbody>\n<tr>\n<td rowspan=\"2\" width=\"197\"><strong>\u00a0<\/strong><\/td>\n<td rowspan=\"2\" width=\"261\">\n<p style=\"text-align: center;\"><strong>Materia<\/strong><\/p>\n<\/td>\n<td style=\"text-align: center;\" colspan=\"2\" width=\"366\"><strong>Curso y Divisi\u00f3n <\/strong><\/td>\n<\/tr>\n<tr>\n<td style=\"text-align: center;\" width=\"177\"><strong>4to A<\/strong><\/td>\n<td width=\"189\">\n<p style=\"text-align: center;\"><strong>4to B<\/strong><\/p>\n<\/td>\n<\/tr>\n<tr>\n<td rowspan=\"6\" width=\"197\">\n<p style=\"text-align: center;\"><strong>Campo de la Formaci\u00f3n Espec\u00edfica<\/strong><\/p>\n<\/td>\n<td width=\"261\">\n<p style=\"text-align: center;\">Computaci\u00f3n (64)<\/p>\n<\/td>\n<td style=\"text-align: center;\" width=\"177\"><strong>Benjam\u00edn Rub\u00e9n<\/strong><\/td>\n<td width=\"189\">\n<p style=\"text-align: center;\">&#8212;&#8212;<\/p>\n<\/td>\n<\/tr>\n<tr>\n<td width=\"261\">\n<p style=\"text-align: center;\">Fundamentos de la matem\u00e1tica (96)<\/p>\n<\/td>\n<td style=\"text-align: center;\" width=\"177\"><a href=\"https:\/\/drive.google.com\/file\/d\/1fVEmLEL7Bxx44M82IZy3DxGPz0XzoCzg\/view?usp=sharing\"><strong>Salerno Romina<\/strong><\/a><\/td>\n<td style=\"text-align: center;\" width=\"189\"><strong>Salerno Romina<\/strong><\/td>\n<\/tr>\n<tr>\n<td width=\"261\">\n<p style=\"text-align: center;\">Matem\u00e1tica aplicada (128)<\/p>\n<\/td>\n<td style=\"text-align: center;\" width=\"177\"><strong>Benjam\u00edn Rub\u00e9n<\/strong><\/td>\n<td style=\"text-align: center;\" width=\"189\"><strong>Benjam\u00edn Rub\u00e9n<\/strong><\/td>\n<\/tr>\n<tr>\n<td style=\"text-align: center;\" width=\"261\">F\u00edsica (160)<\/td>\n<td style=\"text-align: center;\" width=\"177\"><strong>Sosa Mauro<\/strong><\/td>\n<td width=\"189\">\n<p style=\"text-align: center;\"><a href=\"https:\/\/drive.google.com\/file\/d\/1ckOl8DNljiRX-8IkJxFVzw1yP4UxZaMz\/view?usp=sharing\"><strong>Bentivenga Marcelo<\/strong><\/a><\/p>\n<\/td>\n<\/tr>\n<tr>\n<td style=\"text-align: center;\" width=\"261\">Geometr\u00eda (160)<\/td>\n<td style=\"text-align: center;\" width=\"177\"><a href=\"https:\/\/drive.google.com\/file\/d\/1PtdGQV0XUSXuij_oAj9oa4BoKVMi--Xv\/view?usp=sharing\"><strong>Barindelli Patricia<\/strong><\/a><\/td>\n<td width=\"189\">\n<p style=\"text-align: center;\"><a href=\"https:\/\/drive.google.com\/file\/d\/1PtdGQV0XUSXuij_oAj9oa4BoKVMi--Xv\/view?usp=sharing\"><strong>Barindelli Patricia<\/strong><\/a><\/p>\n<\/td>\n<\/tr>\n<tr>\n<td width=\"261\">\n<p style=\"text-align: center;\">Metodolog\u00eda de la investigaci\u00f3n educativa en matem\u00e1tica (64)<\/p>\n<\/td>\n<td style=\"text-align: center;\" width=\"177\"><strong>De Toma Susana<\/strong><\/td>\n<td style=\"text-align: center;\" width=\"189\">&#8212;&#8212;<\/td>\n<\/tr>\n<tr>\n<td style=\"text-align: center;\" width=\"197\"><strong>Campo de la Formaci\u00f3n en la Pr\u00e1ctica Docente<\/strong><\/td>\n<td style=\"text-align: center;\" width=\"261\">Espacio de la Pr\u00e1ctica Docente (128)<\/td>\n<td style=\"text-align: center;\" width=\"177\"><strong>Benjam\u00edn Rub\u00e9n<\/strong><\/p>\n<p><a href=\"https:\/\/drive.google.com\/file\/d\/127hMh9o97QtmhxjcfMR7brttbz07G2hP\/view?usp=sharing\"><strong>Romano Liliana<\/strong><\/a><\/td>\n<td width=\"189\">\n<p style=\"text-align: center;\">&#8212;&#8212;<\/p>\n<\/td>\n<\/tr>\n<\/tbody>\n<\/table>\n","protected":false},"excerpt":{"rendered":"<p>PLAN DE ESTUDIOS DEL PROFESORADO DE EDUCACI\u00d3N SECUNDARIA EN MATEM\u00c1TICA CON PROGRAMAS 2021 \u00a0 Materia Curso y Divisi\u00f3n 1ro A 1ro B 1ro C 1ro D 1ro E Campo de la Formaci\u00f3n General Pedagog\u00eda (64) Coca Oscar Jara Ra\u00fal Gualtieri Guido Coca Oscar Bianco Dami\u00e1n Did\u00e1ctica general (96) Juiz Anal\u00eda Juiz Anal\u00eda Calder\u00f3n Mar\u00eda Santander &#8230; <a title=\"Programas de Matem\u00e1tica\" class=\"read-more\" href=\"https:\/\/isfd106-bue.infd.edu.ar\/sitio\/programas-de-matematica\/\" aria-label=\"More on Programas de Matem\u00e1tica\">[+]<\/a><\/p>\n","protected":false},"author":589,"featured_media":0,"parent":0,"menu_order":0,"comment_status":"closed","ping_status":"closed","template":"","meta":[],"acf":[],"_links":{"self":[{"href":"https:\/\/isfd106-bue.infd.edu.ar\/sitio\/wp-json\/wp\/v2\/pages\/1364"}],"collection":[{"href":"https:\/\/isfd106-bue.infd.edu.ar\/sitio\/wp-json\/wp\/v2\/pages"}],"about":[{"href":"https:\/\/isfd106-bue.infd.edu.ar\/sitio\/wp-json\/wp\/v2\/types\/page"}],"author":[{"embeddable":true,"href":"https:\/\/isfd106-bue.infd.edu.ar\/sitio\/wp-json\/wp\/v2\/users\/589"}],"replies":[{"embeddable":true,"href":"https:\/\/isfd106-bue.infd.edu.ar\/sitio\/wp-json\/wp\/v2\/comments?post=1364"}],"version-history":[{"count":52,"href":"https:\/\/isfd106-bue.infd.edu.ar\/sitio\/wp-json\/wp\/v2\/pages\/1364\/revisions"}],"predecessor-version":[{"id":3094,"href":"https:\/\/isfd106-bue.infd.edu.ar\/sitio\/wp-json\/wp\/v2\/pages\/1364\/revisions\/3094"}],"wp:attachment":[{"href":"https:\/\/isfd106-bue.infd.edu.ar\/sitio\/wp-json\/wp\/v2\/media?parent=1364"}],"curies":[{"name":"wp","href":"https:\/\/api.w.org\/{rel}","templated":true}]}}