{"id":1233,"date":"2020-03-18T20:09:57","date_gmt":"2020-03-18T23:09:57","guid":{"rendered":"https:\/\/isfd106-bue.infd.edu.ar\/sitio\/?page_id=1233"},"modified":"2022-08-09T17:07:11","modified_gmt":"2022-08-09T20:07:11","slug":"comunicados","status":"publish","type":"page","link":"https:\/\/isfd106-bue.infd.edu.ar\/sitio\/comunicados\/","title":{"rendered":"Comunicados 2020"},"content":{"rendered":"<p><em>Aqu\u00ed encontrar\u00e1 todos los comunicados importantes del a\u00f1o en curso<\/em><\/p>\n<h2><span style=\"color: #e61717;\"><strong>Comunicados Institucionales<\/strong><\/span><\/h2>\n<p><a href=\"https:\/\/drive.google.com\/open?id=1xsWXFWop2tdigaNZuvWI7_DSygCKX9aJ\">Plan de Evaluaci\u00f3n Institucional<\/a><\/p>\n<p><a href=\"https:\/\/drive.google.com\/file\/d\/1BjX3BLNVp8f5Dkg_6g0suU_tQF3dkEc5\/view\">Equivalencias<\/a><\/p>\n<p><a href=\"https:\/\/drive.google.com\/file\/d\/14jgeGPczQZc3ASRN98Da27ztax-04KO-\/view?usp=sharing\">Nota aclaratoria de Equivalencias en tiempos de ASPO<\/a><\/p>\n<p>&nbsp;<\/p>\n<h2><span style=\"color: #e61717;\"><strong>Comunicados del Nivel Superior<\/strong><\/span><\/h2>\n<p><a href=\"https:\/\/drive.google.com\/open?id=1v3xvvxA-HcY3nfCB9ijLM2QYF3_VQ8JB\">Circular T\u00e9cnica Nro 1\/20<\/a>&nbsp;de la&nbsp;<b>Direcci\u00f3n Provincial de Educaci\u00f3n Superior<\/b><\/p>\n<p><a href=\"https:\/\/docs.google.com\/document\/d\/1A0OnCRCoGqo1JDJkPawj64fufOtOgRdqXewjNcfnwJk\/edit?usp=sharing\">Circular T\u00e9cnica Conjunta 3\/20<\/a> Pr\u00f3rroga de elecciones<\/p>\n<p><a href=\"https:\/\/drive.google.com\/open?id=1aEGgNgLHsH1P2K-UTdSYJ6p-87Mv9AAg\">Comunicaci\u00f3n 5\/20<\/a>&nbsp;Documento de trabajo Orientaciones 1er a\u00f1o- Direcci\u00f3n Formaci\u00f3n Docente Inicial<\/p>\n<p><a href=\"https:\/\/drive.google.com\/open?id=1_aQGGJl8tZcSwxsjc9mVch16OPytB4rP\">Comunicaci\u00f3n 4\/20<\/a> Inicio 1er a\u00f1o Formaci\u00f3n Docente Inicial<\/p>\n<p><a href=\"https:\/\/docs.google.com\/document\/d\/13z8TSs_GNknrWu6AamxLTiAqbOn13K1-PfJ8YBfe0ds\/edit?usp=sharing\">Comunicaci\u00f3n Conjunta 7\/20<\/a> Acompa\u00f1amiento de trayectorias educativas<\/p>\n<p>&nbsp;<\/p>\n<h2><strong><span style=\"color: #e61717;\">Comunicados de Jefatura Regional 3<\/span><\/strong><\/h2>\n<p>&nbsp;<\/p>\n<table id=\"CD\">\n<tbody>\n<tr>\n<td id=\"CD\">145<\/td>\n<td id=\"CD\">04\/09\/2020<\/td>\n<td id=\"CD-Descripcion\">Salutaci\u00f3n D\u00eda de los y las Secretarios\/as.<\/td>\n<td id=\"CD\"><a href=\"https:\/\/drive.google.com\/file\/d\/1ZTFapt6vkKH30F8a_PUFh9QFoCnvbRfk\/view?usp=sharing\">2020_JR_145<\/a><\/td>\n<\/tr>\n<\/tbody>\n<\/table>\n<table id=\"CD\">\n<tbody>\n<tr>\n<td id=\"CD\">143<\/td>\n<td id=\"CD\">04\/09\/2020<\/td>\n<td id=\"CD-Descripcion\">Resoluci\u00f3n No 1508\/2020<\/td>\n<td id=\"CD\"><a href=\"https:\/\/drive.google.com\/file\/d\/1QjlpwcJZR5TlG0guAHolffqbu8phJ9bd\/view?usp=sharing\">2020_JR_143<\/a><\/td>\n<\/tr>\n<tr>\n<td id=\"CD\">142<\/td>\n<td id=\"CD\">04\/09\/2020<\/td>\n<td id=\"CD-Descripcion\">D\u00eda de las y los Secretarios<\/td>\n<td id=\"CD\"><a href=\"https:\/\/drive.google.com\/file\/d\/1gKenbGE8fjtaK-bJXwFgcPj5l7F0buD8\/view?usp=sharing\">2020_JR_142<\/a><\/td>\n<\/tr>\n<\/tbody>\n<\/table>\n<table id=\"CD\">\n<tbody>\n<tr>\n<td id=\"CD\">139<\/td>\n<td id=\"CD\">01\/09\/2020<\/td>\n<td id=\"CD-Descripcion\">Resoluci\u00f3n No 1500\/2020 Pr\u00f3rroga del Programa de Incorporaci\u00f3n Especial de Docentes y Auxiliares (PIEDAS)<\/td>\n<td id=\"CD\"><a href=\"https:\/\/drive.google.com\/file\/d\/12PGlIW6dpPkxZAfKQscGmS-KR_hMAy02\/view?usp=sharing\">2020_JR_139<\/a><\/td>\n<\/tr>\n<tr>\n<td id=\"CD\">138 Rectificatorio 2<\/td>\n<td id=\"CD\">01\/09\/2020<\/td>\n<td id=\"CD-Descripcion\">\n<p align=\"center\"><b>RECTIFICA HORARIO<br \/>\nHuertas Escolares \u2013 NUEVA CAPACITACION EN VIVO<\/b><\/p>\n<\/td>\n<td id=\"CD\"><a href=\"https:\/\/drive.google.com\/file\/d\/1b_HHu6jMTVNWdAZ5ijv4Zdu6yCcDDQhV\/view?usp=sharing\">2020_JR_138<\/a><\/td>\n<\/tr>\n<\/tbody>\n<\/table>\n<table id=\"CD\">\n<tbody>\n<tr>\n<td id=\"CD\">137<\/td>\n<td id=\"CD\">25\/08\/2020<\/td>\n<td id=\"CD-Descripcion\">Plaza Ciencia 2020 Formato Virtual &#8211; Inscripci\u00f3n<\/td>\n<td id=\"CD\"><a href=\"https:\/\/drive.google.com\/file\/d\/1N8kUan5nogSInNig8HQY648Bw4nbdvqL\/view?usp=sharing\">2020_JR_137<\/a><\/td>\n<\/tr>\n<\/tbody>\n<\/table>\n<table id=\"CD\">\n<tbody>\n<tr>\n<td id=\"CD\">136<\/td>\n<td id=\"CD\">20\/08\/2020<\/td>\n<td id=\"CD-Descripcion\">Consulta de estado y veracidad de T\u00edtulos<\/td>\n<td id=\"CD\"><a href=\"https:\/\/drive.google.com\/file\/d\/1hy0qYQqrCx77DuFt8m2uh7TenQ6rII2t\/view?usp=sharing\">2020_JR_136<\/a><\/td>\n<\/tr>\n<tr>\n<td id=\"CD\">135<\/td>\n<td id=\"CD\">19\/08\/2020<\/td>\n<td id=\"CD-Descripcion\">JEFE DE \u00c1REA Orientaciones para la lectura de textos Pruebas de Selecci\u00f3n<\/td>\n<td id=\"CD\"><a href=\"https:\/\/drive.google.com\/file\/d\/1m7juA9rVXr5KuxJQk7iVIhHsWl_t6EuF\/view?usp=sharing\">2020_JR_135<\/a><\/td>\n<\/tr>\n<tr>\n<td id=\"CD\">134<\/td>\n<td id=\"CD\">19\/08\/2020<\/td>\n<td id=\"CD-Descripcion\">SECRETARIO\/A Orientaciones para la lectura de textos Pruebas de Selecci\u00f3n<\/td>\n<td id=\"CD\"><a href=\"https:\/\/drive.google.com\/file\/d\/1U8Uf5ngWuD-LqMRG0vU1QOQkgBAmOgQZ\/view?usp=sharing\">2020_JR_134<\/a><\/td>\n<\/tr>\n<tr>\n<td id=\"CD\">133<\/td>\n<td id=\"CD\">19\/08\/2020<\/td>\n<td id=\"CD-Descripcion\">DIRECTOR\/A Orientaciones para la lectura de textos Pruebas de Selecci\u00f3n<\/td>\n<td id=\"CD\"><a href=\"https:\/\/drive.google.com\/file\/d\/1Oq6vnjXz3H1voOzuvcdLuXFb_ZUMWhRF\/view?usp=sharing\">2020_JR_133<\/a><\/td>\n<\/tr>\n<tr>\n<td id=\"CD\">132<\/td>\n<td id=\"CD\">19\/08\/2020<\/td>\n<td id=\"CD-Descripcion\">INSPECTOR\/A Orientaciones para la lectura de textos Pruebas de Selecci\u00f3n<\/td>\n<td id=\"CD\"><a href=\"https:\/\/drive.google.com\/file\/d\/17var_FXdEhpriptUSeI7g-j5a02alRCO\/view?usp=sharing\">2020_JR_132<\/a><\/td>\n<\/tr>\n<tr>\n<td id=\"CD\">131 Ampliatorio<\/td>\n<td id=\"CD\">13\/08\/2020<\/td>\n<td id=\"CD-Descripcion\">Resoluci\u00f3n No 1380\/20 sobre Acto P\u00fablico Digital y Anexo<\/td>\n<td id=\"CD\"><a href=\"https:\/\/drive.google.com\/file\/d\/1IgLCOh-7LE40jD5VRWUApT_IxTu3lUvX\/view?usp=sharing\">2020_JR_131 bis<\/a><\/td>\n<\/tr>\n<tr>\n<td id=\"CD\">131<\/td>\n<td id=\"CD\">12\/08\/2020<\/td>\n<td id=\"CD-Descripcion\">Resoluci\u00f3n No 1380\/20 sobre Acto P\u00fablico Digital<\/td>\n<td id=\"CD\"><a href=\"https:\/\/drive.google.com\/file\/d\/1xtWkA80DYzQLCt8TQ_2jcMkVMZ1nDWAl\/view?usp=sharing\">2020_JR_131<\/a><\/td>\n<\/tr>\n<tr>\n<td id=\"CD\">130<\/td>\n<td id=\"CD\">12\/08\/2020<\/td>\n<td id=\"CD-Descripcion\">Resoluci\u00f3n No 1379\/2020 Pr\u00f3rroga del Programa de Incorporaci\u00f3n Especial de Docentes y Auxiliares (PIEDAS)<\/td>\n<td id=\"CD\"><a href=\"https:\/\/drive.google.com\/file\/d\/1NjDHlk99q3v1Cl3KAzhj5Z-oL1zDFXrX\/view?usp=sharing\">2020_JR_130<\/a><\/td>\n<\/tr>\n<tr>\n<td id=\"CD\">129<\/td>\n<td id=\"CD\">10\/08\/2020<\/td>\n<td id=\"CD-Descripcion\">Salutaci\u00f3n por el inicio de la segunda mitad del a\u00f1o (DGCyE y SSE)<\/td>\n<td id=\"CD\"><a href=\"https:\/\/drive.google.com\/file\/d\/1udq6lNeG53j5FF1wa45Vml_l0i3YTkTi\/view?usp=sharing\">2020_JR_129<\/a><\/td>\n<\/tr>\n<\/tbody>\n<\/table>\n<table id=\"CD\">\n<tbody>\n<tr>\n<td id=\"CD\">128<\/td>\n<td id=\"CD\">31\/07\/2020<\/td>\n<td id=\"CD-Descripcion\">Resoluci\u00f3n No 1328\/20 sobre Unidad Educativa de Gesti\u00f3n Distrital (U.E.G.D.)<\/td>\n<td id=\"CD\"><a href=\"https:\/\/drive.google.com\/file\/d\/1Qev-FdNIQJIEmcVRnEEluLtgbsRe1yam\/view?usp=sharing\">2020_JR_128<\/a><\/td>\n<\/tr>\n<tr>\n<td id=\"CD\">127<\/td>\n<td id=\"CD\">30\/07\/2020<\/td>\n<td id=\"CD-Descripcion\">Circular T\u00e9cnica No 3\/2020 de la DTC s\/Pr\u00f3rroga del plazo de Inscripci\u00f3n al Ingreso a la Docencia 2020\/2021<\/td>\n<td id=\"CD\"><a href=\"https:\/\/drive.google.com\/file\/d\/16DeJZSEnHtT_HxqqiscXdUuBMgKU4_h8\/view?usp=sharing\">2020_JR_127<\/a><\/td>\n<\/tr>\n<tr>\n<td id=\"CD\">126<\/td>\n<td id=\"CD\">30\/07\/2020<\/td>\n<td id=\"CD-Descripcion\">Procedimiento para la inscripci\u00f3n de docentes en los Actos P\u00fablicos No Presenciales<\/p>\n<p>Procedimiento para solicitar usuarios gremiales del Sistema de Acto P\u00fablico Digital<\/td>\n<td id=\"CD\"><a href=\"https:\/\/drive.google.com\/file\/d\/1yu-BTIUeRtclxqbo7N1375SL8XRlELMC\/view?usp=sharing\">2020_JR_126<\/a><\/td>\n<\/tr>\n<tr>\n<td id=\"CD\">125<\/td>\n<td id=\"CD\">30\/07\/2020<\/td>\n<td id=\"CD-Descripcion\">Habilitaci\u00f3n y uso de correo electr\u00f3nico @abc.gob.ar<\/td>\n<td id=\"CD\"><a href=\"https:\/\/drive.google.com\/file\/d\/1AAHZKDuoLSm_Ow85Y6uEWiSSALs4uw-a\/view?usp=sharing\">2020_JR_125<\/a><\/td>\n<\/tr>\n<\/tbody>\n<\/table>\n<table id=\"CD\">\n<tbody>\n<tr>\n<td id=\"CD\">121<\/td>\n<td id=\"CD\">23\/07\/2020<\/td>\n<td id=\"CD-Descripcion\"><b><span style=\"color: #ff0000;\">DEJAR SIN EFECTO EL COMUNICADO DE JEFATURA REGIONAL 116\/2020 CIIE<\/span><\/b>Informar NUEVA MODALIDAD env\u00edo de certificados (Recibido 24\/07\/2020)<\/td>\n<td id=\"CD\"><a href=\"https:\/\/drive.google.com\/file\/d\/10ZaZ4RHK8zbmL3O2W1Y_1SotV7D9rszk\/view?usp=sharing\">2020_JR_121<\/a><\/td>\n<\/tr>\n<\/tbody>\n<\/table>\n<table id=\"CD\">\n<tbody>\n<tr>\n<td id=\"CD\">115<\/td>\n<td id=\"CD\">20\/07\/2020<\/td>\n<td id=\"CD-Descripcion\">Comunicaci\u00f3n Conjunta No 4\/2020 Ampliatoria sobre Ingreso a la Docencia 2020\/2021<\/td>\n<td id=\"CD\"><a href=\"https:\/\/drive.google.com\/file\/d\/1iMC5eyLnE3Ug2jUTzkbcE42PyUdALC_o\/view?usp=sharing\">2020_JR_115<\/a><\/td>\n<\/tr>\n<tr>\n<td id=\"CD\">114<\/td>\n<td id=\"CD\">17\/07\/2020<\/td>\n<td id=\"CD-Descripcion\">Comunicaci\u00f3n de la Direcci\u00f3n de Formaci\u00f3n Docente Inicial<\/td>\n<td id=\"CD\"><a href=\"https:\/\/drive.google.com\/file\/d\/1N40HPPbQkIQ8vPi4XZsGB866b_b8XKFv\/view?usp=sharing\">2020_JR_114<\/a><\/td>\n<\/tr>\n<\/tbody>\n<\/table>\n<table id=\"CD\">\n<tbody>\n<tr>\n<td id=\"CD\">113<\/td>\n<td id=\"CD\">17\/07\/2020<\/td>\n<td id=\"CD-Descripcion\">Comunicaci\u00f3n No 14\/2020 \u2013 Receso escolar de invierno<\/td>\n<td id=\"CD\"><a href=\"https:\/\/drive.google.com\/file\/d\/1xgGVWJcpBTRtXwmcJgm5iQUQtMgz32N8\/view?usp=sharing\">2020_JR_113<\/a><\/td>\n<\/tr>\n<tr>\n<td id=\"CD\">112<\/td>\n<td id=\"CD\">17\/07\/2020<\/td>\n<td id=\"CD-Descripcion\">Feria Educativa UNLaM 2020 (RECTIFICA MES CORRESPONDIENTE A LOS D\u00cdAS 30 Y 31)<\/td>\n<td id=\"CD\"><a href=\"https:\/\/drive.google.com\/file\/d\/1N-gFFZp206QDLLO7sykFU9Ild2Msx_SW\/view?usp=sharing\">2020_JR_112<\/a><\/td>\n<\/tr>\n<\/tbody>\n<\/table>\n<table id=\"CD\">\n<tbody>\n<tr>\n<td id=\"CD\">111<\/td>\n<td id=\"CD\">08\/07\/2020<\/td>\n<td id=\"CD-Descripcion\">Concurso de cuento del Bicentenario: Buenos Aires Fant\u00e1stica (Recibido 12\/07\/2020)<\/td>\n<td id=\"CD\"><a href=\"https:\/\/drive.google.com\/file\/d\/1Q24O1hKG7psQOPQvTTW09hTHVZJG0FxG\/view?usp=sharing\">2020_JR_111<\/a><\/td>\n<\/tr>\n<tr>\n<td id=\"CD\">110<\/td>\n<td id=\"CD\">08\/07\/2020<\/td>\n<td id=\"CD-Descripcion\">Ingreso a la Docencia 2020\/2021<\/td>\n<td id=\"CD\"><a href=\"https:\/\/drive.google.com\/file\/d\/16GlHZuGNRsm4cvej84KYa59uyoyvRq1B\/view?usp=sharing\">2020_JR_110<\/a><\/td>\n<\/tr>\n<tr>\n<td id=\"CD\">109<\/td>\n<td id=\"CD\">08\/07\/2020<\/td>\n<td id=\"CD-Descripcion\">Nueva aplicaci\u00f3n denominada \u201cMis Licencias\u201d<\/td>\n<td id=\"CD\"><a href=\"https:\/\/drive.google.com\/file\/d\/1q85zEzstYKf8olCe2fFcOBCM6voZ53sE\/view?usp=sharing\">2020_JR_109<\/a><\/td>\n<\/tr>\n<tr>\n<td id=\"CD\">108<\/td>\n<td id=\"CD\">06\/07\/2020<\/td>\n<td id=\"CD-Descripcion\">Huertas Escolares \u2013 NUEVA CAPACITACION EN VIVO<\/td>\n<td id=\"CD\"><a href=\"https:\/\/drive.google.com\/file\/d\/1I4mlzw-SUMjTOgBVUn2tBXNrnw0EKLVs\/view?usp=sharing\">2020_JR_108<\/a><\/td>\n<\/tr>\n<tr>\n<td id=\"CD\">107<\/td>\n<td id=\"CD\">06\/07\/2020<\/td>\n<td id=\"CD-Descripcion\">Informaci\u00f3n sobre los salarios correspondientes al mes Junio 2020<\/td>\n<td id=\"CD\"><a href=\"https:\/\/drive.google.com\/file\/d\/1leCeuMSB6Xhq13Y9jrYpmFclL_3Rx54f\/view?usp=sharing\">2020_JR_107<\/a><\/td>\n<\/tr>\n<tr>\n<td id=\"CD\">106<\/td>\n<td id=\"CD\">02\/07\/2020<\/td>\n<td id=\"CD-Descripcion\">Resoluci\u00f3n No 1195\/2020 Pr\u00f3rroga del Programa de Incorporaci\u00f3n Especial de Docentes y Auxiliares (PIEDAS)<\/td>\n<td id=\"CD\"><a href=\"https:\/\/drive.google.com\/file\/d\/1mkPLrkVsudLIuxJht1nNMbor_TJBZ7lv\/view?usp=sharing\">2020_JR_106<\/a><\/td>\n<\/tr>\n<\/tbody>\n<\/table>\n<table id=\"CD\">\n<tbody>\n<tr>\n<td id=\"CD\">101<\/td>\n<td id=\"CD\">18\/06\/2020<\/td>\n<td id=\"CD-Descripcion\">Saludo de la Directora General de Cultura y Educaci\u00f3n por el 20 de junio<\/td>\n<td id=\"CD\"><a href=\"https:\/\/drive.google.com\/file\/d\/1Oqle-Ut-N0dxGvuyZPzZN3iKGdBw-jWi\/view?usp=sharing\">2020_JR_101<\/a><\/td>\n<\/tr>\n<tr>\n<td id=\"CD\">100<\/td>\n<td id=\"CD\">16\/06\/2020<\/td>\n<td id=\"CD-Descripcion\">Procedimiento y plazos para agentes no bancarizados<\/td>\n<td id=\"CD\"><a href=\"https:\/\/drive.google.com\/file\/d\/1Oqle-Ut-N0dxGvuyZPzZN3iKGdBw-jWi\/view?usp=sharing\">2020_JR_100<\/a><\/td>\n<\/tr>\n<\/tbody>\n<\/table>\n<table id=\"CD\">\n<tbody>\n<tr>\n<td id=\"CD\">099<\/td>\n<td id=\"CD\">12\/06\/2020<\/td>\n<td id=\"CD-Descripcion\">Comunicaci\u00f3n (modificatoria) sobre el acto de la promesa a la Bandera en el a\u00f1o del Bicentenario de la Provincia de Buenos Aires y del fallecimiento del General Manuel Belgrano.<\/td>\n<td id=\"CD\"><a href=\"https:\/\/drive.google.com\/file\/d\/13azi3qM0NHqT2gopADYaPHENbc5AFCf6\/view?usp=sharing\">2020_JR_99<\/a><\/td>\n<\/tr>\n<tr>\n<td id=\"CD\">098<\/td>\n<td id=\"CD\">05\/06\/2020<\/td>\n<td id=\"CD-Descripcion\">Informar el fallecimiento del Prof. Sergio Klacherian<\/td>\n<td id=\"CD\"><a href=\"https:\/\/drive.google.com\/file\/d\/1nWwZNv9YH4u7Qnj5lLogAG2Q-cDJSvr7\/view?usp=sharing\">2020_JR_98<\/a><\/td>\n<\/tr>\n<tr>\n<td id=\"CD\">097<\/td>\n<td id=\"CD\">03\/06\/2020<\/td>\n<td id=\"CD-Descripcion\">Resoluci\u00f3n N\u00b0 1074\/20 de la DGCyE por la cual se adhiere a la Resoluci\u00f3n N\u00b0 363\/20 del Consejo Federal de Educaci\u00f3n.<\/td>\n<td id=\"CD\"><a href=\"https:\/\/drive.google.com\/file\/d\/1Sc2nW0mbgUXkXFj3nHHkW0uQ9jRqJgR-\/view?usp=sharing\">2020_JR_97<\/a><\/td>\n<\/tr>\n<tr>\n<td id=\"CD\">096<\/td>\n<td id=\"CD\">03\/06\/2020<\/td>\n<td id=\"CD-Descripcion\">Resoluci\u00f3n No 1075\/2020 de la Direcci\u00f3n General de Cultura y Educaci\u00f3n s\/Adecuaci\u00f3n del Calendario Escolar 2020<\/td>\n<td id=\"CD\"><a href=\"https:\/\/drive.google.com\/file\/d\/1ARsw0BbghDpqdGzTO0e5wNCjNW10dOFL\/view?usp=sharing\">2020_JR_96<\/a><\/td>\n<\/tr>\n<tr>\n<td id=\"CD\">095<\/td>\n<td id=\"CD\">02\/06\/2020<\/td>\n<td id=\"CD-Descripcion\">Resoluci\u00f3n No 1072\/2020 de la Direcci\u00f3n General de Cultura y Educaci\u00f3n \u2013 Pr\u00f3rroga PIEDAS<\/td>\n<td id=\"CD\"><a href=\"https:\/\/drive.google.com\/file\/d\/10F-pjVliYim24sDzJSNG4bXJRXQhVWBa\/view?usp=sharing\">2020_JR_95<\/a><\/td>\n<\/tr>\n<tr>\n<td id=\"CD\">094<\/td>\n<td id=\"CD\">31\/05\/2020<\/td>\n<td id=\"CD-Descripcion\">Protocolo de intervenci\u00f3n para los trabajadores de la educaci\u00f3n ante presunto caso de COVID 19 en el \u00e1mbito escolar, encontexto de pandemia<\/td>\n<td id=\"CD\"><a href=\"https:\/\/drive.google.com\/file\/d\/1anLiRzrXJ0tqG1_1oc03jgfU1nachyDK\/view?usp=sharing\">2020_JR_94<\/a><\/td>\n<\/tr>\n<tr>\n<td id=\"CD\">093<\/td>\n<td id=\"CD\">31\/05\/2020<\/td>\n<td id=\"CD-Descripcion\">Navegaci\u00f3n sin consumo de datos portales educativos<\/td>\n<td id=\"CD\"><a href=\"https:\/\/drive.google.com\/file\/d\/1ktQhDW-wg20Ys3fRaStpCOKtWpwaU5yz\/view?usp=sharing\">2020_JR_93<\/a><\/td>\n<\/tr>\n<tr>\n<td id=\"CD\">092<\/td>\n<td id=\"CD\">29\/05\/2020<\/td>\n<td id=\"CD-Descripcion\">Huertas Escolares \u2013 NUEVA CAPACITACION EN VIVO<\/td>\n<td id=\"CD\"><a href=\"https:\/\/drive.google.com\/file\/d\/1qttH1DoG07-oWDk05MwOyWYaJnFb3mGC\/view?usp=sharing\">2020_JR_92<\/a><\/td>\n<\/tr>\n<\/tbody>\n<\/table>\n<table id=\"CD\">\n<tbody>\n<tr>\n<td id=\"CD\">090<\/td>\n<td id=\"CD\">28\/05\/2020<\/td>\n<td id=\"CD-Descripcion\">Encuentro de acompa\u00f1amiento en la web: \u201cReflexiones sobre la pr\u00e1ctica docente y la continuidad pedag\u00f3gica\u201d<\/td>\n<td id=\"CD\"><a href=\"https:\/\/drive.google.com\/file\/d\/1hGl5r3eqPQi-sBoKYQ0UUQCFo5RVifg-\/view?usp=sharing\">2020_JR_90<\/a><\/td>\n<\/tr>\n<\/tbody>\n<\/table>\n<table id=\"CD\">\n<tbody>\n<tr>\n<td id=\"CD\">084<\/td>\n<td id=\"CD\">25\/05\/2020<\/td>\n<td id=\"CD-Descripcion\">Circular T\u00e9cnica Conjunta No 1\/2020 Direcci\u00f3n Provincial de Educaci\u00f3n Superior, Direcci\u00f3n Provincial de Educaci\u00f3n T\u00e9cnico Profesional, Direcci\u00f3n de Educaci\u00f3n Art\u00edstica y Direcci\u00f3n de Educaci\u00f3n de Gesti\u00f3n Privada<\/td>\n<td id=\"CD\"><a href=\"https:\/\/drive.google.com\/file\/d\/1Dlud9YqnwGET4gO2cgiP_tlaEW-_LLxm\/view?usp=sharing\">2020_JR_84<\/a><\/td>\n<\/tr>\n<\/tbody>\n<\/table>\n<table id=\"CD\">\n<tbody>\n<tr>\n<td id=\"CD\">075<\/td>\n<td id=\"CD\">25\/05\/2020<\/td>\n<td id=\"CD-Descripcion\">Saludo en ocasi\u00f3n del 210o Aniversario de la Revoluci\u00f3n de Mayo<\/td>\n<td id=\"CD\"><a href=\"https:\/\/drive.google.com\/file\/d\/1SjKLh0hGSZvEpfCLuy_86j8iXZqXNG3W\/view?usp=sharing\">2020_JR_75<\/a><\/td>\n<\/tr>\n<\/tbody>\n<\/table>\n<table id=\"CD\" style=\"height: 55px;\" width=\"857\">\n<tbody>\n<tr>\n<td id=\"CD\">073<\/td>\n<td id=\"CD\">15\/05\/2020<\/td>\n<td id=\"CD-Descripcion\">Comisiones Evaluadoras v\u00eda remota<\/td>\n<td id=\"CD\"><a href=\"https:\/\/drive.google.com\/file\/d\/1dKnawPGPFxwwvJJNMwM0yEDiwUSj1lyw\/view?usp=sharing\">2020_JR_73<\/a><\/td>\n<\/tr>\n<\/tbody>\n<\/table>\n<table id=\"CD\">\n<tbody>\n<tr>\n<td id=\"CD\">072<\/td>\n<td id=\"CD\">15\/05\/2020<\/td>\n<td id=\"CD-Descripcion\">Caminos de lectura \u2013 Educaci\u00f3n Inicial<\/td>\n<td id=\"CD\"><a href=\"https:\/\/drive.google.com\/file\/d\/1mHRqfezB6xcORnbqYWKGu9xPoJFVAPFa\/view?usp=sharing\">2020_JR_72<\/a><\/td>\n<\/tr>\n<tr>\n<td id=\"CD\">071<\/td>\n<td id=\"CD\">14\/05\/2020<\/td>\n<td id=\"CD-Descripcion\">Huertas Escolares \u2013 CAPACITACI\u00d3N EN VIVO<\/td>\n<td id=\"CD\"><a href=\"https:\/\/drive.google.com\/file\/d\/1Z1l0UeyWGGetPRJCNa4bRa0VQWdlgS84\/view?usp=sharing\">2020_JR_71<\/a><\/td>\n<\/tr>\n<tr>\n<td id=\"CD\">070<\/td>\n<td id=\"CD\">12\/05\/2020<\/td>\n<td id=\"CD-Descripcion\">Documento \u00abEnse\u00f1anza y Evaluaci\u00f3n\u00bb de la Subsecretar\u00eda de Educaci\u00f3n<\/td>\n<td id=\"CD\"><a href=\"https:\/\/drive.google.com\/file\/d\/1M60EjrJ6yUC5KdL3rKOjh9oqedo7QE62\/view?usp=sharing\">2020_JR_70<\/a><\/td>\n<\/tr>\n<tr>\n<td id=\"CD\">069<\/td>\n<td id=\"CD\">12\/05\/2020<\/td>\n<td id=\"CD-Descripcion\">Programa de Incorporaci\u00f3n Especial de Docentes y Auxiliares (PIEDAS)<\/td>\n<td id=\"CD\"><a href=\"https:\/\/drive.google.com\/file\/d\/1EAwfDpPgXkoAZKEGE3aI6psiZrk39bjB\/view?usp=sharing\">2020_JR_69<\/a><\/td>\n<\/tr>\n<tr>\n<td id=\"CD\">068<\/td>\n<td id=\"CD\">08\/05\/2020<\/td>\n<td id=\"CD-Descripcion\">CONVOCATORIA A 3\u00b0 ENCUENTRO CONVERSACIONES PEDAG\u00d3GICAS<\/td>\n<td id=\"CD\"><a href=\"https:\/\/drive.google.com\/file\/d\/1EIY7-quPyN2pOlplewCON1J6m-V-U0OA\/view?usp=sharing\">2020_JR_68<\/a><\/td>\n<\/tr>\n<tr>\n<td id=\"CD\">067<\/td>\n<td id=\"CD\">04\/05\/2020<\/td>\n<td id=\"CD-Descripcion\">Resoluci\u00f3n No 935\/2020 de la Direcci\u00f3n General de Cultura y Educaci\u00f3n<\/td>\n<td id=\"CD\"><a href=\"https:\/\/drive.google.com\/file\/d\/190xF0GiWGUwDz4ZaXFYHCQUkdzoSl5Aq\/view?usp=sharing\">2020_JR_67<\/a><\/td>\n<\/tr>\n<\/tbody>\n<\/table>\n<table id=\"CD\">\n<tbody>\n<tr>\n<td id=\"CD\">065<\/td>\n<td id=\"CD\">04\/05\/2020<\/td>\n<td id=\"CD-Descripcion\">Encuesta dirigida a FAMILIAS Y ESTUDIANTES<\/td>\n<td id=\"CD\"><a href=\"https:\/\/drive.google.com\/file\/d\/1P1FRKUAn9TTKZ5nq0yhmPIIqHReu1xeI\/view?usp=sharing\">2020_JR_65<\/a><\/td>\n<\/tr>\n<tr>\n<td id=\"CD\">064<\/td>\n<td id=\"CD\">04\/05\/2020<\/td>\n<td id=\"CD-Descripcion\">Encuesta dirigida a DIRECTIVOS Y DOCENTES<\/td>\n<td id=\"CD\"><a href=\"https:\/\/drive.google.com\/file\/d\/1oyoVGHEdlQg45T9BRYsY4Uxp5rh9wu2K\/view?usp=sharing\">2020_JR_64<\/a><\/td>\n<\/tr>\n<tr>\n<td id=\"CD\">063<\/td>\n<td id=\"CD\">02\/05\/2020<\/td>\n<td id=\"CD-Descripcion\">Cuenta DNI Banco Provincia<\/td>\n<td id=\"CD\"><a href=\"https:\/\/drive.google.com\/file\/d\/1NhmneGf64FL7jee_AF7VmoUwM_PpqhHI\/view?usp=sharing\">2020_JR_63<\/a><\/td>\n<\/tr>\n<tr>\n<td id=\"CD\">062<\/td>\n<td id=\"CD\">02\/05\/2020<\/td>\n<td id=\"CD-Descripcion\">Percepci\u00f3n de haberes \u201cTicketera Abierta\u201d mes Abril 2020<\/td>\n<td id=\"CD\"><a href=\"https:\/\/drive.google.com\/file\/d\/1L7BFp_LSuZYabY-SNJKMZ8srObzTsxYK\/view?usp=sharing\">2020_JR_62<\/a><\/td>\n<\/tr>\n<\/tbody>\n<\/table>\n<table id=\"CD\">\n<tbody>\n<tr>\n<td id=\"CD\">060<\/td>\n<td id=\"CD\">26\/04\/2020<\/td>\n<td id=\"CD-Descripcion\">Resoluci\u00f3n No 901\/2020 Pr\u00f3rroga de inscripci\u00f3n el Programa de Incorporaci\u00f3n Especial de Docentes y Auxiliares (PIEDAS) y ampliaci\u00f3n de t\u00e9rminos<\/td>\n<td id=\"CD\"><a href=\"https:\/\/drive.google.com\/file\/d\/13SzXesrgcJ6nffnsSKzMdKanrBUJodtp\/view?usp=sharing\">2020_JR_60<\/a><\/td>\n<\/tr>\n<tr>\n<td id=\"CD\">059<\/td>\n<td id=\"CD\">21\/04\/2020<\/td>\n<td id=\"CD-Descripcion\">CIIEs Reg3 \u2013 Dispositivos de Formaci\u00f3n DOCENTES<\/td>\n<td id=\"CD\"><a href=\"https:\/\/drive.google.com\/file\/d\/10UzydPxt1AfS0EV6gC0u3m5tDbo2e2dL\/view?usp=sharing\">2020_JR_59<\/a><\/td>\n<\/tr>\n<tr>\n<td id=\"CD\">058<\/td>\n<td id=\"CD\">21\/04\/2020<\/td>\n<td id=\"CD-Descripcion\">CIIEs Reg3 \u2013 Dispositivos de Formaci\u00f3n DIRECTIVOS e INSPECTORAS\/ES DE ENSE\u00d1ANZA<\/td>\n<td id=\"CD\"><a href=\"https:\/\/drive.google.com\/file\/d\/1NIqrJM2_PNdGBm1l9eXhm7-QGVNJ1Q_s\/view?usp=sharing\">2020_JR_58<\/a><\/td>\n<\/tr>\n<tr>\n<td id=\"CD\">057<\/td>\n<td id=\"CD\">14\/04\/2020<\/td>\n<td id=\"CD-Descripcion\">Acompa\u00f1amiento Continuidad Pedag\u00f3gica<\/td>\n<td id=\"CD\"><a href=\"https:\/\/drive.google.com\/file\/d\/1bDSUee3cVUyyXvNBbvzB2MlR4Wg-gsng\/view?usp=sharing\">2020_JR_57<\/a><\/td>\n<\/tr>\n<\/tbody>\n<\/table>\n<table id=\"CD\">\n<tbody>\n<tr>\n<td id=\"CD\">050<\/td>\n<td id=\"CD\">10\/04\/2020<\/td>\n<td id=\"CD-Descripcion\">Circular T\u00e9cnica No 1\/20 Direcci\u00f3n Provincial de Educaci\u00f3n Superior<\/td>\n<td id=\"CD\"><a href=\"https:\/\/drive.google.com\/file\/d\/1onKfAtUmszZz4hSutLyZI2jVdKLdHOQw\/view?usp=sharing\">2020_JR_50<\/a><\/td>\n<\/tr>\n<\/tbody>\n<\/table>\n<table id=\"CD\">\n<tbody>\n<tr>\n<td id=\"CD\">046<\/td>\n<td id=\"CD\">10\/04\/2020<\/td>\n<td id=\"CD-Descripcion\">Inscripci\u00f3n de Ingreso a la Docencia de aspirantes con constancia de t\u00edtulo en tr\u00e1mite.<\/td>\n<td id=\"CD\"><a href=\"https:\/\/drive.google.com\/file\/d\/11hyCW3X8pyl7dlx1HiUlWFhfNixyynXQ\/view?usp=sharing\">2020_JR_46<\/a><\/td>\n<\/tr>\n<\/tbody>\n<\/table>\n<table id=\"CD\">\n<tbody>\n<tr>\n<td id=\"CD\">045<\/td>\n<td id=\"CD\">09\/04\/2020<\/td>\n<td id=\"CD-Descripcion\">Comunicaci\u00f3n 13\/20 de la Subsecretar\u00eda de Educaci\u00f3n &#8211; Documento \u00abAcerca de la continuidad de las pol\u00edticas educativas. Segunda etapa de cuarentena. Documento Base\u00bb<\/td>\n<td id=\"CD\"><a href=\"https:\/\/drive.google.com\/file\/d\/1R1Mq_o7fS_2Ly8E3yhsA679nWYszJkIp\/view?usp=sharing\">2020_JR_45<\/a><\/td>\n<\/tr>\n<tr>\n<td id=\"CD\">044<\/td>\n<td id=\"CD\">07\/04\/2020<\/td>\n<td id=\"CD-Descripcion\">Desbloqueo de Netbooks Programa Conectar Igualdad<\/td>\n<td id=\"CD\"><a href=\"https:\/\/drive.google.com\/file\/d\/1OqZIA2I3U7_zRa2Ya5hEBKIE1V7iIH03\/view?usp=sharing\">2020_JR_44<\/a><\/td>\n<\/tr>\n<tr>\n<td id=\"CD\">043<\/td>\n<td id=\"CD\">06\/04\/2020<\/td>\n<td id=\"CD-Descripcion\">Informar pr\u00f3rroga para la Carga Mis Alumnos<\/td>\n<td id=\"CD\"><a href=\"https:\/\/drive.google.com\/file\/d\/1Csi2Du3qBfg0dxWs9HDJY2BJWFXh4OxQ\/view?usp=sharing\">2020_JR_43<\/a><\/td>\n<\/tr>\n<tr>\n<td id=\"CD\">042<\/td>\n<td id=\"CD\">05\/04\/2020<\/td>\n<td id=\"CD-Descripcion\">Resoluci\u00f3n No 761\/2020 s\/ autorizaci\u00f3n de inscripci\u00f3n el Programa de Incorporaci\u00f3n Especial de Docentes y Auxiliares Suplentes en el marco de la emergencia sanitaria a trabajadores del Programa FINES \u2013 Pcia de Bs. As.<\/td>\n<td id=\"CD\"><a href=\"https:\/\/drive.google.com\/file\/d\/1zPRDkJpZH7RlM-XBcr451g2x00oJ6ZLJ\/view?usp=sharing\">2020_JR_42<\/a><\/td>\n<\/tr>\n<tr>\n<td id=\"CD\">041<\/td>\n<td id=\"CD\">05\/04\/2020<\/td>\n<td id=\"CD-Descripcion\">Resoluci\u00f3n No 760\/2020 \u201cPrograma de Incorporaci\u00f3n Especial de Docentes y Auxiliares Suplentes en el marco de la emergencia sanitaria\u201d<\/td>\n<td id=\"CD\"><a href=\"https:\/\/drive.google.com\/file\/d\/1tAxO_HJXFhJJ9TVr1Miy8PTYB7aZ7IKH\/view?usp=sharing\">2020_JR_41<\/a><\/td>\n<\/tr>\n<\/tbody>\n<\/table>\n<table id=\"CD\">\n<tbody>\n<tr>\n<td id=\"CD\">039<\/td>\n<td id=\"CD\">02\/04\/2020<\/td>\n<td id=\"CD-Descripcion\">Decreto No 203\/2020 del GPBA y Resoluci\u00f3n No 759\/2020 de la DGCyE<\/td>\n<td id=\"CD\"><a href=\"https:\/\/drive.google.com\/file\/d\/1QTVoBFQHitNnFnENkp_acaMwEhg38TvA\/view?usp=sharing\">2020_JR_39<\/a><\/td>\n<\/tr>\n<\/tbody>\n<\/table>\n<table id=\"CD\">\n<tbody>\n<tr>\n<td id=\"CD\">038<\/td>\n<td id=\"CD\">27\/03\/2020<\/td>\n<td id=\"CD-Descripcion\">Percepci\u00f3n de haberes \u201cTicketera Abierta\u201d mes Marzo 2020<\/td>\n<td id=\"CD\"><a href=\"https:\/\/drive.google.com\/file\/d\/1XkqnluLoWqlMd4_RuV4o8OfZViqDYo6O\/view?usp=sharing\">2020_JR_38<\/a><\/td>\n<\/tr>\n<\/tbody>\n<\/table>\n<table id=\"CD\">\n<tbody>\n<tr>\n<td id=\"CD\">035<\/td>\n<td id=\"CD\">19\/03\/2020<\/td>\n<td id=\"CD-Descripcion\">Ampliatorio del Comunicado JR 33\/2020 \u2013 Resoluci\u00f3n Conjunta No 573\/2020 del Ministerio de Desarrollo de la Comunidad y la Direcci\u00f3n General de Cultura y Educaci\u00f3n<\/td>\n<td id=\"CD\"><a href=\"https:\/\/drive.google.com\/file\/d\/1JWeoUS3FKbvEI_6DFe_a98SHVhK2vQBX\/view?usp=sharing\">2020_JR_35<\/a><\/td>\n<\/tr>\n<tr>\n<td id=\"CD\">034<\/td>\n<td id=\"CD\">19\/03\/2020<\/td>\n<td id=\"CD-Descripcion\">Portal \u00abContinuemos Estudiando\u00bb<\/td>\n<td id=\"CD\"><a href=\"https:\/\/drive.google.com\/file\/d\/1zEHZ0blD5CWu3nT9b-2LNz5djN_dxga-\/view?usp=sharing\">2020_JR_34<\/a><\/td>\n<\/tr>\n<\/tbody>\n<\/table>\n<table id=\"CD\">\n<tbody>\n<tr>\n<td id=\"CD-Numero-Encabezado\">N\u00famero<\/td>\n<td id=\"CD-Fecha-Encabezado\">Fecha<\/td>\n<td id=\"CD-Descripcion-Encabezado\">Descripci\u00f3n<\/td>\n<td id=\"CD-Descarga-Encabezado\">Descarga<\/td>\n<\/tr>\n<tr>\n<td id=\"CD\">032<\/td>\n<td id=\"CD\">18\/03\/2020<\/td>\n<td id=\"CD-Descripcion\">Comunicaci\u00f3n vinculada a la Resoluci\u00f3n 554\/2020<\/td>\n<td id=\"CD\"><a href=\"https:\/\/drive.google.com\/file\/d\/1cc7S8uBjht_TcbOpEkntF52niC7Oyycp\/view?usp=sharing\">2020_JR_32<\/a><\/td>\n<\/tr>\n<tr>\n<td id=\"CD\">031<\/td>\n<td id=\"CD\">18\/03\/2020<\/td>\n<td id=\"CD-Descripcion\">Resoluci\u00f3n No 555\/2020 &#8211; Resoluci\u00f3n No 574\/2020 y Anexos I y II<\/td>\n<td id=\"CD\"><a href=\"https:\/\/drive.google.com\/file\/d\/1b2oFnkqeBOg7nxzQdyKOXIB_xpNQC_Fq\/view?usp=sharing\">2020_JR_31<\/a><\/td>\n<\/tr>\n<tr>\n<td id=\"CD\">030<\/td>\n<td id=\"CD\">17\/03\/2020<\/td>\n<td id=\"CD-Descripcion\">Resoluci\u00f3n No 90\/2020 del Ministerio de Jefatura de Gabinete de Ministros de la Provincia de Bs. As. y Nota sobre COVID-19 de la Direcci\u00f3n Provincial de Recursos Humanos<\/td>\n<td id=\"CD\"><a href=\"https:\/\/drive.google.com\/file\/d\/1oUyveh0GyKiE-RQwPFonE-QhFi7Egc3S\/view?usp=sharing\">2020_JR_30<\/a><\/td>\n<\/tr>\n<tr>\n<td id=\"CD\">029<\/td>\n<td id=\"CD\">16\/03\/2020<\/td>\n<td id=\"CD-Descripcion\">Resoluci\u00f3n No 502\/2020 y Regi\u00f3n Sanitaria XII<\/td>\n<td id=\"CD\"><a href=\"https:\/\/drive.google.com\/file\/d\/1iV1Mn_SA-jGYhYTZ6jnXaHgipra6iUhX\/view?usp=sharing\">2020_JR_29<\/a><\/td>\n<\/tr>\n<tr>\n<td id=\"CD\">028<\/td>\n<td id=\"CD\">16\/03\/2020<\/td>\n<td id=\"CD-Descripcion\">Dejar sin efecto el Comunicado de Jefatura Regional No 25\/2020<\/td>\n<td id=\"CD\"><a href=\"https:\/\/drive.google.com\/file\/d\/1He5nWzd7RTVnKT-nJ_U-aGvXaUoJCqaR\/view?usp=sharing\">2020_JR_28<\/a><\/td>\n<\/tr>\n<tr>\n<td id=\"CD\">027<\/td>\n<td id=\"CD\">16\/03\/2020<\/td>\n<td id=\"CD-Descripcion\">Resoluci\u00f3n 554\/2020 Suspensi\u00f3n de clases presenciales<\/td>\n<td id=\"CD\"><a href=\"https:\/\/drive.google.com\/file\/d\/1QgwbOFqZBKKSa6AtaU3ByKS2ukiXmBGE\/view?usp=sharing\">2020_JR_27<\/a><\/td>\n<\/tr>\n<tr>\n<td id=\"CD\">026<\/td>\n<td id=\"CD\">16\/03\/2020<\/td>\n<td id=\"CD-Descripcion\">V\u00edas de comunicaci\u00f3n oficial<\/td>\n<td id=\"CD\"><a href=\"https:\/\/drive.google.com\/file\/d\/1mIzj7C7CesuvaL__KkNTduHHayG3Q9bv\/view?usp=sharing\">2020_JR_26<\/a><\/td>\n<\/tr>\n<tr>\n<td id=\"CD\">025<\/td>\n<td id=\"CD\">16\/03\/2020<\/td>\n<td id=\"CD-Descripcion\">Resoluci\u00f3n No 502\/2020, Aislamiento y Regi\u00f3n Sanitaria XII<\/td>\n<td id=\"CD\">2020_JR_25<\/td>\n<\/tr>\n<tr>\n<td id=\"CD\">024<\/td>\n<td id=\"CD\">16\/03\/2020<\/td>\n<td id=\"CD-Descripcion\">Suspensi\u00f3n transitoria de actividades educativas desde el 16\/03 hasta el 31\/03\/2020<\/td>\n<td id=\"CD\"><a href=\"https:\/\/drive.google.com\/file\/d\/1CjfeZ9g-_bK--ulKMmOy3LLuI3OcvlFz\/view?usp=sharing\">2020_JR_24<\/a><\/td>\n<\/tr>\n<tr>\n<td id=\"CD\">023<\/td>\n<td id=\"CD\">13\/03\/2020<\/td>\n<td id=\"CD-Descripcion\">Medidas y recomendaciones de prevenci\u00f3n para dar respuesta al coronavirus (COVID- 19)<\/td>\n<td id=\"CD\"><a href=\"https:\/\/drive.google.com\/file\/d\/1_RiXib-o29wyypqY5w3IVcWeFWiQl4zz\/view?usp=sharing\">2020_JR_23<\/a><\/td>\n<\/tr>\n<tr>\n<td id=\"CD\">022<\/td>\n<td id=\"CD\">12\/03\/2020<\/td>\n<td id=\"CD-Descripcion\">Comunicaci\u00f3n Conjunta<\/td>\n<td id=\"CD\"><a href=\"https:\/\/drive.google.com\/file\/d\/1B7lfbjFFJVMg7wsg4IfpVnGFy8Pcl-ts\/view?usp=sharing\">2020_JR_22<\/a><\/td>\n<\/tr>\n<tr>\n<td id=\"CD\">021<\/td>\n<td id=\"CD\">12\/03\/2020<\/td>\n<td id=\"CD-Descripcion\">Resoluci\u00f3n 500\/2020 Licencia excepcional<\/td>\n<td id=\"CD\"><a href=\"https:\/\/drive.google.com\/file\/d\/1NNFZ-SeLwmHRyIOgfZt0K82TH2mcGIs6\/view?usp=sharing\">2020_JR_21<\/a><\/td>\n<\/tr>\n<tr>\n<td id=\"CD\">020<\/td>\n<td id=\"CD\">12\/03\/2020<\/td>\n<td id=\"CD-Descripcion\">Conformaci\u00f3n Comisiones Distritales de Salud<\/td>\n<td id=\"CD\"><a href=\"https:\/\/drive.google.com\/file\/d\/1gF7JSmLqT-rwQAFiLjvWTfT742KFn5B7\/view?usp=sharing\">2020_JR_20<\/a><\/td>\n<\/tr>\n<tr>\n<td id=\"CD\">019<\/td>\n<td id=\"CD\">10\/03\/2020<\/td>\n<td id=\"CD-Descripcion\">Orientaciones para el cuidado de la salud en las escuelas de la Provincia de Buenos Aires<\/td>\n<td id=\"CD\"><a href=\"https:\/\/drive.google.com\/file\/d\/1E8qGiv7I80FU0lZb8C1ycbcz9m_ADBcU\/view?usp=sharing\">2020_JR_19<\/a><\/td>\n<\/tr>\n<tr>\n<td id=\"CD\">018<\/td>\n<td id=\"CD\">09\/03\/2020<\/td>\n<td id=\"CD-Descripcion\">Prevenci\u00f3n y cuidado de la salud<\/td>\n<td id=\"CD\"><a href=\"https:\/\/drive.google.com\/file\/d\/1WhCnoMoPnB2ZwyEdxpHVMN5hDsWkBeB9\/view?usp=sharing\">2020_JR_18<\/a><\/td>\n<\/tr>\n<\/tbody>\n<\/table>\n<table id=\"CD\">\n<tbody>\n<tr>\n<td id=\"CD\">011<\/td>\n<td id=\"CD\">21\/02\/2020<\/td>\n<td id=\"CD-Descripcion\">Saludo de IJR e IJDs La Matanza<\/td>\n<td id=\"CD\"><a href=\"https:\/\/drive.google.com\/file\/d\/17fFuy_E0LMksToBf3mJyAFo8eoGWieTF\/view?usp=sharing\">2020_JR_11<\/a><\/td>\n<\/tr>\n<\/tbody>\n<\/table>\n<h2><strong><span style=\"color: #e61717;\">Comunicados de SAD<\/span><\/strong><\/h2>\n<p>&nbsp;<\/p>\n<table id=\"CD\">\n<tbody>\n<tr>\n<td id=\"CD\">090<\/td>\n<td id=\"CD\">04\/09\/2020<\/td>\n<td id=\"CD-Descripcion\">Pruebas de Selecci\u00f3n para cargos de Directivos, Secretarios y Jefes de \u00c1rea Educaci\u00f3n Art\u00edstica y Educaci\u00f3n Art\u00edstica Superior.<\/td>\n<td id=\"CD\"><a href=\"https:\/\/drive.google.com\/file\/d\/1G_zvWrTy9eWCTpu9jnoEoL0KJ5FRjxX9\/view?usp=sharing\">2020_S2_090<\/a><\/td>\n<\/tr>\n<\/tbody>\n<\/table>\n<table id=\"CD\">\n<tbody>\n<tr>\n<td id=\"CD\">085<\/td>\n<td id=\"CD\">03\/09\/2020<\/td>\n<td id=\"CD-Descripcion\">A. P. D. Actos P\u00fablicos Digitales RESPUESTA A LOS RECLAMOS<\/td>\n<td id=\"CD\"><a href=\"https:\/\/drive.google.com\/file\/d\/1UccT_ErLd2mnVdFEuc2sVxgp9F-SGpzk\/view?usp=sharing\">2020_S2_085<\/a><\/td>\n<\/tr>\n<tr>\n<td id=\"CD\">084<\/td>\n<td id=\"CD\">02\/03\/2020<\/td>\n<td id=\"CD-Descripcion\">A. P. D. Actos P\u00fablicos Digitales Etapa N\u00b02<\/td>\n<td id=\"CD\"><a href=\"https:\/\/drive.google.com\/file\/d\/1BPEiMTSpQZ2iFSJYN_MheA2X0AUFYTDj\/view?usp=sharing\">2020_S2_084<\/a><\/td>\n<\/tr>\n<tr>\n<td id=\"CD\">083<\/td>\n<td id=\"CD\">28\/08\/2020<\/td>\n<td id=\"CD-Descripcion\">RECLAMOS DEL ACTO PUBLICO DIGITAL(Archivo en formato *. RAR)<br \/>\n(Utilizar descompresor Winrar o Winzip)<\/td>\n<td id=\"CD\"><a href=\"https:\/\/drive.google.com\/file\/d\/1EtGYUfD82ZdkwBr66f0QHYs0yhuUsEXe\/view?usp=sharing\">2020_S2_083<\/a><\/td>\n<\/tr>\n<tr>\n<td id=\"CD\">082<\/td>\n<td id=\"CD\">27\/08\/2020<\/td>\n<td id=\"CD-Descripcion\">A. P. D. Actos P\u00fablicos Digitales<\/td>\n<td id=\"CD\"><a href=\"https:\/\/drive.google.com\/file\/d\/1zC0UxExbsrX-3UCPg1k3A7WXNTWmE3ww\/view?usp=sharing\">2020_S2_082<\/a><\/td>\n<\/tr>\n<\/tbody>\n<\/table>\n<table id=\"CD\">\n<tbody>\n<tr>\n<td id=\"CD\">074<\/td>\n<td id=\"CD\">18\/08\/2020<\/td>\n<td id=\"CD-Descripcion\">APD &#8211; Acto P\u00fablico Digital<\/td>\n<td id=\"CD\"><a href=\"https:\/\/drive.google.com\/file\/d\/1dtmmnEN1yBaxw6c29y7eVaOY6ECTDLo5\/view?usp=sharing\">2020_S2_074<\/a><\/td>\n<\/tr>\n<tr>\n<td id=\"CD\">073<\/td>\n<td id=\"CD\">13\/08\/2020<\/td>\n<td id=\"CD-Descripcion\">Difusi\u00f3n HOJA DE RUTA APD(Archivo en formato *. RAR)<br \/>\n(Utilizar descompresor Winrar o Winzip)<\/td>\n<td id=\"CD\"><a href=\"https:\/\/drive.google.com\/file\/d\/1OThO3Erw7RJSFIvOzplIsKd1HQdMESWD\/view?usp=sharing\">2020_S2_073<\/a><\/td>\n<\/tr>\n<tr>\n<td id=\"CD\">072<\/td>\n<td id=\"CD\">13\/08\/2020<\/td>\n<td id=\"CD-Descripcion\">Difusi\u00f3n COMUNICACI\u00d3N Firma CONJUNTA<\/td>\n<td id=\"CD\"><a href=\"https:\/\/drive.google.com\/file\/d\/1pJTX3Ne4Ek6E6LZcuo6EbxTYQW4mzLbp\/view?usp=sharing\">2020_S2_072<\/a><\/td>\n<\/tr>\n<\/tbody>\n<\/table>\n<table id=\"CD\">\n<tbody>\n<tr>\n<td id=\"CD\">070<\/td>\n<td id=\"CD\">10\/08\/2020<\/td>\n<td id=\"CD-Descripcion\">CONVOCATORIA I.S.F.D. N\u00ba 106<\/td>\n<td id=\"CD\"><a href=\"https:\/\/drive.google.com\/file\/d\/1IyeOLoilMrZKdD7E0GjaMamFIwieclZ_\/view?usp=sharing\">2020_S2_070<\/a><\/td>\n<\/tr>\n<\/tbody>\n<\/table>\n<table id=\"CD\">\n<tbody>\n<tr>\n<td id=\"CD\">067<\/td>\n<td id=\"CD\">07\/08\/2020<\/td>\n<td id=\"CD-Descripcion\">Inscripci\u00f3n Listado INFINE 108 A y B<\/td>\n<td id=\"CD\"><a href=\"https:\/\/drive.google.com\/file\/d\/1gegvpPakEMekhCYJ8YdpKE8s6ElmxfLx\/view?usp=sharing\">2020_S2_067<\/a><\/td>\n<\/tr>\n<\/tbody>\n<\/table>\n<table id=\"CD\">\n<tbody>\n<tr>\n<td id=\"CD\">065<\/td>\n<td id=\"CD\">31\/07\/2020<\/td>\n<td id=\"CD-Descripcion\">Inscripci\u00f3n a la Docencia &#8211; CIRCULAR T\u00c9CNICA N\u00b0 3<\/td>\n<td id=\"CD\"><a href=\"https:\/\/drive.google.com\/file\/d\/1SAx99Okq8pyzLvqz_Y9E98T71K-qSVRi\/view?usp=sharing\">2020_S2_065<\/a><\/td>\n<\/tr>\n<tr>\n<td id=\"CD\">064<\/td>\n<td id=\"CD\">30\/07\/2020<\/td>\n<td id=\"CD-Descripcion\">Procedimiento para la inscripci\u00f3n de docentes en los Actos P\u00fablicos No Presenciales<br \/>\nProcedimiento para solicitar usuarios gremiales del Sistema de Acto P\u00fablico Digital<\/td>\n<td id=\"CD\"><a href=\"https:\/\/drive.google.com\/file\/d\/1DYHvzP5nDqEdQ2utRjhb1gCjfXibZSOe\/view?usp=sharing\">2020_S2_064<\/a><\/td>\n<\/tr>\n<tr>\n<td id=\"CD\">063<\/td>\n<td id=\"CD\">20\/07\/2020<\/td>\n<td id=\"CD-Descripcion\">Inscripci\u00f3n a la Docencia, pautas para inscripci\u00f3n por primera vez y rectificaci\u00f3n de datos.<\/td>\n<td id=\"CD\"><a href=\"https:\/\/drive.google.com\/file\/d\/1v74UZ_W9RmgGHvEmvBMVwMmGE_u1VsRS\/view?usp=sharing\">2020_S2_063<\/a><\/td>\n<\/tr>\n<tr>\n<td id=\"CD\">062<\/td>\n<td id=\"CD\">08\/07\/2020<\/td>\n<td id=\"CD-Descripcion\">Pr\u00f3rroga Inscripci\u00f3n a la Docencia<\/td>\n<td id=\"CD\"><a href=\"https:\/\/drive.google.com\/file\/d\/1CDeKdi3g4F_csByUR7bZ-eQikLrIP6Qz\/view?usp=sharing\">2020_S2_062<\/a><\/td>\n<\/tr>\n<\/tbody>\n<\/table>\n<table id=\"CD\">\n<tbody>\n<tr>\n<td id=\"CD\">058<\/td>\n<td id=\"CD\">16\/06\/2020<\/td>\n<td id=\"CD-Descripcion\">PROCEDIMIENTO Y PLAZOS PARA AGENTES NO BANCARIZADOS<\/td>\n<td id=\"CD\"><a href=\"https:\/\/drive.google.com\/file\/d\/1Hs2rls1pjOYfB4fIPDsF7aHQaxo3kLg9\/view?usp=sharing\">2020_S2_058<\/a><\/td>\n<\/tr>\n<tr>\n<td id=\"CD\">057<\/td>\n<td id=\"CD\">05\/06\/2020<\/td>\n<td id=\"CD-Descripcion\">Pr\u00f3rroga Inscripci\u00f3n a la Docencia<\/td>\n<td id=\"CD\"><a href=\"https:\/\/drive.google.com\/file\/d\/1Zw9dDCqB3rkaJnsArR1OMvgbwJ1sUAG4\/view?usp=sharing\">2020_S2_057<\/a><\/td>\n<\/tr>\n<tr>\n<td id=\"CD\">056<\/td>\n<td id=\"CD\">19\/04\/2020<\/td>\n<td id=\"CD-Descripcion\">Tr\u00e1mites Docentes on-line<\/td>\n<td id=\"CD\"><a href=\"https:\/\/drive.google.com\/file\/d\/1wJ_Q3uj9dAm4EnnBozLgC7SzN6WQZdJE\/view?usp=sharing\">2020_S2_056<\/a><\/td>\n<\/tr>\n<\/tbody>\n<\/table>\n<table id=\"CD\">\n<tbody>\n<tr>\n<td id=\"CD\">055<\/td>\n<td id=\"CD\">07\/04\/2020<\/td>\n<td id=\"CD-Descripcion\">Punto Efectivo, en reemplazo de la Ticketera<\/td>\n<td id=\"CD\"><a href=\"https:\/\/drive.google.com\/file\/d\/1Ax4JBUo3T-wcgfxbV5or7MXHXqBqoHi4\/view?usp=sharing\">2020_S2_055<\/a><\/td>\n<\/tr>\n<tr>\n<td id=\"CD\">054<\/td>\n<td id=\"CD\">03\/04\/2020<\/td>\n<td id=\"CD-Descripcion\">Ingreso a la Docencia 2020-2021<\/td>\n<td id=\"CD\"><a href=\"https:\/\/drive.google.com\/file\/d\/1tsCB0g1b3bIZrv_jJmBXcZWcSDPCPmcG\/view?usp=sharing\">2020_S2_054<\/a><\/td>\n<\/tr>\n<tr>\n<td id=\"CD\">053<\/td>\n<td id=\"CD\">01\/04\/2020<\/td>\n<td id=\"CD-Descripcion\">Solicitud datos agentes pago por ticketera<\/td>\n<td id=\"CD\"><a href=\"https:\/\/drive.google.com\/file\/d\/1YYlaOL95M4fknVS8HaZ5OCQFVVWuN0P4\/view?usp=sharing\">2020_S2_053<\/a><\/td>\n<\/tr>\n<\/tbody>\n<\/table>\n<table id=\"CD\">\n<tbody>\n<tr>\n<td id=\"CD\">050<\/td>\n<td id=\"CD\">16\/03\/2020<\/td>\n<td id=\"CD-Descripcion\">Inscripci\u00f3n y Recepci\u00f3n de documentaci\u00f3n para listados 108 a y b Infine y Emergencia Especial<\/td>\n<td id=\"CD\"><a href=\"https:\/\/drive.google.com\/file\/d\/16iB3Lvf_TD3m-69Hl-3zNDyFVxSDwq8n\/view?usp=sharing\">2020_S2_050<\/a><\/td>\n<\/tr>\n<\/tbody>\n<\/table>\n<table id=\"CD\">\n<tbody>\n<tr>\n<td id=\"CD\">047<\/td>\n<td id=\"CD\">16\/03\/2020<\/td>\n<td id=\"CD-Descripcion\">Recepcion On-line de tramites<\/td>\n<td id=\"CD\"><a href=\"https:\/\/drive.google.com\/file\/d\/1RO2XlqkenygTOjKdlEzBGI-j-8PDWIeA\/view?usp=sharing\">2020_S2_047<\/a><\/td>\n<\/tr>\n<\/tbody>\n<\/table>\n<table id=\"CD\">\n<tbody>\n<tr>\n<td id=\"CD\">007<\/td>\n<td id=\"CD\">14\/02\/2020<\/td>\n<td id=\"CD-Descripcion\">CONVOCATORIA I.S.F.D. No 106<\/td>\n<td id=\"CD\"><a href=\"https:\/\/drive.google.com\/file\/d\/1tdX9-7Uw3M5m2dKft8nxzeM8hIO8Ky3d\/view?usp=sharing\">2020_S2_007<\/a><\/td>\n<\/tr>\n<\/tbody>\n<\/table>\n<table id=\"CD\">\n<tbody>\n<tr>\n<td id=\"CD\">005<\/td>\n<td id=\"CD\">12\/02\/2020<\/td>\n<td id=\"CD-Descripcion\"><b><span style=\"color: #fe0606;\">Inscripci\u00f3n Listado INFINE 108 A y B<\/span><\/b><\/td>\n<td id=\"CD\"><a href=\"https:\/\/drive.google.com\/file\/d\/1gW9hQKBqwzsK9PLjNSPeaqn-HbzLQ0HF\/view?usp=sharing\">2020_S2_005<\/a><\/td>\n<\/tr>\n<tr>\n<td id=\"CD\">004<\/td>\n<td id=\"CD\">12\/04\/2020<\/td>\n<td id=\"CD-Descripcion\">Circuito del Tr\u00e1mite de renuncia por causas particulares para titulares<\/td>\n<td id=\"CD\"><a href=\"https:\/\/drive.google.com\/file\/d\/1mW2FRkuqWZM8nwMJ686WnJbpZbVVTgKZ\/view?usp=sharing\">2020_S2_004<\/a><\/td>\n<\/tr>\n<\/tbody>\n<\/table>\n<table id=\"CD\" style=\"height: 44px;\" width=\"994\">\n<tbody>\n<tr>\n<td id=\"CD\">001<\/td>\n<td id=\"CD\">10\/02\/2020<\/td>\n<td id=\"CD-Descripcion\">BIENVENIDA<\/td>\n<td id=\"CD\"><a href=\"https:\/\/drive.google.com\/file\/d\/19mvOpYsAaPmkS2R8vT_pkY7evp627mw4\/view?usp=sharing\">2020_S2_001<\/a><\/td>\n<\/tr>\n<\/tbody>\n<\/table>\n<p>&nbsp;<\/p>\n<h2><span style=\"color: #e61717;\"><strong>Comunicados de Consejo Escolar<\/strong><\/span><\/h2>\n<table id=\"CD\">\n<tbody>\n<tr>\n<td id=\"CD\">012<\/td>\n<td id=\"CD\">18\/03\/2020<\/td>\n<td id=\"CD-Descripcion\">Licencia preventiva CORONAVIRUS &#8211; COVID 19<\/td>\n<td id=\"CD\"><a href=\"https:\/\/drive.google.com\/file\/d\/1ukhPY1DubGqds0wT4Khuj_qXkm_aT6U4\/view?usp=sharing\">2020_CE_12<\/a><\/td>\n<\/tr>\n<\/tbody>\n<\/table>\n<table id=\"CD\">\n<tbody>\n<tr>\n<td id=\"CD\">010<\/td>\n<td id=\"CD\">16\/03\/2020<\/td>\n<td id=\"CD-Descripcion\">Lineamientos establecidos ante la Emergencia Sanitaria (Recibido 17\/03\/2020)<\/td>\n<td id=\"CD\"><a href=\"https:\/\/drive.google.com\/file\/d\/1yc4A6bpwaNL9BPzHR7C_DHM-G6yZ_7yV\/view?usp=sharing\">2020_CE_10<\/a><\/td>\n<\/tr>\n<\/tbody>\n<\/table>\n<table id=\"CD\" style=\"height: 44px;\" width=\"994\">\n<tbody>\n<tr>\n<td id=\"CD\">005<\/td>\n<td id=\"CD\">04\/03\/2020<\/td>\n<td id=\"CD-Descripcion\">Prevenci\u00f3n del Dengue<\/td>\n<td id=\"CD\"><a href=\"https:\/\/drive.google.com\/file\/d\/1Pi_32MX1fnnwcrPKnXfVw8SU0Ok7dXiJ\/view?usp=sharing\">2020_CE_05<\/a><\/td>\n<\/tr>\n<\/tbody>\n<\/table>\n<p>&nbsp;<\/p>\n<p>&nbsp;<\/p>\n","protected":false},"excerpt":{"rendered":"<p>Aqu\u00ed encontrar\u00e1 todos los comunicados importantes del a\u00f1o en curso Comunicados Institucionales Plan de Evaluaci\u00f3n Institucional Equivalencias Nota aclaratoria de Equivalencias en tiempos de ASPO &nbsp; Comunicados del Nivel Superior Circular T\u00e9cnica Nro 1\/20&nbsp;de la&nbsp;Direcci\u00f3n Provincial de Educaci\u00f3n Superior Circular T\u00e9cnica Conjunta 3\/20 Pr\u00f3rroga de elecciones Comunicaci\u00f3n 5\/20&nbsp;Documento de trabajo Orientaciones 1er a\u00f1o- Direcci\u00f3n Formaci\u00f3n &#8230; <a title=\"Comunicados 2020\" class=\"read-more\" href=\"https:\/\/isfd106-bue.infd.edu.ar\/sitio\/comunicados\/\" aria-label=\"More on Comunicados 2020\">[+]<\/a><\/p>\n","protected":false},"author":386,"featured_media":0,"parent":0,"menu_order":0,"comment_status":"closed","ping_status":"closed","template":"","meta":[],"acf":[],"_links":{"self":[{"href":"https:\/\/isfd106-bue.infd.edu.ar\/sitio\/wp-json\/wp\/v2\/pages\/1233"}],"collection":[{"href":"https:\/\/isfd106-bue.infd.edu.ar\/sitio\/wp-json\/wp\/v2\/pages"}],"about":[{"href":"https:\/\/isfd106-bue.infd.edu.ar\/sitio\/wp-json\/wp\/v2\/types\/page"}],"author":[{"embeddable":true,"href":"https:\/\/isfd106-bue.infd.edu.ar\/sitio\/wp-json\/wp\/v2\/users\/386"}],"replies":[{"embeddable":true,"href":"https:\/\/isfd106-bue.infd.edu.ar\/sitio\/wp-json\/wp\/v2\/comments?post=1233"}],"version-history":[{"count":21,"href":"https:\/\/isfd106-bue.infd.edu.ar\/sitio\/wp-json\/wp\/v2\/pages\/1233\/revisions"}],"predecessor-version":[{"id":3002,"href":"https:\/\/isfd106-bue.infd.edu.ar\/sitio\/wp-json\/wp\/v2\/pages\/1233\/revisions\/3002"}],"wp:attachment":[{"href":"https:\/\/isfd106-bue.infd.edu.ar\/sitio\/wp-json\/wp\/v2\/media?parent=1233"}],"curies":[{"name":"wp","href":"https:\/\/api.w.org\/{rel}","templated":true}]}}