{"id":1146,"date":"2020-03-02T15:46:55","date_gmt":"2020-03-02T18:46:55","guid":{"rendered":"https:\/\/isfd106-bue.infd.edu.ar\/sitio\/?page_id=1146"},"modified":"2022-09-12T08:54:47","modified_gmt":"2022-09-12T11:54:47","slug":"becas","status":"publish","type":"page","link":"https:\/\/isfd106-bue.infd.edu.ar\/sitio\/becas\/","title":{"rendered":"Becas"},"content":{"rendered":"<p>En esta secci\u00f3n encontrar\u00e1 toda la informaci\u00f3n referente a las diferentes l\u00edneas de becas para el Nivel Superior<\/p>\n<h3><span style=\"color: #ff00ff;\">COMPATIBILIDAD POTENCIAR TRABAJO &#8211; PROGRESAR<\/span><\/h3>\n<div>Resoluci\u00f3n 1640\/22 donde indica:<\/div>\n<div><i>ART\u00cdCULO 1\u00ba.- Establ\u00e9cese que la percepci\u00f3n del incentivo otorgado a la poblaci\u00f3n destinataria del \u201cPROGRAMA DE RESPALDO A ESTUDIANTES ARGENTINOS\u201d (PROGRESAR), creado por el Decreto de Necesidad y Urgencia N\u00b0 84 del 23 de enero de 2014 resulta compatible con el ingreso y la permanencia de los mismos como titulares en el \u201cPROGRAMA NACIONAL DE INCLUSI\u00d3N SOCIO-PRODUCTIVA Y DESARROLLO LOCAL \u201cPOTENCIAR TRABAJO\u201d y la percepci\u00f3n del Salario Social Complementario a partir del 1\u00b0 de agosto de 2022.-\u00a0 \u00a0<\/i><\/div>\n<h5><strong>Acceso a la resoluci\u00f3n: <a href=\"https:\/\/drive.google.com\/file\/d\/1tDQJfSz9-XnVwvYeWAPZQdqLzC6Gzjn1\/view?usp=sharing\">aqu\u00ed\u00a0<\/a><\/strong><\/h5>\n<h2><strong><span style=\"color: #ff00ff;\">Progresar<\/span><\/strong><\/h2>\n<p><a href=\"https:\/\/drive.google.com\/file\/d\/15I_m5dkwlKMAry6rwyj4u5l6u4whKHRs\/view?usp=sharing\">REGLAMENTO GENERAL DEL \u201cPROGRAMA DE RESPALDO A ESTUDIANTES ARGENTINOS\u201d &#8211; \u201cprogresar\u201d<\/a><\/p>\n<h2><strong><span style=\"color: #ff00ff;\">Pronafe<\/span><\/strong><\/h2>\n<p><a href=\"https:\/\/drive.google.com\/file\/d\/1p5pjfCSTFoxMd6bQwpgHMvrZafiuDOYZ\/view?usp=sharing\">BASES Y CONDICIONES PARA ACCEDER A LAS BECAS PARA EL FOMENTO DE LA EDUCACI\u00d3N SUPERIOR PROGRAMA NACIONAL DE FORMACI\u00d3N DE ENFERMER\u00cdA<\/a><\/p>\n","protected":false},"excerpt":{"rendered":"<p>En esta secci\u00f3n encontrar\u00e1 toda la informaci\u00f3n referente a las diferentes l\u00edneas de becas para el Nivel Superior COMPATIBILIDAD POTENCIAR TRABAJO &#8211; PROGRESAR Resoluci\u00f3n 1640\/22 donde indica: ART\u00cdCULO 1\u00ba.- Establ\u00e9cese que la percepci\u00f3n del incentivo otorgado a la poblaci\u00f3n destinataria del \u201cPROGRAMA DE RESPALDO A ESTUDIANTES ARGENTINOS\u201d (PROGRESAR), creado por el Decreto de Necesidad y &#8230; <a title=\"Becas\" class=\"read-more\" href=\"https:\/\/isfd106-bue.infd.edu.ar\/sitio\/becas\/\" aria-label=\"More on Becas\">[+]<\/a><\/p>\n","protected":false},"author":386,"featured_media":0,"parent":0,"menu_order":0,"comment_status":"closed","ping_status":"closed","template":"","meta":[],"acf":[],"_links":{"self":[{"href":"https:\/\/isfd106-bue.infd.edu.ar\/sitio\/wp-json\/wp\/v2\/pages\/1146"}],"collection":[{"href":"https:\/\/isfd106-bue.infd.edu.ar\/sitio\/wp-json\/wp\/v2\/pages"}],"about":[{"href":"https:\/\/isfd106-bue.infd.edu.ar\/sitio\/wp-json\/wp\/v2\/types\/page"}],"author":[{"embeddable":true,"href":"https:\/\/isfd106-bue.infd.edu.ar\/sitio\/wp-json\/wp\/v2\/users\/386"}],"replies":[{"embeddable":true,"href":"https:\/\/isfd106-bue.infd.edu.ar\/sitio\/wp-json\/wp\/v2\/comments?post=1146"}],"version-history":[{"count":3,"href":"https:\/\/isfd106-bue.infd.edu.ar\/sitio\/wp-json\/wp\/v2\/pages\/1146\/revisions"}],"predecessor-version":[{"id":3162,"href":"https:\/\/isfd106-bue.infd.edu.ar\/sitio\/wp-json\/wp\/v2\/pages\/1146\/revisions\/3162"}],"wp:attachment":[{"href":"https:\/\/isfd106-bue.infd.edu.ar\/sitio\/wp-json\/wp\/v2\/media?parent=1146"}],"curies":[{"name":"wp","href":"https:\/\/api.w.org\/{rel}","templated":true}]}}